{"id":23039,"date":"2024-04-30T12:59:52","date_gmt":"2024-04-30T11:59:52","guid":{"rendered":"https:\/\/www.tunidotenerife.com\/p\/apartamento-en-venta-en-tenerife-sur-costa-del-silencio\/"},"modified":"2024-10-21T14:52:31","modified_gmt":"2024-10-21T13:52:31","slug":"apartamento-en-venta-en-tenerife-sur-costa-del-silencio","status":"publish","type":"property","link":"https:\/\/www.tunidotenerife.com\/uk\/p\/apartamento-en-venta-en-tenerife-sur-costa-del-silencio\/","title":{"rendered":"\u041a\u0432\u0430\u0440\u0442\u0438\u0440\u0430 \u0434\u043b\u044f \u043f\u0440\u043e\u0434\u0430\u0436\u0443 \u043d\u0430 \u043f\u0456\u0432\u0434\u043d\u0456 \u0422\u0435\u043d\u0435\u0440\u0456\u0444\u0435, Costa del Silencio"},"content":{"rendered":"<p>\u0423\u041d\u0406\u041a\u0410\u041b\u042c\u041d\u0410 \u041f\u0420\u041e\u041f\u041e\u0417\u0418\u0426\u0406\u042f \u0434\u043b\u044f \u043f\u0440\u0438\u0432\u0430\u0442\u043d\u0438\u0445 \u043e\u0441\u0456\u0431 \u0442\u0430 \u0456\u043d\u0432\u0435\u0441\u0442\u043e\u0440\u0456\u0432: \u041f\u0440\u0438\u0434\u0431\u0430\u0439\u0442\u0435 \u0435\u043b\u0435\u0433\u0430\u043d\u0442\u043d\u0443 \u043a\u0432\u0430\u0440\u0442\u0438\u0440\u0443 \u0432 Costa del Silencio, \u0432\u0430\u0440\u0442\u0456\u0441\u0442\u044e 155.000 \u0454\u0432\u0440\u043e, \u0437\u0430 \u0432\u0438\u043d\u044f\u0442\u043a\u043e\u0432\u043e\u044e \u0446\u0456\u043d\u043e\u044e 145.000 \u0454\u0432\u0440\u043e. \u0426\u0435 \u0446\u0456\u043d\u043d\u0430 \u0456\u043d\u0432\u0435\u0441\u0442\u0438\u0446\u0456\u044f \u0434\u043b\u044f \u0432\u0430\u0448\u043e\u0457 \u0440\u043e\u0434\u0438\u043d\u0438 \u0442\u0430 \u0443\u043d\u0456\u043a\u0430\u043b\u044c\u043d\u0430 \u0456\u043d\u0432\u0435\u0441\u0442\u0438\u0446\u0456\u0439\u043d\u0430 \u043c\u043e\u0436\u043b\u0438\u0432\u0456\u0441\u0442\u044c.<\/p>\n<p>\u041f\u0440\u0435\u0434\u0441\u0442\u0430\u0432\u043b\u044f\u0454\u043c\u043e \u0441\u0432\u0456\u0442\u043b\u0443 \u0442\u0430 \u0432\u0438\u0448\u0443\u043a\u0430\u043d\u0443 \u043a\u0432\u0430\u0440\u0442\u0438\u0440\u0443, \u0440\u043e\u0437\u0442\u0430\u0448\u043e\u0432\u0430\u043d\u0443 \u0432 \u0437\u0430\u0442\u0440\u0435\u0431\u0443\u0432\u0430\u043d\u043e\u043c\u0443 \u0440\u0430\u0439\u043e\u043d\u0456 Costa del Silencio, \u043b\u0438\u0448\u0435 \u0437\u0430 \u0434\u0435\u043a\u0456\u043b\u044c\u043a\u0430 \u043a\u0440\u043e\u043a\u0456\u0432 \u0432\u0456\u0434 \u043f\u043b\u044f\u0436\u0443 \u041c\u043e\u043d\u0442\u0430\u043d\u0430 \u0410\u043c\u0430\u0440\u0456\u043b\u044c\u044f. \u0426\u044f \u043a\u0432\u0430\u0440\u0442\u0438\u0440\u0430 \u0437 \u043e\u0434\u043d\u0456\u0454\u044e \u0441\u043f\u0430\u043b\u044c\u043d\u0435\u044e, \u043e\u0434\u043d\u0456\u0454\u044e \u0432\u0430\u043d\u043d\u043e\u044e \u043a\u0456\u043c\u043d\u0430\u0442\u043e\u044e \u0442\u0430 \u043a\u0443\u0445\u043d\u0435\u044e \u0432\u0456\u0434\u043a\u0440\u0438\u0442\u043e\u0433\u043e \u043f\u043b\u0430\u043d\u0443\u0432\u0430\u043d\u043d\u044f \u0437 \u0431\u0430\u0440\u043d\u043e\u044e \u0441\u0442\u0456\u0439\u043a\u043e\u044e \u043f\u0440\u043e\u043f\u043e\u043d\u0443\u0454 \u0437\u0430\u0442\u0438\u0448\u043d\u0443 \u0442\u0430 \u0432\u0438\u0448\u0443\u043a\u0430\u043d\u0443 \u0430\u0442\u043c\u043e\u0441\u0444\u0435\u0440\u0443. \u0422\u0443\u0442 \u0442\u0430\u043a\u043e\u0436 \u0454 \u0435\u043b\u0435\u0433\u0430\u043d\u0442\u043d\u0430 \u0432\u0456\u0442\u0430\u043b\u044c\u043d\u044f \u0442\u0430 \u0441\u0432\u0456\u0442\u043b\u0430 \u043e\u0431\u0456\u0434\u043d\u044f \u0437\u043e\u043d\u0430 \u043d\u0430 \u0437\u0430\u0441\u043a\u043b\u0435\u043d\u0456\u0439 \u0442\u0435\u0440\u0430\u0441\u0456. \u0412\u0441\u0435 \u0432 \u0456\u0434\u0435\u0430\u043b\u044c\u043d\u043e\u043c\u0443 \u0441\u0442\u0430\u043d\u0456 \u0442\u0430 \u0443 \u0432\u0438\u0448\u0443\u043a\u0430\u043d\u043e\u043c\u0443 \u0441\u0442\u0438\u043b\u0456.<\/p>\n<p>\u0417\u0430 \u043e\u0441\u0442\u0430\u043d\u043d\u0456 \u043c\u0456\u0441\u044f\u0446\u0456 \u0432 \u0446\u0456\u0439 \u043a\u0432\u0430\u0440\u0442\u0438\u0440\u0456 \u0432 Costa del Silencio \u0431\u0443\u0432 \u043f\u0440\u043e\u0432\u0435\u0434\u0435\u043d\u0438\u0439 \u043a\u0430\u043f\u0456\u0442\u0430\u043b\u044c\u043d\u0438\u0439 \u0440\u0435\u043c\u043e\u043d\u0442. \u0411\u0443\u043b\u043e \u0437\u0430\u043c\u0456\u043d\u0435\u043d\u043e \u0432\u0441\u044e \u0441\u0430\u043d\u0442\u0435\u0445\u043d\u0456\u043a\u0443, \u043f\u0456\u0434\u043b\u043e\u0433\u0443, \u0435\u043b\u0435\u043a\u0442\u0440\u043e\u043f\u0440\u043e\u0432\u043e\u0434\u043a\u0443, \u043a\u0443\u0445\u043d\u044e \u0442\u0430 \u0432\u0430\u043d\u043d\u0443 \u043a\u0456\u043c\u043d\u0430\u0442\u0443. \u041a\u0440\u0456\u043c \u0442\u043e\u0433\u043e, \u0432 \u043a\u043e\u0440\u0438\u0434\u043e\u0440\u0456 \u0431\u0443\u043b\u0438 \u0432\u0441\u0442\u0430\u043d\u043e\u0432\u043b\u0435\u043d\u0456 \u043d\u043e\u0432\u0456 \u0432\u0456\u043a\u043d\u0430 \u0437 \u0433\u0440\u0430\u0442\u0430\u043c\u0438 \u0456 \u043c\u0456\u0446\u043d\u0456 \u0432\u0445\u0456\u0434\u043d\u0456 \u0434\u0432\u0435\u0440\u0456. \u0426\u044f \u043a\u0432\u0430\u0440\u0442\u0438\u0440\u0430 \u0431\u0435\u0437\u043f\u0435\u0447\u043d\u0430, \u044f\u043a \u0431\u0430\u043d\u043a\u0456\u0432\u0441\u044c\u043a\u0438\u0439 \u0441\u0435\u0439\u0444.<\/p>\n<p>\u041d\u0435\u0449\u043e\u0434\u0430\u0432\u043d\u043e \u043f\u0440\u0438\u0434\u0431\u0430\u043d\u0456 \u043c\u0435\u0431\u043b\u0456 \u0442\u0430 \u043d\u0435\u0449\u043e\u0434\u0430\u0432\u043d\u043e \u0432\u0456\u0434\u0440\u0435\u0441\u0442\u0430\u0432\u0440\u043e\u0432\u0430\u043d\u0456 \u0430\u043d\u0442\u0438\u043a\u0432\u0430\u0440\u043d\u0456 \u043f\u0440\u0435\u0434\u043c\u0435\u0442\u0438 \u0434\u043e\u0434\u0430\u044e\u0442\u044c \u043d\u043e\u0442\u043a\u0443 \u0435\u043b\u0435\u0433\u0430\u043d\u0442\u043d\u043e\u0441\u0442\u0456 \u0442\u0430 \u0432\u0438\u0448\u0443\u043a\u0430\u043d\u043e\u0441\u0442\u0456. \u0406\u0441\u043d\u0443\u0454 \u0442\u0430\u043a\u043e\u0436 \u043c\u043e\u0436\u043b\u0438\u0432\u0456\u0441\u0442\u044c \u043a\u043e\u0440\u0438\u0441\u0442\u0443\u0432\u0430\u0442\u0438\u0441\u044f \u0441\u043f\u0456\u043b\u044c\u043d\u0438\u043c \u0431\u0430\u0441\u0435\u0439\u043d\u043e\u043c \u0437\u0430 \u0437\u0430\u043f\u0438\u0442\u043e\u043c. \u0423 \u0431\u0443\u0434\u0456\u0432\u043b\u0456 \u0454 \u043c\u0456\u0441\u0446\u044f \u0434\u043b\u044f \u043f\u0430\u0440\u043a\u0443\u0432\u0430\u043d\u043d\u044f \u0442\u0430 \u0434\u043e\u0433\u043b\u044f\u043d\u0443\u0442\u0430 \u0441\u0430\u0434\u043e\u0432\u0430 \u0437\u043e\u043d\u0430.<\/p>\n<p>\u041a\u0432\u0430\u0440\u0442\u0438\u0440\u0430 \u0440\u043e\u0437\u0442\u0430\u0448\u043e\u0432\u0430\u043d\u0430 \u0432 \u0442\u0438\u0445\u043e\u043c\u0443 \u0440\u0430\u0439\u043e\u043d\u0456 \u0437 \u0447\u0443\u0434\u043e\u0432\u043e\u044e \u0456\u043d\u0444\u0440\u0430\u0441\u0442\u0440\u0443\u043a\u0442\u0443\u0440\u043e\u044e. \u0423 \u0431\u0435\u0437\u043f\u043e\u0441\u0435\u0440\u0435\u0434\u043d\u0456\u0439 \u0431\u043b\u0438\u0437\u044c\u043a\u043e\u0441\u0442\u0456 \u0454 \u0437\u0443\u043f\u0438\u043d\u043a\u0438 \u0433\u0440\u043e\u043c\u0430\u0434\u0441\u044c\u043a\u043e\u0433\u043e \u0442\u0440\u0430\u043d\u0441\u043f\u043e\u0440\u0442\u0443.<\/p>","protected":false},"excerpt":{"rendered":"<p>OFERTA \u00daNICA para particulares e inversores: Adquiera un elegante apartamento en la Costa del Silencio, valorado en 155.000 EUR, por un precio excepcional de 145.000 EUR. Esta es una inversi\u00f3n valiosa para su familia y una oportunidad \u00fanica de inversi\u00f3n. Le presentamos un luminoso y sofisticado piso ubicado en la codiciada Costa del Silencio, a [&hellip;]<\/p>\n","protected":false},"author":5,"featured_media":23036,"parent":0,"menu_order":0,"template":"","property_type":[49],"property_status":[24],"property_feature":[176,177,174,172,171,170],"property_label":[109,180],"property_city":[84],"class_list":["post-23039","property","type-property","status-publish","has-post-thumbnail","hentry","property_type-apartamento","property_status-venta","property_feature-cerca-de-centros-comerciales","property_feature-cerca-de-la-playa","property_feature-cocina-amueblada","property_feature-piscina-comunitaria","property_feature-vistas-a-la-montana","property_feature-vistas-al-oceano","property_label-exclusivo","property_label-oferta","property_city-costa-del-silencio"],"property_meta":{"rank_math_internal_links_processed":["1"],"fave_property_price":["148000"],"fave_property_price_postfix":[""],"fave_show_price_placeholder":["0"],"fave_property_price_placeholder":[""],"fave_property_price_prefix":[""],"fave_property_sec_price":[""],"fave_property_size":["53"],"fave_property_size_prefix":["m\u00b2"],"fave_property_land":[""],"fave_property_land_postfix":["m\u00b2"],"fave_property_bedrooms":["1"],"fave_property_bathrooms":["1"],"fave_property_garage":[""],"fave_property_garage_size":[""],"fave_virtual_tour":[""],"fave_property_year":[""],"fave_property_id":["2257"],"fave_video_url":[""],"fave_property_zip":["38630"],"additional_features":["a:1:{i:0;a:2:{s:29:\"fave_additional_feature_title\";s:0:\"\";s:29:\"fave_additional_feature_value\";s:0:\"\";}}"],"fave_additional_features_enable":["enable"],"floor_plans":[""],"fave_multi_units":[""],"fave_featured":["0"],"houzez_featured_listing_date":[""],"fave_loggedintoview":["0"],"fave_mortgage_cal":["0"],"fave_private_note":[""],"fave_property_disclaimer":[""],"fave_payment_status":["not_paid"],"fave_agent_display_option":["agent_info"],"fave_property_map_address":["Playa de Monta\u00f1a Amarilla, Calle Aquiles, Espa\u00f1a"],"fave_property_address":["Playa de Monta\u00f1a Amarilla, Calle Aquiles, Espa\u00f1a"],"houzez_geolocation_lat":["28.0091127"],"houzez_geolocation_long":["-16.6386903"],"fave_property_location":["28.0091127,-16.6386903"],"fave_property_map":["1"],"fave_property_map_street_view":[""],"houzez_total_property_views":["23653"],"houzez_views_by_date":["a:61:{s:10:\"03-01-2026\";i:38;s:10:\"03-02-2026\";i:43;s:10:\"03-03-2026\";i:38;s:10:\"03-04-2026\";i:39;s:10:\"03-05-2026\";i:58;s:10:\"03-06-2026\";i:40;s:10:\"03-07-2026\";i:36;s:10:\"03-08-2026\";i:36;s:10:\"03-09-2026\";i:36;s:10:\"03-10-2026\";i:54;s:10:\"03-11-2026\";i:58;s:10:\"03-12-2026\";i:54;s:10:\"03-13-2026\";i:36;s:10:\"03-14-2026\";i:36;s:10:\"03-15-2026\";i:38;s:10:\"03-16-2026\";i:52;s:10:\"03-17-2026\";i:36;s:10:\"03-18-2026\";i:38;s:10:\"03-19-2026\";i:68;s:10:\"03-20-2026\";i:44;s:10:\"03-21-2026\";i:46;s:10:\"03-22-2026\";i:36;s:10:\"03-23-2026\";i:36;s:10:\"03-24-2026\";i:36;s:10:\"03-25-2026\";i:36;s:10:\"03-26-2026\";i:54;s:10:\"03-27-2026\";i:36;s:10:\"03-28-2026\";i:54;s:10:\"03-29-2026\";i:36;s:10:\"03-30-2026\";i:36;s:10:\"03-31-2026\";i:36;s:10:\"04-01-2026\";i:41;s:10:\"04-02-2026\";i:54;s:10:\"04-03-2026\";i:36;s:10:\"04-04-2026\";i:36;s:10:\"04-05-2026\";i:38;s:10:\"04-06-2026\";i:50;s:10:\"04-07-2026\";i:59;s:10:\"04-08-2026\";i:54;s:10:\"04-09-2026\";i:36;s:10:\"04-10-2026\";i:44;s:10:\"04-11-2026\";i:48;s:10:\"04-12-2026\";i:36;s:10:\"04-13-2026\";i:36;s:10:\"04-14-2026\";i:36;s:10:\"04-15-2026\";i:54;s:10:\"04-16-2026\";i:36;s:10:\"04-17-2026\";i:38;s:10:\"04-18-2026\";i:50;s:10:\"04-19-2026\";i:38;s:10:\"04-20-2026\";i:36;s:10:\"04-21-2026\";i:36;s:10:\"04-22-2026\";i:42;s:10:\"04-23-2026\";i:42;s:10:\"04-24-2026\";i:48;s:10:\"04-25-2026\";i:36;s:10:\"04-26-2026\";i:36;s:10:\"04-27-2026\";i:36;s:10:\"04-28-2026\";i:59;s:10:\"04-29-2026\";i:40;s:10:\"04-30-2026\";i:32;}"],"houzez_recently_viewed":["2026-04-30 12:16:40"],"fave_property_images":["23036","23020","23038","23023","23025","23026","23024","23035","23034","23027","23021","23029","23033","23031","23032","23037","23028"],"_thumbnail_id":["23036"],"fave_agents":["150"],"_elementor_page_assets":["a:0:{}"]},"_links":{"self":[{"href":"https:\/\/www.tunidotenerife.com\/uk\/wp-json\/wp\/v2\/properties\/23039","targetHints":{"allow":["GET"]}}],"collection":[{"href":"https:\/\/www.tunidotenerife.com\/uk\/wp-json\/wp\/v2\/properties"}],"about":[{"href":"https:\/\/www.tunidotenerife.com\/uk\/wp-json\/wp\/v2\/types\/property"}],"author":[{"embeddable":true,"href":"https:\/\/www.tunidotenerife.com\/uk\/wp-json\/wp\/v2\/users\/5"}],"version-history":[{"count":0,"href":"https:\/\/www.tunidotenerife.com\/uk\/wp-json\/wp\/v2\/properties\/23039\/revisions"}],"wp:featuredmedia":[{"embeddable":true,"href":"https:\/\/www.tunidotenerife.com\/uk\/wp-json\/wp\/v2\/media\/23036"}],"wp:attachment":[{"href":"https:\/\/www.tunidotenerife.com\/uk\/wp-json\/wp\/v2\/media?parent=23039"}],"wp:term":[{"taxonomy":"property_type","embeddable":true,"href":"https:\/\/www.tunidotenerife.com\/uk\/wp-json\/wp\/v2\/property_type?post=23039"},{"taxonomy":"property_status","embeddable":true,"href":"https:\/\/www.tunidotenerife.com\/uk\/wp-json\/wp\/v2\/property_status?post=23039"},{"taxonomy":"property_feature","embeddable":true,"href":"https:\/\/www.tunidotenerife.com\/uk\/wp-json\/wp\/v2\/property_feature?post=23039"},{"taxonomy":"property_label","embeddable":true,"href":"https:\/\/www.tunidotenerife.com\/uk\/wp-json\/wp\/v2\/property_label?post=23039"},{"taxonomy":"property_city","embeddable":true,"href":"https:\/\/www.tunidotenerife.com\/uk\/wp-json\/wp\/v2\/property_city?post=23039"}],"curies":[{"name":"wp","href":"https:\/\/api.w.org\/{rel}","templated":true}]}}