{"id":28609,"date":"2026-01-22T13:25:57","date_gmt":"2026-01-22T13:25:57","guid":{"rendered":"https:\/\/www.tunidotenerife.com\/p\/casa-en-venta-en-madronal-de-fanabe-tenerife-sur\/"},"modified":"2026-02-06T12:32:23","modified_gmt":"2026-02-06T12:32:23","slug":"casa-en-venta-en-madronal-de-fanabe-tenerife-sur","status":"houzez_sold","type":"property","link":"https:\/\/www.tunidotenerife.com\/ro\/p\/casa-en-venta-en-madronal-de-fanabe-tenerife-sur\/","title":{"rendered":"Cas\u0103 de v\u00e2nzare \u00een Madro\u00f1al de Fa\u00f1abe, Tenerife Sur"},"content":{"rendered":"<p>V\u0103 prezent\u0103m spre analiz\u0103 o vil\u0103 magnific\u0103 de v\u00e2nzare \u00een zona de prestigiu Madro\u00f1al de Fa\u00f1ab\u00e9, situat\u0103 \u00een fermec\u0103toarea Costa Adeje din Tenerife. Aceast\u0103 proprietate exclusivist\u0103 este situat\u0103 \u00eentr-o enclav\u0103 privilegiat\u0103, \u00eenconjurat\u0103 de toate facilit\u0103\u021bile \u0219i serviciile de care a\u021bi putea avea nevoie, inclusiv magazine high-end, restaurante de calitate superioar\u0103, un supermarket pentru confortul dumneavoastr\u0103 zilnic \u0219i o renumit\u0103 \u0219coal\u0103 interna\u021bional\u0103.<\/p>\n<p>Vila cuprinde trei dormitoare spa\u021bioase, oferind un sanctuar privat pentru fiecare membru al familiei. \u00cen plus, exist\u0103 dou\u0103 b\u0103i complete \u0219i o toalet\u0103 suplimentar\u0103 pentru a asigura confortul tuturor ocupan\u021bilor.<\/p>\n<p>Proprietatea se m\u00e2ndre\u0219te cu o buc\u0103t\u0103rie separat\u0103 mare, dotat\u0103 cu aparate moderne \u0219i cu mult spa\u021biu pentru a v\u0103 bucura de preg\u0103tirea m\u00e2nc\u0103rurilor preferate. Adiacent buc\u0103t\u0103riei, ve\u021bi g\u0103si o camer\u0103 de zi spa\u021bioas\u0103, perfect proiectat\u0103 pentru relaxare \u0219i divertismentul oaspe\u021bilor. Aceast\u0103 camer\u0103 se deschide spre o zon\u0103 de luat masa \u00een aer liber, situat\u0103 l\u00e2ng\u0103 piscina r\u0103coritoare, ideal\u0103 pentru cinele de var\u0103 sub stele.<\/p>\n<p>Vila ofer\u0103, de asemenea, mai multe terase, de pe care v\u0103 pute\u021bi bucura de vederi uluitoare at\u00e2t la mare, c\u00e2t \u0219i la mun\u021bii maiestuo\u0219i. Un spectacol vizual care, f\u0103r\u0103 \u00eendoial\u0103, v\u0103 va t\u0103ia r\u0103suflarea.<\/p>\n<p>\u00cen plus, proprietatea are un garaj spa\u021bios cu spa\u021biu pentru mai multe vehicule, ceea ce adaug\u0103 valoare suplimentar\u0103 acestei vile deja excep\u021bionale. Intrarea \u00een proprietate este \u00eempodobit\u0103 cu o gr\u0103din\u0103 frumoas\u0103, oferind un bun venit c\u0103lduros vizitatorilor s\u0103i \u0219i ad\u0103ug\u00e2nd o not\u0103 de verdea\u021b\u0103 re\u0219edin\u021bei.<\/p>\n<p>Pe scurt, aceast\u0103 vil\u0103 de v\u00e2nzare \u00een Tenerife este o oportunitate unic\u0103 de a achizi\u021biona o proprietate de lux \u00eentr-o loca\u021bie de neegalat. Invit\u0103m p\u0103r\u021bile interesate s\u0103 exploreze aceast\u0103 ofert\u0103 imobiliar\u0103 excep\u021bional\u0103.<\/p>","protected":false},"excerpt":{"rendered":"<p>Presentamos a su consideraci\u00f3n una magn\u00edfica villa a la venta en la prestigiosa zona de Madro\u00f1al de Fa\u00f1ab\u00e9, situada en la encantadora Costa Adeje de Tenerife. Esta exclusiva propiedad se encuentra en un enclave privilegiado, rodeada de todas las comodidades y servicios que pueda necesitar, incluyendo tiendas de alta gama, restaurantes de primera calidad, un [&hellip;]<\/p>\n","protected":false},"author":5,"featured_media":28570,"parent":0,"menu_order":0,"template":"","property_type":[45],"property_status":[40],"property_feature":[17,178,19,176,174,31,26,173,42,171,170],"property_label":[109],"property_city":[62],"class_list":["post-28609","property","type-property","status-houzez_sold","has-post-thumbnail","hentry","property_type-villa","property_status-vendido","property_feature-aire-acondicionado","property_feature-aparcamiento-privado-cerrado","property_feature-barbacoa","property_feature-cerca-de-centros-comerciales","property_feature-cocina-amueblada","property_feature-ducha-exterior","property_feature-lavadora","property_feature-piscina-climatizada","property_feature-piscina-privada","property_feature-vistas-a-la-montana","property_feature-vistas-al-oceano","property_label-exclusivo","property_city-el-madronal-de-fanabe"],"property_meta":{"rank_math_internal_links_processed":["1"],"fave_property_bathrooms":["3"],"fave_property_bedrooms":["3"],"fave_property_size":["130"],"fave_property_size_prefix":["m\u00b2"],"fave_property_land":["214"],"fave_property_land_postfix":["m\u00b2"],"fave_property_garage":["4"],"fave_property_garage_size":["214"],"fave_property_year":[""],"fave_property_price":["850000"],"fave_property_price_placeholder":[""],"fave_property_price_prefix":[""],"fave_property_price_postfix":[""],"fave_property_sec_price":[""],"fave_show_price_placeholder":["0"],"additional_features":["a:1:{i:0;a:2:{s:29:\"fave_additional_feature_title\";s:0:\"\";s:29:\"fave_additional_feature_value\";s:0:\"\";}}"],"fave_additional_features_enable":["enable"],"floor_plans":[""],"fave_multi_units":[""],"fave_featured":["0"],"houzez_featured_listing_date":[""],"fave_virtual_tour":[""],"fave_loggedintoview":["0"],"fave_video_url":[""],"fave_property_images":["28570","28571","28574","28572","28573","28583","28584","28582","28585","28578","28579","28580","28581","28586","28591","28588","28589","28594","28593","28592","28597","28598","28599","28600","28595","28601","28602","28576","28577","28575","28587","28590","28603","28604","28605","28606","28607","28608","28596"],"_thumbnail_id":["28570"],"fave_property_zip":["38679"],"fave_property_map_address":["Avenida Kurt Konrad Mayer, Costa Adeje, Miraverde, Adeje, Santa Cruz de Tenerife, Canarias, 38679, Espa\u00f1a"],"fave_property_address":["Avenida Kurt Konrad Mayer, Costa Adeje, Miraverde, Adeje, Santa Cruz de Tenerife, Canarias, 38679, Espa\u00f1a"],"houzez_geolocation_lat":["28.093978577449054"],"houzez_geolocation_long":["-16.72505349943624"],"fave_property_location":["28.093978577449054,-16.72505349943624"],"fave_property_map":["1"],"fave_property_map_street_view":[null],"fave_property_id":["2369"],"fave_private_note":[""],"fave_property_disclaimer":[""],"fave_payment_status":["not_paid"],"fave_agents":["23720"],"fave_agent_display_option":["agent_info"],"fave_mortgage_cal":["0"],"houzez_total_property_views":["3820"],"houzez_views_by_date":["a:61:{s:10:\"02-26-2026\";i:38;s:10:\"02-27-2026\";i:36;s:10:\"02-28-2026\";i:36;s:10:\"03-01-2026\";i:36;s:10:\"03-02-2026\";i:35;s:10:\"03-03-2026\";i:50;s:10:\"03-04-2026\";i:38;s:10:\"03-05-2026\";i:38;s:10:\"03-06-2026\";i:40;s:10:\"03-07-2026\";i:48;s:10:\"03-08-2026\";i:36;s:10:\"03-09-2026\";i:36;s:10:\"03-10-2026\";i:44;s:10:\"03-11-2026\";i:36;s:10:\"03-12-2026\";i:36;s:10:\"03-13-2026\";i:36;s:10:\"03-14-2026\";i:36;s:10:\"03-15-2026\";i:36;s:10:\"03-16-2026\";i:36;s:10:\"03-17-2026\";i:36;s:10:\"03-18-2026\";i:54;s:10:\"03-19-2026\";i:46;s:10:\"03-20-2026\";i:36;s:10:\"03-21-2026\";i:36;s:10:\"03-22-2026\";i:45;s:10:\"03-23-2026\";i:45;s:10:\"03-24-2026\";i:36;s:10:\"03-25-2026\";i:35;s:10:\"03-26-2026\";i:54;s:10:\"03-27-2026\";i:36;s:10:\"03-28-2026\";i:36;s:10:\"03-29-2026\";i:54;s:10:\"03-30-2026\";i:36;s:10:\"03-31-2026\";i:36;s:10:\"04-01-2026\";i:38;s:10:\"04-02-2026\";i:36;s:10:\"04-03-2026\";i:36;s:10:\"04-04-2026\";i:36;s:10:\"04-05-2026\";i:36;s:10:\"04-06-2026\";i:36;s:10:\"04-07-2026\";i:36;s:10:\"04-08-2026\";i:36;s:10:\"04-09-2026\";i:36;s:10:\"04-10-2026\";i:36;s:10:\"04-11-2026\";i:36;s:10:\"04-12-2026\";i:36;s:10:\"04-13-2026\";i:54;s:10:\"04-14-2026\";i:36;s:10:\"04-15-2026\";i:54;s:10:\"04-16-2026\";i:35;s:10:\"04-17-2026\";i:36;s:10:\"04-18-2026\";i:45;s:10:\"04-19-2026\";i:39;s:10:\"04-20-2026\";i:42;s:10:\"04-21-2026\";i:36;s:10:\"04-22-2026\";i:36;s:10:\"04-23-2026\";i:37;s:10:\"04-24-2026\";i:37;s:10:\"04-25-2026\";i:48;s:10:\"04-26-2026\";i:40;s:10:\"04-27-2026\";i:18;}"],"houzez_recently_viewed":["2026-04-27 09:57:45"],"_edit_lock":["1769437208:1"],"_elementor_page_assets":["a:0:{}"]},"_links":{"self":[{"href":"https:\/\/www.tunidotenerife.com\/ro\/wp-json\/wp\/v2\/properties\/28609","targetHints":{"allow":["GET"]}}],"collection":[{"href":"https:\/\/www.tunidotenerife.com\/ro\/wp-json\/wp\/v2\/properties"}],"about":[{"href":"https:\/\/www.tunidotenerife.com\/ro\/wp-json\/wp\/v2\/types\/property"}],"author":[{"embeddable":true,"href":"https:\/\/www.tunidotenerife.com\/ro\/wp-json\/wp\/v2\/users\/5"}],"version-history":[{"count":1,"href":"https:\/\/www.tunidotenerife.com\/ro\/wp-json\/wp\/v2\/properties\/28609\/revisions"}],"predecessor-version":[{"id":28975,"href":"https:\/\/www.tunidotenerife.com\/ro\/wp-json\/wp\/v2\/properties\/28609\/revisions\/28975"}],"wp:featuredmedia":[{"embeddable":true,"href":"https:\/\/www.tunidotenerife.com\/ro\/wp-json\/wp\/v2\/media\/28570"}],"wp:attachment":[{"href":"https:\/\/www.tunidotenerife.com\/ro\/wp-json\/wp\/v2\/media?parent=28609"}],"wp:term":[{"taxonomy":"property_type","embeddable":true,"href":"https:\/\/www.tunidotenerife.com\/ro\/wp-json\/wp\/v2\/property_type?post=28609"},{"taxonomy":"property_status","embeddable":true,"href":"https:\/\/www.tunidotenerife.com\/ro\/wp-json\/wp\/v2\/property_status?post=28609"},{"taxonomy":"property_feature","embeddable":true,"href":"https:\/\/www.tunidotenerife.com\/ro\/wp-json\/wp\/v2\/property_feature?post=28609"},{"taxonomy":"property_label","embeddable":true,"href":"https:\/\/www.tunidotenerife.com\/ro\/wp-json\/wp\/v2\/property_label?post=28609"},{"taxonomy":"property_city","embeddable":true,"href":"https:\/\/www.tunidotenerife.com\/ro\/wp-json\/wp\/v2\/property_city?post=28609"}],"curies":[{"name":"wp","href":"https:\/\/api.w.org\/{rel}","templated":true}]}}