{"id":27810,"date":"2025-09-10T13:12:34","date_gmt":"2025-09-10T12:12:34","guid":{"rendered":"https:\/\/www.tunidotenerife.com\/p\/apartamento-en-venta-en-tenerife-sur-buzanada\/"},"modified":"2026-01-30T14:23:46","modified_gmt":"2026-01-30T14:23:46","slug":"apartamento-en-venta-en-tenerife-sur-buzanada","status":"publish","type":"property","link":"https:\/\/www.tunidotenerife.com\/ro\/p\/apartamento-en-venta-en-tenerife-sur-buzanada\/","title":{"rendered":"Apartament de v\u00e2nzare \u00een Tenerife South, Buzanada"},"content":{"rendered":"<p>Descoper\u0103-\u021bi viitoarea cas\u0103 \u00een Buzanada, Arona! Acest apartament magnific este de v\u00e2nzare la pre\u021bul de 215.000 \u20ac. Cu o suprafa\u021b\u0103 total\u0103 de 82 m2, acest apartament \u00eenc\u00e2nt\u0103tor ofer\u0103 un living-buc\u0103t\u0103rie spa\u021bios, trei camere confortabile \u0219i o baie.<\/p>\n<p>Din balcon, v\u0103 pute\u021bi bucura de vederi panoramice \u0219i pute\u021bi respira aerul proasp\u0103t al zonei. \u0218i nu va trebui s\u0103 v\u0103 face\u021bi griji cu privire la parcare, deoarece apartamentul vine cu un loc de parcare privat.<\/p>\n<p>Ca un plus special, proprietatea dispune \u0219i de o sp\u0103l\u0103torie pe acoperi\u0219, perfect\u0103 pentru zilele \u00eensorite. Acest apartament din Buzanada este o op\u021biune atractiv\u0103 pentru cei care caut\u0103 o cas\u0103 nou\u0103 \u00eentr-un mediu lini\u0219tit \u0219i confortabil.<\/p>\n<p>Nu rata\u021bi ocazia de a face din acest apartament noua dvs. cas\u0103, contacta\u021bi-ne ast\u0103zi pentru mai multe informa\u021bii sau pentru a programa o vizionare!<\/p>","protected":false},"excerpt":{"rendered":"<p>\u00a1Descubre tu pr\u00f3ximo hogar en Buzanada, Arona! Este magn\u00edfico apartamento est\u00e1 en venta a un precio de 215.000\u20ac. Con un total de 82m2, este encantador apartamento ofrece un espacioso sal\u00f3n-cocina, tres c\u00f3modas habitaciones y un ba\u00f1o. Desde el balc\u00f3n, podr\u00e1s disfrutar de vistas panor\u00e1micas y respirar el aire fresco de la zona. Adem\u00e1s, no tendr\u00e1s [&hellip;]<\/p>\n","protected":false},"author":5,"featured_media":28908,"parent":0,"menu_order":0,"template":"","property_type":[49],"property_status":[24],"property_feature":[178,26,171],"property_label":[109],"property_city":[81],"class_list":["post-27810","property","type-property","status-publish","has-post-thumbnail","hentry","property_type-apartamento","property_status-venta","property_feature-aparcamiento-privado-cerrado","property_feature-lavadora","property_feature-vistas-a-la-montana","property_label-exclusivo","property_city-buzanada"],"property_meta":{"rank_math_internal_links_processed":["1"],"fave_property_bathrooms":["1"],"fave_property_bedrooms":["3"],"fave_property_size":["82"],"fave_property_size_prefix":["m\u00b2"],"fave_property_land":[""],"fave_property_land_postfix":["m\u00b2"],"fave_property_garage":["1"],"fave_property_garage_size":[""],"fave_property_year":[""],"fave_property_price":["215000"],"fave_property_price_placeholder":[""],"fave_property_price_prefix":[""],"fave_property_price_postfix":[""],"fave_property_sec_price":[""],"fave_show_price_placeholder":["0"],"additional_features":["a:1:{i:0;a:2:{s:29:\"fave_additional_feature_title\";s:0:\"\";s:29:\"fave_additional_feature_value\";s:0:\"\";}}"],"fave_additional_features_enable":["enable"],"floor_plans":[""],"fave_multi_units":[""],"fave_featured":["0"],"houzez_featured_listing_date":[""],"fave_virtual_tour":[""],"fave_loggedintoview":["0"],"fave_video_url":[""],"fave_property_zip":["38627"],"fave_property_map_address":["Buzanada, El Bebedero, Arona, Santa Cruz de Tenerife, Canarias, 38627, Espa\u00f1a"],"fave_property_address":["Buzanada, El Bebedero, Arona, Santa Cruz de Tenerife, Canarias, 38627, Espa\u00f1a"],"houzez_geolocation_lat":["28.0726391"],"houzez_geolocation_long":["-16.6543371"],"fave_property_location":["28.0726391,-16.6543371"],"fave_property_map":["1"],"fave_property_map_street_view":[null],"fave_property_id":["2353"],"fave_private_note":[""],"fave_property_disclaimer":[""],"fave_payment_status":["not_paid"],"fave_agent_display_option":["agent_info"],"fave_mortgage_cal":["0"],"houzez_total_property_views":["9430"],"houzez_views_by_date":["a:61:{s:10:\"02-26-2026\";i:37;s:10:\"02-27-2026\";i:36;s:10:\"02-28-2026\";i:36;s:10:\"03-01-2026\";i:36;s:10:\"03-02-2026\";i:31;s:10:\"03-03-2026\";i:51;s:10:\"03-04-2026\";i:39;s:10:\"03-05-2026\";i:36;s:10:\"03-06-2026\";i:40;s:10:\"03-07-2026\";i:50;s:10:\"03-08-2026\";i:36;s:10:\"03-09-2026\";i:36;s:10:\"03-10-2026\";i:46;s:10:\"03-11-2026\";i:39;s:10:\"03-12-2026\";i:36;s:10:\"03-13-2026\";i:36;s:10:\"03-14-2026\";i:36;s:10:\"03-15-2026\";i:36;s:10:\"03-16-2026\";i:37;s:10:\"03-17-2026\";i:37;s:10:\"03-18-2026\";i:52;s:10:\"03-19-2026\";i:38;s:10:\"03-20-2026\";i:40;s:10:\"03-21-2026\";i:39;s:10:\"03-22-2026\";i:47;s:10:\"03-23-2026\";i:38;s:10:\"03-24-2026\";i:36;s:10:\"03-25-2026\";i:36;s:10:\"03-26-2026\";i:54;s:10:\"03-27-2026\";i:36;s:10:\"03-28-2026\";i:38;s:10:\"03-29-2026\";i:53;s:10:\"03-30-2026\";i:36;s:10:\"03-31-2026\";i:36;s:10:\"04-01-2026\";i:41;s:10:\"04-02-2026\";i:36;s:10:\"04-03-2026\";i:36;s:10:\"04-04-2026\";i:36;s:10:\"04-05-2026\";i:36;s:10:\"04-06-2026\";i:36;s:10:\"04-07-2026\";i:37;s:10:\"04-08-2026\";i:37;s:10:\"04-09-2026\";i:36;s:10:\"04-10-2026\";i:36;s:10:\"04-11-2026\";i:36;s:10:\"04-12-2026\";i:49;s:10:\"04-13-2026\";i:41;s:10:\"04-14-2026\";i:36;s:10:\"04-15-2026\";i:54;s:10:\"04-16-2026\";i:36;s:10:\"04-17-2026\";i:37;s:10:\"04-18-2026\";i:40;s:10:\"04-19-2026\";i:41;s:10:\"04-20-2026\";i:46;s:10:\"04-21-2026\";i:36;s:10:\"04-22-2026\";i:36;s:10:\"04-23-2026\";i:36;s:10:\"04-24-2026\";i:39;s:10:\"04-25-2026\";i:47;s:10:\"04-26-2026\";i:40;s:10:\"04-27-2026\";i:18;}"],"houzez_recently_viewed":["2026-04-27 09:53:58"],"fave_property_images":["28908","28909","28916","28920","28913","28911","28912","27809","28917","28919","28921","28915","28922","28923","28924","28910"],"_thumbnail_id":["28908"],"fave_agents":["23720"],"_elementor_page_assets":["a:0:{}"]},"_links":{"self":[{"href":"https:\/\/www.tunidotenerife.com\/ro\/wp-json\/wp\/v2\/properties\/27810","targetHints":{"allow":["GET"]}}],"collection":[{"href":"https:\/\/www.tunidotenerife.com\/ro\/wp-json\/wp\/v2\/properties"}],"about":[{"href":"https:\/\/www.tunidotenerife.com\/ro\/wp-json\/wp\/v2\/types\/property"}],"author":[{"embeddable":true,"href":"https:\/\/www.tunidotenerife.com\/ro\/wp-json\/wp\/v2\/users\/5"}],"version-history":[{"count":1,"href":"https:\/\/www.tunidotenerife.com\/ro\/wp-json\/wp\/v2\/properties\/27810\/revisions"}],"predecessor-version":[{"id":28926,"href":"https:\/\/www.tunidotenerife.com\/ro\/wp-json\/wp\/v2\/properties\/27810\/revisions\/28926"}],"wp:featuredmedia":[{"embeddable":true,"href":"https:\/\/www.tunidotenerife.com\/ro\/wp-json\/wp\/v2\/media\/28908"}],"wp:attachment":[{"href":"https:\/\/www.tunidotenerife.com\/ro\/wp-json\/wp\/v2\/media?parent=27810"}],"wp:term":[{"taxonomy":"property_type","embeddable":true,"href":"https:\/\/www.tunidotenerife.com\/ro\/wp-json\/wp\/v2\/property_type?post=27810"},{"taxonomy":"property_status","embeddable":true,"href":"https:\/\/www.tunidotenerife.com\/ro\/wp-json\/wp\/v2\/property_status?post=27810"},{"taxonomy":"property_feature","embeddable":true,"href":"https:\/\/www.tunidotenerife.com\/ro\/wp-json\/wp\/v2\/property_feature?post=27810"},{"taxonomy":"property_label","embeddable":true,"href":"https:\/\/www.tunidotenerife.com\/ro\/wp-json\/wp\/v2\/property_label?post=27810"},{"taxonomy":"property_city","embeddable":true,"href":"https:\/\/www.tunidotenerife.com\/ro\/wp-json\/wp\/v2\/property_city?post=27810"}],"curies":[{"name":"wp","href":"https:\/\/api.w.org\/{rel}","templated":true}]}}