{"id":27645,"date":"2025-07-25T13:46:13","date_gmt":"2025-07-25T12:46:13","guid":{"rendered":"https:\/\/www.tunidotenerife.com\/p\/villa-en-venta-en-tenerife-sur-playa-fanabe\/"},"modified":"2025-08-05T15:03:48","modified_gmt":"2025-08-05T14:03:48","slug":"villa-en-venta-en-tenerife-sur-playa-fanabe","status":"publish","type":"property","link":"https:\/\/www.tunidotenerife.com\/ro\/p\/villa-en-venta-en-tenerife-sur-playa-fanabe\/","title":{"rendered":"Vil\u0103 de v\u00e2nzare \u00een Tenerife South, Playa Fa\u00f1abe"},"content":{"rendered":"<p>V\u0103 prezent\u0103m spre v\u00e2nzare o vil\u0103 exclusivist\u0103 cu design modern, situat\u0103 pe prima linie a prestigioasei plaje Fa\u00f1ab\u00e9, \u00een cadrul celebrului complex Lagos de Fa\u00f1ab\u00e9. Aceast\u0103 proprietate unic\u0103 a fost supus\u0103 unei renov\u0103ri complete, folosind materiale de \u00eenalt\u0103 calitate \u0219i cea mai recent\u0103 tehnologie, sub munca meticuloas\u0103 a unor designeri \u0219i arhitec\u021bi renumi\u021bi. Rezultatul este o vil\u0103 de lux cu un stil contemporan, care o distinge ca fiind cea mai sofisticat\u0103 din complex.<\/p>\n<p>Vila este distribuit\u0103 pe dou\u0103 etaje. La parter, g\u0103sim un living spa\u021bios, decorat cu gust rafinat, care are ferestre mari care inund\u0103 spa\u021biul cu lumin\u0103 natural\u0103 \u0219i ofer\u0103 acces direct la o teras\u0103 spa\u021bioas\u0103. De aici, v\u0103 pute\u021bi bucura de acces direct la plaj\u0103 \u0219i de vederi panoramice frumoase la ocean.<\/p>\n<p>Pe acela\u0219i etaj, exist\u0103 o buc\u0103t\u0103rie independent\u0103 \u0219i complet echipat\u0103, cu numeroase ferestre cu vedere la piscin\u0103. Buc\u0103t\u0103ria are o cram\u0103 integrat\u0103, cuptor, ma\u0219in\u0103 de sp\u0103lat vase \u0219i frigider, precum \u0219i toate echipamentele de g\u0103tit necesare. La parter exist\u0103 un dormitor elegant, cu dulap \u00eencorporat \u0219i mobilier modern, \u0219i o baie atractiv\u0103 cu du\u0219.<\/p>\n<p>O scar\u0103 luminoas\u0103 cu un design avangardist duce la primul etaj, unde se afl\u0103 dou\u0103 dormitoare. Dormitorul principal de dimensiuni generoase are ferestre mari din podea p\u00e2n\u0103 \u00een tavan, un dulap mare \u00eencorporat \u0219i o baie privat\u0103 cu un du\u0219 mare \u0219i mobilier de designer. Din acest dormitor exist\u0103 acces la o teras\u0103 privat\u0103, ideal\u0103 pentru a v\u0103 bucura de apusul soarelui \u0219i de priveli\u0219tile uimitoare ale oceanului. Al doilea dormitor, de asemenea foarte spa\u021bios \u0219i luminos, are un dulap \u00eencorporat, ferestre mari din podea p\u00e2n\u0103 \u00een tavan \u0219i acces la o teras\u0103 imens\u0103 cu vedere la piscin\u0103. Acest dormitor are propria baie privat\u0103, mobilat\u0103 \u0219i dotat\u0103 cu du\u0219 \u0219i ma\u0219in\u0103 de sp\u0103lat integrat\u0103.<\/p>\n<p>Casa este complet echipat\u0103 cu aer condi\u021bionat centralizat pentru a garanta un confort maxim \u00een toate anotimpurile. De asemenea, este posibil s\u0103 \u00eenchiria\u021bi un loc de parcare contra cost.<\/p>\n<p>Proprietatea are dou\u0103 intr\u0103ri, una din interiorul complexului, unde este situat\u0103 piscina, printr-o curte mare, iar cealalt\u0103 direct de pe promenad\u0103.<\/p>","protected":false},"excerpt":{"rendered":"<p>Presentamos en venta una exclusiva villa de dise\u00f1o moderno, ubicada en primera l\u00ednea de la prestigiosa playa Fa\u00f1ab\u00e9, dentro del afamado complejo Lagos de Fa\u00f1ab\u00e9. Esta singular propiedad ha sido objeto de una completa renovaci\u00f3n, en la que se han empleado materiales de alta calidad y \u00faltima tecnolog\u00eda, bajo el meticuloso trabajo de reconocidos dise\u00f1adores [&hellip;]<\/p>\n","protected":false},"author":5,"featured_media":27610,"parent":0,"menu_order":0,"template":"","property_type":[45],"property_status":[24],"property_feature":[17,176,177,174,173,172,170],"property_label":[179],"property_city":[63],"class_list":["post-27645","property","type-property","status-publish","has-post-thumbnail","hentry","property_type-villa","property_status-venta","property_feature-aire-acondicionado","property_feature-cerca-de-centros-comerciales","property_feature-cerca-de-la-playa","property_feature-cocina-amueblada","property_feature-piscina-climatizada","property_feature-piscina-comunitaria","property_feature-vistas-al-oceano","property_label-luxury","property_city-playa-fanabe"],"property_meta":{"rank_math_internal_links_processed":["1"],"fave_property_bathrooms":["2"],"fave_property_bedrooms":["3"],"fave_property_size":["190"],"fave_property_size_prefix":["m\u00b2"],"fave_property_land":["120"],"fave_property_land_postfix":["m\u00b2"],"fave_property_garage":[""],"fave_property_garage_size":[""],"fave_property_year":[""],"fave_property_price":["1400000"],"fave_property_price_placeholder":[""],"fave_property_price_prefix":[""],"fave_property_price_postfix":[""],"fave_property_sec_price":[""],"fave_show_price_placeholder":["0"],"additional_features":["a:1:{i:0;a:2:{s:29:\"fave_additional_feature_title\";s:0:\"\";s:29:\"fave_additional_feature_value\";s:0:\"\";}}"],"fave_additional_features_enable":["enable"],"floor_plans":[""],"fave_multi_units":[""],"fave_featured":["0"],"houzez_featured_listing_date":[""],"fave_virtual_tour":[""],"fave_loggedintoview":["0"],"fave_video_url":[""],"fave_property_zip":["38679"],"fave_property_map_address":["Lagos de Fa\u00f1abe, Paseo Mar\u00edtimo, Playas del Duque, Costa Adeje, Miraverde, Adeje, Santa Cruz de Tenerife, Canarias, 38679, Espa\u00f1a"],"fave_property_address":["Lagos de Fa\u00f1abe, Paseo Mar\u00edtimo, Playas del Duque, Costa Adeje, Miraverde, Adeje, Santa Cruz de Tenerife, Canarias, 38679, Espa\u00f1a"],"houzez_geolocation_lat":["28.08670942209734"],"houzez_geolocation_long":["-16.73668413331523"],"fave_property_location":["28.08670942209734,-16.73668413331523"],"fave_property_map":["1"],"fave_property_map_street_view":[null],"fave_property_id":["2348"],"fave_private_note":[""],"fave_property_disclaimer":[""],"fave_payment_status":["not_paid"],"fave_agent_display_option":["agent_info"],"fave_mortgage_cal":["0"],"houzez_total_property_views":["11362"],"houzez_views_by_date":["a:61:{s:10:\"02-27-2026\";i:36;s:10:\"02-28-2026\";i:36;s:10:\"03-01-2026\";i:36;s:10:\"03-02-2026\";i:34;s:10:\"03-03-2026\";i:52;s:10:\"03-04-2026\";i:38;s:10:\"03-05-2026\";i:37;s:10:\"03-06-2026\";i:41;s:10:\"03-07-2026\";i:48;s:10:\"03-08-2026\";i:36;s:10:\"03-09-2026\";i:36;s:10:\"03-10-2026\";i:42;s:10:\"03-11-2026\";i:38;s:10:\"03-12-2026\";i:44;s:10:\"03-13-2026\";i:36;s:10:\"03-14-2026\";i:36;s:10:\"03-15-2026\";i:36;s:10:\"03-16-2026\";i:36;s:10:\"03-17-2026\";i:42;s:10:\"03-18-2026\";i:48;s:10:\"03-19-2026\";i:37;s:10:\"03-20-2026\";i:37;s:10:\"03-21-2026\";i:38;s:10:\"03-22-2026\";i:49;s:10:\"03-23-2026\";i:38;s:10:\"03-24-2026\";i:36;s:10:\"03-25-2026\";i:36;s:10:\"03-26-2026\";i:54;s:10:\"03-27-2026\";i:36;s:10:\"03-28-2026\";i:36;s:10:\"03-29-2026\";i:54;s:10:\"03-30-2026\";i:36;s:10:\"03-31-2026\";i:36;s:10:\"04-01-2026\";i:38;s:10:\"04-02-2026\";i:37;s:10:\"04-03-2026\";i:36;s:10:\"04-04-2026\";i:36;s:10:\"04-05-2026\";i:36;s:10:\"04-06-2026\";i:36;s:10:\"04-07-2026\";i:37;s:10:\"04-08-2026\";i:36;s:10:\"04-09-2026\";i:36;s:10:\"04-10-2026\";i:36;s:10:\"04-11-2026\";i:37;s:10:\"04-12-2026\";i:47;s:10:\"04-13-2026\";i:42;s:10:\"04-14-2026\";i:38;s:10:\"04-15-2026\";i:54;s:10:\"04-16-2026\";i:36;s:10:\"04-17-2026\";i:36;s:10:\"04-18-2026\";i:38;s:10:\"04-19-2026\";i:43;s:10:\"04-20-2026\";i:45;s:10:\"04-21-2026\";i:36;s:10:\"04-22-2026\";i:36;s:10:\"04-23-2026\";i:36;s:10:\"04-24-2026\";i:39;s:10:\"04-25-2026\";i:51;s:10:\"04-26-2026\";i:36;s:10:\"04-27-2026\";i:36;s:10:\"04-28-2026\";i:28;}"],"houzez_recently_viewed":["2026-04-28 15:52:46"],"fave_property_images":["27619","27620","27610","27613","27614","27611","27612","27615","27616","27617","27618","27621","27622","27623","27624","27625","27626","27627","27628","27629","27630","27631","27632","27633","27634","27635","27636","27637","27638","27639","27640","27641","27642","27643","27644"],"_thumbnail_id":["27610"],"fave_agents":["23720"],"_elementor_page_assets":["a:0:{}"]},"_links":{"self":[{"href":"https:\/\/www.tunidotenerife.com\/ro\/wp-json\/wp\/v2\/properties\/27645","targetHints":{"allow":["GET"]}}],"collection":[{"href":"https:\/\/www.tunidotenerife.com\/ro\/wp-json\/wp\/v2\/properties"}],"about":[{"href":"https:\/\/www.tunidotenerife.com\/ro\/wp-json\/wp\/v2\/types\/property"}],"author":[{"embeddable":true,"href":"https:\/\/www.tunidotenerife.com\/ro\/wp-json\/wp\/v2\/users\/5"}],"version-history":[{"count":0,"href":"https:\/\/www.tunidotenerife.com\/ro\/wp-json\/wp\/v2\/properties\/27645\/revisions"}],"wp:featuredmedia":[{"embeddable":true,"href":"https:\/\/www.tunidotenerife.com\/ro\/wp-json\/wp\/v2\/media\/27610"}],"wp:attachment":[{"href":"https:\/\/www.tunidotenerife.com\/ro\/wp-json\/wp\/v2\/media?parent=27645"}],"wp:term":[{"taxonomy":"property_type","embeddable":true,"href":"https:\/\/www.tunidotenerife.com\/ro\/wp-json\/wp\/v2\/property_type?post=27645"},{"taxonomy":"property_status","embeddable":true,"href":"https:\/\/www.tunidotenerife.com\/ro\/wp-json\/wp\/v2\/property_status?post=27645"},{"taxonomy":"property_feature","embeddable":true,"href":"https:\/\/www.tunidotenerife.com\/ro\/wp-json\/wp\/v2\/property_feature?post=27645"},{"taxonomy":"property_label","embeddable":true,"href":"https:\/\/www.tunidotenerife.com\/ro\/wp-json\/wp\/v2\/property_label?post=27645"},{"taxonomy":"property_city","embeddable":true,"href":"https:\/\/www.tunidotenerife.com\/ro\/wp-json\/wp\/v2\/property_city?post=27645"}],"curies":[{"name":"wp","href":"https:\/\/api.w.org\/{rel}","templated":true}]}}