{"id":27605,"date":"2025-07-22T11:44:51","date_gmt":"2025-07-22T10:44:51","guid":{"rendered":"https:\/\/www.tunidotenerife.com\/p\/estudio-en-venta-en-tenerife-sur-los-cristianos\/"},"modified":"2026-02-06T12:35:16","modified_gmt":"2026-02-06T12:35:16","slug":"estudio-en-venta-en-tenerife-sur-los-cristianos","status":"publish","type":"property","link":"https:\/\/www.tunidotenerife.com\/ro\/p\/estudio-en-venta-en-tenerife-sur-los-cristianos\/","title":{"rendered":"Studio de v\u00e2nzare \u00een Tenerife South, Los Cristianos"},"content":{"rendered":"<p>V\u0103 prezent\u0103m o oportunitate excep\u021bional\u0103 de investi\u021bii \u00een inima Los Cristianos. Un proiect reziden\u021bial de lux care se remarc\u0103 prin designul s\u0103u cald, modern \u0219i primitor, evoc\u00e2nd sentimentul unei case pe plaj\u0103, Athanaus flats.<\/p>\n<p>Acest proiect high-end const\u0103 \u00een 57 de apartamente complet renovate \u0219i echipate, disponibile \u00een format studio, un dormitor \u0219i dou\u0103 dormitoare. Fiecare are terase mari, \u00eensorite, spa\u021bii de depozitare \u0219i, \u00een unele cazuri, vedere la mare \u0219i loc de parcare.<\/p>\n<p>Studiourile, cu o suprafa\u021b\u0103 interioar\u0103 de 30m2 \u0219i terase de aproximativ 5m2, sunt perfecte pentru cei care caut\u0103 un spa\u021biu compact, dar cu tot confortul.<\/p>\n<p>Acest complex reziden\u021bial, situat \u00eentr-o zon\u0103 foarte c\u0103utat\u0103, se afl\u0103 la doar 500 de metri de promenada de la malul m\u0103rii \u0219i la c\u00e2\u021biva pa\u0219i de centrul comercial Passarella, magazine \u0219i restaurante. De asemenea, are piscine comune \u0219i zone comune amenajate, care adaug\u0103 valoare acestui proiect exclusivist.<\/p>\n<p>Acest proiect este ideal pentru investi\u021bii ca VV sau pentru a locui \u00een inima Los Cristianos, la doar c\u00e2\u021biva metri de plaj\u0103. De asemenea, este potrivit pentru \u00eenchiriere privat\u0103 pe termen scurt, ceea ce va facilita ob\u021binerea unei licen\u021be VV.<\/p>\n<p>Nu rata\u021bi ocazia de a investi \u00een acest proiect reziden\u021bial exclusivist. Pentru mai multe informa\u021bii, nu ezita\u021bi s\u0103 ne contacta\u021bi.<\/p>","protected":false},"excerpt":{"rendered":"<p>Te presentamos una oportunidad excepcional de inversi\u00f3n en pleno coraz\u00f3n de Los Cristianos. Un proyecto residencial de lujo que destaca por su dise\u00f1o c\u00e1lido, moderno y acogedor, que evoca la sensaci\u00f3n de un hogar en la playa, apartamentos Athanaus. Este proyecto de alta gama consta de 57 apartamentos completamente reformados y equipados, disponibles en formatos [&hellip;]<\/p>\n","protected":false},"author":5,"featured_media":27597,"parent":0,"menu_order":0,"template":"","property_type":[41],"property_status":[24],"property_feature":[17,176,174,25,169,173,172],"property_label":[109,179,180],"property_city":[69],"class_list":["post-27605","property","type-property","status-publish","has-post-thumbnail","hentry","property_type-estudio","property_status-venta","property_feature-aire-acondicionado","property_feature-cerca-de-centros-comerciales","property_feature-cocina-amueblada","property_feature-gimnasio","property_feature-nueva-construccion","property_feature-piscina-climatizada","property_feature-piscina-comunitaria","property_label-exclusivo","property_label-luxury","property_label-oferta","property_city-los-cristianos"],"property_meta":{"rank_math_internal_links_processed":["1"],"fave_property_bathrooms":["1"],"fave_property_bedrooms":["0"],"fave_property_size":["34.67"],"fave_property_size_prefix":["m\u00b2"],"fave_property_land":[""],"fave_property_land_postfix":["m\u00b2"],"fave_property_garage":["1"],"fave_property_garage_size":[""],"fave_property_year":[""],"fave_property_price":["227515"],"fave_property_price_placeholder":[""],"fave_property_price_prefix":[""],"fave_property_price_postfix":[""],"fave_property_sec_price":[""],"fave_show_price_placeholder":["0"],"additional_features":["a:1:{i:0;a:2:{s:29:\"fave_additional_feature_title\";s:0:\"\";s:29:\"fave_additional_feature_value\";s:0:\"\";}}"],"fave_additional_features_enable":["enable"],"floor_plans":[""],"fave_multi_units":[""],"fave_featured":["0"],"houzez_featured_listing_date":[""],"fave_virtual_tour":[""],"fave_loggedintoview":["0"],"fave_video_url":[""],"fave_property_zip":["38652"],"fave_property_map_address":["Avenida San Francisco, Oasis del Sur, Los Cristianos, Arona, Santa Cruz de Tenerife, Canarias, 38652, Espa\u00f1a"],"fave_property_address":["Avenida San Francisco, Oasis del Sur, Los Cristianos, Arona, Santa Cruz de Tenerife, Canarias, 38652, Espa\u00f1a"],"houzez_geolocation_lat":["28.05456022682711"],"houzez_geolocation_long":["-16.706387762487292"],"fave_property_location":["28.05456022682711,-16.706387762487292"],"fave_property_map":["1"],"fave_property_map_street_view":[null],"fave_property_id":["2278"],"fave_private_note":[""],"fave_property_disclaimer":[""],"fave_payment_status":["not_paid"],"fave_agent_display_option":["agent_info"],"fave_mortgage_cal":["0"],"houzez_total_property_views":["11314"],"houzez_views_by_date":["a:61:{s:10:\"02-27-2026\";i:36;s:10:\"02-28-2026\";i:36;s:10:\"03-01-2026\";i:36;s:10:\"03-02-2026\";i:34;s:10:\"03-03-2026\";i:52;s:10:\"03-04-2026\";i:38;s:10:\"03-05-2026\";i:38;s:10:\"03-06-2026\";i:39;s:10:\"03-07-2026\";i:49;s:10:\"03-08-2026\";i:36;s:10:\"03-09-2026\";i:36;s:10:\"03-10-2026\";i:43;s:10:\"03-11-2026\";i:36;s:10:\"03-12-2026\";i:43;s:10:\"03-13-2026\";i:36;s:10:\"03-14-2026\";i:36;s:10:\"03-15-2026\";i:36;s:10:\"03-16-2026\";i:36;s:10:\"03-17-2026\";i:42;s:10:\"03-18-2026\";i:48;s:10:\"03-19-2026\";i:38;s:10:\"03-20-2026\";i:37;s:10:\"03-21-2026\";i:38;s:10:\"03-22-2026\";i:49;s:10:\"03-23-2026\";i:38;s:10:\"03-24-2026\";i:36;s:10:\"03-25-2026\";i:36;s:10:\"03-26-2026\";i:54;s:10:\"03-27-2026\";i:36;s:10:\"03-28-2026\";i:37;s:10:\"03-29-2026\";i:54;s:10:\"03-30-2026\";i:36;s:10:\"03-31-2026\";i:36;s:10:\"04-01-2026\";i:38;s:10:\"04-02-2026\";i:37;s:10:\"04-03-2026\";i:36;s:10:\"04-04-2026\";i:36;s:10:\"04-05-2026\";i:36;s:10:\"04-06-2026\";i:36;s:10:\"04-07-2026\";i:38;s:10:\"04-08-2026\";i:36;s:10:\"04-09-2026\";i:36;s:10:\"04-10-2026\";i:36;s:10:\"04-11-2026\";i:36;s:10:\"04-12-2026\";i:49;s:10:\"04-13-2026\";i:41;s:10:\"04-14-2026\";i:36;s:10:\"04-15-2026\";i:54;s:10:\"04-16-2026\";i:36;s:10:\"04-17-2026\";i:36;s:10:\"04-18-2026\";i:42;s:10:\"04-19-2026\";i:41;s:10:\"04-20-2026\";i:43;s:10:\"04-21-2026\";i:36;s:10:\"04-22-2026\";i:36;s:10:\"04-23-2026\";i:37;s:10:\"04-24-2026\";i:37;s:10:\"04-25-2026\";i:53;s:10:\"04-26-2026\";i:36;s:10:\"04-27-2026\";i:36;s:10:\"04-28-2026\";i:36;}"],"houzez_recently_viewed":["2026-04-28 17:59:06"],"fave_property_images":["27597","27598","27599","27602","27603","27604"],"_thumbnail_id":["27597"],"fave_agents":["23720"],"_elementor_page_assets":["a:0:{}"]},"_links":{"self":[{"href":"https:\/\/www.tunidotenerife.com\/ro\/wp-json\/wp\/v2\/properties\/27605","targetHints":{"allow":["GET"]}}],"collection":[{"href":"https:\/\/www.tunidotenerife.com\/ro\/wp-json\/wp\/v2\/properties"}],"about":[{"href":"https:\/\/www.tunidotenerife.com\/ro\/wp-json\/wp\/v2\/types\/property"}],"author":[{"embeddable":true,"href":"https:\/\/www.tunidotenerife.com\/ro\/wp-json\/wp\/v2\/users\/5"}],"version-history":[{"count":1,"href":"https:\/\/www.tunidotenerife.com\/ro\/wp-json\/wp\/v2\/properties\/27605\/revisions"}],"predecessor-version":[{"id":28977,"href":"https:\/\/www.tunidotenerife.com\/ro\/wp-json\/wp\/v2\/properties\/27605\/revisions\/28977"}],"wp:featuredmedia":[{"embeddable":true,"href":"https:\/\/www.tunidotenerife.com\/ro\/wp-json\/wp\/v2\/media\/27597"}],"wp:attachment":[{"href":"https:\/\/www.tunidotenerife.com\/ro\/wp-json\/wp\/v2\/media?parent=27605"}],"wp:term":[{"taxonomy":"property_type","embeddable":true,"href":"https:\/\/www.tunidotenerife.com\/ro\/wp-json\/wp\/v2\/property_type?post=27605"},{"taxonomy":"property_status","embeddable":true,"href":"https:\/\/www.tunidotenerife.com\/ro\/wp-json\/wp\/v2\/property_status?post=27605"},{"taxonomy":"property_feature","embeddable":true,"href":"https:\/\/www.tunidotenerife.com\/ro\/wp-json\/wp\/v2\/property_feature?post=27605"},{"taxonomy":"property_label","embeddable":true,"href":"https:\/\/www.tunidotenerife.com\/ro\/wp-json\/wp\/v2\/property_label?post=27605"},{"taxonomy":"property_city","embeddable":true,"href":"https:\/\/www.tunidotenerife.com\/ro\/wp-json\/wp\/v2\/property_city?post=27605"}],"curies":[{"name":"wp","href":"https:\/\/api.w.org\/{rel}","templated":true}]}}