{"id":27021,"date":"2025-06-05T14:43:11","date_gmt":"2025-06-05T13:43:11","guid":{"rendered":"https:\/\/www.tunidotenerife.com\/p\/adosado-en-venta-en-miraverde-tenerife-sur\/"},"modified":"2026-01-22T13:02:37","modified_gmt":"2026-01-22T13:02:37","slug":"adosado-en-venta-en-miraverde-tenerife-sur","status":"publish","type":"property","link":"https:\/\/www.tunidotenerife.com\/ro\/p\/adosado-en-venta-en-miraverde-tenerife-sur\/","title":{"rendered":"Townhouse de v\u00e2nzare \u00een Miraverde, Tenerife Sud"},"content":{"rendered":"<p>Bine a\u021bi venit la bijuteria din Madronal de Fanabe! Aceast\u0103 proprietate semidecomandat\u0103 uimitoare este \u00een prezent de v\u00e2nzare \u0219i este gata s\u0103 devin\u0103 noua dvs. cas\u0103. Cu trei dormitoare spa\u021bioase \u0219i trei b\u0103i complete, aceast\u0103 cas\u0103 ofer\u0103 spa\u021biul perfect pentru confort \u0219i intimitate.<\/p>\n<p>\u00cen plus, exist\u0103 dou\u0103 terase \u0219i un balcon, ideale pentru a v\u0103 bucura de priveli\u0219tea oceanului \u00een timp ce v\u0103 sorbi\u021bi cafeaua de diminea\u021b\u0103 sau v\u0103 relaxa\u021bi dup\u0103 o zi lung\u0103. Proprietatea include, de asemenea, un loc de parcare, care adaug\u0103 un plus de valoare \u0219i confort.<\/p>\n<p>Aceast\u0103 cas\u0103 de ora\u0219 este situat\u0103 \u00eentr-un complex \u00eenchis, rezervat exclusiv pentru reziden\u021bi, garant\u00e2ndu-v\u0103 lini\u0219tea \u0219i securitatea. Cu o suprafa\u021b\u0103 construit\u0103 de 226m2, aceast\u0103 cas\u0103 ofer\u0103 un spa\u021biu generos de locuit \u0219i de divertisment.<\/p>\n<p>Situat\u0103 \u00een cartierul dezirabil Madro\u00f1al de Fa\u00f1abe, aceast\u0103 proprietate ofer\u0103 nu doar o cas\u0103, ci un stil de via\u021b\u0103. Aici, sunte\u021bi la distan\u021b\u0103 de mers pe jos de tot ce ave\u021bi nevoie, dar ave\u021bi, de asemenea, pacea \u0219i lini\u0219tea pe care le c\u0103uta\u021bi \u00eentr-o cas\u0103.<\/p>\n<p>Nu rata\u021bi ocazia de a face aceast\u0103 proprietate minunat\u0103 a dvs. Contacta\u021bi-ne ast\u0103zi pentru mai multe informa\u021bii sau pentru a programa o vizionare. Suntem siguri c\u0103 v\u0103 va pl\u0103cea ceea ce vede\u021bi, nu l\u0103sa\u021bi aceast\u0103 oportunitate s\u0103 v\u0103 scape!<\/p>","protected":false},"excerpt":{"rendered":"<p>\u00a1Bienvenidos a la joya de Madronal de Fanabe! Esta impresionante propiedad adosada est\u00e1 actualmente en venta y lista para convertirse en su nuevo hogar. Con tres amplios dormitorios y tres ba\u00f1os completos, esta vivienda ofrece un espacio perfecto para la comodidad y la privacidad. Adem\u00e1s, cuenta con dos terrazas y un balc\u00f3n, ideales para disfrutar [&hellip;]<\/p>\n","protected":false},"author":5,"featured_media":26981,"parent":0,"menu_order":0,"template":"","property_type":[119],"property_status":[24],"property_feature":[17,178,176,174,170],"property_label":[109,180],"property_city":[62],"class_list":["post-27021","property","type-property","status-publish","has-post-thumbnail","hentry","property_type-adosado","property_status-venta","property_feature-aire-acondicionado","property_feature-aparcamiento-privado-cerrado","property_feature-cerca-de-centros-comerciales","property_feature-cocina-amueblada","property_feature-vistas-al-oceano","property_label-exclusivo","property_label-oferta","property_city-el-madronal-de-fanabe"],"property_meta":{"rank_math_internal_links_processed":["1"],"fave_property_bathrooms":["3"],"fave_property_bedrooms":["3"],"fave_property_size":["226"],"fave_property_size_prefix":["m\u00b2"],"fave_property_land":[""],"fave_property_land_postfix":["m\u00b2"],"fave_property_garage":["1"],"fave_property_garage_size":[""],"fave_property_year":[""],"fave_property_price":["498000"],"fave_property_price_placeholder":[""],"fave_property_price_prefix":[""],"fave_property_price_postfix":[""],"fave_property_sec_price":[""],"fave_show_price_placeholder":["0"],"additional_features":["a:1:{i:0;a:2:{s:29:\"fave_additional_feature_title\";s:0:\"\";s:29:\"fave_additional_feature_value\";s:0:\"\";}}"],"fave_additional_features_enable":["enable"],"floor_plans":[""],"fave_multi_units":[""],"fave_featured":["0"],"houzez_featured_listing_date":[""],"fave_virtual_tour":[""],"fave_loggedintoview":["0"],"fave_video_url":[""],"fave_property_zip":["38679"],"fave_property_map_address":["Avenida Kurt Konrad Mayer, Costa Adeje, Miraverde, Adeje, Santa Cruz de Tenerife, Canarias, 38679, Espa\u00f1a"],"fave_property_address":["Avenida Kurt Konrad Mayer, Costa Adeje, Miraverde, Adeje, Santa Cruz de Tenerife, Canarias, 38679, Espa\u00f1a"],"houzez_geolocation_lat":["28.0955172"],"houzez_geolocation_long":["-16.7257813"],"fave_property_location":["28.0955172,-16.7257813"],"fave_property_map":["1"],"fave_property_map_street_view":[null],"fave_property_id":["2343"],"fave_private_note":[""],"fave_property_disclaimer":[""],"fave_payment_status":["not_paid"],"fave_agent_display_option":["agent_info"],"fave_mortgage_cal":["0"],"houzez_total_property_views":["13584"],"houzez_views_by_date":["a:61:{s:10:\"02-27-2026\";i:36;s:10:\"02-28-2026\";i:37;s:10:\"03-01-2026\";i:36;s:10:\"03-02-2026\";i:40;s:10:\"03-03-2026\";i:43;s:10:\"03-04-2026\";i:40;s:10:\"03-05-2026\";i:39;s:10:\"03-06-2026\";i:50;s:10:\"03-07-2026\";i:38;s:10:\"03-08-2026\";i:36;s:10:\"03-09-2026\";i:36;s:10:\"03-10-2026\";i:56;s:10:\"03-11-2026\";i:38;s:10:\"03-12-2026\";i:54;s:10:\"03-13-2026\";i:36;s:10:\"03-14-2026\";i:36;s:10:\"03-15-2026\";i:36;s:10:\"03-16-2026\";i:41;s:10:\"03-17-2026\";i:47;s:10:\"03-18-2026\";i:38;s:10:\"03-19-2026\";i:37;s:10:\"03-20-2026\";i:36;s:10:\"03-21-2026\";i:41;s:10:\"03-22-2026\";i:49;s:10:\"03-23-2026\";i:36;s:10:\"03-24-2026\";i:36;s:10:\"03-25-2026\";i:36;s:10:\"03-26-2026\";i:54;s:10:\"03-27-2026\";i:36;s:10:\"03-28-2026\";i:54;s:10:\"03-29-2026\";i:36;s:10:\"03-30-2026\";i:36;s:10:\"03-31-2026\";i:37;s:10:\"04-01-2026\";i:40;s:10:\"04-02-2026\";i:55;s:10:\"04-03-2026\";i:36;s:10:\"04-04-2026\";i:36;s:10:\"04-05-2026\";i:36;s:10:\"04-06-2026\";i:37;s:10:\"04-07-2026\";i:35;s:10:\"04-08-2026\";i:44;s:10:\"04-09-2026\";i:36;s:10:\"04-10-2026\";i:36;s:10:\"04-11-2026\";i:39;s:10:\"04-12-2026\";i:51;s:10:\"04-13-2026\";i:36;s:10:\"04-14-2026\";i:36;s:10:\"04-15-2026\";i:54;s:10:\"04-16-2026\";i:36;s:10:\"04-17-2026\";i:36;s:10:\"04-18-2026\";i:36;s:10:\"04-19-2026\";i:50;s:10:\"04-20-2026\";i:40;s:10:\"04-21-2026\";i:36;s:10:\"04-22-2026\";i:36;s:10:\"04-23-2026\";i:36;s:10:\"04-24-2026\";i:37;s:10:\"04-25-2026\";i:53;s:10:\"04-26-2026\";i:36;s:10:\"04-27-2026\";i:36;s:10:\"04-28-2026\";i:38;}"],"houzez_recently_viewed":["2026-04-28 17:35:28"],"fave_property_images":["26981","26984","26987","27020","26985","26986","26988","27003","27005","26993","26996","26995","27000","27001","27002","27004","27007","27008","27009","27010","27013","27014","27015","27018","27019","26997","26982","26992","26999"],"_thumbnail_id":["26981"],"fave_agents":["23720"],"_elementor_page_assets":["a:0:{}"]},"_links":{"self":[{"href":"https:\/\/www.tunidotenerife.com\/ro\/wp-json\/wp\/v2\/properties\/27021","targetHints":{"allow":["GET"]}}],"collection":[{"href":"https:\/\/www.tunidotenerife.com\/ro\/wp-json\/wp\/v2\/properties"}],"about":[{"href":"https:\/\/www.tunidotenerife.com\/ro\/wp-json\/wp\/v2\/types\/property"}],"author":[{"embeddable":true,"href":"https:\/\/www.tunidotenerife.com\/ro\/wp-json\/wp\/v2\/users\/5"}],"version-history":[{"count":0,"href":"https:\/\/www.tunidotenerife.com\/ro\/wp-json\/wp\/v2\/properties\/27021\/revisions"}],"wp:featuredmedia":[{"embeddable":true,"href":"https:\/\/www.tunidotenerife.com\/ro\/wp-json\/wp\/v2\/media\/26981"}],"wp:attachment":[{"href":"https:\/\/www.tunidotenerife.com\/ro\/wp-json\/wp\/v2\/media?parent=27021"}],"wp:term":[{"taxonomy":"property_type","embeddable":true,"href":"https:\/\/www.tunidotenerife.com\/ro\/wp-json\/wp\/v2\/property_type?post=27021"},{"taxonomy":"property_status","embeddable":true,"href":"https:\/\/www.tunidotenerife.com\/ro\/wp-json\/wp\/v2\/property_status?post=27021"},{"taxonomy":"property_feature","embeddable":true,"href":"https:\/\/www.tunidotenerife.com\/ro\/wp-json\/wp\/v2\/property_feature?post=27021"},{"taxonomy":"property_label","embeddable":true,"href":"https:\/\/www.tunidotenerife.com\/ro\/wp-json\/wp\/v2\/property_label?post=27021"},{"taxonomy":"property_city","embeddable":true,"href":"https:\/\/www.tunidotenerife.com\/ro\/wp-json\/wp\/v2\/property_city?post=27021"}],"curies":[{"name":"wp","href":"https:\/\/api.w.org\/{rel}","templated":true}]}}