{"id":26943,"date":"2025-06-03T11:43:13","date_gmt":"2025-06-03T10:43:13","guid":{"rendered":"https:\/\/www.tunidotenerife.com\/p\/adosado-en-venta-en-madronal-de-fanabe-tenerife-sur\/"},"modified":"2026-01-26T13:50:44","modified_gmt":"2026-01-26T13:50:44","slug":"adosado-en-venta-en-madronal-de-fanabe-tenerife-sur","status":"houzez_sold","type":"property","link":"https:\/\/www.tunidotenerife.com\/ro\/p\/adosado-en-venta-en-madronal-de-fanabe-tenerife-sur\/","title":{"rendered":"Townhouse de v\u00e2nzare \u00een Madro\u00f1al de Fa\u00f1abe, Tenerife Sur"},"content":{"rendered":"<p>O magnific\u0103 cas\u0103 de ora\u0219 de col\u021b de v\u00e2nzare, care se remarc\u0103 prin spa\u021bialitate, lumin\u0103 \u0219i confort. Aceast\u0103 proprietate, cu o suprafa\u021b\u0103 construit\u0103 de 366 m\u00b2, este o adev\u0103rat\u0103 oaz\u0103 de confort \u0219i lini\u0219te.<\/p>\n<p>Proprietatea este \u00eembog\u0103\u021bit\u0103 de 190 m\u00b2 de terase, care sunt \u00eemp\u0103r\u021bite \u00eentre o teras\u0103 superioar\u0103 mare cu gazon artificial, ideal\u0103 pentru a v\u0103 bucura de momente pl\u0103cute \u00een aer liber, \u0219i o teras\u0103 inferioar\u0103 fermec\u0103toare cu gr\u0103din\u0103 la intrarea \u00een proprietate. Acest spa\u021biu este perfect pentru gr\u0103tare, activit\u0103\u021bi \u00een aer liber sau pur \u0219i simplu relaxare \u00eentr-un mediu lini\u0219tit \u0219i privat.<\/p>\n<p>Subsolul, cu 106 m\u00b2, g\u0103zduie\u0219te un garaj mare cu capacitate pentru trei vehicule. De asemenea, are un dormitor suplimentar cu o baie complet\u0103 \u0219i un hol cu un dulap \u00eencorporat, care adaug\u0103 un plus de func\u021bionalitate \u0219i confort propriet\u0103\u021bii.<\/p>\n<p>Parterul, de 119 m\u00b2, este distribuit \u00eentr-un hol de intrare elegant, care duce la un living-sufragerie spa\u021bios. Acest spa\u021biu, plin de lumin\u0103 natural\u0103, este perfect pentru petrecerea timpului liber \u00een familie. Buc\u0103t\u0103ria modern\u0103 este echipat\u0103 cu electrocasnice de ultim\u0103 genera\u021bie. Acest etaj este completat cu o baie \u0219i acces la terasa mare cu gazon artificial.<\/p>\n<p>La etajul superior, care m\u0103soar\u0103 87 m\u00b2, exist\u0103 patru dormitoare spa\u021bioase \u0219i luminoase. Toate au ferestre mari care las\u0103 s\u0103 intre lumina natural\u0103 pe tot parcursul zilei. Acestea sunt completate de dou\u0103 b\u0103i complete, asigur\u00e2nd confortul tuturor membrilor familiei.<\/p>\n<p>Impozitul pe proprietate (IBI) se ridic\u0103 la 834 EUR pe an.<\/p>\n<p>Pe scurt, aceast\u0103 proprietate este o alegere ideal\u0103 pentru cei care apreciaz\u0103 via\u021ba \u00een aer liber \u0219i caut\u0103 o cas\u0103 confortabil\u0103, spa\u021bioas\u0103 \u0219i luminoas\u0103.<\/p>","protected":false},"excerpt":{"rendered":"<p>Se pone a la venta un magn\u00edfico adosado de esquina, que destaca por su amplitud, luminosidad y confortabilidad. Este inmueble, con una superficie construida de 366 m\u00b2, se presenta como un aut\u00e9ntico oasis de comodidad y tranquilidad. La propiedad se enriquece con 190 m\u00b2 de terrazas, que se dividen entre una gran terraza superior con [&hellip;]<\/p>\n","protected":false},"author":5,"featured_media":26887,"parent":0,"menu_order":0,"template":"","property_type":[119],"property_status":[40],"property_feature":[17,178,19,176,174,26,172,171,170],"property_label":[],"property_city":[62],"class_list":["post-26943","property","type-property","status-houzez_sold","has-post-thumbnail","hentry","property_type-adosado","property_status-vendido","property_feature-aire-acondicionado","property_feature-aparcamiento-privado-cerrado","property_feature-barbacoa","property_feature-cerca-de-centros-comerciales","property_feature-cocina-amueblada","property_feature-lavadora","property_feature-piscina-comunitaria","property_feature-vistas-a-la-montana","property_feature-vistas-al-oceano","property_city-el-madronal-de-fanabe"],"property_meta":{"rank_math_internal_links_processed":["1"],"fave_property_price":["680000"],"fave_show_price_placeholder":["0"],"fave_property_size":["366"],"fave_property_size_prefix":["m\u00b2"],"fave_property_land_postfix":["m\u00b2"],"fave_property_bedrooms":["5"],"fave_property_bathrooms":["4"],"fave_property_garage":["2"],"fave_property_id":["2342"],"fave_property_zip":["38679"],"fave_additional_features_enable":["enable"],"fave_featured":["0"],"houzez_featured_listing_date":[""],"fave_loggedintoview":["0"],"fave_mortgage_cal":["0"],"fave_payment_status":["not_paid"],"fave_agent_display_option":["agent_info"],"fave_property_map_address":["Calle Beirut, Playa de Fa\u00f1ab\u00e9, Costa Adeje, Miraverde, Adeje, Santa Cruz de Tenerife, Canarias, 38679, Espa\u00f1a"],"fave_property_address":["Calle Beirut, Playa de Fa\u00f1ab\u00e9, Costa Adeje, Miraverde, Adeje, Santa Cruz de Tenerife, Canarias, 38679, Espa\u00f1a"],"houzez_geolocation_lat":["28.0923466"],"houzez_geolocation_long":["-16.7283326"],"fave_property_location":["28.0923466,-16.7283326,0"],"fave_property_map":["1"],"fave_property_map_street_view":["hide"],"houzez_total_property_views":["13502"],"houzez_views_by_date":["a:61:{s:10:\"02-27-2026\";i:36;s:10:\"02-28-2026\";i:36;s:10:\"03-01-2026\";i:37;s:10:\"03-02-2026\";i:43;s:10:\"03-03-2026\";i:42;s:10:\"03-04-2026\";i:40;s:10:\"03-05-2026\";i:38;s:10:\"03-06-2026\";i:50;s:10:\"03-07-2026\";i:38;s:10:\"03-08-2026\";i:36;s:10:\"03-09-2026\";i:36;s:10:\"03-10-2026\";i:54;s:10:\"03-11-2026\";i:54;s:10:\"03-12-2026\";i:54;s:10:\"03-13-2026\";i:37;s:10:\"03-14-2026\";i:36;s:10:\"03-15-2026\";i:36;s:10:\"03-16-2026\";i:42;s:10:\"03-17-2026\";i:46;s:10:\"03-18-2026\";i:38;s:10:\"03-19-2026\";i:36;s:10:\"03-20-2026\";i:37;s:10:\"03-21-2026\";i:41;s:10:\"03-22-2026\";i:48;s:10:\"03-23-2026\";i:36;s:10:\"03-24-2026\";i:36;s:10:\"03-25-2026\";i:36;s:10:\"03-26-2026\";i:54;s:10:\"03-27-2026\";i:36;s:10:\"03-28-2026\";i:54;s:10:\"03-29-2026\";i:36;s:10:\"03-30-2026\";i:36;s:10:\"03-31-2026\";i:36;s:10:\"04-01-2026\";i:38;s:10:\"04-02-2026\";i:54;s:10:\"04-03-2026\";i:36;s:10:\"04-04-2026\";i:36;s:10:\"04-05-2026\";i:36;s:10:\"04-06-2026\";i:44;s:10:\"04-07-2026\";i:28;s:10:\"04-08-2026\";i:50;s:10:\"04-09-2026\";i:36;s:10:\"04-10-2026\";i:37;s:10:\"04-11-2026\";i:45;s:10:\"04-12-2026\";i:44;s:10:\"04-13-2026\";i:36;s:10:\"04-14-2026\";i:36;s:10:\"04-15-2026\";i:54;s:10:\"04-16-2026\";i:36;s:10:\"04-17-2026\";i:36;s:10:\"04-18-2026\";i:38;s:10:\"04-19-2026\";i:52;s:10:\"04-20-2026\";i:36;s:10:\"04-21-2026\";i:36;s:10:\"04-22-2026\";i:36;s:10:\"04-23-2026\";i:36;s:10:\"04-24-2026\";i:44;s:10:\"04-25-2026\";i:46;s:10:\"04-26-2026\";i:36;s:10:\"04-27-2026\";i:36;s:10:\"04-28-2026\";i:26;}"],"houzez_recently_viewed":["2026-04-28 15:21:21"],"_thumbnail_id":["26887"],"_edit_lock":["1769435149:1"],"rank_math_seo_score":["6"],"_edit_last":["1"],"fave_single_top_area":["global"],"fave_single_content_area":["global"],"_pys_head_footer":["a:7:{s:14:\"disable_global\";b:0;s:8:\"head_any\";s:0:\"\";s:12:\"head_desktop\";s:0:\"\";s:11:\"head_mobile\";s:0:\"\";s:10:\"footer_any\";s:0:\"\";s:14:\"footer_desktop\";s:0:\"\";s:13:\"footer_mobile\";s:0:\"\";}"],"houzez_manual_expire":["0"],"_houzez_expiration_date_status":["saved"],"rank_math_primary_property_label":["180"],"fave_property_images":["26887","26873","26877","26878","26879","26880","26881","26882","26883","26884","26885","26886","26888","26872","26889","26890","26892","26894","26895","26896","26897","26898","26899","26900","26901","26902","26903","26904","26905","26908","26910","26911","26912","26913","26914","26915","26916","26917","26918","26919","26920","26921","26922","26923","26925","26926","26927","26928","26929","26931","26933","26934","26935","26936","26937","26938","26939","26940","26941","26876"],"fave_agents":["23720"],"_elementor_page_assets":["a:0:{}"]},"_links":{"self":[{"href":"https:\/\/www.tunidotenerife.com\/ro\/wp-json\/wp\/v2\/properties\/26943","targetHints":{"allow":["GET"]}}],"collection":[{"href":"https:\/\/www.tunidotenerife.com\/ro\/wp-json\/wp\/v2\/properties"}],"about":[{"href":"https:\/\/www.tunidotenerife.com\/ro\/wp-json\/wp\/v2\/types\/property"}],"author":[{"embeddable":true,"href":"https:\/\/www.tunidotenerife.com\/ro\/wp-json\/wp\/v2\/users\/5"}],"version-history":[{"count":0,"href":"https:\/\/www.tunidotenerife.com\/ro\/wp-json\/wp\/v2\/properties\/26943\/revisions"}],"wp:featuredmedia":[{"embeddable":true,"href":"https:\/\/www.tunidotenerife.com\/ro\/wp-json\/wp\/v2\/media\/26887"}],"wp:attachment":[{"href":"https:\/\/www.tunidotenerife.com\/ro\/wp-json\/wp\/v2\/media?parent=26943"}],"wp:term":[{"taxonomy":"property_type","embeddable":true,"href":"https:\/\/www.tunidotenerife.com\/ro\/wp-json\/wp\/v2\/property_type?post=26943"},{"taxonomy":"property_status","embeddable":true,"href":"https:\/\/www.tunidotenerife.com\/ro\/wp-json\/wp\/v2\/property_status?post=26943"},{"taxonomy":"property_feature","embeddable":true,"href":"https:\/\/www.tunidotenerife.com\/ro\/wp-json\/wp\/v2\/property_feature?post=26943"},{"taxonomy":"property_label","embeddable":true,"href":"https:\/\/www.tunidotenerife.com\/ro\/wp-json\/wp\/v2\/property_label?post=26943"},{"taxonomy":"property_city","embeddable":true,"href":"https:\/\/www.tunidotenerife.com\/ro\/wp-json\/wp\/v2\/property_city?post=26943"}],"curies":[{"name":"wp","href":"https:\/\/api.w.org\/{rel}","templated":true}]}}