{"id":26646,"date":"2025-04-30T11:54:57","date_gmt":"2025-04-30T10:54:57","guid":{"rendered":"https:\/\/www.tunidotenerife.com\/p\/villa-en-venta-en-tenerife-sur-la-caleta-2\/"},"modified":"2025-04-30T11:55:40","modified_gmt":"2025-04-30T10:55:40","slug":"villa-en-venta-en-tenerife-sur-la-caleta-2","status":"publish","type":"property","link":"https:\/\/www.tunidotenerife.com\/ro\/p\/villa-en-venta-en-tenerife-sur-la-caleta-2\/","title":{"rendered":"Vil\u0103 de v\u00e2nzare \u00een Tenerife South, La Caleta"},"content":{"rendered":"<p>V\u0103 prezent\u0103m o vil\u0103 spectaculoas\u0103 de v\u00e2nzare \u00een zona exclusivist\u0103 La Caleta. Aceast\u0103 proprietate nou construit\u0103 se m\u00e2ndre\u0219te cu 5 dormitoare spa\u021bioase \u0219i 5 b\u0103i, oferind un spa\u021biu de locuit luxos \u0219i confortabil.<\/p>\n<p>Amplasat\u0103 pe un teren de 2500m2, cu 600m2 construi\u021bi, aceast\u0103 vil\u0103 este \u00eentruchiparea elegan\u021bei \u0219i a designului modern. Garajul poate g\u0103zdui 6 ma\u0219ini, ideal pentru familii mari sau iubitori de ma\u0219ini.<\/p>\n<p>Dar asta nu este tot, proprietatea ofer\u0103 o piscin\u0103 uimitoare, perfect\u0103 pentru a v\u0103 bucura de zilele calde de var\u0103. Gr\u0103dina atent amenajat\u0103 este locul perfect pentru a v\u0103 relaxa \u0219i a v\u0103 bucura de aer liber \u00een intimitatea propriei case.<\/p>\n<p>Priveli\u0219tile de la aceast\u0103 vil\u0103 sunt pur \u0219i simplu uluitoare. De la proprietate, v\u0103 pute\u021bi bucura de vedere panoramic\u0103 la mare \u0219i la munte, oferind un fundal senin \u0219i frumos pentru via\u021ba dumneavoastr\u0103 de zi cu zi.<\/p>\n<p>Aceast\u0103 vil\u0103 este mai mult dec\u00e2t o cas\u0103, este un stil de via\u021b\u0103. Un loc unde luxul, confortul \u0219i frumuse\u021bea se unesc pentru a crea o cas\u0103 cu adev\u0103rat excep\u021bional\u0103. Nu rata\u021bi ocazia de a face din aceast\u0103 vil\u0103 noua dvs. cas\u0103. Contacta\u021bi-ne pentru mai multe informa\u021bii sau pentru a organiza o vizionare.<\/p>\n<p>Aceast\u0103 vil\u0103 este mai mult dec\u00e2t o cas\u0103, este un stil de via\u021b\u0103. Un loc unde luxul, confortul \u0219i frumuse\u021bea se unesc pentru a crea o cas\u0103 cu adev\u0103rat excep\u021bional\u0103. Nu rata\u021bi ocazia de a face din aceast\u0103 vil\u0103 noua dvs. cas\u0103. Contacta\u021bi-ne pentru mai multe informa\u021bii sau pentru a organiza o vizionare.<\/p>","protected":false},"excerpt":{"rendered":"<p>Presentamos una villa espectacular en venta en la exclusiva zona de La Caleta. Esta propiedad de nueva construcci\u00f3n cuenta con 5 amplias habitaciones y 5 ba\u00f1os, ofreciendo un espacio de vida lujoso y confortable. Ubicada en una parcela de 2500m2, con 600m2 construidos, esta villa es el ep\u00edtome de la elegancia y el dise\u00f1o moderno. [&hellip;]<\/p>\n","protected":false},"author":5,"featured_media":26645,"parent":0,"menu_order":0,"template":"","property_type":[45],"property_status":[24],"property_feature":[17,178,19,176,174,31,26,169,173,42,21,171,170],"property_label":[179],"property_city":[61],"class_list":["post-26646","property","type-property","status-publish","has-post-thumbnail","hentry","property_type-villa","property_status-venta","property_feature-aire-acondicionado","property_feature-aparcamiento-privado-cerrado","property_feature-barbacoa","property_feature-cerca-de-centros-comerciales","property_feature-cocina-amueblada","property_feature-ducha-exterior","property_feature-lavadora","property_feature-nueva-construccion","property_feature-piscina-climatizada","property_feature-piscina-privada","property_feature-secadora","property_feature-vistas-a-la-montana","property_feature-vistas-al-oceano","property_label-luxury","property_city-la-caleta"],"property_meta":{"rank_math_internal_links_processed":["1"],"fave_property_price":["6150000"],"fave_property_price_postfix":[""],"fave_show_price_placeholder":["0"],"fave_property_price_placeholder":[""],"fave_property_price_prefix":[""],"fave_property_sec_price":[""],"fave_property_size":["600"],"fave_property_size_prefix":["m\u00b2"],"fave_property_land":["2500"],"fave_property_land_postfix":["m\u00b2"],"fave_property_bedrooms":["5"],"fave_property_bathrooms":["5"],"fave_property_garage":["6"],"fave_property_garage_size":[""],"fave_virtual_tour":[""],"fave_property_year":[""],"fave_property_id":["2335"],"fave_video_url":[""],"fave_property_zip":["38679"],"additional_features":["a:1:{i:0;a:2:{s:29:\"fave_additional_feature_title\";s:17:\"Electrodomesticos\";s:29:\"fave_additional_feature_value\";s:0:\"\";}}"],"fave_additional_features_enable":["enable"],"floor_plans":[""],"fave_multi_units":[""],"fave_featured":["0"],"houzez_featured_listing_date":[""],"fave_loggedintoview":["0"],"fave_mortgage_cal":["0"],"fave_private_note":[""],"fave_property_disclaimer":[""],"fave_payment_status":["not_paid"],"fave_agent_display_option":["agent_info"],"fave_property_map_address":["Avenida de la Macaronesia, La Caleta, Adeje, Santa Cruz de Tenerife, Canarias, 38679, Espa\u00f1a"],"fave_property_address":["Avenida de la Macaronesia, La Caleta, Adeje, Santa Cruz de Tenerife, Canarias, 38679, Espa\u00f1a"],"houzez_geolocation_lat":["28.1053106"],"houzez_geolocation_long":["-16.7467322"],"fave_property_location":["28.1053106,-16.7467322"],"fave_property_map":["1"],"fave_property_map_street_view":[""],"houzez_total_property_views":["15039"],"houzez_views_by_date":["a:61:{s:10:\"03-01-2026\";i:36;s:10:\"03-02-2026\";i:43;s:10:\"03-03-2026\";i:41;s:10:\"03-04-2026\";i:39;s:10:\"03-05-2026\";i:52;s:10:\"03-06-2026\";i:38;s:10:\"03-07-2026\";i:36;s:10:\"03-08-2026\";i:36;s:10:\"03-09-2026\";i:36;s:10:\"03-10-2026\";i:54;s:10:\"03-11-2026\";i:54;s:10:\"03-12-2026\";i:54;s:10:\"03-13-2026\";i:36;s:10:\"03-14-2026\";i:36;s:10:\"03-15-2026\";i:36;s:10:\"03-16-2026\";i:42;s:10:\"03-17-2026\";i:46;s:10:\"03-18-2026\";i:38;s:10:\"03-19-2026\";i:42;s:10:\"03-20-2026\";i:36;s:10:\"03-21-2026\";i:42;s:10:\"03-22-2026\";i:48;s:10:\"03-23-2026\";i:36;s:10:\"03-24-2026\";i:36;s:10:\"03-25-2026\";i:36;s:10:\"03-26-2026\";i:54;s:10:\"03-27-2026\";i:36;s:10:\"03-28-2026\";i:54;s:10:\"03-29-2026\";i:36;s:10:\"03-30-2026\";i:36;s:10:\"03-31-2026\";i:36;s:10:\"04-01-2026\";i:40;s:10:\"04-02-2026\";i:54;s:10:\"04-03-2026\";i:36;s:10:\"04-04-2026\";i:36;s:10:\"04-05-2026\";i:36;s:10:\"04-06-2026\";i:44;s:10:\"04-07-2026\";i:29;s:10:\"04-08-2026\";i:46;s:10:\"04-09-2026\";i:36;s:10:\"04-10-2026\";i:36;s:10:\"04-11-2026\";i:46;s:10:\"04-12-2026\";i:44;s:10:\"04-13-2026\";i:36;s:10:\"04-14-2026\";i:36;s:10:\"04-15-2026\";i:54;s:10:\"04-16-2026\";i:36;s:10:\"04-17-2026\";i:36;s:10:\"04-18-2026\";i:38;s:10:\"04-19-2026\";i:52;s:10:\"04-20-2026\";i:36;s:10:\"04-21-2026\";i:36;s:10:\"04-22-2026\";i:36;s:10:\"04-23-2026\";i:36;s:10:\"04-24-2026\";i:44;s:10:\"04-25-2026\";i:46;s:10:\"04-26-2026\";i:36;s:10:\"04-27-2026\";i:36;s:10:\"04-28-2026\";i:36;s:10:\"04-29-2026\";i:37;s:10:\"04-30-2026\";i:54;}"],"houzez_recently_viewed":["2026-05-01 00:02:28"],"fave_property_images":["26645","26616","26633","26618","26617","26612","26613","26614","26615","26620","26621","26622","26623","26625","26626","26627","26628","26629","26630","26631","26632","26634","26635","26636","26637","26638","26639","26640","26624","26641","26642","26643","26644"],"_thumbnail_id":["26645"],"fave_agents":["23720"],"_elementor_page_assets":["a:0:{}"]},"_links":{"self":[{"href":"https:\/\/www.tunidotenerife.com\/ro\/wp-json\/wp\/v2\/properties\/26646","targetHints":{"allow":["GET"]}}],"collection":[{"href":"https:\/\/www.tunidotenerife.com\/ro\/wp-json\/wp\/v2\/properties"}],"about":[{"href":"https:\/\/www.tunidotenerife.com\/ro\/wp-json\/wp\/v2\/types\/property"}],"author":[{"embeddable":true,"href":"https:\/\/www.tunidotenerife.com\/ro\/wp-json\/wp\/v2\/users\/5"}],"version-history":[{"count":0,"href":"https:\/\/www.tunidotenerife.com\/ro\/wp-json\/wp\/v2\/properties\/26646\/revisions"}],"wp:featuredmedia":[{"embeddable":true,"href":"https:\/\/www.tunidotenerife.com\/ro\/wp-json\/wp\/v2\/media\/26645"}],"wp:attachment":[{"href":"https:\/\/www.tunidotenerife.com\/ro\/wp-json\/wp\/v2\/media?parent=26646"}],"wp:term":[{"taxonomy":"property_type","embeddable":true,"href":"https:\/\/www.tunidotenerife.com\/ro\/wp-json\/wp\/v2\/property_type?post=26646"},{"taxonomy":"property_status","embeddable":true,"href":"https:\/\/www.tunidotenerife.com\/ro\/wp-json\/wp\/v2\/property_status?post=26646"},{"taxonomy":"property_feature","embeddable":true,"href":"https:\/\/www.tunidotenerife.com\/ro\/wp-json\/wp\/v2\/property_feature?post=26646"},{"taxonomy":"property_label","embeddable":true,"href":"https:\/\/www.tunidotenerife.com\/ro\/wp-json\/wp\/v2\/property_label?post=26646"},{"taxonomy":"property_city","embeddable":true,"href":"https:\/\/www.tunidotenerife.com\/ro\/wp-json\/wp\/v2\/property_city?post=26646"}],"curies":[{"name":"wp","href":"https:\/\/api.w.org\/{rel}","templated":true}]}}