{"id":26312,"date":"2025-04-08T14:30:03","date_gmt":"2025-04-08T13:30:03","guid":{"rendered":"https:\/\/www.tunidotenerife.com\/p\/casa-en-venta-en-tenerife-sur-adeje\/"},"modified":"2026-01-26T13:51:00","modified_gmt":"2026-01-26T13:51:00","slug":"casa-en-venta-en-tenerife-sur-adeje","status":"houzez_sold","type":"property","link":"https:\/\/www.tunidotenerife.com\/ro\/p\/casa-en-venta-en-tenerife-sur-adeje\/","title":{"rendered":"Cas\u0103 de v\u00e2nzare \u00een Tenerife South, Adeje"},"content":{"rendered":"<p>V\u0103 prezent\u0103m o oportunitate incredibil\u0103 de investi\u021bie \u00een Adeje, una dintre cele mai c\u0103utate loca\u021bii din Spania. Aceast\u0103 proprietate magnific\u0103 de v\u00e2nzare, autorizat\u0103 ca o cas\u0103 de vacan\u021b\u0103 (VV), este defini\u021bia perfect\u0103 a luxului \u0219i confortului.<\/p>\n<p>Casa are patru dormitoare mari, trei b\u0103i \u0219i un living-sufragerie unde v\u0103 pute\u021bi bucura de momente pl\u0103cute cu familia \u0219i prietenii. De asemenea, are o sp\u0103l\u0103torie \u0219i o cram\u0103, perfect\u0103 pentru iubitorii de vinuri.<\/p>\n<p>Dar asta nu este tot, aceast\u0103 proprietate ofer\u0103 o piscin\u0103 privat\u0103 unde v\u0103 pute\u021bi bucura de soare \u0219i de vremea bun\u0103 din Adeje. \u00cen plus, ve\u021bi avea acces la dou\u0103 piscine comune \u0219i la o saun\u0103 comun\u0103, ideale pentru relaxare dup\u0103 o zi lung\u0103.<\/p>\n<p>Casa are, de asemenea, o teras\u0103 de pe care v\u0103 pute\u021bi bucura de priveli\u0219ti uluitoare ale oceanului, un spectacol pe care nu ve\u021bi obosi niciodat\u0103 s\u0103 \u00eel vede\u021bi. \u0218i nu v\u0103 face\u021bi griji cu privire la parcare, proprietatea include un garaj cu spa\u021biu pentru dou\u0103 ma\u0219ini.<\/p>\n<p>Situat\u0103 \u00een Adeje Galeon, aceast\u0103 proprietate promite un stil de via\u021b\u0103 lini\u0219tit \u0219i relaxat, dar cu toate facilit\u0103\u021bile la \u00eendem\u00e2n\u0103.<\/p>\n<p>Nu rata\u021bi aceast\u0103 oportunitate unic\u0103 de a achizi\u021biona casa visurilor dvs. \u00eentr-o loca\u021bie paradisiac\u0103. V\u0103 invit\u0103m s\u0103 o vizita\u021bi \u0219i s\u0103 descoperi\u021bi singuri tot ce are de oferit aceast\u0103 proprietate minunat\u0103, v\u0103 a\u0219tept\u0103m!<\/p>","protected":false},"excerpt":{"rendered":"<p>Te presentamos una incre\u00edble oportunidad de inversi\u00f3n en Adeje, uno de los lugares m\u00e1s codiciados de Espa\u00f1a. Esta magn\u00edfica propiedad en venta, con licencia para Vivienda Vacacional (VV), es la definici\u00f3n perfecta de lujo y comodidad. La casa cuenta con cuatro amplios dormitorios, tres ba\u00f1os completos y un sal\u00f3n-comedor donde podr\u00e1s disfrutar de agradables momentos [&hellip;]<\/p>\n","protected":false},"author":5,"featured_media":26665,"parent":0,"menu_order":0,"template":"","property_type":[45],"property_status":[40],"property_feature":[178,19,176,174,31,26,173,172,42,35,171,170],"property_label":[],"property_city":[58],"class_list":["post-26312","property","type-property","status-houzez_sold","has-post-thumbnail","hentry","property_type-villa","property_status-vendido","property_feature-aparcamiento-privado-cerrado","property_feature-barbacoa","property_feature-cerca-de-centros-comerciales","property_feature-cocina-amueblada","property_feature-ducha-exterior","property_feature-lavadora","property_feature-piscina-climatizada","property_feature-piscina-comunitaria","property_feature-piscina-privada","property_feature-sauna","property_feature-vistas-a-la-montana","property_feature-vistas-al-oceano","property_city-adeje"],"property_meta":{"rank_math_internal_links_processed":["1"],"fave_property_price":["775000"],"fave_show_price_placeholder":["0"],"fave_property_size":["240"],"fave_property_size_prefix":["m\u00b2"],"fave_property_land":["366"],"fave_property_land_postfix":["m\u00b2"],"fave_property_bedrooms":["4"],"fave_property_bathrooms":["3"],"fave_property_garage":["2"],"fave_property_id":["2326"],"fave_property_zip":["38670"],"fave_additional_features_enable":["enable"],"fave_featured":["0"],"houzez_featured_listing_date":[""],"fave_loggedintoview":["0"],"fave_mortgage_cal":["0"],"fave_payment_status":["not_paid"],"fave_agent_display_option":["agent_info"],"fave_property_map_address":["El Gale\u00f3n, Adeje, Santa Cruz de Tenerife, Canarias, 38670, Espa\u00f1a"],"fave_property_address":["El Gale\u00f3n, Adeje, Santa Cruz de Tenerife, Canarias, 38670, Espa\u00f1a"],"houzez_geolocation_lat":["28.1165981"],"houzez_geolocation_long":["-16.7322627"],"fave_property_location":["28.1165981,-16.7322627,0"],"fave_property_map":["1"],"fave_property_map_street_view":["hide"],"houzez_total_property_views":["15819"],"houzez_views_by_date":["a:61:{s:10:\"02-27-2026\";i:36;s:10:\"02-28-2026\";i:36;s:10:\"03-01-2026\";i:36;s:10:\"03-02-2026\";i:41;s:10:\"03-03-2026\";i:42;s:10:\"03-04-2026\";i:38;s:10:\"03-05-2026\";i:52;s:10:\"03-06-2026\";i:38;s:10:\"03-07-2026\";i:36;s:10:\"03-08-2026\";i:36;s:10:\"03-09-2026\";i:36;s:10:\"03-10-2026\";i:54;s:10:\"03-11-2026\";i:54;s:10:\"03-12-2026\";i:54;s:10:\"03-13-2026\";i:36;s:10:\"03-14-2026\";i:36;s:10:\"03-15-2026\";i:36;s:10:\"03-16-2026\";i:42;s:10:\"03-17-2026\";i:46;s:10:\"03-18-2026\";i:38;s:10:\"03-19-2026\";i:45;s:10:\"03-20-2026\";i:36;s:10:\"03-21-2026\";i:42;s:10:\"03-22-2026\";i:48;s:10:\"03-23-2026\";i:36;s:10:\"03-24-2026\";i:36;s:10:\"03-25-2026\";i:36;s:10:\"03-26-2026\";i:54;s:10:\"03-27-2026\";i:36;s:10:\"03-28-2026\";i:54;s:10:\"03-29-2026\";i:36;s:10:\"03-30-2026\";i:36;s:10:\"03-31-2026\";i:36;s:10:\"04-01-2026\";i:39;s:10:\"04-02-2026\";i:54;s:10:\"04-03-2026\";i:36;s:10:\"04-04-2026\";i:36;s:10:\"04-05-2026\";i:36;s:10:\"04-06-2026\";i:42;s:10:\"04-07-2026\";i:31;s:10:\"04-08-2026\";i:46;s:10:\"04-09-2026\";i:36;s:10:\"04-10-2026\";i:36;s:10:\"04-11-2026\";i:46;s:10:\"04-12-2026\";i:44;s:10:\"04-13-2026\";i:36;s:10:\"04-14-2026\";i:36;s:10:\"04-15-2026\";i:54;s:10:\"04-16-2026\";i:36;s:10:\"04-17-2026\";i:36;s:10:\"04-18-2026\";i:40;s:10:\"04-19-2026\";i:50;s:10:\"04-20-2026\";i:36;s:10:\"04-21-2026\";i:36;s:10:\"04-22-2026\";i:36;s:10:\"04-23-2026\";i:36;s:10:\"04-24-2026\";i:50;s:10:\"04-25-2026\";i:40;s:10:\"04-26-2026\";i:36;s:10:\"04-27-2026\";i:36;s:10:\"04-28-2026\";i:18;}"],"houzez_recently_viewed":["2026-04-28 03:44:28"],"_thumbnail_id":["26665"],"_edit_lock":["1769435149:1"],"rank_math_seo_score":["9"],"rank_math_primary_property_label":["180"],"_edit_last":["1"],"fave_property_images":["26665","26662","26663","26673","26678","26658","26660","26674","26659","26681","26667","26668","26669","26670","26672","26675","26676","26677","26679","26671","26682"],"fave_agents":["23720"],"fave_single_top_area":["global"],"fave_single_content_area":["global"],"_pys_head_footer":["a:7:{s:14:\"disable_global\";b:0;s:8:\"head_any\";s:0:\"\";s:12:\"head_desktop\";s:0:\"\";s:11:\"head_mobile\";s:0:\"\";s:10:\"footer_any\";s:0:\"\";s:14:\"footer_desktop\";s:0:\"\";s:13:\"footer_mobile\";s:0:\"\";}"],"houzez_manual_expire":["0"],"_houzez_expiration_date_status":["saved"],"_elementor_page_assets":["a:0:{}"]},"_links":{"self":[{"href":"https:\/\/www.tunidotenerife.com\/ro\/wp-json\/wp\/v2\/properties\/26312","targetHints":{"allow":["GET"]}}],"collection":[{"href":"https:\/\/www.tunidotenerife.com\/ro\/wp-json\/wp\/v2\/properties"}],"about":[{"href":"https:\/\/www.tunidotenerife.com\/ro\/wp-json\/wp\/v2\/types\/property"}],"author":[{"embeddable":true,"href":"https:\/\/www.tunidotenerife.com\/ro\/wp-json\/wp\/v2\/users\/5"}],"version-history":[{"count":0,"href":"https:\/\/www.tunidotenerife.com\/ro\/wp-json\/wp\/v2\/properties\/26312\/revisions"}],"wp:featuredmedia":[{"embeddable":true,"href":"https:\/\/www.tunidotenerife.com\/ro\/wp-json\/wp\/v2\/media\/26665"}],"wp:attachment":[{"href":"https:\/\/www.tunidotenerife.com\/ro\/wp-json\/wp\/v2\/media?parent=26312"}],"wp:term":[{"taxonomy":"property_type","embeddable":true,"href":"https:\/\/www.tunidotenerife.com\/ro\/wp-json\/wp\/v2\/property_type?post=26312"},{"taxonomy":"property_status","embeddable":true,"href":"https:\/\/www.tunidotenerife.com\/ro\/wp-json\/wp\/v2\/property_status?post=26312"},{"taxonomy":"property_feature","embeddable":true,"href":"https:\/\/www.tunidotenerife.com\/ro\/wp-json\/wp\/v2\/property_feature?post=26312"},{"taxonomy":"property_label","embeddable":true,"href":"https:\/\/www.tunidotenerife.com\/ro\/wp-json\/wp\/v2\/property_label?post=26312"},{"taxonomy":"property_city","embeddable":true,"href":"https:\/\/www.tunidotenerife.com\/ro\/wp-json\/wp\/v2\/property_city?post=26312"}],"curies":[{"name":"wp","href":"https:\/\/api.w.org\/{rel}","templated":true}]}}