{"id":26158,"date":"2025-03-05T14:43:39","date_gmt":"2025-03-05T14:43:39","guid":{"rendered":"https:\/\/www.tunidotenerife.com\/p\/apartamento-en-venta-en-tenerife-sur-costa-adeje\/"},"modified":"2026-02-20T11:41:17","modified_gmt":"2026-02-20T11:41:17","slug":"apartamento-en-venta-en-tenerife-sur-costa-adeje","status":"publish","type":"property","link":"https:\/\/www.tunidotenerife.com\/ro\/p\/apartamento-en-venta-en-tenerife-sur-costa-adeje\/","title":{"rendered":"Apartament de v\u00e2nzare \u00een Tenerife South, Costa Adeje"},"content":{"rendered":"<p>Bine a\u021bi venit la noua dvs. cas\u0103 \u00een Fa\u00f1abe Pueblo! Acest apartament fermec\u0103tor de v\u00e2nzare promite s\u0103 fie retragerea perfect\u0103 pentru dvs. \u0219i familia dvs. Cu dou\u0103 dormitoare spa\u021bioase, acesta este spa\u021biul ideal pentru a v\u0103 bucura de o via\u021b\u0103 confortabil\u0103 \u0219i lini\u0219tit\u0103.<\/p>\n<p>Apartamentul are o baie complet\u0103, oferind confortul \u0219i confortul de care ave\u021bi nevoie. Cu o suprafa\u021b\u0103 total\u0103 de 88 m\u00b2, inclusiv un balcon de 4 m\u00b2, aceast\u0103 locuin\u021b\u0103 ofer\u0103 un spa\u021biu spa\u021bios \u0219i luminos de care v\u0103 pute\u021bi bucura.<\/p>\n<p>Dispunerea apartamentului include un hol de intrare, o buc\u0103t\u0103rie cu sp\u0103l\u0103torie \u0219i o camer\u0103 de zi. \u00cen plus, cl\u0103direa are un lift \u0219i un mediu accesibil, ceea ce face din aceast\u0103 proprietate o op\u021biune ideal\u0103 pentru toate v\u00e2rstele \u0219i nevoile.<\/p>\n<p>Apartamentul este v\u00e2ndut complet mobilat \u0219i gata de ocupare, ceea ce \u00eenseamn\u0103 c\u0103 v\u0103 pute\u021bi bucura de noua dvs. cas\u0103 din prima zi. \u00cen plus, costurile utilit\u0103\u021bilor sunt foarte sc\u0103zute, de numai 47 \u20ac pe lun\u0103.<\/p>\n<p>Loca\u021bia este imbatabil\u0103, aproape de plaj\u0103, magazine, restaurante \u0219i transport. <\/p>\n<p>Nu rata\u021bi ocazia de a face din acest apartament minunat noua dvs. cas\u0103 - contacta\u021bi-ne ast\u0103zi pentru mai multe detalii!<\/p>","protected":false},"excerpt":{"rendered":"<p>\u00a1Bienvenidos a su nuevo hogar en Fa\u00f1abe Pueblo! Este encantador apartamento en venta promete ser el refugio perfecto para usted y su familia. Con dos amplias habitaciones, es el espacio ideal para disfrutar de una vida c\u00f3moda y tranquila. El apartamento cuenta con un ba\u00f1o completo, que ofrece la comodidad y conveniencia que usted necesita. [&hellip;]<\/p>\n","protected":false},"author":5,"featured_media":26152,"parent":0,"menu_order":0,"template":"","property_type":[49],"property_status":[24],"property_feature":[176,174,26],"property_label":[180],"property_city":[87],"class_list":["post-26158","property","type-property","status-publish","has-post-thumbnail","hentry","property_type-apartamento","property_status-venta","property_feature-cerca-de-centros-comerciales","property_feature-cocina-amueblada","property_feature-lavadora","property_label-oferta","property_city-fanabe-pueblo"],"property_meta":{"rank_math_internal_links_processed":["1"],"fave_property_price":["260000"],"fave_property_price_postfix":[""],"fave_show_price_placeholder":["0"],"fave_property_price_placeholder":[""],"fave_property_price_prefix":[""],"fave_property_sec_price":[""],"fave_property_size":["88"],"fave_property_size_prefix":["m\u00b2"],"fave_property_land":[""],"fave_property_land_postfix":["m\u00b2"],"fave_property_bedrooms":["2"],"fave_property_bathrooms":["1"],"fave_property_garage":[""],"fave_property_garage_size":[""],"fave_virtual_tour":[""],"fave_property_year":[""],"fave_property_id":["2321"],"fave_video_url":[""],"fave_property_zip":["38670"],"additional_features":["a:1:{i:0;a:2:{s:29:\"fave_additional_feature_title\";s:0:\"\";s:29:\"fave_additional_feature_value\";s:0:\"\";}}"],"fave_additional_features_enable":["enable"],"floor_plans":[""],"fave_multi_units":[""],"fave_featured":["0"],"houzez_featured_listing_date":[""],"fave_loggedintoview":["0"],"fave_mortgage_cal":["0"],"fave_private_note":[""],"fave_property_disclaimer":[""],"fave_payment_status":["not_paid"],"fave_agent_display_option":["agent_info"],"fave_property_map_address":["Avenida San Borond\u00f3n, Fa\u00f1ab\u00e9, Adeje, Santa Cruz de Tenerife, Canarias, 38670, Espa\u00f1a"],"fave_property_address":["Avenida San Borond\u00f3n, Fa\u00f1ab\u00e9, Adeje, Santa Cruz de Tenerife, Canarias, 38670, Espa\u00f1a"],"houzez_geolocation_lat":["28.1064902"],"houzez_geolocation_long":["-16.7304396"],"fave_property_location":["28.1064902,-16.7304396"],"fave_property_map":["1"],"fave_property_map_street_view":[null],"houzez_total_property_views":["17583"],"houzez_views_by_date":["a:61:{s:10:\"03-01-2026\";i:36;s:10:\"03-02-2026\";i:41;s:10:\"03-03-2026\";i:47;s:10:\"03-04-2026\";i:36;s:10:\"03-05-2026\";i:52;s:10:\"03-06-2026\";i:38;s:10:\"03-07-2026\";i:36;s:10:\"03-08-2026\";i:36;s:10:\"03-09-2026\";i:36;s:10:\"03-10-2026\";i:54;s:10:\"03-11-2026\";i:54;s:10:\"03-12-2026\";i:54;s:10:\"03-13-2026\";i:36;s:10:\"03-14-2026\";i:37;s:10:\"03-15-2026\";i:36;s:10:\"03-16-2026\";i:42;s:10:\"03-17-2026\";i:46;s:10:\"03-18-2026\";i:38;s:10:\"03-19-2026\";i:45;s:10:\"03-20-2026\";i:40;s:10:\"03-21-2026\";i:43;s:10:\"03-22-2026\";i:46;s:10:\"03-23-2026\";i:42;s:10:\"03-24-2026\";i:37;s:10:\"03-25-2026\";i:36;s:10:\"03-26-2026\";i:55;s:10:\"03-27-2026\";i:36;s:10:\"03-28-2026\";i:54;s:10:\"03-29-2026\";i:36;s:10:\"03-30-2026\";i:37;s:10:\"03-31-2026\";i:36;s:10:\"04-01-2026\";i:46;s:10:\"04-02-2026\";i:54;s:10:\"04-03-2026\";i:36;s:10:\"04-04-2026\";i:36;s:10:\"04-05-2026\";i:36;s:10:\"04-06-2026\";i:44;s:10:\"04-07-2026\";i:31;s:10:\"04-08-2026\";i:46;s:10:\"04-09-2026\";i:35;s:10:\"04-10-2026\";i:36;s:10:\"04-11-2026\";i:46;s:10:\"04-12-2026\";i:44;s:10:\"04-13-2026\";i:36;s:10:\"04-14-2026\";i:39;s:10:\"04-15-2026\";i:54;s:10:\"04-16-2026\";i:36;s:10:\"04-17-2026\";i:37;s:10:\"04-18-2026\";i:40;s:10:\"04-19-2026\";i:49;s:10:\"04-20-2026\";i:36;s:10:\"04-21-2026\";i:36;s:10:\"04-22-2026\";i:38;s:10:\"04-23-2026\";i:38;s:10:\"04-24-2026\";i:48;s:10:\"04-25-2026\";i:40;s:10:\"04-26-2026\";i:36;s:10:\"04-27-2026\";i:36;s:10:\"04-28-2026\";i:54;s:10:\"04-29-2026\";i:37;s:10:\"04-30-2026\";i:53;}"],"houzez_recently_viewed":["2026-05-01 00:01:22"],"fave_property_images":["28027","28030","28031","28029","28028","26244","26243","26152","26153","26157","26154","26155","26156"],"_thumbnail_id":["26152"],"fave_agents":["23720"],"_elementor_page_assets":["a:0:{}"]},"_links":{"self":[{"href":"https:\/\/www.tunidotenerife.com\/ro\/wp-json\/wp\/v2\/properties\/26158","targetHints":{"allow":["GET"]}}],"collection":[{"href":"https:\/\/www.tunidotenerife.com\/ro\/wp-json\/wp\/v2\/properties"}],"about":[{"href":"https:\/\/www.tunidotenerife.com\/ro\/wp-json\/wp\/v2\/types\/property"}],"author":[{"embeddable":true,"href":"https:\/\/www.tunidotenerife.com\/ro\/wp-json\/wp\/v2\/users\/5"}],"version-history":[{"count":1,"href":"https:\/\/www.tunidotenerife.com\/ro\/wp-json\/wp\/v2\/properties\/26158\/revisions"}],"predecessor-version":[{"id":29151,"href":"https:\/\/www.tunidotenerife.com\/ro\/wp-json\/wp\/v2\/properties\/26158\/revisions\/29151"}],"wp:featuredmedia":[{"embeddable":true,"href":"https:\/\/www.tunidotenerife.com\/ro\/wp-json\/wp\/v2\/media\/26152"}],"wp:attachment":[{"href":"https:\/\/www.tunidotenerife.com\/ro\/wp-json\/wp\/v2\/media?parent=26158"}],"wp:term":[{"taxonomy":"property_type","embeddable":true,"href":"https:\/\/www.tunidotenerife.com\/ro\/wp-json\/wp\/v2\/property_type?post=26158"},{"taxonomy":"property_status","embeddable":true,"href":"https:\/\/www.tunidotenerife.com\/ro\/wp-json\/wp\/v2\/property_status?post=26158"},{"taxonomy":"property_feature","embeddable":true,"href":"https:\/\/www.tunidotenerife.com\/ro\/wp-json\/wp\/v2\/property_feature?post=26158"},{"taxonomy":"property_label","embeddable":true,"href":"https:\/\/www.tunidotenerife.com\/ro\/wp-json\/wp\/v2\/property_label?post=26158"},{"taxonomy":"property_city","embeddable":true,"href":"https:\/\/www.tunidotenerife.com\/ro\/wp-json\/wp\/v2\/property_city?post=26158"}],"curies":[{"name":"wp","href":"https:\/\/api.w.org\/{rel}","templated":true}]}}