{"id":25024,"date":"2024-10-16T14:03:53","date_gmt":"2024-10-16T13:03:53","guid":{"rendered":"https:\/\/www.tunidotenerife.com\/p\/atico-en-venta-en-tenerife-sur-adeje\/"},"modified":"2025-03-05T13:45:25","modified_gmt":"2025-03-05T13:45:25","slug":"atico-en-venta-en-tenerife-sur-adeje","status":"houzez_sold","type":"property","link":"https:\/\/www.tunidotenerife.com\/ro\/p\/atico-en-venta-en-tenerife-sur-adeje\/","title":{"rendered":"Penthouse de v\u00e2nzare \u00een Tenerife South, Adeje"},"content":{"rendered":"<p>V\u0103 prezent\u0103m un fermec\u0103tor apartament penthouse de v\u00e2nzare \u00een frumoasa loca\u021bie Adeje! Aceast\u0103 cas\u0103 de vis are trei dormitoare spa\u021bioase \u0219i dou\u0103 b\u0103i complete, oferind tot spa\u021biul \u0219i confortul de care ave\u021bi nevoie dumneavoastr\u0103 \u0219i familia dumneavoastr\u0103.<\/p>\n<p>Acest penthouse de 115 m2 ofer\u0103 un design \u00een plan deschis care combin\u0103 armonios camera de zi \u0219i buc\u0103t\u0103ria, cre\u00e2nd o atmosfer\u0103 confortabil\u0103 favorabil\u0103 convivialit\u0103\u021bii. Dormitoarele sunt un paradis de lini\u0219te \u0219i intimitate, perfect pentru relaxare dup\u0103 o zi lung\u0103.<\/p>\n<p>Dar asta nu este tot, aceast\u0103 cas\u0103 are, de asemenea, dou\u0103 balcoane de 10 m2 fiecare, ideale pentru a savura o cea\u0219c\u0103 de cafea diminea\u021ba sau pentru a lua masa al fresco. Iar pentru cei care apreciaz\u0103 spa\u021biile \u00een aer liber, bijuteria coroanei este terasa privat\u0103 de 84 m2, un loc perfect pentru relaxare, plaj\u0103 sau pur \u0219i simplu pentru a v\u0103 bucura de priveli\u0219ti.<\/p>\n<p>\u00cen plus, acest penthouse include o camer\u0103 de depozitare \u0219i un loc de garaj, ad\u0103ug\u00e2nd \u0219i mai mult\u0103 valoare la aceast\u0103 ofert\u0103 imobiliar\u0103. Nu rata\u021bi ocazia de a face din acest penthouse noua dvs. cas\u0103, contacta\u021bi-ne ast\u0103zi pentru mai multe informa\u021bii sau pentru a programa o vizionare!<\/p>","protected":false},"excerpt":{"rendered":"<p>\u00a1Presentamos un \u00e1tico encantador en venta en la hermosa localidad de Adeje! Este hogar de ensue\u00f1o cuenta con tres amplias habitaciones y dos ba\u00f1os completos, ofreciendo todo el espacio y la comodidad que usted y su familia necesitan. Este \u00e1tico de 115 m2 ofrece un dise\u00f1o de planta abierta que combina armoniosamente el sal\u00f3n y [&hellip;]<\/p>\n","protected":false},"author":5,"featured_media":25326,"parent":0,"menu_order":0,"template":"","property_type":[117],"property_status":[40],"property_feature":[178,176,169,171,170],"property_label":[109,180],"property_city":[58],"class_list":["post-25024","property","type-property","status-houzez_sold","has-post-thumbnail","hentry","property_type-atico","property_status-vendido","property_feature-aparcamiento-privado-cerrado","property_feature-cerca-de-centros-comerciales","property_feature-nueva-construccion","property_feature-vistas-a-la-montana","property_feature-vistas-al-oceano","property_label-exclusivo","property_label-oferta","property_city-adeje"],"property_meta":{"rank_math_internal_links_processed":["1"],"fave_property_price":["420000"],"fave_property_price_postfix":[""],"fave_show_price_placeholder":["0"],"fave_property_price_placeholder":[""],"fave_property_price_prefix":[""],"fave_property_sec_price":[""],"fave_property_size":["115"],"fave_property_size_prefix":["m\u00b2"],"fave_property_land":[""],"fave_property_land_postfix":["m\u00b2"],"fave_property_bedrooms":["3"],"fave_property_bathrooms":["2"],"fave_property_garage":["1"],"fave_property_garage_size":[""],"fave_virtual_tour":[""],"fave_property_year":["2024"],"fave_property_id":["2296"],"fave_video_url":[""],"fave_property_zip":["38670"],"additional_features":["a:1:{i:0;a:2:{s:29:\"fave_additional_feature_title\";s:0:\"\";s:29:\"fave_additional_feature_value\";s:0:\"\";}}"],"fave_additional_features_enable":["enable"],"floor_plans":[""],"fave_multi_units":[""],"fave_featured":["0"],"houzez_featured_listing_date":[""],"fave_loggedintoview":["0"],"fave_mortgage_cal":["0"],"fave_private_note":[""],"fave_property_disclaimer":[""],"fave_payment_status":["not_paid"],"fave_agent_display_option":["agent_info"],"fave_property_map_address":["Adeje, Santa Cruz de Tenerife, Canarias, Espa\u00f1a"],"fave_property_address":["Adeje, Santa Cruz de Tenerife, Canarias, Espa\u00f1a"],"houzez_geolocation_lat":["28.11830962792812"],"houzez_geolocation_long":["-16.727631501037717"],"fave_property_location":["28.11830962792812,-16.727631501037717"],"fave_property_map":["1"],"fave_property_map_street_view":[""],"houzez_total_property_views":["22153"],"houzez_views_by_date":["a:61:{s:10:\"02-26-2026\";i:54;s:10:\"02-27-2026\";i:36;s:10:\"02-28-2026\";i:36;s:10:\"03-01-2026\";i:46;s:10:\"03-02-2026\";i:40;s:10:\"03-03-2026\";i:38;s:10:\"03-04-2026\";i:44;s:10:\"03-05-2026\";i:46;s:10:\"03-06-2026\";i:36;s:10:\"03-07-2026\";i:36;s:10:\"03-08-2026\";i:36;s:10:\"03-09-2026\";i:36;s:10:\"03-10-2026\";i:54;s:10:\"03-11-2026\";i:71;s:10:\"03-12-2026\";i:54;s:10:\"03-13-2026\";i:36;s:10:\"03-14-2026\";i:36;s:10:\"03-15-2026\";i:46;s:10:\"03-16-2026\";i:42;s:10:\"03-17-2026\";i:38;s:10:\"03-18-2026\";i:36;s:10:\"03-19-2026\";i:70;s:10:\"03-20-2026\";i:56;s:10:\"03-21-2026\";i:40;s:10:\"03-22-2026\";i:36;s:10:\"03-23-2026\";i:38;s:10:\"03-24-2026\";i:32;s:10:\"03-25-2026\";i:33;s:10:\"03-26-2026\";i:54;s:10:\"03-27-2026\";i:36;s:10:\"03-28-2026\";i:56;s:10:\"03-29-2026\";i:36;s:10:\"03-30-2026\";i:36;s:10:\"03-31-2026\";i:36;s:10:\"04-01-2026\";i:38;s:10:\"04-02-2026\";i:54;s:10:\"04-03-2026\";i:36;s:10:\"04-04-2026\";i:36;s:10:\"04-05-2026\";i:44;s:10:\"04-06-2026\";i:44;s:10:\"04-07-2026\";i:90;s:10:\"04-08-2026\";i:53;s:10:\"04-09-2026\";i:36;s:10:\"04-10-2026\";i:48;s:10:\"04-11-2026\";i:42;s:10:\"04-12-2026\";i:36;s:10:\"04-13-2026\";i:36;s:10:\"04-14-2026\";i:36;s:10:\"04-15-2026\";i:54;s:10:\"04-16-2026\";i:36;s:10:\"04-17-2026\";i:43;s:10:\"04-18-2026\";i:45;s:10:\"04-19-2026\";i:38;s:10:\"04-20-2026\";i:36;s:10:\"04-21-2026\";i:36;s:10:\"04-22-2026\";i:38;s:10:\"04-23-2026\";i:46;s:10:\"04-24-2026\";i:42;s:10:\"04-25-2026\";i:36;s:10:\"04-26-2026\";i:36;s:10:\"04-27-2026\";i:30;}"],"houzez_recently_viewed":["2026-04-27 16:04:17"],"fave_property_images":["25326","25345","25341","25334","25333","25322","25324","25325","25327","25328","25330","25331","25335","25336","25338","25339","25321","25342","25343","25344","25347"],"_thumbnail_id":["25326"],"fave_agents":["23720"],"_edit_lock":["1769435147:1"],"_elementor_page_assets":["a:0:{}"]},"_links":{"self":[{"href":"https:\/\/www.tunidotenerife.com\/ro\/wp-json\/wp\/v2\/properties\/25024","targetHints":{"allow":["GET"]}}],"collection":[{"href":"https:\/\/www.tunidotenerife.com\/ro\/wp-json\/wp\/v2\/properties"}],"about":[{"href":"https:\/\/www.tunidotenerife.com\/ro\/wp-json\/wp\/v2\/types\/property"}],"author":[{"embeddable":true,"href":"https:\/\/www.tunidotenerife.com\/ro\/wp-json\/wp\/v2\/users\/5"}],"version-history":[{"count":0,"href":"https:\/\/www.tunidotenerife.com\/ro\/wp-json\/wp\/v2\/properties\/25024\/revisions"}],"wp:featuredmedia":[{"embeddable":true,"href":"https:\/\/www.tunidotenerife.com\/ro\/wp-json\/wp\/v2\/media\/25326"}],"wp:attachment":[{"href":"https:\/\/www.tunidotenerife.com\/ro\/wp-json\/wp\/v2\/media?parent=25024"}],"wp:term":[{"taxonomy":"property_type","embeddable":true,"href":"https:\/\/www.tunidotenerife.com\/ro\/wp-json\/wp\/v2\/property_type?post=25024"},{"taxonomy":"property_status","embeddable":true,"href":"https:\/\/www.tunidotenerife.com\/ro\/wp-json\/wp\/v2\/property_status?post=25024"},{"taxonomy":"property_feature","embeddable":true,"href":"https:\/\/www.tunidotenerife.com\/ro\/wp-json\/wp\/v2\/property_feature?post=25024"},{"taxonomy":"property_label","embeddable":true,"href":"https:\/\/www.tunidotenerife.com\/ro\/wp-json\/wp\/v2\/property_label?post=25024"},{"taxonomy":"property_city","embeddable":true,"href":"https:\/\/www.tunidotenerife.com\/ro\/wp-json\/wp\/v2\/property_city?post=25024"}],"curies":[{"name":"wp","href":"https:\/\/api.w.org\/{rel}","templated":true}]}}