{"id":24915,"date":"2024-09-18T16:50:53","date_gmt":"2024-09-18T15:50:53","guid":{"rendered":"https:\/\/www.tunidotenerife.com\/p\/villa-en-venta-en-tenerife-sur-madronal-de-fanabe-4\/"},"modified":"2024-10-02T13:38:27","modified_gmt":"2024-10-02T12:38:27","slug":"villa-en-venta-en-tenerife-sur-madronal-de-fanabe-4","status":"publish","type":"property","link":"https:\/\/www.tunidotenerife.com\/ro\/p\/villa-en-venta-en-tenerife-sur-madronal-de-fanabe-4\/","title":{"rendered":"Vil\u0103 de v\u00e2nzare \u00een Tenerife Sud, Madro\u00f1al de Fa\u00f1abe"},"content":{"rendered":"<p>V\u0103 prezent\u0103m o oportunitate unic\u0103 de a achizi\u021biona o vil\u0103 modern\u0103 \u0219i renovat\u0103 \u00een c\u0103utat Kurt Konrad Avenue, \u00een inima Madro\u00f1al de Fa\u00f1abe! Aceast\u0103 bijuterie este situat\u0103 central, dar \u00een acela\u0219i timp \u00eentr-o zon\u0103 reziden\u021bial\u0103 lini\u0219tit\u0103 \u0219i c\u0103utat\u0103, ideal\u0103 pentru familii sau pentru cei care doresc s\u0103 locuiasc\u0103 \u00eentr-un [...]<\/p>\n<p>Aceasta este o vil\u0103 deta\u0219at\u0103, construit\u0103 pe un singur etaj, care se afl\u0103 pe un teren de 562m2. Cu un interior de 140m2 inteligent distribuit, aceast\u0103 proprietate ofer\u0103 un living spa\u021bios \u0219i o sal\u0103 de mese cu acces direct la terasele exterioare, unde ve\u021bi g\u0103si zonele de relaxare \u00een aer liber, sala de mese \u00een aer liber \u0219i gr\u0103tarul pentru a v\u0103 bucura de cele mai bune mese cu familia \u0219i \/ sau prietenii, precum \u0219i zona de jocuri unde v\u0103 pute\u021bi petrece timpul.<\/p>\n<p>Vila are trei dormitoare spa\u021bioase, dintre care unul cu baie proprie, \u0219i dou\u0103 b\u0103i suplimentare. \u0218i asta nu e tot, exist\u0103 \u0219i o zon\u0103 de birou pentru cei care lucreaz\u0103 de acas\u0103. Exist\u0103, de asemenea, o buc\u0103t\u0103rie separat\u0103, complet echipat\u0103.<\/p>\n<p>Exteriorul casei este la fel de impresionant, cu o piscin\u0103 privat\u0103 \u0219i jacuzzi pentru relaxare dup\u0103 o zi lung\u0103. Exist\u0103, de asemenea, o zon\u0103 de garaj cu capacitate pentru dou\u0103 vehicule, precum \u0219i zone terasate \u0219i gr\u0103dini, ceea ce o face locul perfect pentru a v\u0103 bucura de climatul canarian \u00eenconjurat de priveli\u0219ti montane.<\/p>\n<p>Recent renovat\u0103 la standarde moderne, vila are aer condi\u021bionat preinstalat, asigur\u00e2nd confort maxim pe tot parcursul anului.<\/p>\n<p>Loca\u021bia sa este ideal\u0103, aproape de prestigioasa \u0219coal\u0103 Costa Adeje \u0219i la doar c\u00e2\u021biva kilometri de cunoscuta plaj\u0103 El Duque. \u00cen plus, proprietatea se afl\u0103 la c\u00e2\u021biva pa\u0219i de centre comerciale \u0219i supermarketuri.<\/p>\n<p>Nu rata\u021bi ocazia de a locui \u00een aceast\u0103 vil\u0103 modern\u0103 \u00eentr-o zon\u0103 reziden\u021bial\u0103 lini\u0219tit\u0103 \u0219i c\u0103utat\u0103! Este casa perfect\u0103 pentru familii sau pentru cei care doresc s\u0103 locuiasc\u0103 \u00eentr-un cartier de lux \u00een inima Madro\u00f1al de Fa\u00f1abe!<\/p>","protected":false},"excerpt":{"rendered":"<p>\u00a1Os presentamos una oportunidad \u00fanica de adquirir una villa moderna y renovada en la codiciada avenida Kurt Konrad, en el coraz\u00f3n de Madro\u00f1al de Fa\u00f1abe! Esta joya se encuentra en una zona c\u00e9ntrica, pero al mismo tiempo en una zona residencial tranquila y muy demandada, ideal para familias o para aquellos que deseen residir en [&hellip;]<\/p>\n","protected":false},"author":2,"featured_media":24894,"parent":0,"menu_order":0,"template":"","property_type":[45],"property_status":[24],"property_feature":[17,19,176,174,31,175,42,171],"property_label":[],"property_city":[],"class_list":["post-24915","property","type-property","status-publish","has-post-thumbnail","hentry","property_type-villa","property_status-venta","property_feature-aire-acondicionado","property_feature-barbacoa","property_feature-cerca-de-centros-comerciales","property_feature-cocina-amueblada","property_feature-ducha-exterior","property_feature-jacuzzi","property_feature-piscina-privada","property_feature-vistas-a-la-montana"],"property_meta":{"rank_math_internal_links_processed":["1"],"fave_property_price":["1579000"],"fave_property_price_postfix":[""],"fave_show_price_placeholder":["0"],"fave_property_price_placeholder":[""],"fave_property_price_prefix":[""],"fave_property_sec_price":[""],"fave_property_size":["140"],"fave_property_size_prefix":["m\u00b2"],"fave_property_land":["562"],"fave_property_land_postfix":["m\u00b2"],"fave_property_bedrooms":["3"],"fave_property_bathrooms":["2"],"fave_property_garage":["2"],"fave_property_garage_size":[""],"fave_virtual_tour":[""],"fave_property_year":[""],"fave_property_id":["2291"],"fave_video_url":[""],"fave_property_zip":[""],"additional_features":["a:1:{i:0;a:2:{s:29:\"fave_additional_feature_title\";s:0:\"\";s:29:\"fave_additional_feature_value\";s:0:\"\";}}"],"fave_additional_features_enable":["enable"],"floor_plans":[""],"fave_multi_units":[""],"fave_featured":["0"],"houzez_featured_listing_date":[""],"fave_loggedintoview":["0"],"fave_mortgage_cal":["0"],"fave_private_note":[""],"fave_property_disclaimer":[""],"fave_payment_status":["not_paid"],"fave_agent_display_option":["agent_info"],"fave_property_map_address":[""],"fave_property_address":[""],"houzez_geolocation_lat":["28.095985080511706"],"houzez_geolocation_long":["-16.72776103889855"],"fave_property_location":["28.095985080511706,-16.72776103889855"],"fave_property_map":["1"],"fave_property_map_street_view":[""],"houzez_total_property_views":["22149"],"houzez_views_by_date":["a:61:{s:10:\"03-01-2026\";i:46;s:10:\"03-02-2026\";i:36;s:10:\"03-03-2026\";i:36;s:10:\"03-04-2026\";i:39;s:10:\"03-05-2026\";i:50;s:10:\"03-06-2026\";i:38;s:10:\"03-07-2026\";i:36;s:10:\"03-08-2026\";i:36;s:10:\"03-09-2026\";i:36;s:10:\"03-10-2026\";i:54;s:10:\"03-11-2026\";i:66;s:10:\"03-12-2026\";i:54;s:10:\"03-13-2026\";i:36;s:10:\"03-14-2026\";i:36;s:10:\"03-15-2026\";i:44;s:10:\"03-16-2026\";i:46;s:10:\"03-17-2026\";i:36;s:10:\"03-18-2026\";i:36;s:10:\"03-19-2026\";i:68;s:10:\"03-20-2026\";i:48;s:10:\"03-21-2026\";i:44;s:10:\"03-22-2026\";i:36;s:10:\"03-23-2026\";i:39;s:10:\"03-24-2026\";i:36;s:10:\"03-25-2026\";i:36;s:10:\"03-26-2026\";i:54;s:10:\"03-27-2026\";i:36;s:10:\"03-28-2026\";i:56;s:10:\"03-29-2026\";i:37;s:10:\"03-30-2026\";i:36;s:10:\"03-31-2026\";i:36;s:10:\"04-01-2026\";i:39;s:10:\"04-02-2026\";i:54;s:10:\"04-03-2026\";i:36;s:10:\"04-04-2026\";i:36;s:10:\"04-05-2026\";i:44;s:10:\"04-06-2026\";i:44;s:10:\"04-07-2026\";i:87;s:10:\"04-08-2026\";i:54;s:10:\"04-09-2026\";i:36;s:10:\"04-10-2026\";i:46;s:10:\"04-11-2026\";i:44;s:10:\"04-12-2026\";i:36;s:10:\"04-13-2026\";i:36;s:10:\"04-14-2026\";i:36;s:10:\"04-15-2026\";i:54;s:10:\"04-16-2026\";i:36;s:10:\"04-17-2026\";i:38;s:10:\"04-18-2026\";i:52;s:10:\"04-19-2026\";i:36;s:10:\"04-20-2026\";i:36;s:10:\"04-21-2026\";i:36;s:10:\"04-22-2026\";i:38;s:10:\"04-23-2026\";i:46;s:10:\"04-24-2026\";i:42;s:10:\"04-25-2026\";i:36;s:10:\"04-26-2026\";i:36;s:10:\"04-27-2026\";i:36;s:10:\"04-28-2026\";i:54;s:10:\"04-29-2026\";i:44;s:10:\"04-30-2026\";i:30;}"],"houzez_recently_viewed":["2026-04-30 12:05:49"],"fave_property_images":["24894","24889","24905","24899","24896","24886","24885","24890","24893","24895","24914","24901","24902","24908","24910","24900"],"_thumbnail_id":["24894"],"fave_agents":["150"],"_elementor_page_assets":["a:0:{}"]},"_links":{"self":[{"href":"https:\/\/www.tunidotenerife.com\/ro\/wp-json\/wp\/v2\/properties\/24915","targetHints":{"allow":["GET"]}}],"collection":[{"href":"https:\/\/www.tunidotenerife.com\/ro\/wp-json\/wp\/v2\/properties"}],"about":[{"href":"https:\/\/www.tunidotenerife.com\/ro\/wp-json\/wp\/v2\/types\/property"}],"author":[{"embeddable":true,"href":"https:\/\/www.tunidotenerife.com\/ro\/wp-json\/wp\/v2\/users\/2"}],"version-history":[{"count":0,"href":"https:\/\/www.tunidotenerife.com\/ro\/wp-json\/wp\/v2\/properties\/24915\/revisions"}],"wp:featuredmedia":[{"embeddable":true,"href":"https:\/\/www.tunidotenerife.com\/ro\/wp-json\/wp\/v2\/media\/24894"}],"wp:attachment":[{"href":"https:\/\/www.tunidotenerife.com\/ro\/wp-json\/wp\/v2\/media?parent=24915"}],"wp:term":[{"taxonomy":"property_type","embeddable":true,"href":"https:\/\/www.tunidotenerife.com\/ro\/wp-json\/wp\/v2\/property_type?post=24915"},{"taxonomy":"property_status","embeddable":true,"href":"https:\/\/www.tunidotenerife.com\/ro\/wp-json\/wp\/v2\/property_status?post=24915"},{"taxonomy":"property_feature","embeddable":true,"href":"https:\/\/www.tunidotenerife.com\/ro\/wp-json\/wp\/v2\/property_feature?post=24915"},{"taxonomy":"property_label","embeddable":true,"href":"https:\/\/www.tunidotenerife.com\/ro\/wp-json\/wp\/v2\/property_label?post=24915"},{"taxonomy":"property_city","embeddable":true,"href":"https:\/\/www.tunidotenerife.com\/ro\/wp-json\/wp\/v2\/property_city?post=24915"}],"curies":[{"name":"wp","href":"https:\/\/api.w.org\/{rel}","templated":true}]}}