{"id":24841,"date":"2024-07-29T16:27:25","date_gmt":"2024-07-29T15:27:25","guid":{"rendered":"https:\/\/www.tunidotenerife.com\/p\/apartamento-en-venta-en-tenerife-sur-las-americas\/"},"modified":"2025-07-14T15:17:49","modified_gmt":"2025-07-14T14:17:49","slug":"apartamento-en-venta-en-tenerife-sur-las-americas","status":"houzez_sold","type":"property","link":"https:\/\/www.tunidotenerife.com\/ro\/p\/apartamento-en-venta-en-tenerife-sur-las-americas\/","title":{"rendered":"Apartament de v\u00e2nzare \u00een Tenerife South, Las Americas"},"content":{"rendered":"<p>Suntem \u00eenc\u00e2nta\u021bi s\u0103 v\u0103 prezent\u0103m acest frumos apartament de v\u00e2nzare, situat \u00een complexul c\u0103utat Torres de Yomely din vibrantul Playa de las Americas. Aceast\u0103 cas\u0103 de vis are un dormitor \u0219i o baie, perfect distribuite \u00eentr-un spa\u021biu de 54m2.<\/p>\n<p>Situat la etajul \u0219ase, acest apartament ofer\u0103 vederi uluitoare care pot fi savurate din balconul dvs. privat. Imagina\u021bi-v\u0103 savur\u00e2nd cafeaua de diminea\u021b\u0103 sau un pahar de vin la apusul soarelui cu murmurul bl\u00e2nd al oceanului \u00een fundal.<\/p>\n<p>Complexul Torres de Yomely nu ofer\u0103 doar o loca\u021bie privilegiat\u0103, ci \u0219i o piscin\u0103 mare pentru bucuria reziden\u021bilor s\u0103i. Fie c\u0103 prefera\u021bi o baie r\u0103coritoare diminea\u021ba sau o baie relaxant\u0103 la sf\u00e2r\u0219itul zilei, piscina este la doar c\u00e2\u021biva pa\u0219i de u\u0219a dvs.<\/p>\n<p>\u00cen plus, acest apartament este licen\u021biat ca o cas\u0103 de vacan\u021b\u0103 (VV), ceea ce \u00eel face o op\u021biune excelent\u0103 de investi\u021bii. V\u0103 pute\u021bi bucura de aceast\u0103 cas\u0103 frumoas\u0103 \u00een timp ce ob\u021bine\u021bi un randament al investi\u021biei prin \u00eenchirierea acesteia \u00een perioadele \u00een care nu o utiliza\u021bi.<\/p>\n<p>Nu rata\u021bi ocazia de a achizi\u021biona acest apartament fermec\u0103tor \u00een Playa de las Americas. Este mai mult dec\u00e2t o cas\u0103, este un stil de via\u021b\u0103. Contacta\u021bi-ne ast\u0103zi pentru mai multe informa\u021bii sau pentru a aranja o vizionare.<\/p>","protected":false},"excerpt":{"rendered":"<p>Estamos encantados de presentar este precioso apartamento en venta, ubicado en el codiciado complejo Torres de Yomely, en la vibrante Playa de las Americas. Este hogar de ensue\u00f1o cuenta con un dormitorio y un ba\u00f1o, perfectamente distribuidos en un espacio de 54m2. Situado en la sexta planta, este apartamento ofrece vistas impresionantes que se pueden [&hellip;]<\/p>\n","protected":false},"author":5,"featured_media":25390,"parent":0,"menu_order":0,"template":"","property_type":[49],"property_status":[40],"property_feature":[176,177,174,172,171],"property_label":[109,180],"property_city":[66],"class_list":["post-24841","property","type-property","status-houzez_sold","has-post-thumbnail","hentry","property_type-apartamento","property_status-vendido","property_feature-cerca-de-centros-comerciales","property_feature-cerca-de-la-playa","property_feature-cocina-amueblada","property_feature-piscina-comunitaria","property_feature-vistas-a-la-montana","property_label-exclusivo","property_label-oferta","property_city-las-americas"],"property_meta":{"rank_math_internal_links_processed":["1"],"fave_property_price":["242000"],"fave_property_price_postfix":[""],"fave_show_price_placeholder":["0"],"fave_property_price_placeholder":[""],"fave_property_price_prefix":[""],"fave_property_sec_price":[""],"fave_property_size":["54"],"fave_property_size_prefix":["m\u00b2"],"fave_property_land":[""],"fave_property_land_postfix":["m\u00b2"],"fave_property_bedrooms":["1"],"fave_property_bathrooms":["1"],"fave_property_garage":[""],"fave_property_garage_size":[""],"fave_virtual_tour":[""],"fave_property_year":[""],"fave_property_id":["2289"],"fave_video_url":[""],"fave_property_zip":["38660"],"additional_features":["a:1:{i:0;a:2:{s:29:\"fave_additional_feature_title\";s:0:\"\";s:29:\"fave_additional_feature_value\";s:0:\"\";}}"],"fave_additional_features_enable":["enable"],"floor_plans":[""],"fave_multi_units":[""],"fave_featured":["0"],"houzez_featured_listing_date":[""],"fave_loggedintoview":["0"],"fave_mortgage_cal":["0"],"fave_private_note":[""],"fave_property_disclaimer":[""],"fave_payment_status":["not_paid"],"fave_agent_display_option":["agent_info"],"fave_property_map_address":["Apartamentos Yomely, Paseo las Torres, Playa de las Am\u00e9ricas, Los Cristianos, Arona, Santa Cruz de Tenerife, Canarias, 38660, Espa\u00f1a"],"fave_property_address":["Apartamentos Yomely, Paseo las Torres, Playa de las Am\u00e9ricas, Los Cristianos, Arona, Santa Cruz de Tenerife, Canarias, 38660, Espa\u00f1a"],"houzez_geolocation_lat":["28.06572245"],"houzez_geolocation_long":["-16.729952925369872"],"fave_property_location":["28.06572245,-16.729952925369872"],"fave_property_map":["1"],"fave_property_map_street_view":[""],"houzez_total_property_views":["22528"],"houzez_views_by_date":["a:61:{s:10:\"03-01-2026\";i:42;s:10:\"03-02-2026\";i:40;s:10:\"03-03-2026\";i:38;s:10:\"03-04-2026\";i:41;s:10:\"03-05-2026\";i:48;s:10:\"03-06-2026\";i:38;s:10:\"03-07-2026\";i:36;s:10:\"03-08-2026\";i:36;s:10:\"03-09-2026\";i:36;s:10:\"03-10-2026\";i:54;s:10:\"03-11-2026\";i:64;s:10:\"03-12-2026\";i:54;s:10:\"03-13-2026\";i:36;s:10:\"03-14-2026\";i:36;s:10:\"03-15-2026\";i:40;s:10:\"03-16-2026\";i:46;s:10:\"03-17-2026\";i:40;s:10:\"03-18-2026\";i:36;s:10:\"03-19-2026\";i:70;s:10:\"03-20-2026\";i:52;s:10:\"03-21-2026\";i:42;s:10:\"03-22-2026\";i:36;s:10:\"03-23-2026\";i:38;s:10:\"03-24-2026\";i:32;s:10:\"03-25-2026\";i:32;s:10:\"03-26-2026\";i:50;s:10:\"03-27-2026\";i:36;s:10:\"03-28-2026\";i:57;s:10:\"03-29-2026\";i:36;s:10:\"03-30-2026\";i:36;s:10:\"03-31-2026\";i:36;s:10:\"04-01-2026\";i:47;s:10:\"04-02-2026\";i:54;s:10:\"04-03-2026\";i:36;s:10:\"04-04-2026\";i:36;s:10:\"04-05-2026\";i:42;s:10:\"04-06-2026\";i:46;s:10:\"04-07-2026\";i:71;s:10:\"04-08-2026\";i:50;s:10:\"04-09-2026\";i:36;s:10:\"04-10-2026\";i:46;s:10:\"04-11-2026\";i:44;s:10:\"04-12-2026\";i:36;s:10:\"04-13-2026\";i:36;s:10:\"04-14-2026\";i:36;s:10:\"04-15-2026\";i:54;s:10:\"04-16-2026\";i:36;s:10:\"04-17-2026\";i:38;s:10:\"04-18-2026\";i:52;s:10:\"04-19-2026\";i:36;s:10:\"04-20-2026\";i:36;s:10:\"04-21-2026\";i:36;s:10:\"04-22-2026\";i:38;s:10:\"04-23-2026\";i:44;s:10:\"04-24-2026\";i:44;s:10:\"04-25-2026\";i:36;s:10:\"04-26-2026\";i:36;s:10:\"04-27-2026\";i:36;s:10:\"04-28-2026\";i:52;s:10:\"04-29-2026\";i:42;s:10:\"04-30-2026\";i:14;}"],"houzez_recently_viewed":["2026-04-30 10:46:45"],"fave_property_images":["25390","25378","25379","25380","25381","25384","25385","25386","25387","25388","25389","25391","25392"],"_thumbnail_id":["25390"],"fave_agents":["23720"],"_edit_lock":["1769435147:1"]},"_links":{"self":[{"href":"https:\/\/www.tunidotenerife.com\/ro\/wp-json\/wp\/v2\/properties\/24841","targetHints":{"allow":["GET"]}}],"collection":[{"href":"https:\/\/www.tunidotenerife.com\/ro\/wp-json\/wp\/v2\/properties"}],"about":[{"href":"https:\/\/www.tunidotenerife.com\/ro\/wp-json\/wp\/v2\/types\/property"}],"author":[{"embeddable":true,"href":"https:\/\/www.tunidotenerife.com\/ro\/wp-json\/wp\/v2\/users\/5"}],"version-history":[{"count":0,"href":"https:\/\/www.tunidotenerife.com\/ro\/wp-json\/wp\/v2\/properties\/24841\/revisions"}],"wp:featuredmedia":[{"embeddable":true,"href":"https:\/\/www.tunidotenerife.com\/ro\/wp-json\/wp\/v2\/media\/25390"}],"wp:attachment":[{"href":"https:\/\/www.tunidotenerife.com\/ro\/wp-json\/wp\/v2\/media?parent=24841"}],"wp:term":[{"taxonomy":"property_type","embeddable":true,"href":"https:\/\/www.tunidotenerife.com\/ro\/wp-json\/wp\/v2\/property_type?post=24841"},{"taxonomy":"property_status","embeddable":true,"href":"https:\/\/www.tunidotenerife.com\/ro\/wp-json\/wp\/v2\/property_status?post=24841"},{"taxonomy":"property_feature","embeddable":true,"href":"https:\/\/www.tunidotenerife.com\/ro\/wp-json\/wp\/v2\/property_feature?post=24841"},{"taxonomy":"property_label","embeddable":true,"href":"https:\/\/www.tunidotenerife.com\/ro\/wp-json\/wp\/v2\/property_label?post=24841"},{"taxonomy":"property_city","embeddable":true,"href":"https:\/\/www.tunidotenerife.com\/ro\/wp-json\/wp\/v2\/property_city?post=24841"}],"curies":[{"name":"wp","href":"https:\/\/api.w.org\/{rel}","templated":true}]}}