{"id":24825,"date":"2024-07-26T10:08:47","date_gmt":"2024-07-26T09:08:47","guid":{"rendered":"https:\/\/www.tunidotenerife.com\/p\/atico-en-venta-en-tenerife-sur-torviscas-bajo\/"},"modified":"2024-11-15T14:00:30","modified_gmt":"2024-11-15T14:00:30","slug":"atico-en-venta-en-tenerife-sur-torviscas-bajo","status":"houzez_sold","type":"property","link":"https:\/\/www.tunidotenerife.com\/ro\/p\/atico-en-venta-en-tenerife-sur-torviscas-bajo\/","title":{"rendered":"Penthouse de v\u00e2nzare \u00een Tenerife South, Torviscas Bajo"},"content":{"rendered":"<p>Descoperi\u021bi bijuteria din Los Atamanes! Acest penthouse uimitor de v\u00e2nzare ofer\u0103 o via\u021b\u0103 de lux \u0219i confort \u00eentr-un cadru privilegiat. Cu 171 m\u00b2 construi\u021bi, aceast\u0103 cas\u0103 ofer\u0103 un spa\u021biu generos pentru a v\u0103 bucura \u0219i a \u00eemp\u0103rt\u0103\u0219i.<\/p>\n<p>Penthouse-ul are trei dormitoare spa\u021bioase \u0219i patru b\u0103i complete, oferind intimitate \u0219i confort pentru to\u021bi membrii familiei. Exteriorul de la primul etaj v\u0103 permite s\u0103 v\u0103 bucura\u021bi de vederi uluitoare, iar lipsa unui lift nu va fi o problem\u0103, deoarece proprietatea include un loc de parcare \u00een pre\u021b.<\/p>\n<p>Imagina\u021bi-v\u0103 c\u0103 v\u0103 trezi\u021bi \u00een fiecare diminea\u021b\u0103 \u0219i v\u0103 sorbi\u021bi cafeaua pe teras\u0103 sau balcon, bucur\u00e2ndu-v\u0103 de priveli\u0219tea panoramic\u0103. Sau s\u0103 v\u0103 relaxa\u021bi dup\u0103 o zi lung\u0103 la piscina complexului, \u00eenconjurat\u0103 de verdea\u021b\u0103.<\/p>\n<p>Acest penthouse nu este doar o cas\u0103, ci \u0219i un stil de via\u021b\u0103. Taxa de comunitate este de 362 \u20ac pe lun\u0103 \u0219i include \u00eentre\u021binerea tuturor facilit\u0103\u021bilor, \u00een timp ce IBI este de 461 \u20ac.<\/p>\n<p>Cu un rating energetic E, aceast\u0103 proprietate nu este doar confortabil\u0103, ci \u0219i ecologic\u0103.<\/p>\n<p>Nu rata\u021bi ocazia de a locui \u00een acest penthouse exclusivist din Los Atamanes. O cas\u0103 care combin\u0103 luxul, confortul \u0219i stilul de via\u021b\u0103, contacta\u021bi-ne ast\u0103zi \u0219i descoperi\u021bi noua dvs. cas\u0103!<\/p>","protected":false},"excerpt":{"rendered":"<p>\u00a1Descubra la joya de Los Atamanes! Este impresionante \u00e1tico en venta ofrece una vida de lujo y comodidad en un entorno privilegiado. Con 171 m\u00b2 construidos, este hogar ofrece un espacio generoso para disfrutar y compartir. El \u00e1tico cuenta con tres habitaciones espaciosas y cuatro ba\u00f1os completos, proporcionando privacidad y confort para todos los miembros [&hellip;]<\/p>\n","protected":false},"author":5,"featured_media":24814,"parent":0,"menu_order":0,"template":"","property_type":[117],"property_status":[40],"property_feature":[176,174,173,172,171,170],"property_label":[109,180],"property_city":[65],"class_list":["post-24825","property","type-property","status-houzez_sold","has-post-thumbnail","hentry","property_type-atico","property_status-vendido","property_feature-cerca-de-centros-comerciales","property_feature-cocina-amueblada","property_feature-piscina-climatizada","property_feature-piscina-comunitaria","property_feature-vistas-a-la-montana","property_feature-vistas-al-oceano","property_label-exclusivo","property_label-oferta","property_city-torviscas-bajo"],"property_meta":{"rank_math_internal_links_processed":["1"],"fave_property_price":["657000"],"fave_property_price_postfix":[""],"fave_show_price_placeholder":["0"],"fave_property_price_placeholder":[""],"fave_property_price_prefix":[""],"fave_property_sec_price":[""],"fave_property_size":["171"],"fave_property_size_prefix":["m\u00b2"],"fave_property_land":[""],"fave_property_land_postfix":["m\u00b2"],"fave_property_bedrooms":["3"],"fave_property_bathrooms":["4"],"fave_property_garage":[""],"fave_property_garage_size":[""],"fave_virtual_tour":[""],"fave_property_year":[""],"fave_property_id":["2288"],"fave_video_url":[""],"fave_property_images":["24814","24816","24813","24815","24817","24818","24819","24820","24821","24823","24824","24822"],"_thumbnail_id":["24814"],"fave_property_zip":["38660"],"additional_features":["a:1:{i:0;a:2:{s:29:\"fave_additional_feature_title\";s:0:\"\";s:29:\"fave_additional_feature_value\";s:0:\"\";}}"],"fave_additional_features_enable":["enable"],"floor_plans":[""],"fave_multi_units":[""],"fave_featured":["0"],"houzez_featured_listing_date":[""],"fave_loggedintoview":["0"],"fave_mortgage_cal":["0"],"fave_private_note":[""],"fave_property_disclaimer":[""],"fave_payment_status":["not_paid"],"fave_agents":["23720"],"fave_agent_display_option":["agent_info"],"fave_property_map_address":["Minimarket Atamanes, Calle De Antonio Navarro, Playa de Fa\u00f1ab\u00e9, Torviscas Bajo, Miraverde, Adeje, Santa Cruz de Tenerife, Canarias, 38660, Espa\u00f1a"],"fave_property_address":["Minimarket Atamanes, Calle De Antonio Navarro, Playa de Fa\u00f1ab\u00e9, Torviscas Bajo, Miraverde, Adeje, Santa Cruz de Tenerife, Canarias, 38660, Espa\u00f1a"],"houzez_geolocation_lat":["28.0828351"],"houzez_geolocation_long":["-16.7320504"],"fave_property_location":["28.0828351,-16.7320504"],"fave_property_map":["1"],"fave_property_map_street_view":[""],"houzez_total_property_views":["22059"],"houzez_views_by_date":["a:61:{s:10:\"03-02-2026\";i:40;s:10:\"03-03-2026\";i:41;s:10:\"03-04-2026\";i:38;s:10:\"03-05-2026\";i:50;s:10:\"03-06-2026\";i:38;s:10:\"03-07-2026\";i:36;s:10:\"03-08-2026\";i:36;s:10:\"03-09-2026\";i:36;s:10:\"03-10-2026\";i:54;s:10:\"03-11-2026\";i:56;s:10:\"03-12-2026\";i:54;s:10:\"03-13-2026\";i:36;s:10:\"03-14-2026\";i:36;s:10:\"03-15-2026\";i:36;s:10:\"03-16-2026\";i:48;s:10:\"03-17-2026\";i:42;s:10:\"03-18-2026\";i:36;s:10:\"03-19-2026\";i:64;s:10:\"03-20-2026\";i:42;s:10:\"03-21-2026\";i:48;s:10:\"03-22-2026\";i:36;s:10:\"03-23-2026\";i:36;s:10:\"03-24-2026\";i:36;s:10:\"03-25-2026\";i:36;s:10:\"03-26-2026\";i:54;s:10:\"03-27-2026\";i:36;s:10:\"03-28-2026\";i:54;s:10:\"03-29-2026\";i:36;s:10:\"03-30-2026\";i:36;s:10:\"03-31-2026\";i:36;s:10:\"04-01-2026\";i:38;s:10:\"04-02-2026\";i:54;s:10:\"04-03-2026\";i:36;s:10:\"04-04-2026\";i:36;s:10:\"04-05-2026\";i:36;s:10:\"04-06-2026\";i:46;s:10:\"04-07-2026\";i:46;s:10:\"04-08-2026\";i:54;s:10:\"04-09-2026\";i:36;s:10:\"04-10-2026\";i:43;s:10:\"04-11-2026\";i:46;s:10:\"04-12-2026\";i:38;s:10:\"04-13-2026\";i:36;s:10:\"04-14-2026\";i:36;s:10:\"04-15-2026\";i:54;s:10:\"04-16-2026\";i:36;s:10:\"04-17-2026\";i:36;s:10:\"04-18-2026\";i:50;s:10:\"04-19-2026\";i:40;s:10:\"04-20-2026\";i:36;s:10:\"04-21-2026\";i:36;s:10:\"04-22-2026\";i:36;s:10:\"04-23-2026\";i:42;s:10:\"04-24-2026\";i:46;s:10:\"04-25-2026\";i:38;s:10:\"04-26-2026\";i:36;s:10:\"04-27-2026\";i:36;s:10:\"04-28-2026\";i:52;s:10:\"04-29-2026\";i:36;s:10:\"04-30-2026\";i:54;s:10:\"05-01-2026\";i:25;}"],"houzez_recently_viewed":["2026-05-01 21:06:29"],"_edit_lock":["1769435147:1"],"_elementor_page_assets":["a:0:{}"]},"_links":{"self":[{"href":"https:\/\/www.tunidotenerife.com\/ro\/wp-json\/wp\/v2\/properties\/24825","targetHints":{"allow":["GET"]}}],"collection":[{"href":"https:\/\/www.tunidotenerife.com\/ro\/wp-json\/wp\/v2\/properties"}],"about":[{"href":"https:\/\/www.tunidotenerife.com\/ro\/wp-json\/wp\/v2\/types\/property"}],"author":[{"embeddable":true,"href":"https:\/\/www.tunidotenerife.com\/ro\/wp-json\/wp\/v2\/users\/5"}],"version-history":[{"count":0,"href":"https:\/\/www.tunidotenerife.com\/ro\/wp-json\/wp\/v2\/properties\/24825\/revisions"}],"wp:featuredmedia":[{"embeddable":true,"href":"https:\/\/www.tunidotenerife.com\/ro\/wp-json\/wp\/v2\/media\/24814"}],"wp:attachment":[{"href":"https:\/\/www.tunidotenerife.com\/ro\/wp-json\/wp\/v2\/media?parent=24825"}],"wp:term":[{"taxonomy":"property_type","embeddable":true,"href":"https:\/\/www.tunidotenerife.com\/ro\/wp-json\/wp\/v2\/property_type?post=24825"},{"taxonomy":"property_status","embeddable":true,"href":"https:\/\/www.tunidotenerife.com\/ro\/wp-json\/wp\/v2\/property_status?post=24825"},{"taxonomy":"property_feature","embeddable":true,"href":"https:\/\/www.tunidotenerife.com\/ro\/wp-json\/wp\/v2\/property_feature?post=24825"},{"taxonomy":"property_label","embeddable":true,"href":"https:\/\/www.tunidotenerife.com\/ro\/wp-json\/wp\/v2\/property_label?post=24825"},{"taxonomy":"property_city","embeddable":true,"href":"https:\/\/www.tunidotenerife.com\/ro\/wp-json\/wp\/v2\/property_city?post=24825"}],"curies":[{"name":"wp","href":"https:\/\/api.w.org\/{rel}","templated":true}]}}