{"id":24606,"date":"2024-07-17T17:11:03","date_gmt":"2024-07-17T16:11:03","guid":{"rendered":"https:\/\/www.tunidotenerife.com\/p\/villa-en-venta-en-tenerife-sur-la-caleta\/"},"modified":"2024-07-17T17:14:00","modified_gmt":"2024-07-17T16:14:00","slug":"villa-en-venta-en-tenerife-sur-la-caleta","status":"publish","type":"property","link":"https:\/\/www.tunidotenerife.com\/ro\/p\/villa-en-venta-en-tenerife-sur-la-caleta\/","title":{"rendered":"Vil\u0103 de v\u00e2nzare \u00een Tenerife South, La Caleta"},"content":{"rendered":"<p>O oportunitate unic\u0103 de a de\u021bine o bucat\u0103 de paradis \u00een La Caleta! Aceast\u0103 vil\u0103 uimitoare cu trei dormitoare \u0219i dou\u0103 b\u0103i este de v\u00e2nzare, gata s\u0103 fie casa visurilor tale. Cu dou\u0103 etaje proiectate elegant, fiecare col\u021b al acestei propriet\u0103\u021bi v\u0103 invit\u0103 s\u0103 v\u0103 relaxa\u021bi \u0219i s\u0103 v\u0103 bucura\u021bi de via\u021b\u0103 la maxim. [...]<\/p>\n<p>Proprietatea este situat\u0103 \u00een cadrul complexului exclusivist de vile La Caleta, un mediu lini\u0219tit \u0219i sigur, unde calitatea vie\u021bii este norma. Vila are o piscin\u0103 \u00eenc\u0103lzit\u0103, perfect\u0103 pentru a v\u0103 bucura pe tot parcursul anului, \u0219i aer condi\u021bionat pentru a v\u0103 asigura confortul \u00een cele mai fierbin\u021bi zile.<\/p>\n<p>\u00cen plus, vila are dou\u0103 locuri de parcare cu poart\u0103, oferind o securitate suplimentar\u0103 pentru vehiculele dvs. \u0219i facilit\u00e2nd depozitarea. Cu o tax\u0103 comunitar\u0103 de doar 76,67 \u20ac pe lun\u0103 \u0219i IBI de 921,94 \u20ac pe an, aceast\u0103 proprietate este o investi\u021bie inteligent\u0103 care combin\u0103 luxul \u0219i accesibilitatea.<\/p>\n<p>Fiecare camer\u0103 din aceast\u0103 vil\u0103 a fost proiectat\u0103 cu aten\u021bie pentru a oferi un spa\u021biu de locuit confortabil \u0219i elegant. Dormitoarele spa\u021bioase ofer\u0103 un refugiu lini\u0219tit, \u00een timp ce b\u0103ile moderne adaug\u0103 o not\u0103 de lux la rutina zilnic\u0103.<\/p>\n<p>Nu rata\u021bi ocazia de a locui \u00eentr-una dintre cele mai c\u0103utate zone din La Caleta. Aceast\u0103 vil\u0103 este mai mult dec\u00e2t o cas\u0103, este un stil de via\u021b\u0103. Nu mai a\u0219tepta\u021bi, noua dvs. cas\u0103 v\u0103 a\u0219teapt\u0103 \u00een La Caleta.<\/p>","protected":false},"excerpt":{"rendered":"<p>\u00a1Una oportunidad \u00fanica de poseer un pedazo de para\u00edso en La Caleta! Esta impresionante villa de tres dormitorios y dos ba\u00f1os est\u00e1 en venta, lista para ser el hogar de tus sue\u00f1os. Con dos plantas de elegante dise\u00f1o, cada rinc\u00f3n de esta propiedad te invita a relajarte y disfrutar de la vida al m\u00e1ximo. La [&hellip;]<\/p>\n","protected":false},"author":5,"featured_media":24607,"parent":0,"menu_order":0,"template":"","property_type":[45],"property_status":[24],"property_feature":[17,178,174,173,42,170],"property_label":[109,179],"property_city":[61],"class_list":["post-24606","property","type-property","status-publish","has-post-thumbnail","hentry","property_type-villa","property_status-venta","property_feature-aire-acondicionado","property_feature-aparcamiento-privado-cerrado","property_feature-cocina-amueblada","property_feature-piscina-climatizada","property_feature-piscina-privada","property_feature-vistas-al-oceano","property_label-exclusivo","property_label-luxury","property_city-la-caleta"],"property_meta":{"rank_math_internal_links_processed":["1"],"fave_property_price":["1369000"],"fave_property_price_postfix":[""],"fave_show_price_placeholder":["0"],"fave_property_price_placeholder":[""],"fave_property_price_prefix":[""],"fave_property_sec_price":[""],"fave_property_size":["130"],"fave_property_size_prefix":["m\u00b2"],"fave_property_land":[""],"fave_property_land_postfix":["m\u00b2"],"fave_property_bedrooms":["3"],"fave_property_bathrooms":["2"],"fave_property_garage":["2"],"fave_property_garage_size":[""],"fave_virtual_tour":[""],"fave_property_year":[""],"fave_property_id":["2281"],"fave_video_url":[""],"fave_property_zip":["38679"],"additional_features":["a:1:{i:0;a:2:{s:29:\"fave_additional_feature_title\";s:0:\"\";s:29:\"fave_additional_feature_value\";s:0:\"\";}}"],"fave_additional_features_enable":["enable"],"floor_plans":[""],"fave_multi_units":[""],"fave_featured":["0"],"houzez_featured_listing_date":[""],"fave_loggedintoview":["0"],"fave_mortgage_cal":["0"],"fave_private_note":[""],"fave_property_disclaimer":[""],"fave_payment_status":["not_paid"],"fave_agent_display_option":["agent_info"],"fave_property_map_address":["Calle Neveda, La Caleta, Adeje, Santa Cruz de Tenerife, Canarias, 38679, Espa\u00f1a"],"fave_property_address":["Calle Neveda, La Caleta, Adeje, Santa Cruz de Tenerife, Canarias, 38679, Espa\u00f1a"],"houzez_geolocation_lat":["28.1107922"],"houzez_geolocation_long":["-16.7529082"],"fave_property_location":["28.1107922,-16.7529082"],"fave_property_map":["1"],"fave_property_map_street_view":[""],"houzez_total_property_views":["22336"],"houzez_views_by_date":["a:61:{s:10:\"02-26-2026\";i:52;s:10:\"02-27-2026\";i:36;s:10:\"02-28-2026\";i:36;s:10:\"03-01-2026\";i:40;s:10:\"03-02-2026\";i:37;s:10:\"03-03-2026\";i:41;s:10:\"03-04-2026\";i:44;s:10:\"03-05-2026\";i:48;s:10:\"03-06-2026\";i:38;s:10:\"03-07-2026\";i:36;s:10:\"03-08-2026\";i:36;s:10:\"03-09-2026\";i:36;s:10:\"03-10-2026\";i:54;s:10:\"03-11-2026\";i:64;s:10:\"03-12-2026\";i:54;s:10:\"03-13-2026\";i:36;s:10:\"03-14-2026\";i:36;s:10:\"03-15-2026\";i:40;s:10:\"03-16-2026\";i:48;s:10:\"03-17-2026\";i:38;s:10:\"03-18-2026\";i:36;s:10:\"03-19-2026\";i:66;s:10:\"03-20-2026\";i:52;s:10:\"03-21-2026\";i:42;s:10:\"03-22-2026\";i:36;s:10:\"03-23-2026\";i:40;s:10:\"03-24-2026\";i:33;s:10:\"03-25-2026\";i:38;s:10:\"03-26-2026\";i:52;s:10:\"03-27-2026\";i:36;s:10:\"03-28-2026\";i:57;s:10:\"03-29-2026\";i:36;s:10:\"03-30-2026\";i:36;s:10:\"03-31-2026\";i:36;s:10:\"04-01-2026\";i:40;s:10:\"04-02-2026\";i:54;s:10:\"04-03-2026\";i:36;s:10:\"04-04-2026\";i:36;s:10:\"04-05-2026\";i:40;s:10:\"04-06-2026\";i:44;s:10:\"04-07-2026\";i:77;s:10:\"04-08-2026\";i:53;s:10:\"04-09-2026\";i:38;s:10:\"04-10-2026\";i:46;s:10:\"04-11-2026\";i:46;s:10:\"04-12-2026\";i:36;s:10:\"04-13-2026\";i:36;s:10:\"04-14-2026\";i:36;s:10:\"04-15-2026\";i:54;s:10:\"04-16-2026\";i:36;s:10:\"04-17-2026\";i:40;s:10:\"04-18-2026\";i:47;s:10:\"04-19-2026\";i:39;s:10:\"04-20-2026\";i:36;s:10:\"04-21-2026\";i:36;s:10:\"04-22-2026\";i:38;s:10:\"04-23-2026\";i:41;s:10:\"04-24-2026\";i:45;s:10:\"04-25-2026\";i:38;s:10:\"04-26-2026\";i:36;s:10:\"04-27-2026\";i:32;}"],"houzez_recently_viewed":["2026-04-27 18:13:33"],"fave_property_images":["24607","24573","24570","24568","24571","24575","24595","24593","24587","24591","24586","24598","24585","24588","24596","24597","24599","24581"],"_thumbnail_id":["24607"],"fave_agents":["23720"],"_elementor_page_assets":["a:0:{}"]},"_links":{"self":[{"href":"https:\/\/www.tunidotenerife.com\/ro\/wp-json\/wp\/v2\/properties\/24606","targetHints":{"allow":["GET"]}}],"collection":[{"href":"https:\/\/www.tunidotenerife.com\/ro\/wp-json\/wp\/v2\/properties"}],"about":[{"href":"https:\/\/www.tunidotenerife.com\/ro\/wp-json\/wp\/v2\/types\/property"}],"author":[{"embeddable":true,"href":"https:\/\/www.tunidotenerife.com\/ro\/wp-json\/wp\/v2\/users\/5"}],"version-history":[{"count":0,"href":"https:\/\/www.tunidotenerife.com\/ro\/wp-json\/wp\/v2\/properties\/24606\/revisions"}],"wp:featuredmedia":[{"embeddable":true,"href":"https:\/\/www.tunidotenerife.com\/ro\/wp-json\/wp\/v2\/media\/24607"}],"wp:attachment":[{"href":"https:\/\/www.tunidotenerife.com\/ro\/wp-json\/wp\/v2\/media?parent=24606"}],"wp:term":[{"taxonomy":"property_type","embeddable":true,"href":"https:\/\/www.tunidotenerife.com\/ro\/wp-json\/wp\/v2\/property_type?post=24606"},{"taxonomy":"property_status","embeddable":true,"href":"https:\/\/www.tunidotenerife.com\/ro\/wp-json\/wp\/v2\/property_status?post=24606"},{"taxonomy":"property_feature","embeddable":true,"href":"https:\/\/www.tunidotenerife.com\/ro\/wp-json\/wp\/v2\/property_feature?post=24606"},{"taxonomy":"property_label","embeddable":true,"href":"https:\/\/www.tunidotenerife.com\/ro\/wp-json\/wp\/v2\/property_label?post=24606"},{"taxonomy":"property_city","embeddable":true,"href":"https:\/\/www.tunidotenerife.com\/ro\/wp-json\/wp\/v2\/property_city?post=24606"}],"curies":[{"name":"wp","href":"https:\/\/api.w.org\/{rel}","templated":true}]}}