{"id":24474,"date":"2024-07-15T16:23:01","date_gmt":"2024-07-15T15:23:01","guid":{"rendered":"https:\/\/www.tunidotenerife.com\/p\/apartamento-en-venta-en-el-medano-tenerife-sur\/"},"modified":"2024-12-04T13:44:02","modified_gmt":"2024-12-04T13:44:02","slug":"apartamento-en-venta-en-el-medano-tenerife-sur","status":"houzez_sold","type":"property","link":"https:\/\/www.tunidotenerife.com\/ro\/p\/apartamento-en-venta-en-el-medano-tenerife-sur\/","title":{"rendered":"Apartament de v\u00e2nzare \u00een El M\u00e9dano, Tenerife Sud"},"content":{"rendered":"<p>Descoperi\u021bi farmecul \"Apartament El Medano\", un apartament plin de lumin\u0103, cu un design contemporan. Acest apartament luminos are dou\u0103 dormitoare cu dulapuri \u00eencorporate, oferind spa\u021biu amplu pentru bunurile dvs. Exist\u0103, de asemenea, o baie complet\u0103 \u0219i o toalet\u0103 suplimentar\u0103 pentru confortul dumneavoastr\u0103.<\/p>\n<p>Designul \u00een plan deschis integreaz\u0103 buc\u0103t\u0103ria \u0219i camera de zi, cre\u00e2nd o atmosfer\u0103 spa\u021bioas\u0103 \u0219i primitoare, ideal\u0103 pentru a v\u0103 bucura de momente de relaxare \u0219i divertisment. Dar adev\u0103ratul farmec al apartamentului El Medano const\u0103 \u00een terasa sa mare, un spa\u021biu exterior care v\u0103 invit\u0103 s\u0103 v\u0103 bucura\u021bi de nop\u021bile calde de var\u0103 \u00een compania familiei \u0219i a prietenilor.<\/p>\n<p>Acest spa\u021biu \u00een aer liber ofer\u0103 multiple posibilit\u0103\u021bi de distrac\u021bie: zone de \u0219edere pentru relaxare, \u0219ezlonguri pentru plaj\u0103, o zon\u0103 de gr\u0103tar pentru mese \u00een aer liber \u0219i o gr\u0103din\u0103 mic\u0103 pe care o pute\u021bi personaliza pentru a crea o oaz\u0103 unic\u0103.<\/p>\n<p>Loca\u021bia este, de asemenea, imbatabil\u0103. La doar dou\u0103 minute de mers pe jos, ve\u021bi g\u0103si emblematica Pia\u021b\u0103 Ro\u0219ie, un centru vibrant de restaurante \u0219i cafenele locale.<\/p>\n<p>\u00cen cele din urm\u0103, pentru a v\u0103 asigura intimitatea \u0219i securitatea, apartamentul El Medano are o intrare privat\u0103. Descoperi\u021bi combina\u021bia perfect\u0103 de design modern, confort \u0219i loca\u021bie privilegiat\u0103 \u00een Apartment El Medano.<\/p>","protected":false},"excerpt":{"rendered":"<p>Descubra el encanto de \u00bbApartamento El Medano\u00bb, una vivienda rebosante de luz y con un dise\u00f1o contempor\u00e1neo. Este luminoso apartamento cuenta con dos habitaciones dotadas de armarios empotrados, proporcionando un amplio espacio para sus pertenencias. Adem\u00e1s, dispone de un cuarto de ba\u00f1o completo y un aseo adicional para su comodidad. El dise\u00f1o de planta abierta [&hellip;]<\/p>\n","protected":false},"author":5,"featured_media":24471,"parent":0,"menu_order":0,"template":"","property_type":[49],"property_status":[40],"property_feature":[176,177,174],"property_label":[109],"property_city":[86],"class_list":["post-24474","property","type-property","status-houzez_sold","has-post-thumbnail","hentry","property_type-apartamento","property_status-vendido","property_feature-cerca-de-centros-comerciales","property_feature-cerca-de-la-playa","property_feature-cocina-amueblada","property_label-exclusivo","property_city-el-medano"],"property_meta":{"rank_math_internal_links_processed":["1"],"fave_property_price":["358000"],"fave_property_price_postfix":[""],"fave_show_price_placeholder":["0"],"fave_property_price_placeholder":[""],"fave_property_price_prefix":[""],"fave_property_sec_price":[""],"fave_property_size":["151"],"fave_property_size_prefix":["m\u00b2"],"fave_property_land":[""],"fave_property_land_postfix":["m\u00b2"],"fave_property_bedrooms":["2"],"fave_property_bathrooms":["2"],"fave_property_garage":[""],"fave_property_garage_size":[""],"fave_virtual_tour":[""],"fave_property_year":[""],"fave_property_id":["2274"],"fave_video_url":[""],"fave_property_zip":["38612"],"additional_features":["a:1:{i:0;a:2:{s:29:\"fave_additional_feature_title\";s:0:\"\";s:29:\"fave_additional_feature_value\";s:0:\"\";}}"],"fave_additional_features_enable":["enable"],"floor_plans":[""],"fave_multi_units":[""],"fave_featured":["0"],"houzez_featured_listing_date":[""],"fave_loggedintoview":["0"],"fave_mortgage_cal":["0"],"fave_private_note":[""],"fave_property_disclaimer":[""],"fave_payment_status":["not_paid"],"fave_agent_display_option":["agent_info"],"fave_property_map_address":["Avenida Magallanes, Los Mart\u00ednez, El M\u00e9dano, El Cabezo, Granadilla de Abona, Santa Cruz de Tenerife, Canarias, 38612, Espa\u00f1a"],"fave_property_address":["Avenida Magallanes, Los Mart\u00ednez, El M\u00e9dano, El Cabezo, Granadilla de Abona, Santa Cruz de Tenerife, Canarias, 38612, Espa\u00f1a"],"houzez_geolocation_lat":["28.0439678"],"houzez_geolocation_long":["-16.5346533"],"fave_property_location":["28.0439678,-16.5346533"],"fave_property_map":["1"],"fave_property_map_street_view":[""],"houzez_total_property_views":["22438"],"houzez_views_by_date":["a:61:{s:10:\"03-03-2026\";i:35;s:10:\"03-04-2026\";i:42;s:10:\"03-05-2026\";i:48;s:10:\"03-06-2026\";i:38;s:10:\"03-07-2026\";i:36;s:10:\"03-08-2026\";i:36;s:10:\"03-09-2026\";i:36;s:10:\"03-10-2026\";i:54;s:10:\"03-11-2026\";i:64;s:10:\"03-12-2026\";i:54;s:10:\"03-13-2026\";i:36;s:10:\"03-14-2026\";i:36;s:10:\"03-15-2026\";i:38;s:10:\"03-16-2026\";i:50;s:10:\"03-17-2026\";i:38;s:10:\"03-18-2026\";i:36;s:10:\"03-19-2026\";i:68;s:10:\"03-20-2026\";i:51;s:10:\"03-21-2026\";i:45;s:10:\"03-22-2026\";i:36;s:10:\"03-23-2026\";i:38;s:10:\"03-24-2026\";i:32;s:10:\"03-25-2026\";i:34;s:10:\"03-26-2026\";i:48;s:10:\"03-27-2026\";i:36;s:10:\"03-28-2026\";i:58;s:10:\"03-29-2026\";i:36;s:10:\"03-30-2026\";i:36;s:10:\"03-31-2026\";i:36;s:10:\"04-01-2026\";i:38;s:10:\"04-02-2026\";i:54;s:10:\"04-03-2026\";i:36;s:10:\"04-04-2026\";i:36;s:10:\"04-05-2026\";i:40;s:10:\"04-06-2026\";i:48;s:10:\"04-07-2026\";i:81;s:10:\"04-08-2026\";i:50;s:10:\"04-09-2026\";i:36;s:10:\"04-10-2026\";i:46;s:10:\"04-11-2026\";i:46;s:10:\"04-12-2026\";i:36;s:10:\"04-13-2026\";i:36;s:10:\"04-14-2026\";i:36;s:10:\"04-15-2026\";i:54;s:10:\"04-16-2026\";i:36;s:10:\"04-17-2026\";i:40;s:10:\"04-18-2026\";i:50;s:10:\"04-19-2026\";i:36;s:10:\"04-20-2026\";i:36;s:10:\"04-21-2026\";i:36;s:10:\"04-22-2026\";i:38;s:10:\"04-23-2026\";i:44;s:10:\"04-24-2026\";i:44;s:10:\"04-25-2026\";i:36;s:10:\"04-26-2026\";i:36;s:10:\"04-27-2026\";i:36;s:10:\"04-28-2026\";i:52;s:10:\"04-29-2026\";i:40;s:10:\"04-30-2026\";i:52;s:10:\"05-01-2026\";i:36;s:10:\"05-02-2026\";i:16;}"],"houzez_recently_viewed":["2026-05-02 08:27:35"],"fave_property_images":["24471","24461","24460","24463","24465","24462","24466","24467","24468","24469","24470","24472","24473"],"_thumbnail_id":["24471"],"fave_agents":["23720"],"_edit_lock":["1769435148:1"],"_elementor_page_assets":["a:0:{}"]},"_links":{"self":[{"href":"https:\/\/www.tunidotenerife.com\/ro\/wp-json\/wp\/v2\/properties\/24474","targetHints":{"allow":["GET"]}}],"collection":[{"href":"https:\/\/www.tunidotenerife.com\/ro\/wp-json\/wp\/v2\/properties"}],"about":[{"href":"https:\/\/www.tunidotenerife.com\/ro\/wp-json\/wp\/v2\/types\/property"}],"author":[{"embeddable":true,"href":"https:\/\/www.tunidotenerife.com\/ro\/wp-json\/wp\/v2\/users\/5"}],"version-history":[{"count":0,"href":"https:\/\/www.tunidotenerife.com\/ro\/wp-json\/wp\/v2\/properties\/24474\/revisions"}],"wp:featuredmedia":[{"embeddable":true,"href":"https:\/\/www.tunidotenerife.com\/ro\/wp-json\/wp\/v2\/media\/24471"}],"wp:attachment":[{"href":"https:\/\/www.tunidotenerife.com\/ro\/wp-json\/wp\/v2\/media?parent=24474"}],"wp:term":[{"taxonomy":"property_type","embeddable":true,"href":"https:\/\/www.tunidotenerife.com\/ro\/wp-json\/wp\/v2\/property_type?post=24474"},{"taxonomy":"property_status","embeddable":true,"href":"https:\/\/www.tunidotenerife.com\/ro\/wp-json\/wp\/v2\/property_status?post=24474"},{"taxonomy":"property_feature","embeddable":true,"href":"https:\/\/www.tunidotenerife.com\/ro\/wp-json\/wp\/v2\/property_feature?post=24474"},{"taxonomy":"property_label","embeddable":true,"href":"https:\/\/www.tunidotenerife.com\/ro\/wp-json\/wp\/v2\/property_label?post=24474"},{"taxonomy":"property_city","embeddable":true,"href":"https:\/\/www.tunidotenerife.com\/ro\/wp-json\/wp\/v2\/property_city?post=24474"}],"curies":[{"name":"wp","href":"https:\/\/api.w.org\/{rel}","templated":true}]}}