{"id":23987,"date":"2024-05-20T10:14:23","date_gmt":"2024-05-20T09:14:23","guid":{"rendered":"https:\/\/www.tunidotenerife.com\/p\/villa-en-venta-en-tenerife-sur-adeje\/"},"modified":"2025-03-26T15:01:48","modified_gmt":"2025-03-26T15:01:48","slug":"villa-en-venta-en-tenerife-sur-adeje","status":"publish","type":"property","link":"https:\/\/www.tunidotenerife.com\/ro\/p\/villa-en-venta-en-tenerife-sur-adeje\/","title":{"rendered":"Vil\u0103 de v\u00e2nzare \u00een Tenerife Sud, Madro\u00f1al de Fa\u00f1abe"},"content":{"rendered":"<p>V\u0103 prezent\u0103m \u00een exclusivitate o vil\u0103 impresionant\u0103 \u00een Madro\u00f1al de Fa\u00f1abe, situat\u0103 \u00een zona c\u0103utat\u0103 la sud de Tenerife. Aceast\u0103 proprietate maiestuoas\u0103, care se prezint\u0103 ca un adev\u0103rat paradis de confort \u0219i lux, este \u00een prezent de v\u00e2nzare.<\/p>\n<p>Vila are un design arhitectural cu dou\u0103 etaje, distribuite \u00een cinci dormitoare de dimensiuni generoase. Fiecare dintre ele este dotat cu mobilier \u0219i electrocasnice de ultim\u0103 genera\u021bie, garant\u00e2nd confort \u0219i func\u021bionalitate maxim\u0103 \u00een fiecare spa\u021biu.<\/p>\n<p>Camera de zi, spa\u021bioas\u0103 \u0219i luminoas\u0103, devine inima casei, un loc perfect pentru a v\u0103 bucura de momente de relaxare \u0219i divertisment. \u00cen plus, proprietatea dispune de patru b\u0103i, proiectate cu un gust rafinat \u0219i dotate cu tot confortul.<\/p>\n<p>Bijuteria din coroan\u0103 este, f\u0103r\u0103 \u00eendoial\u0103, exteriorul acestei vile din Madro\u00f1al de Fa\u00f1abe. O gr\u0103din\u0103 de vis \u0219i o piscin\u0103 privat\u0103 alc\u0103tuiesc un spa\u021biu incomparabil pentru petrecerea timpului liber \u0219i relaxare. Pentru a completa acest cadru idilic, vila dispune de dou\u0103 terase deschise, de pe care v\u0103 pute\u021bi bucura de vederi panoramice asupra gr\u0103dinii, piscinei \u0219i m\u0103rii.<\/p>\n<p>Pe l\u00e2ng\u0103 designul \u0219i dot\u0103rile sale impresionante, loca\u021bia acestei vile este imbatabil\u0103. Se afl\u0103 la o distan\u021b\u0103 de mers pe jos de centre comerciale, \u0219coli \u0219i la doar cinci minute cu ma\u0219ina de popularele sta\u021biuni Las Americas \u0219i Los Cristianos.<\/p>\n<p>Aceast\u0103 vil\u0103 este v\u00e2ndut\u0103 complet mobilat\u0103, gata s\u0103 se mute \u0219i s\u0103 se bucure imediat. Nu rata\u021bi ocazia de a achizi\u021biona aceast\u0103 proprietate magnific\u0103, o adev\u0103rat\u0103 bijuterie \u00een inima Costa Adeje.<\/p>","protected":false},"excerpt":{"rendered":"<p>Presentamos en exclusiva una impresionante Villa en Madro\u00f1al de Fa\u00f1abe ubicada en la codiciada zona sur de Tenerife. Este majestuoso inmueble, que se erige como un verdadero para\u00edso de confort y lujo, est\u00e1 actualmente en venta. La villa cuenta con un dise\u00f1o arquitect\u00f3nico de dos plantas, que se distribuyen en cinco dormitorios de generosas dimensiones. [&hellip;]<\/p>\n","protected":false},"author":5,"featured_media":26212,"parent":0,"menu_order":0,"template":"","property_type":[45],"property_status":[24],"property_feature":[17,178,176,174,31,26,173,42,171,170],"property_label":[],"property_city":[58],"class_list":["post-23987","property","type-property","status-publish","has-post-thumbnail","hentry","property_type-villa","property_status-venta","property_feature-aire-acondicionado","property_feature-aparcamiento-privado-cerrado","property_feature-cerca-de-centros-comerciales","property_feature-cocina-amueblada","property_feature-ducha-exterior","property_feature-lavadora","property_feature-piscina-climatizada","property_feature-piscina-privada","property_feature-vistas-a-la-montana","property_feature-vistas-al-oceano","property_city-adeje"],"property_meta":{"rank_math_internal_links_processed":["1"],"fave_property_price":["3000000"],"fave_property_price_postfix":[""],"fave_show_price_placeholder":["0"],"fave_property_price_placeholder":[""],"fave_property_price_prefix":[""],"fave_property_sec_price":[""],"fave_property_size":["515"],"fave_property_size_prefix":["m\u00b2"],"fave_property_land":["827"],"fave_property_land_postfix":["m\u00b2"],"fave_property_bedrooms":["5"],"fave_property_bathrooms":["4"],"fave_property_garage":["2"],"fave_property_garage_size":[""],"fave_virtual_tour":[""],"fave_property_year":["2006"],"fave_property_id":["1972"],"fave_video_url":[""],"fave_property_zip":["38679"],"additional_features":["a:1:{i:0;a:2:{s:29:\"fave_additional_feature_title\";s:0:\"\";s:29:\"fave_additional_feature_value\";s:0:\"\";}}"],"fave_additional_features_enable":["enable"],"floor_plans":[""],"fave_multi_units":[""],"fave_featured":["0"],"houzez_featured_listing_date":[""],"fave_loggedintoview":["0"],"fave_mortgage_cal":["0"],"fave_private_note":[""],"fave_property_disclaimer":[""],"fave_payment_status":["not_paid"],"fave_agent_display_option":["agent_info"],"fave_property_map_address":["Centro Veterinario El Madro\u00f1al, Calle el Sauce, Fa\u00f1ab\u00e9, Espa\u00f1a"],"fave_property_address":["Centro Veterinario El Madro\u00f1al, Calle el Sauce, Fa\u00f1ab\u00e9, Espa\u00f1a"],"houzez_geolocation_lat":["28.09649901349322"],"houzez_geolocation_long":["-16.728609211669927"],"fave_property_location":["28.09649901349322,-16.728609211669927"],"fave_property_map":["1"],"fave_property_map_street_view":[""],"houzez_total_property_views":["23634"],"houzez_views_by_date":["a:61:{s:10:\"03-02-2026\";i:33;s:10:\"03-03-2026\";i:33;s:10:\"03-04-2026\";i:52;s:10:\"03-05-2026\";i:46;s:10:\"03-06-2026\";i:38;s:10:\"03-07-2026\";i:36;s:10:\"03-08-2026\";i:36;s:10:\"03-09-2026\";i:36;s:10:\"03-10-2026\";i:54;s:10:\"03-11-2026\";i:70;s:10:\"03-12-2026\";i:54;s:10:\"03-13-2026\";i:36;s:10:\"03-14-2026\";i:36;s:10:\"03-15-2026\";i:48;s:10:\"03-16-2026\";i:40;s:10:\"03-17-2026\";i:38;s:10:\"03-18-2026\";i:36;s:10:\"03-19-2026\";i:70;s:10:\"03-20-2026\";i:54;s:10:\"03-21-2026\";i:40;s:10:\"03-22-2026\";i:36;s:10:\"03-23-2026\";i:40;s:10:\"03-24-2026\";i:33;s:10:\"03-25-2026\";i:36;s:10:\"03-26-2026\";i:52;s:10:\"03-27-2026\";i:36;s:10:\"03-28-2026\";i:58;s:10:\"03-29-2026\";i:36;s:10:\"03-30-2026\";i:36;s:10:\"03-31-2026\";i:36;s:10:\"04-01-2026\";i:38;s:10:\"04-02-2026\";i:54;s:10:\"04-03-2026\";i:36;s:10:\"04-04-2026\";i:36;s:10:\"04-05-2026\";i:44;s:10:\"04-06-2026\";i:44;s:10:\"04-07-2026\";i:112;s:10:\"04-08-2026\";i:53;s:10:\"04-09-2026\";i:36;s:10:\"04-10-2026\";i:52;s:10:\"04-11-2026\";i:40;s:10:\"04-12-2026\";i:36;s:10:\"04-13-2026\";i:36;s:10:\"04-14-2026\";i:39;s:10:\"04-15-2026\";i:54;s:10:\"04-16-2026\";i:36;s:10:\"04-17-2026\";i:44;s:10:\"04-18-2026\";i:44;s:10:\"04-19-2026\";i:38;s:10:\"04-20-2026\";i:36;s:10:\"04-21-2026\";i:36;s:10:\"04-22-2026\";i:38;s:10:\"04-23-2026\";i:48;s:10:\"04-24-2026\";i:40;s:10:\"04-25-2026\";i:36;s:10:\"04-26-2026\";i:36;s:10:\"04-27-2026\";i:36;s:10:\"04-28-2026\";i:54;s:10:\"04-29-2026\";i:46;s:10:\"04-30-2026\";i:46;s:10:\"05-01-2026\";i:34;}"],"houzez_recently_viewed":["2026-05-01 21:02:16"],"_edit_lock":["1717687347:1"],"fave_property_images":["26212","26184","26185","26186","26187","26188","26189","26190","26191","26192","26193","26194","26195","26196","26197","26198","26199","26200","26201","26202","26203","26204","26205","26206","26207","26208","26209","26210","26211","26213","26214","26215","26216","26217","26218","26219","26220","26221","26222","26223","26224","26225","26226","26227","26228","26229","26230","26231","26232","26233","26234","26235","26236","26237","26238","26239","26240"],"_thumbnail_id":["26212"],"fave_agents":["23720"],"_elementor_page_assets":["a:0:{}"]},"_links":{"self":[{"href":"https:\/\/www.tunidotenerife.com\/ro\/wp-json\/wp\/v2\/properties\/23987","targetHints":{"allow":["GET"]}}],"collection":[{"href":"https:\/\/www.tunidotenerife.com\/ro\/wp-json\/wp\/v2\/properties"}],"about":[{"href":"https:\/\/www.tunidotenerife.com\/ro\/wp-json\/wp\/v2\/types\/property"}],"author":[{"embeddable":true,"href":"https:\/\/www.tunidotenerife.com\/ro\/wp-json\/wp\/v2\/users\/5"}],"version-history":[{"count":0,"href":"https:\/\/www.tunidotenerife.com\/ro\/wp-json\/wp\/v2\/properties\/23987\/revisions"}],"wp:featuredmedia":[{"embeddable":true,"href":"https:\/\/www.tunidotenerife.com\/ro\/wp-json\/wp\/v2\/media\/26212"}],"wp:attachment":[{"href":"https:\/\/www.tunidotenerife.com\/ro\/wp-json\/wp\/v2\/media?parent=23987"}],"wp:term":[{"taxonomy":"property_type","embeddable":true,"href":"https:\/\/www.tunidotenerife.com\/ro\/wp-json\/wp\/v2\/property_type?post=23987"},{"taxonomy":"property_status","embeddable":true,"href":"https:\/\/www.tunidotenerife.com\/ro\/wp-json\/wp\/v2\/property_status?post=23987"},{"taxonomy":"property_feature","embeddable":true,"href":"https:\/\/www.tunidotenerife.com\/ro\/wp-json\/wp\/v2\/property_feature?post=23987"},{"taxonomy":"property_label","embeddable":true,"href":"https:\/\/www.tunidotenerife.com\/ro\/wp-json\/wp\/v2\/property_label?post=23987"},{"taxonomy":"property_city","embeddable":true,"href":"https:\/\/www.tunidotenerife.com\/ro\/wp-json\/wp\/v2\/property_city?post=23987"}],"curies":[{"name":"wp","href":"https:\/\/api.w.org\/{rel}","templated":true}]}}