{"id":23760,"date":"2024-05-13T16:28:19","date_gmt":"2024-05-13T15:28:19","guid":{"rendered":"https:\/\/www.tunidotenerife.com\/p\/villa-en-venta-en-tenerife-sur-madronal\/"},"modified":"2025-01-17T13:25:47","modified_gmt":"2025-01-17T13:25:47","slug":"villa-en-venta-en-tenerife-sur-madronal","status":"houzez_sold","type":"property","link":"https:\/\/www.tunidotenerife.com\/ro\/p\/villa-en-venta-en-tenerife-sur-madronal\/","title":{"rendered":"Vil\u0103 de v\u00e2nzare \u00een Tenerife Sud, Madro\u00f1al"},"content":{"rendered":"<p>Bine a\u021bi venit la viitoarea dumneavoastr\u0103 cas\u0103 din Madro\u00f1al de Fa\u00f1ab\u00e9! Aceast\u0103 vil\u0103 magnific\u0103 de 200m2 este de v\u00e2nzare \u0219i este gata s\u0103 devin\u0103 noua dvs. cas\u0103. Cu 6 dormitoare spa\u021bioase \u0219i 4 b\u0103i complete, aceast\u0103 proprietate ofer\u0103 un spa\u021biu de locuit confortabil \u0219i luxos.<\/p>\n<p>Vila se afl\u0103 \u00eentr-o loca\u021bie privilegiat\u0103, cu vedere la mare care v\u0103 va t\u0103ia respira\u021bia. Imagina\u021bi-v\u0103 c\u0103 v\u0103 trezi\u021bi \u00een fiecare diminea\u021b\u0103 cu priveli\u0219tea Oceanului Atlantic, savur\u00e2ndu-v\u0103 cafeaua pe teras\u0103 \u00een timp ce soarele r\u0103sare.<\/p>\n<p>Proprietatea are un design modern \u0219i elegant, cu o piscin\u0103 \u00eenc\u0103lzit\u0103 de care v\u0103 pute\u021bi bucura pe tot parcursul anului. Exist\u0103, de asemenea, un jacuzzi pentru acele momente de relaxare pe care le merita\u021bi.<\/p>\n<p>Pentru cei c\u0103rora le place s\u0103 g\u0103teasc\u0103 \u00een aer liber, vila are un gr\u0103tar, perfect pentru \u00eent\u00e2lnirile cu prietenii \u0219i familia. \u0218i nu v\u0103 face\u021bi griji cu privire la parcare, proprietatea include un garaj.<\/p>\n<p>Madro\u00f1al de Fa\u00f1ab\u00e9 este o zon\u0103 reziden\u021bial\u0103 lini\u0219tit\u0103 \u0219i sigur\u0103, perfect\u0103 pentru cei care doresc s\u0103 scape de agita\u021bia ora\u0219ului.<\/p>\n<p>Aceast\u0103 vil\u0103 este mai mult dec\u00e2t o cas\u0103, este un stil de via\u021b\u0103. Nu rata\u021bi aceast\u0103 ocazie unic\u0103 de a achizi\u021biona casa de vis \u00een Madro\u00f1al de Fa\u00f1ab\u00e9, v\u0103 a\u0219tept\u0103m cu ner\u0103bdare s\u0103 ne vizita\u021bi!<\/p>","protected":false},"excerpt":{"rendered":"<p>\u00a1Bienvenido a su futura casa en Madro\u00f1al de Fa\u00f1ab\u00e9! Esta magn\u00edfica villa de 200m2 est\u00e1 en venta y lista para convertirse en su nuevo hogar. Con 6 amplias habitaciones y 4 ba\u00f1os completos, esta propiedad ofrece un espacio de vida c\u00f3modo y lujoso. La villa se encuentra en una ubicaci\u00f3n privilegiada, con vistas al mar [&hellip;]<\/p>\n","protected":false},"author":5,"featured_media":23728,"parent":0,"menu_order":0,"template":"","property_type":[45],"property_status":[40],"property_feature":[17,178,19,176,174,31,175,173,42,21,171,170],"property_label":[],"property_city":[62],"class_list":["post-23760","property","type-property","status-houzez_sold","has-post-thumbnail","hentry","property_type-villa","property_status-vendido","property_feature-aire-acondicionado","property_feature-aparcamiento-privado-cerrado","property_feature-barbacoa","property_feature-cerca-de-centros-comerciales","property_feature-cocina-amueblada","property_feature-ducha-exterior","property_feature-jacuzzi","property_feature-piscina-climatizada","property_feature-piscina-privada","property_feature-secadora","property_feature-vistas-a-la-montana","property_feature-vistas-al-oceano","property_city-el-madronal-de-fanabe"],"property_meta":{"rank_math_internal_links_processed":["1"],"fave_property_price":["1400000"],"fave_show_price_placeholder":["0"],"fave_property_size":["200"],"fave_property_size_prefix":["m\u00b2"],"fave_property_land_postfix":["m\u00b2"],"fave_property_bedrooms":["6"],"fave_property_bathrooms":["4"],"fave_property_garage":["2"],"fave_property_id":["2260"],"_thumbnail_id":["23728"],"fave_property_zip":["38679"],"fave_additional_features_enable":["enable"],"fave_featured":["0"],"houzez_featured_listing_date":[""],"fave_loggedintoview":["0"],"fave_mortgage_cal":["0"],"fave_payment_status":["not_paid"],"fave_agent_display_option":["agent_info"],"fave_property_map_address":["Calle el Almendro, Costa Adeje, Espa\u00f1a"],"fave_property_address":["Calle el Almendro, Costa Adeje, Espa\u00f1a"],"houzez_geolocation_lat":["28.0965337"],"houzez_geolocation_long":["-16.7269391"],"fave_property_location":["28.0965337,-16.7269391,14"],"fave_property_map":["1"],"fave_property_map_street_view":["hide"],"houzez_total_property_views":["23493"],"houzez_views_by_date":["a:61:{s:10:\"02-27-2026\";i:36;s:10:\"02-28-2026\";i:36;s:10:\"03-01-2026\";i:44;s:10:\"03-02-2026\";i:36;s:10:\"03-03-2026\";i:36;s:10:\"03-04-2026\";i:44;s:10:\"03-05-2026\";i:44;s:10:\"03-06-2026\";i:38;s:10:\"03-07-2026\";i:36;s:10:\"03-08-2026\";i:36;s:10:\"03-09-2026\";i:36;s:10:\"03-10-2026\";i:54;s:10:\"03-11-2026\";i:72;s:10:\"03-12-2026\";i:54;s:10:\"03-13-2026\";i:36;s:10:\"03-14-2026\";i:36;s:10:\"03-15-2026\";i:42;s:10:\"03-16-2026\";i:46;s:10:\"03-17-2026\";i:38;s:10:\"03-18-2026\";i:36;s:10:\"03-19-2026\";i:70;s:10:\"03-20-2026\";i:62;s:10:\"03-21-2026\";i:40;s:10:\"03-22-2026\";i:36;s:10:\"03-23-2026\";i:42;s:10:\"03-24-2026\";i:25;s:10:\"03-25-2026\";i:31;s:10:\"03-26-2026\";i:48;s:10:\"03-27-2026\";i:36;s:10:\"03-28-2026\";i:60;s:10:\"03-29-2026\";i:36;s:10:\"03-30-2026\";i:36;s:10:\"03-31-2026\";i:36;s:10:\"04-01-2026\";i:40;s:10:\"04-02-2026\";i:54;s:10:\"04-03-2026\";i:36;s:10:\"04-04-2026\";i:36;s:10:\"04-05-2026\";i:46;s:10:\"04-06-2026\";i:42;s:10:\"04-07-2026\";i:105;s:10:\"04-08-2026\";i:48;s:10:\"04-09-2026\";i:36;s:10:\"04-10-2026\";i:50;s:10:\"04-11-2026\";i:42;s:10:\"04-12-2026\";i:38;s:10:\"04-13-2026\";i:36;s:10:\"04-14-2026\";i:36;s:10:\"04-15-2026\";i:54;s:10:\"04-16-2026\";i:36;s:10:\"04-17-2026\";i:44;s:10:\"04-18-2026\";i:44;s:10:\"04-19-2026\";i:38;s:10:\"04-20-2026\";i:36;s:10:\"04-21-2026\";i:36;s:10:\"04-22-2026\";i:42;s:10:\"04-23-2026\";i:42;s:10:\"04-24-2026\";i:40;s:10:\"04-25-2026\";i:38;s:10:\"04-26-2026\";i:36;s:10:\"04-27-2026\";i:36;s:10:\"04-28-2026\";i:52;}"],"houzez_recently_viewed":["2026-04-28 16:08:07"],"_edit_lock":["1717687347:1"],"rank_math_seo_score":["10"],"_edit_last":["1"],"fave_property_images":["23728","23724","23727","23734","23732","23733","23749","23743","23751","23755","23750","23746","23757","23754","23725","23747","23735","23740","23742","23737","23738","23726","23729","23730","23759","23723"],"fave_agents":["150"],"fave_single_top_area":["global"],"fave_single_content_area":["global"],"rank_math_primary_property_type":["0"],"rank_math_primary_property_status":["0"],"rank_math_primary_property_feature":["0"],"rank_math_primary_property_city":["0"],"houzez_manual_expire":["0"],"_houzez_expiration_date_status":["saved"],"_elementor_page_assets":["a:0:{}"]},"_links":{"self":[{"href":"https:\/\/www.tunidotenerife.com\/ro\/wp-json\/wp\/v2\/properties\/23760","targetHints":{"allow":["GET"]}}],"collection":[{"href":"https:\/\/www.tunidotenerife.com\/ro\/wp-json\/wp\/v2\/properties"}],"about":[{"href":"https:\/\/www.tunidotenerife.com\/ro\/wp-json\/wp\/v2\/types\/property"}],"author":[{"embeddable":true,"href":"https:\/\/www.tunidotenerife.com\/ro\/wp-json\/wp\/v2\/users\/5"}],"version-history":[{"count":0,"href":"https:\/\/www.tunidotenerife.com\/ro\/wp-json\/wp\/v2\/properties\/23760\/revisions"}],"wp:featuredmedia":[{"embeddable":true,"href":"https:\/\/www.tunidotenerife.com\/ro\/wp-json\/wp\/v2\/media\/23728"}],"wp:attachment":[{"href":"https:\/\/www.tunidotenerife.com\/ro\/wp-json\/wp\/v2\/media?parent=23760"}],"wp:term":[{"taxonomy":"property_type","embeddable":true,"href":"https:\/\/www.tunidotenerife.com\/ro\/wp-json\/wp\/v2\/property_type?post=23760"},{"taxonomy":"property_status","embeddable":true,"href":"https:\/\/www.tunidotenerife.com\/ro\/wp-json\/wp\/v2\/property_status?post=23760"},{"taxonomy":"property_feature","embeddable":true,"href":"https:\/\/www.tunidotenerife.com\/ro\/wp-json\/wp\/v2\/property_feature?post=23760"},{"taxonomy":"property_label","embeddable":true,"href":"https:\/\/www.tunidotenerife.com\/ro\/wp-json\/wp\/v2\/property_label?post=23760"},{"taxonomy":"property_city","embeddable":true,"href":"https:\/\/www.tunidotenerife.com\/ro\/wp-json\/wp\/v2\/property_city?post=23760"}],"curies":[{"name":"wp","href":"https:\/\/api.w.org\/{rel}","templated":true}]}}