{"id":23538,"date":"2024-05-09T15:55:47","date_gmt":"2024-05-09T14:55:47","guid":{"rendered":"https:\/\/www.tunidotenerife.com\/p\/adosado-en-venta-en-tenerife-sur-madronal-de-fanabe\/"},"modified":"2025-01-22T12:05:01","modified_gmt":"2025-01-22T12:05:01","slug":"adosado-en-venta-en-tenerife-sur-madronal-de-fanabe","status":"publish","type":"property","link":"https:\/\/www.tunidotenerife.com\/ro\/p\/adosado-en-venta-en-tenerife-sur-madronal-de-fanabe\/","title":{"rendered":"Cas\u0103 de v\u00e2nzare \u00een Tenerife Sud, Madro\u00f1al de Fa\u00f1abe"},"content":{"rendered":"<p>Descoperi\u021bi confortul \u0219i luxul \u00een casa de ora\u0219 din Oasis de Fanabe: o cas\u0103 de vis cu o multitudine de confort \u0219i spa\u021bii. Aceast\u0103 cas\u0103 de ora\u0219 cu 4 dormitoare \u0219i 4 b\u0103i este o op\u021biune ideal\u0103 pentru familii sau pentru cei c\u0103rora le place s\u0103 primeasc\u0103 oaspe\u021bi. Cu o suprafa\u021b\u0103 total\u0103 de 287 m2, spa\u021biul nu va fi niciodat\u0103 o problem\u0103.<\/p>\n<p>Garajul pentru dou\u0103 ma\u0219ini este unul dintre multele avantaje pe care le ofer\u0103 aceast\u0103 cas\u0103 de ora\u0219. Nu numai c\u0103 ofer\u0103 un spa\u021biu sigur pentru vehiculele dvs., dar adaug\u0103 un nivel suplimentar de confort \u00een via\u021ba dvs. de zi cu zi.<\/p>\n<p>Casa se distinge prin cele patru terase, care ofer\u0103 o varietate de spa\u021bii \u00een aer liber de care v\u0103 pute\u021bi bucura. Fiecare dintre aceste terase are poten\u021bialul de a deveni col\u021bul dvs. privat \u00een aer liber, un loc unde v\u0103 pute\u021bi relaxa \u0219i v\u0103 pute\u021bi bucura de priveli\u0219te, \u00een func\u021bie de loca\u021bia dvs. Lua\u021bi \u00een considerare ad\u0103ugarea de mobilier de exterior sau de plante pentru a crea o atmosfer\u0103 confortabil\u0103 \u0219i pentru a profita la maximum de aceste spa\u021bii.<\/p>\n<p>Designul interior al casei permite o mare varietate de amenaj\u0103ri. V\u0103 pute\u021bi bucura de un living spa\u021bios, o sufragerie \u0219i o buc\u0103t\u0103rie, cu spa\u021biu suplimentar pentru un birou acas\u0103 sau o camer\u0103 multimedia. Flexibilitatea spa\u021biului este una dintre principalele atrac\u021bii ale acestei case de ora\u0219 din Oasis de Fanabe.<\/p>\n<p>Pe scurt, aceast\u0103 cas\u0103 de ora\u0219 din Oasis de Fanabe este o cas\u0103 spa\u021bioas\u0103 \u0219i confortabil\u0103, plin\u0103 de caracteristici dezirabile. Un loc \u00een care luxul \u0219i confortul se \u00eembin\u0103 pentru a crea casa perfect\u0103.<\/p>\n<p>Se vinde cu mobil\u0103 \u0219i electrocasnice!<\/p>","protected":false},"excerpt":{"rendered":"<p>Descubra la comodidad y el lujo en el adosado en Oasis de Fanabe: una vivienda de ensue\u00f1o con una multitud de comodidades y espacios. Este adosado de 4 dormitorios y 4 ba\u00f1os, se presenta como una opci\u00f3n ideal para familias o para aquellos que disfrutan de recibir invitados. Con una superficie total de 287 m2, [&hellip;]<\/p>\n","protected":false},"author":5,"featured_media":23531,"parent":0,"menu_order":0,"template":"","property_type":[119],"property_status":[24],"property_feature":[178,176,174,172,171,170],"property_label":[109,180],"property_city":[62],"class_list":["post-23538","property","type-property","status-publish","has-post-thumbnail","hentry","property_type-adosado","property_status-venta","property_feature-aparcamiento-privado-cerrado","property_feature-cerca-de-centros-comerciales","property_feature-cocina-amueblada","property_feature-piscina-comunitaria","property_feature-vistas-a-la-montana","property_feature-vistas-al-oceano","property_label-exclusivo","property_label-oferta","property_city-el-madronal-de-fanabe"],"property_meta":{"rank_math_internal_links_processed":["1"],"fave_property_price":["665000"],"fave_property_price_postfix":[""],"fave_show_price_placeholder":["0"],"fave_property_price_placeholder":[""],"fave_property_price_prefix":[""],"fave_property_sec_price":[""],"fave_property_size":["209"],"fave_property_size_prefix":["m\u00b2"],"fave_property_land":["287"],"fave_property_land_postfix":["m\u00b2"],"fave_property_bedrooms":["4"],"fave_property_bathrooms":["4"],"fave_property_garage":["2"],"fave_property_garage_size":[""],"fave_virtual_tour":[""],"fave_property_year":[""],"fave_property_id":["2212"],"fave_video_url":[""],"fave_property_zip":["38679"],"additional_features":["a:1:{i:0;a:2:{s:29:\"fave_additional_feature_title\";s:0:\"\";s:29:\"fave_additional_feature_value\";s:0:\"\";}}"],"fave_additional_features_enable":["enable"],"floor_plans":[""],"fave_multi_units":[""],"fave_featured":["0"],"houzez_featured_listing_date":[""],"fave_loggedintoview":["0"],"fave_mortgage_cal":["0"],"fave_private_note":["Las fotos son de referencia, no reales. Se vende Con muebles y electrodom\u00e9sticos."],"fave_property_disclaimer":[""],"fave_payment_status":["not_paid"],"fave_agent_display_option":["agent_info"],"fave_property_map_address":["Oasis de Fa\u00f1abe 3, Costa Adeje, Espa\u00f1a"],"fave_property_address":["Oasis de Fa\u00f1abe 3, Costa Adeje, Espa\u00f1a"],"houzez_geolocation_lat":["28.0915603"],"houzez_geolocation_long":["-16.7283535"],"fave_property_location":["28.0915603,-16.7283535"],"fave_property_map":["1"],"fave_property_map_street_view":[""],"houzez_total_property_views":["23192"],"houzez_views_by_date":["a:61:{s:10:\"03-01-2026\";i:37;s:10:\"03-02-2026\";i:42;s:10:\"03-03-2026\";i:40;s:10:\"03-04-2026\";i:38;s:10:\"03-05-2026\";i:50;s:10:\"03-06-2026\";i:38;s:10:\"03-07-2026\";i:36;s:10:\"03-08-2026\";i:36;s:10:\"03-09-2026\";i:37;s:10:\"03-10-2026\";i:54;s:10:\"03-11-2026\";i:64;s:10:\"03-12-2026\";i:54;s:10:\"03-13-2026\";i:36;s:10:\"03-14-2026\";i:36;s:10:\"03-15-2026\";i:38;s:10:\"03-16-2026\";i:50;s:10:\"03-17-2026\";i:38;s:10:\"03-18-2026\";i:36;s:10:\"03-19-2026\";i:68;s:10:\"03-20-2026\";i:48;s:10:\"03-21-2026\";i:46;s:10:\"03-22-2026\";i:36;s:10:\"03-23-2026\";i:38;s:10:\"03-24-2026\";i:36;s:10:\"03-25-2026\";i:38;s:10:\"03-26-2026\";i:52;s:10:\"03-27-2026\";i:36;s:10:\"03-28-2026\";i:56;s:10:\"03-29-2026\";i:36;s:10:\"03-30-2026\";i:36;s:10:\"03-31-2026\";i:36;s:10:\"04-01-2026\";i:42;s:10:\"04-02-2026\";i:54;s:10:\"04-03-2026\";i:36;s:10:\"04-04-2026\";i:36;s:10:\"04-05-2026\";i:40;s:10:\"04-06-2026\";i:46;s:10:\"04-07-2026\";i:76;s:10:\"04-08-2026\";i:54;s:10:\"04-09-2026\";i:36;s:10:\"04-10-2026\";i:46;s:10:\"04-11-2026\";i:46;s:10:\"04-12-2026\";i:36;s:10:\"04-13-2026\";i:36;s:10:\"04-14-2026\";i:36;s:10:\"04-15-2026\";i:54;s:10:\"04-16-2026\";i:36;s:10:\"04-17-2026\";i:38;s:10:\"04-18-2026\";i:50;s:10:\"04-19-2026\";i:38;s:10:\"04-20-2026\";i:36;s:10:\"04-21-2026\";i:36;s:10:\"04-22-2026\";i:38;s:10:\"04-23-2026\";i:44;s:10:\"04-24-2026\";i:44;s:10:\"04-25-2026\";i:36;s:10:\"04-26-2026\";i:36;s:10:\"04-27-2026\";i:36;s:10:\"04-28-2026\";i:54;s:10:\"04-29-2026\";i:42;s:10:\"04-30-2026\";i:12;}"],"houzez_recently_viewed":["2026-04-30 02:33:19"],"fave_property_images":["23531","23510","23499","23501","23504","23518","23523","23525","23528","23530","23522","23535","23508","23516"],"_thumbnail_id":["23531"],"fave_agents":["150"],"_elementor_page_assets":["a:0:{}"]},"_links":{"self":[{"href":"https:\/\/www.tunidotenerife.com\/ro\/wp-json\/wp\/v2\/properties\/23538","targetHints":{"allow":["GET"]}}],"collection":[{"href":"https:\/\/www.tunidotenerife.com\/ro\/wp-json\/wp\/v2\/properties"}],"about":[{"href":"https:\/\/www.tunidotenerife.com\/ro\/wp-json\/wp\/v2\/types\/property"}],"author":[{"embeddable":true,"href":"https:\/\/www.tunidotenerife.com\/ro\/wp-json\/wp\/v2\/users\/5"}],"version-history":[{"count":0,"href":"https:\/\/www.tunidotenerife.com\/ro\/wp-json\/wp\/v2\/properties\/23538\/revisions"}],"wp:featuredmedia":[{"embeddable":true,"href":"https:\/\/www.tunidotenerife.com\/ro\/wp-json\/wp\/v2\/media\/23531"}],"wp:attachment":[{"href":"https:\/\/www.tunidotenerife.com\/ro\/wp-json\/wp\/v2\/media?parent=23538"}],"wp:term":[{"taxonomy":"property_type","embeddable":true,"href":"https:\/\/www.tunidotenerife.com\/ro\/wp-json\/wp\/v2\/property_type?post=23538"},{"taxonomy":"property_status","embeddable":true,"href":"https:\/\/www.tunidotenerife.com\/ro\/wp-json\/wp\/v2\/property_status?post=23538"},{"taxonomy":"property_feature","embeddable":true,"href":"https:\/\/www.tunidotenerife.com\/ro\/wp-json\/wp\/v2\/property_feature?post=23538"},{"taxonomy":"property_label","embeddable":true,"href":"https:\/\/www.tunidotenerife.com\/ro\/wp-json\/wp\/v2\/property_label?post=23538"},{"taxonomy":"property_city","embeddable":true,"href":"https:\/\/www.tunidotenerife.com\/ro\/wp-json\/wp\/v2\/property_city?post=23538"}],"curies":[{"name":"wp","href":"https:\/\/api.w.org\/{rel}","templated":true}]}}