{"id":23457,"date":"2024-05-06T14:03:06","date_gmt":"2024-05-06T13:03:06","guid":{"rendered":"https:\/\/www.tunidotenerife.com\/en\/p\/estudio-en-resort-con-piscina-en-playa-el-duque\/"},"modified":"2024-05-06T14:44:22","modified_gmt":"2024-05-06T13:44:22","slug":"estudio-en-resort-con-piscina-en-playa-el-duque","status":"publish","type":"property","link":"https:\/\/www.tunidotenerife.com\/ro\/p\/estudio-en-resort-con-piscina-en-playa-el-duque\/","title":{"rendered":"Garsonier\u0103 \u00een complex cu piscin\u0103 \u00een Playa El Duque"},"content":{"rendered":"<p>V\u0103 prezent\u0103m un apartament studio modern situat \u00eentr-un complex de pe malul m\u0103rii, ideal pentru cei care doresc un sejur relaxant la mare. Acest apartament, situat la etajul 4 cu lift, este proiectat pentru a oferi confort \u0219i func\u021bionalitate oaspe\u021bilor s\u0103i.<\/p>\n<p>Studioul are o buc\u0103t\u0103rie complet echipat\u0103, gata s\u0103 v\u0103 satisfac\u0103 toate nevoile culinare. Camera de zi, cu o canapea extensibil\u0103 pentru dou\u0103 persoane, este locul perfect pentru a v\u0103 relaxa dup\u0103 o zi de explorare a zonei. Zona de dormit, separat\u0103 de camera de zi, ofer\u0103 dou\u0103 paturi de o persoan\u0103 pentru a asigura o odihn\u0103 optim\u0103.<\/p>\n<p>Baia, dotat\u0103 cu du\u0219 \u0219i ma\u0219in\u0103 de sp\u0103lat, ofer\u0103 tot confortul necesar pentru un sejur lipsit de griji.<\/p>\n<p>Una dintre cele mai remarcabile caracteristici ale acestui studio este terasa sa, de pe care v\u0103 pute\u021bi bucura de priveli\u0219ti uluitoare la ocean \u0219i la gr\u0103dina cu piscin\u0103 a complexului.<\/p>\n<p>Pentru cei care au nevoie s\u0103 r\u0103m\u00e2n\u0103 conecta\u021bi, apartamentul are TV \u0219i Wi-Fi. De asemenea, chiar \u00een fa\u021ba complexului, oaspe\u021bii vor g\u0103si o parcare gratuit\u0103 pentru confortul lor.<\/p>\n<p>Nu \u00een ultimul r\u00e2nd, acest studio se afl\u0103 la doar doi pa\u0219i de cea mai bun\u0103 plaj\u0103 din sudul insulei Tenerife, El Duque.<\/p>\n<p>Pe scurt, acest studio modern ofer\u0103 tot ce ave\u021bi nevoie pentru un sejur de neuitat la mare.<\/p>\n<p>&nbsp;<\/p>\n<p><em><strong>Con\u021binutul furnizat poate fi modificat f\u0103r\u0103 notificare prealabil\u0103.<\/strong><\/em><\/p>","protected":false},"excerpt":{"rendered":"<p>Presentamos un moderno estudio situado en un complejo en primera l\u00ednea de playa, ideal para aquellos que buscan una estancia relajante junto al mar. Este apartamento, situado en la cuarta planta con ascensor, est\u00e1 dise\u00f1ado para ofrecer comodidad y funcionalidad a sus hu\u00e9spedes. El estudio cuenta con una cocina completamente equipada, lista para satisfacer todas [&hellip;]<\/p>\n","protected":false},"author":4,"featured_media":23449,"parent":0,"menu_order":0,"template":"","property_type":[41],"property_status":[23],"property_feature":[17,176,177,174,26,173,172,170],"property_label":[],"property_city":[60],"class_list":["post-23457","property","type-property","status-publish","has-post-thumbnail","hentry","property_type-estudio","property_status-alquiler-vacacional","property_feature-aire-acondicionado","property_feature-cerca-de-centros-comerciales","property_feature-cerca-de-la-playa","property_feature-cocina-amueblada","property_feature-lavadora","property_feature-piscina-climatizada","property_feature-piscina-comunitaria","property_feature-vistas-al-oceano","property_city-el-duque"],"property_meta":{"rank_math_internal_links_processed":["1"],"fave_show_price_placeholder":["1"],"fave_property_price_placeholder":["Precio a Consultar"],"fave_property_size_prefix":["m\u00b2"],"fave_property_land_postfix":["m\u00b2"],"fave_property_bathrooms":["1"],"fave_property_id":["880"],"_thumbnail_id":["23449"],"fave_property_zip":["38679"],"fave_additional_features_enable":["enable"],"fave_featured":["0"],"houzez_featured_listing_date":[""],"fave_loggedintoview":["0"],"fave_mortgage_cal":["0"],"fave_payment_status":["not_paid"],"fave_agent_display_option":["agent_info"],"fave_property_map_address":["Calle el Beril, Costa Adeje, Spain"],"fave_property_address":["Calle el Beril, Costa Adeje, Spain"],"houzez_geolocation_lat":["28.09347421626126"],"houzez_geolocation_long":["-16.746054649737548"],"fave_property_location":["28.093474216261,-16.746054649738,14"],"fave_property_map":["1"],"fave_property_map_street_view":["hide"],"houzez_total_property_views":["24152"],"houzez_views_by_date":["a:61:{s:10:\"03-01-2026\";i:48;s:10:\"03-02-2026\";i:35;s:10:\"03-03-2026\";i:39;s:10:\"03-04-2026\";i:43;s:10:\"03-05-2026\";i:49;s:10:\"03-06-2026\";i:37;s:10:\"03-07-2026\";i:36;s:10:\"03-08-2026\";i:36;s:10:\"03-09-2026\";i:36;s:10:\"03-10-2026\";i:54;s:10:\"03-11-2026\";i:68;s:10:\"03-12-2026\";i:54;s:10:\"03-13-2026\";i:37;s:10:\"03-14-2026\";i:36;s:10:\"03-15-2026\";i:44;s:10:\"03-16-2026\";i:42;s:10:\"03-17-2026\";i:40;s:10:\"03-18-2026\";i:41;s:10:\"03-19-2026\";i:68;s:10:\"03-20-2026\";i:52;s:10:\"03-21-2026\";i:44;s:10:\"03-22-2026\";i:36;s:10:\"03-23-2026\";i:38;s:10:\"03-24-2026\";i:32;s:10:\"03-25-2026\";i:37;s:10:\"03-26-2026\";i:51;s:10:\"03-27-2026\";i:37;s:10:\"03-28-2026\";i:60;s:10:\"03-29-2026\";i:36;s:10:\"03-30-2026\";i:36;s:10:\"03-31-2026\";i:36;s:10:\"04-01-2026\";i:40;s:10:\"04-02-2026\";i:54;s:10:\"04-03-2026\";i:36;s:10:\"04-04-2026\";i:36;s:10:\"04-05-2026\";i:44;s:10:\"04-06-2026\";i:42;s:10:\"04-07-2026\";i:99;s:10:\"04-08-2026\";i:54;s:10:\"04-09-2026\";i:36;s:10:\"04-10-2026\";i:46;s:10:\"04-11-2026\";i:46;s:10:\"04-12-2026\";i:36;s:10:\"04-13-2026\";i:36;s:10:\"04-14-2026\";i:36;s:10:\"04-15-2026\";i:54;s:10:\"04-16-2026\";i:36;s:10:\"04-17-2026\";i:40;s:10:\"04-18-2026\";i:48;s:10:\"04-19-2026\";i:38;s:10:\"04-20-2026\";i:36;s:10:\"04-21-2026\";i:38;s:10:\"04-22-2026\";i:38;s:10:\"04-23-2026\";i:46;s:10:\"04-24-2026\";i:42;s:10:\"04-25-2026\";i:36;s:10:\"04-26-2026\";i:36;s:10:\"04-27-2026\";i:36;s:10:\"04-28-2026\";i:52;s:10:\"04-29-2026\";i:46;s:10:\"04-30-2026\";i:46;}"],"houzez_recently_viewed":["2026-04-30 23:58:06"],"_edit_lock":["1733911034:1"],"rank_math_seo_score":["6"],"_edit_last":["1"],"fave_property_images":["23449","23448","23450","23451","23447","23456","23452","23453","23454","23455","23444","23445","23446"],"fave_agents":["156"],"fave_single_top_area":["global"],"fave_single_content_area":["global"],"fave_booking_shortcode":["[wpsbc id=\"26\" title=\"no\" legend=\"yes\" legend_position=\"top\" dropdown=\"yes\" start=\"1\" display=\"6\" language=\"auto\" month=\"0\" year=\"0\" jump=\"yes\" history=\"1\" tooltip=\"3\" weeknumbers=\"no\" highlighttoday=\"yes\"]"],"rank_math_primary_property_type":["0"],"rank_math_primary_property_status":["0"],"rank_math_primary_property_feature":["0"],"rank_math_primary_property_label":["0"],"rank_math_primary_property_city":["0"],"houzez_manual_expire":["0"],"_houzez_expiration_date_status":["saved"],"_elementor_page_assets":["a:0:{}"]},"_links":{"self":[{"href":"https:\/\/www.tunidotenerife.com\/ro\/wp-json\/wp\/v2\/properties\/23457","targetHints":{"allow":["GET"]}}],"collection":[{"href":"https:\/\/www.tunidotenerife.com\/ro\/wp-json\/wp\/v2\/properties"}],"about":[{"href":"https:\/\/www.tunidotenerife.com\/ro\/wp-json\/wp\/v2\/types\/property"}],"author":[{"embeddable":true,"href":"https:\/\/www.tunidotenerife.com\/ro\/wp-json\/wp\/v2\/users\/4"}],"version-history":[{"count":0,"href":"https:\/\/www.tunidotenerife.com\/ro\/wp-json\/wp\/v2\/properties\/23457\/revisions"}],"wp:featuredmedia":[{"embeddable":true,"href":"https:\/\/www.tunidotenerife.com\/ro\/wp-json\/wp\/v2\/media\/23449"}],"wp:attachment":[{"href":"https:\/\/www.tunidotenerife.com\/ro\/wp-json\/wp\/v2\/media?parent=23457"}],"wp:term":[{"taxonomy":"property_type","embeddable":true,"href":"https:\/\/www.tunidotenerife.com\/ro\/wp-json\/wp\/v2\/property_type?post=23457"},{"taxonomy":"property_status","embeddable":true,"href":"https:\/\/www.tunidotenerife.com\/ro\/wp-json\/wp\/v2\/property_status?post=23457"},{"taxonomy":"property_feature","embeddable":true,"href":"https:\/\/www.tunidotenerife.com\/ro\/wp-json\/wp\/v2\/property_feature?post=23457"},{"taxonomy":"property_label","embeddable":true,"href":"https:\/\/www.tunidotenerife.com\/ro\/wp-json\/wp\/v2\/property_label?post=23457"},{"taxonomy":"property_city","embeddable":true,"href":"https:\/\/www.tunidotenerife.com\/ro\/wp-json\/wp\/v2\/property_city?post=23457"}],"curies":[{"name":"wp","href":"https:\/\/api.w.org\/{rel}","templated":true}]}}