{"id":22266,"date":"2024-04-19T16:15:37","date_gmt":"2024-04-19T15:15:37","guid":{"rendered":"https:\/\/www.tunidotenerife.com\/p\/villa-en-venta-en-tenerife-sur-caldera-del-rey\/"},"modified":"2024-04-19T16:15:37","modified_gmt":"2024-04-19T15:15:37","slug":"villa-en-venta-en-tenerife-sur-caldera-del-rey","status":"publish","type":"property","link":"https:\/\/www.tunidotenerife.com\/ro\/p\/villa-en-venta-en-tenerife-sur-caldera-del-rey\/","title":{"rendered":"Vil\u0103 de v\u00e2nzare \u00een Tenerife Sud, Caldera del Rey"},"content":{"rendered":"<p>V\u0103 prezent\u0103m spre v\u00e2nzare un proiect uimitor de vile individuale \u00een zona prestigioas\u0103 din Caldera del Rey, Tenerife, o crea\u021bie a renumitului arhitect Leonardo Omar. Acest proiect unic se integreaz\u0103 \u00een st\u00e2nca natural\u0103 din jur, oferind o oaz\u0103 de lini\u0219te \u00eentr-o loca\u021bie strategic\u0103, oferind \u00een acela\u0219i timp vedere panoramic\u0103 la ocean \u0219i la gr\u0103dinile tropicale luxuriante din Siam Park.<\/p>\n<p>Acest ansamblu exclusivist este format din 10 vile independente, fiecare construit\u0103 pe trei niveluri \u0219i dotat\u0103 cu trei sau patru dormitoare. Intr\u00e2nd \u00een proprietate la nivelul str\u0103zii, exist\u0103 dou\u0103 parc\u0103ri private, acoperite de o pergol\u0103 elegant\u0103. O gr\u0103din\u0103 exterioar\u0103 duce la o zon\u0103 de gr\u0103din\u0103 interioar\u0103, luminat\u0103 de un iluminat indirect care pune \u00een valoare frumuse\u021bea pietrei naturale Tosca.<\/p>\n<p>Intrarea \u00een cas\u0103 este cu adev\u0103rat spectaculoas\u0103, cu tavane care ating cinci metri \u00een\u0103l\u021bime. Spa\u021biul interior de la acest etaj poate fi adaptat ca subsol, sal\u0103 de jocuri \u0219i\/sau sal\u0103 de gimnastic\u0103 \u0219i g\u0103zduie\u0219te sala de ma\u0219ini \u0219i un col\u021b de pivni\u021b\u0103 de vinuri, al c\u0103rui design pune \u00een eviden\u021b\u0103 piatra natural\u0103 brut\u0103.<\/p>\n<p>Etajele superioare sunt accesibile cu un lift privat \u00een fiecare vil\u0103 sau cu o scar\u0103 care leag\u0103 toate nivelurile. Primul etaj g\u0103zduie\u0219te dormitoarele cu baie proprie, dressing \u0219i acces la teras\u0103, de unde se desf\u0103\u0219oar\u0103 priveli\u0219ti asupra gr\u0103dinilor tropicale ale parcului acvatic.<\/p>\n<p>La etaj, exist\u0103 un living spa\u021bios cu o zon\u0103 de relaxare \u00een aer liber \u00een partea din spate a casei, ideal\u0103 pentru a v\u0103 bucura de serile r\u0103coroase l\u00e2ng\u0103 un \u0219emineu \u00een aer liber. La cel\u0103lalt cap\u0103t se afl\u0103 sufrageria \u0219i o buc\u0103t\u0103rie modern\u0103 complet echipat\u0103, cu c\u0103mar\u0103, sp\u0103l\u0103torie \u0219i toalet\u0103. Acest etaj se deschide c\u0103tre o teras\u0103 spa\u021bioas\u0103 cu o piscin\u0103 privat\u0103 de tip infinit, de unde v\u0103 pute\u021bi bucura de priveli\u0219tea parcului, a oceanului \u0219i a coastei de sud a insulei Tenerife, un cadru perfect pentru cele mai spectaculoase apusuri de soare de pe insul\u0103. La acela\u0219i etaj, vilele mai mari dispun de un al patrulea dormitor suplimentar, cu baie proprie \u0219i dressing.<\/p>\n<p>\u00cen plus, un al patrulea etaj este prev\u0103zut ca solariu.<\/p>\n<p>Vilele mai mici au o suprafa\u021b\u0103 construit\u0103 de aproximativ 350 m2 \u0219i un teren de aproximativ 650 m2, \u00een timp ce vilele mai mari au o suprafa\u021b\u0103 construit\u0103 de 380 m2 \u0219i un teren de aproximativ 840 m2.<\/p>\n<p>Pentru informa\u021bii mai detaliate despre acest proiect exclusivist de vil\u0103 \u00een Caldera del Rey, nu ezita\u021bi s\u0103 ne contacta\u021bi.<\/p>","protected":false},"excerpt":{"rendered":"<p>Presentamos a la venta un impresionante proyecto de villas independientes en la prestigiosa zona de Caldera del Rey, en Tenerife, una creaci\u00f3n del renombrado arquitecto Leonardo Omar. Este proyecto \u00fanico se integra con la roca natural del entorno, ofreciendo un oasis de tranquilidad en una ubicaci\u00f3n estrat\u00e9gica, a la vez que brinda vistas panor\u00e1micas al [&hellip;]<\/p>\n","protected":false},"author":2,"featured_media":22262,"parent":0,"menu_order":0,"template":"","property_type":[45],"property_status":[24],"property_feature":[17,178,176,174,31,26,169,173,42,171,170],"property_label":[179],"property_city":[67],"class_list":["post-22266","property","type-property","status-publish","has-post-thumbnail","hentry","property_type-villa","property_status-venta","property_feature-aire-acondicionado","property_feature-aparcamiento-privado-cerrado","property_feature-cerca-de-centros-comerciales","property_feature-cocina-amueblada","property_feature-ducha-exterior","property_feature-lavadora","property_feature-nueva-construccion","property_feature-piscina-climatizada","property_feature-piscina-privada","property_feature-vistas-a-la-montana","property_feature-vistas-al-oceano","property_label-luxury","property_city-san-eugenio-alto"],"property_meta":{"rank_math_internal_links_processed":["1"],"fave_property_price":["3650000"],"fave_property_price_postfix":[""],"fave_show_price_placeholder":["0"],"fave_property_price_placeholder":[""],"fave_property_price_prefix":[""],"fave_property_sec_price":[""],"fave_property_size":["380"],"fave_property_size_prefix":["m\u00b2"],"fave_property_land":["750"],"fave_property_land_postfix":["m\u00b2"],"fave_property_bedrooms":["4"],"fave_property_bathrooms":["5"],"fave_property_garage":["2"],"fave_property_garage_size":[""],"fave_virtual_tour":[""],"fave_property_year":[""],"fave_property_id":["2201"],"fave_video_url":[""],"fave_property_images":["22262","22254","22259","22251","22265","22263","22264","22252","22256","22261","22257","22258","22253","22250","22249","22260"],"_thumbnail_id":["22262"],"fave_property_zip":["38670"],"additional_features":["a:1:{i:0;a:2:{s:29:\"fave_additional_feature_title\";s:0:\"\";s:29:\"fave_additional_feature_value\";s:0:\"\";}}"],"fave_additional_features_enable":["enable"],"floor_plans":[""],"fave_multi_units":[""],"fave_featured":["0"],"houzez_featured_listing_date":[""],"fave_loggedintoview":["0"],"fave_mortgage_cal":["0"],"fave_private_note":["Siam Blue"],"fave_property_disclaimer":[""],"fave_payment_status":["not_paid"],"fave_agents":["150"],"fave_agent_display_option":["agent_info"],"fave_property_map_address":["Caldera del Rey, Costa Adeje, Espa\u00f1a"],"fave_property_address":["Caldera del Rey, Costa Adeje, Espa\u00f1a"],"houzez_geolocation_lat":["28.077061"],"houzez_geolocation_long":["-16.720907"],"fave_property_location":["28.077061,-16.720907"],"fave_property_map":["1"],"fave_property_map_street_view":["hide"],"houzez_total_property_views":["22913"],"houzez_views_by_date":["a:61:{s:10:\"02-26-2026\";i:54;s:10:\"02-27-2026\";i:36;s:10:\"02-28-2026\";i:36;s:10:\"03-01-2026\";i:40;s:10:\"03-02-2026\";i:47;s:10:\"03-03-2026\";i:36;s:10:\"03-04-2026\";i:40;s:10:\"03-05-2026\";i:50;s:10:\"03-06-2026\";i:38;s:10:\"03-07-2026\";i:36;s:10:\"03-08-2026\";i:36;s:10:\"03-09-2026\";i:36;s:10:\"03-10-2026\";i:54;s:10:\"03-11-2026\";i:58;s:10:\"03-12-2026\";i:54;s:10:\"03-13-2026\";i:38;s:10:\"03-14-2026\";i:36;s:10:\"03-15-2026\";i:36;s:10:\"03-16-2026\";i:50;s:10:\"03-17-2026\";i:38;s:10:\"03-18-2026\";i:38;s:10:\"03-19-2026\";i:70;s:10:\"03-20-2026\";i:50;s:10:\"03-21-2026\";i:42;s:10:\"03-22-2026\";i:36;s:10:\"03-23-2026\";i:37;s:10:\"03-24-2026\";i:36;s:10:\"03-25-2026\";i:36;s:10:\"03-26-2026\";i:54;s:10:\"03-27-2026\";i:36;s:10:\"03-28-2026\";i:54;s:10:\"03-29-2026\";i:36;s:10:\"03-30-2026\";i:36;s:10:\"03-31-2026\";i:36;s:10:\"04-01-2026\";i:40;s:10:\"04-02-2026\";i:54;s:10:\"04-03-2026\";i:36;s:10:\"04-04-2026\";i:36;s:10:\"04-05-2026\";i:40;s:10:\"04-06-2026\";i:50;s:10:\"04-07-2026\";i:52;s:10:\"04-08-2026\";i:54;s:10:\"04-09-2026\";i:36;s:10:\"04-10-2026\";i:42;s:10:\"04-11-2026\";i:48;s:10:\"04-12-2026\";i:36;s:10:\"04-13-2026\";i:36;s:10:\"04-14-2026\";i:36;s:10:\"04-15-2026\";i:54;s:10:\"04-16-2026\";i:36;s:10:\"04-17-2026\";i:36;s:10:\"04-18-2026\";i:54;s:10:\"04-19-2026\";i:36;s:10:\"04-20-2026\";i:36;s:10:\"04-21-2026\";i:36;s:10:\"04-22-2026\";i:36;s:10:\"04-23-2026\";i:46;s:10:\"04-24-2026\";i:44;s:10:\"04-25-2026\";i:36;s:10:\"04-26-2026\";i:36;s:10:\"04-27-2026\";i:36;}"],"houzez_recently_viewed":["2026-04-27 18:11:55"],"_elementor_page_assets":["a:0:{}"]},"_links":{"self":[{"href":"https:\/\/www.tunidotenerife.com\/ro\/wp-json\/wp\/v2\/properties\/22266","targetHints":{"allow":["GET"]}}],"collection":[{"href":"https:\/\/www.tunidotenerife.com\/ro\/wp-json\/wp\/v2\/properties"}],"about":[{"href":"https:\/\/www.tunidotenerife.com\/ro\/wp-json\/wp\/v2\/types\/property"}],"author":[{"embeddable":true,"href":"https:\/\/www.tunidotenerife.com\/ro\/wp-json\/wp\/v2\/users\/2"}],"version-history":[{"count":0,"href":"https:\/\/www.tunidotenerife.com\/ro\/wp-json\/wp\/v2\/properties\/22266\/revisions"}],"wp:featuredmedia":[{"embeddable":true,"href":"https:\/\/www.tunidotenerife.com\/ro\/wp-json\/wp\/v2\/media\/22262"}],"wp:attachment":[{"href":"https:\/\/www.tunidotenerife.com\/ro\/wp-json\/wp\/v2\/media?parent=22266"}],"wp:term":[{"taxonomy":"property_type","embeddable":true,"href":"https:\/\/www.tunidotenerife.com\/ro\/wp-json\/wp\/v2\/property_type?post=22266"},{"taxonomy":"property_status","embeddable":true,"href":"https:\/\/www.tunidotenerife.com\/ro\/wp-json\/wp\/v2\/property_status?post=22266"},{"taxonomy":"property_feature","embeddable":true,"href":"https:\/\/www.tunidotenerife.com\/ro\/wp-json\/wp\/v2\/property_feature?post=22266"},{"taxonomy":"property_label","embeddable":true,"href":"https:\/\/www.tunidotenerife.com\/ro\/wp-json\/wp\/v2\/property_label?post=22266"},{"taxonomy":"property_city","embeddable":true,"href":"https:\/\/www.tunidotenerife.com\/ro\/wp-json\/wp\/v2\/property_city?post=22266"}],"curies":[{"name":"wp","href":"https:\/\/api.w.org\/{rel}","templated":true}]}}