{"id":22069,"date":"2024-04-18T16:18:53","date_gmt":"2024-04-18T15:18:53","guid":{"rendered":"https:\/\/www.tunidotenerife.com\/p\/casa-adosada-en-roque-del-conde-costa-adeje-en-alquiler-2037\/"},"modified":"2026-04-28T13:46:46","modified_gmt":"2026-04-28T12:46:46","slug":"casa-adosada-en-roque-del-conde-costa-adeje-en-alquiler-2037","status":"publish","type":"property","link":"https:\/\/www.tunidotenerife.com\/ro\/p\/casa-adosada-en-roque-del-conde-costa-adeje-en-alquiler-2037\/","title":{"rendered":"Casa semidecomandat\u0103 de \u00eenchiriat \u00een Roque del Conde, Costa Adeje"},"content":{"rendered":"<p>V\u0103 prezent\u0103m spre \u00eenchiriere un minunat apartament duplex cu vedere la mare \u00een Costa Adeje, situat \u00een complexul reziden\u021bial Roque del Conde I. Aceast\u0103 proprietate exclusivist\u0103 cu trei niveluri se remarc\u0103 prin priveli\u0219tea sa uimitoare la mare \u0219i prin apropierea de piscina comun\u0103, la doar 3 minute de mers pe jos. Parterul [...]<\/p>\n<p>Parterul casei este format dintr-un living spa\u021bios cu o canapea extensibil\u0103 confortabil\u0103, o sal\u0103 de mese cu vedere spectaculoas\u0103 la mare, o baie \u0219i o zon\u0103 de gr\u0103tar. La primul etaj, exist\u0103 2 dormitoare \u0219i 2 b\u0103i, dintre care una privat\u0103. <\/p>\n<p>Apartamentul este dotat cu WiFi \u00een toate zonele, aer condi\u021bionat, seif, ma\u0219in\u0103 de sp\u0103lat vase \u0219i ma\u0219in\u0103 de sp\u0103lat rufe, asigur\u00e2nd confort maxim \u0219i comoditate. De asemenea, dispune de un garaj privat \u00eenchis pentru siguran\u021ba \u0219i lini\u0219tea dvs.<\/p>\n<p>Proprietatea este situat\u0103 \u00eentr-o zon\u0103 lini\u0219tit\u0103, la doar 5 minute de mers cu ma\u0219ina de centrul turistic \u0219i de plajele din Playa Las Am\u00e9ricas, ceea ce v\u0103 permite s\u0103 v\u0103 bucura\u021bi de senin\u0103tatea \u00eemprejurimilor, f\u0103r\u0103 a renun\u021ba la apropierea de principalele puncte de interes.<\/p>\n<p>Nu rata\u021bi ocazia de a \u00eenchiria aceast\u0103 cas\u0103 excep\u021bional\u0103 din Tenerife. Contacta\u021bi-ne ast\u0103zi pentru mai multe informa\u021bii.<\/p>\n<p>&nbsp;<\/p>\n<p><em><strong>Con\u021binutul furnizat poate fi modificat f\u0103r\u0103 notificare prealabil\u0103.<\/strong><\/em><\/p>","protected":false},"excerpt":{"rendered":"<p>Presentamos en alquiler un maravilloso apartamento d\u00faplex con vistas al mar en Costa Adeje, ubicado en el complejo residencial Roque del Conde I. Este exclusivo inmueble de tres niveles se destaca por su impresionante vista al mar y su cercan\u00eda a la piscina comunitaria, a tan solo 3 minutos a pie. La planta baja de [&hellip;]<\/p>\n","protected":false},"author":4,"featured_media":22066,"parent":0,"menu_order":0,"template":"","property_type":[163],"property_status":[23],"property_feature":[17,178,19,176,174,26,172,171,170],"property_label":[],"property_city":[59],"class_list":["post-22069","property","type-property","status-publish","has-post-thumbnail","hentry","property_type-duplex","property_status-alquiler-vacacional","property_feature-aire-acondicionado","property_feature-aparcamiento-privado-cerrado","property_feature-barbacoa","property_feature-cerca-de-centros-comerciales","property_feature-cocina-amueblada","property_feature-lavadora","property_feature-piscina-comunitaria","property_feature-vistas-a-la-montana","property_feature-vistas-al-oceano","property_city-roque-del-conde"],"property_meta":{"rank_math_internal_links_processed":["1"],"fave_show_price_placeholder":["1"],"fave_property_price_placeholder":["Precio a Consultar"],"fave_property_size":["160"],"fave_property_size_prefix":["m\u00b2"],"fave_property_land_postfix":["m\u00b2"],"fave_property_bedrooms":["2"],"fave_property_bathrooms":["3"],"fave_property_id":["2037"],"fave_property_zip":["38660"],"additional_features":["a:10:{i:0;a:2:{s:29:\"fave_additional_feature_title\";s:13:\"Hermosa vista\";s:29:\"fave_additional_feature_value\";s:0:\"\";}i:1;a:2:{s:29:\"fave_additional_feature_title\";s:23:\"Completamente amueblado\";s:29:\"fave_additional_feature_value\";s:0:\"\";}i:2;a:2:{s:29:\"fave_additional_feature_title\";s:18:\"Secador de toallas\";s:29:\"fave_additional_feature_value\";s:0:\"\";}i:3;a:2:{s:29:\"fave_additional_feature_title\";s:23:\"Juego de cama y vajilla\";s:29:\"fave_additional_feature_value\";s:0:\"\";}i:4;a:2:{s:29:\"fave_additional_feature_title\";s:10:\"Lavaplatos\";s:29:\"fave_additional_feature_value\";s:0:\"\";}i:5;a:2:{s:29:\"fave_additional_feature_title\";s:5:\"Wi-Fi\";s:29:\"fave_additional_feature_value\";s:0:\"\";}i:6;a:2:{s:29:\"fave_additional_feature_title\";s:10:\"Microondas\";s:29:\"fave_additional_feature_value\";s:0:\"\";}i:7;a:2:{s:29:\"fave_additional_feature_title\";s:11:\"BBQ \/ Grill\";s:29:\"fave_additional_feature_value\";s:0:\"\";}i:8;a:2:{s:29:\"fave_additional_feature_title\";s:10:\"Sof\u00e1 cama\";s:29:\"fave_additional_feature_value\";s:0:\"\";}i:9;a:2:{s:29:\"fave_additional_feature_title\";s:7:\"Terraza\";s:29:\"fave_additional_feature_value\";s:0:\"\";}}"],"fave_additional_features_enable":["enable"],"fave_featured":["0"],"houzez_featured_listing_date":[""],"fave_loggedintoview":["0"],"fave_mortgage_cal":["0"],"fave_payment_status":["not_paid"],"fave_agent_display_option":["agent_info"],"fave_property_map_address":["Calle Galicia, 18, 38660 Costa Adeje, Espa\u00f1a"],"fave_property_address":["Calle Galicia, 18, 38660 Costa Adeje, Espa\u00f1a"],"houzez_geolocation_lat":["28.0906395"],"houzez_geolocation_long":["-16.7217201"],"fave_property_location":["28.0906395,-16.7217201"],"fave_property_map":["1"],"fave_property_map_street_view":[null],"houzez_total_property_views":["24164"],"houzez_views_by_date":["a:61:{s:10:\"03-04-2026\";i:43;s:10:\"03-05-2026\";i:60;s:10:\"03-06-2026\";i:41;s:10:\"03-07-2026\";i:36;s:10:\"03-08-2026\";i:36;s:10:\"03-09-2026\";i:36;s:10:\"03-10-2026\";i:59;s:10:\"03-11-2026\";i:72;s:10:\"03-12-2026\";i:61;s:10:\"03-13-2026\";i:37;s:10:\"03-14-2026\";i:37;s:10:\"03-15-2026\";i:42;s:10:\"03-16-2026\";i:46;s:10:\"03-17-2026\";i:40;s:10:\"03-18-2026\";i:36;s:10:\"03-19-2026\";i:71;s:10:\"03-20-2026\";i:52;s:10:\"03-21-2026\";i:42;s:10:\"03-22-2026\";i:36;s:10:\"03-23-2026\";i:40;s:10:\"03-24-2026\";i:33;s:10:\"03-25-2026\";i:39;s:10:\"03-26-2026\";i:54;s:10:\"03-27-2026\";i:37;s:10:\"03-28-2026\";i:58;s:10:\"03-29-2026\";i:36;s:10:\"03-30-2026\";i:36;s:10:\"03-31-2026\";i:36;s:10:\"04-01-2026\";i:38;s:10:\"04-02-2026\";i:54;s:10:\"04-03-2026\";i:39;s:10:\"04-04-2026\";i:38;s:10:\"04-05-2026\";i:42;s:10:\"04-06-2026\";i:46;s:10:\"04-07-2026\";i:98;s:10:\"04-08-2026\";i:52;s:10:\"04-09-2026\";i:38;s:10:\"04-10-2026\";i:48;s:10:\"04-11-2026\";i:46;s:10:\"04-12-2026\";i:36;s:10:\"04-13-2026\";i:40;s:10:\"04-14-2026\";i:36;s:10:\"04-15-2026\";i:56;s:10:\"04-16-2026\";i:36;s:10:\"04-17-2026\";i:42;s:10:\"04-18-2026\";i:46;s:10:\"04-19-2026\";i:38;s:10:\"04-20-2026\";i:37;s:10:\"04-21-2026\";i:38;s:10:\"04-22-2026\";i:40;s:10:\"04-23-2026\";i:46;s:10:\"04-24-2026\";i:42;s:10:\"04-25-2026\";i:41;s:10:\"04-26-2026\";i:36;s:10:\"04-27-2026\";i:41;s:10:\"04-28-2026\";i:62;s:10:\"04-29-2026\";i:44;s:10:\"04-30-2026\";i:49;s:10:\"05-01-2026\";i:36;s:10:\"05-02-2026\";i:37;s:10:\"05-03-2026\";i:18;}"],"houzez_recently_viewed":["2026-05-03 07:31:50"],"_edit_last":["1"],"_edit_lock":["1733911078:1"],"rank_math_seo_score":["6"],"fave_single_top_area":["global"],"fave_single_content_area":["global"],"fave_booking_shortcode":["[wpsbc id=\"13\" title=\"no\" legend=\"yes\" legend_position=\"top\" dropdown=\"yes\" start=\"1\" display=\"6\" language=\"auto\" month=\"0\" year=\"0\" jump=\"yes\" history=\"1\" tooltip=\"3\" weeknumbers=\"no\" highlighttoday=\"yes\"]"],"rank_math_primary_property_type":["0"],"rank_math_primary_property_status":["0"],"rank_math_primary_property_feature":["0"],"rank_math_primary_property_label":["0"],"rank_math_primary_property_city":["0"],"houzez_manual_expire":["0"],"_houzez_expiration_date_status":["saved"],"fave_property_price":[""],"fave_property_price_postfix":[""],"fave_property_price_prefix":[""],"fave_property_sec_price":[""],"fave_property_land":[""],"fave_property_garage":[""],"fave_property_garage_size":[""],"fave_virtual_tour":[""],"fave_property_year":[""],"fave_video_url":[""],"floor_plans":[""],"fave_multi_units":[""],"fave_private_note":[""],"fave_property_images":["22066","22040","22025","22009","22010","22011","22012","22013","22019","22020","22021","22022","22023","22024","22026","22027","22028","22029","22031","22030","25169","25170","25171","25172","22016","22015","22017","22018","22032","22033","22034","22035","22036","22037","22038","22039","22041","22042","22043","22044","25174","22045","22046","22050","22051","22052","22061","22062","22063","22064","22065","22067","22068","22014"],"_thumbnail_id":["22066"],"fave_agents":["156"],"_elementor_page_assets":["a:0:{}"]},"_links":{"self":[{"href":"https:\/\/www.tunidotenerife.com\/ro\/wp-json\/wp\/v2\/properties\/22069","targetHints":{"allow":["GET"]}}],"collection":[{"href":"https:\/\/www.tunidotenerife.com\/ro\/wp-json\/wp\/v2\/properties"}],"about":[{"href":"https:\/\/www.tunidotenerife.com\/ro\/wp-json\/wp\/v2\/types\/property"}],"author":[{"embeddable":true,"href":"https:\/\/www.tunidotenerife.com\/ro\/wp-json\/wp\/v2\/users\/4"}],"version-history":[{"count":1,"href":"https:\/\/www.tunidotenerife.com\/ro\/wp-json\/wp\/v2\/properties\/22069\/revisions"}],"predecessor-version":[{"id":29536,"href":"https:\/\/www.tunidotenerife.com\/ro\/wp-json\/wp\/v2\/properties\/22069\/revisions\/29536"}],"wp:featuredmedia":[{"embeddable":true,"href":"https:\/\/www.tunidotenerife.com\/ro\/wp-json\/wp\/v2\/media\/22066"}],"wp:attachment":[{"href":"https:\/\/www.tunidotenerife.com\/ro\/wp-json\/wp\/v2\/media?parent=22069"}],"wp:term":[{"taxonomy":"property_type","embeddable":true,"href":"https:\/\/www.tunidotenerife.com\/ro\/wp-json\/wp\/v2\/property_type?post=22069"},{"taxonomy":"property_status","embeddable":true,"href":"https:\/\/www.tunidotenerife.com\/ro\/wp-json\/wp\/v2\/property_status?post=22069"},{"taxonomy":"property_feature","embeddable":true,"href":"https:\/\/www.tunidotenerife.com\/ro\/wp-json\/wp\/v2\/property_feature?post=22069"},{"taxonomy":"property_label","embeddable":true,"href":"https:\/\/www.tunidotenerife.com\/ro\/wp-json\/wp\/v2\/property_label?post=22069"},{"taxonomy":"property_city","embeddable":true,"href":"https:\/\/www.tunidotenerife.com\/ro\/wp-json\/wp\/v2\/property_city?post=22069"}],"curies":[{"name":"wp","href":"https:\/\/api.w.org\/{rel}","templated":true}]}}