{"id":21984,"date":"2024-04-18T15:47:52","date_gmt":"2024-04-18T14:47:52","guid":{"rendered":"https:\/\/www.tunidotenerife.com\/p\/apartamento-en-venta-en-tenerife-sur-madronal-de-fanabe\/"},"modified":"2025-05-28T11:12:09","modified_gmt":"2025-05-28T10:12:09","slug":"apartamento-en-venta-en-tenerife-sur-madronal-de-fanabe","status":"publish","type":"property","link":"https:\/\/www.tunidotenerife.com\/ro\/p\/apartamento-en-venta-en-tenerife-sur-madronal-de-fanabe\/","title":{"rendered":"Apartamente de v\u00e2nzare \u00een Tenerife South, Madro\u00f1al de Fa\u00f1abe"},"content":{"rendered":"<p>La Tu Nido, avem pl\u0103cerea de a v\u0103 prezenta o oportunitate unic\u0103 de investi\u021bie imobiliar\u0103 \u00een prestigioasa zon\u0103 Madro\u00f1al de Fa\u00f1abe, \u00een sudul insulei Tenerife. La doar 800 de metri de plaj\u0103, acest proiect imobiliar spectaculos este situat \u00eentr-o loca\u021bie imbatabil\u0103, oferind un stil de via\u021b\u0103 de lux \u0219i lini\u0219te.<\/p>\n<p>Acest complex reziden\u021bial exclusivist este alc\u0103tuit din mai multe etaje: un parter, dou\u0103 mezanine \u0219i un etaj superior, unde se afl\u0103 r\u00e2vnitele penthouse-uri. Apartamentele din Madro\u00f1al de Fa\u00f1abe se remarc\u0103 prin designul lor sofisticat \u0219i func\u021bional, cu op\u021biuni de 2 \u0219i 3 dormitoare \u0219i 2 b\u0103i proprii. Fiecare apartament are un living mare \u0219i o buc\u0103t\u0103rie spa\u021bioas\u0103, complet echipat\u0103 \u0219i mobilat\u0103 cu aparate \u0219i materiale de \u00eenalt\u0103 calitate, garant\u00e2nd confort \u0219i stil maxim.<\/p>\n<p>Propriet\u0103\u021bile beneficiaz\u0103 de terase spa\u021bioase, de unde v\u0103 pute\u021bi bucura de priveli\u0219ti uluitoare la parc \u0219i\/sau la ocean, oferind spa\u021biul perfect pentru a v\u0103 relaxa \u0219i a v\u0103 bucura de climatul \u00eensorit din Tenerife.<\/p>\n<p>Complexul ofer\u0103, de asemenea, mai multe zone comune cu gr\u0103dini \u0219i o piscin\u0103 comun\u0103 cu ap\u0103 \u00eenc\u0103lzit\u0103, cre\u00e2nd o atmosfer\u0103 de sta\u021biune de lux pentru reziden\u021bi.<\/p>\n<p>Nu rata\u021bi ocazia de a achizi\u021biona una dintre ultimele propriet\u0103\u021bi disponibile \u00een acest proiect reziden\u021bial exclusivist din Madro\u00f1al de Fa\u00f1abe. Pentru mai multe informa\u021bii, v\u0103 rug\u0103m s\u0103 nu ezita\u021bi s\u0103 ne contacta\u021bi. La Tu Nido, ne angaj\u0103m s\u0103 v\u0103 ajut\u0103m s\u0103 g\u0103si\u021bi casa visurilor dumneavoastr\u0103 \u00een Tenerife.<\/p>","protected":false},"excerpt":{"rendered":"<p>En Tu Nido, nos complace presentarles una oportunidad \u00fanica de inversi\u00f3n inmobiliaria en la prestigiosa zona de Madro\u00f1al de Fa\u00f1abe, en el sur de Tenerife. A tan solo 800 metros de la playa, este espectacular proyecto de viviendas se sit\u00faa en una ubicaci\u00f3n inmejorable, ofreciendo un estilo de vida de lujo y tranquilidad. Este exclusivo [&hellip;]<\/p>\n","protected":false},"author":2,"featured_media":21956,"parent":0,"menu_order":0,"template":"","property_type":[49],"property_status":[24],"property_feature":[17,176,174,169,173,172,171,170],"property_label":[179],"property_city":[62],"class_list":["post-21984","property","type-property","status-publish","has-post-thumbnail","hentry","property_type-apartamento","property_status-venta","property_feature-aire-acondicionado","property_feature-cerca-de-centros-comerciales","property_feature-cocina-amueblada","property_feature-nueva-construccion","property_feature-piscina-climatizada","property_feature-piscina-comunitaria","property_feature-vistas-a-la-montana","property_feature-vistas-al-oceano","property_label-luxury","property_city-el-madronal-de-fanabe"],"property_meta":{"rank_math_internal_links_processed":["1"],"fave_property_price":["580000"],"fave_property_price_postfix":[""],"fave_show_price_placeholder":["0"],"fave_property_price_placeholder":[""],"fave_property_price_prefix":["Desde"],"fave_property_sec_price":[""],"fave_property_size":["120"],"fave_property_size_prefix":["m\u00b2"],"fave_property_land":["140"],"fave_property_land_postfix":["m\u00b2"],"fave_property_bedrooms":["2"],"fave_property_bathrooms":["2"],"fave_property_garage":["1"],"fave_property_garage_size":[""],"fave_virtual_tour":[""],"fave_property_year":[""],"fave_property_id":["2173"],"fave_video_url":[""],"fave_property_zip":[""],"additional_features":["a:1:{i:0;a:2:{s:29:\"fave_additional_feature_title\";s:0:\"\";s:29:\"fave_additional_feature_value\";s:0:\"\";}}"],"fave_additional_features_enable":["enable"],"floor_plans":[""],"fave_multi_units":[""],"fave_featured":["0"],"houzez_featured_listing_date":[""],"fave_loggedintoview":["0"],"fave_mortgage_cal":["0"],"fave_private_note":[""],"fave_property_disclaimer":[""],"fave_payment_status":["not_paid"],"fave_agent_display_option":["agent_info"],"fave_property_map_address":["Calle Beirut, Costa Adeje, Espa\u00f1a"],"fave_property_address":["Calle Beirut, Costa Adeje, Espa\u00f1a"],"houzez_geolocation_lat":["28.0914635"],"houzez_geolocation_long":["-16.7281504"],"fave_property_location":["28.0914635,-16.7281504"],"fave_property_map":["1"],"fave_property_map_street_view":[""],"houzez_total_property_views":["22668"],"houzez_views_by_date":["a:61:{s:10:\"02-28-2026\";i:36;s:10:\"03-01-2026\";i:44;s:10:\"03-02-2026\";i:44;s:10:\"03-03-2026\";i:35;s:10:\"03-04-2026\";i:38;s:10:\"03-05-2026\";i:50;s:10:\"03-06-2026\";i:38;s:10:\"03-07-2026\";i:36;s:10:\"03-08-2026\";i:36;s:10:\"03-09-2026\";i:36;s:10:\"03-10-2026\";i:54;s:10:\"03-11-2026\";i:66;s:10:\"03-12-2026\";i:54;s:10:\"03-13-2026\";i:36;s:10:\"03-14-2026\";i:36;s:10:\"03-15-2026\";i:44;s:10:\"03-16-2026\";i:46;s:10:\"03-17-2026\";i:36;s:10:\"03-18-2026\";i:40;s:10:\"03-19-2026\";i:70;s:10:\"03-20-2026\";i:46;s:10:\"03-21-2026\";i:46;s:10:\"03-22-2026\";i:36;s:10:\"03-23-2026\";i:38;s:10:\"03-24-2026\";i:36;s:10:\"03-25-2026\";i:38;s:10:\"03-26-2026\";i:52;s:10:\"03-27-2026\";i:36;s:10:\"03-28-2026\";i:56;s:10:\"03-29-2026\";i:36;s:10:\"03-30-2026\";i:36;s:10:\"03-31-2026\";i:36;s:10:\"04-01-2026\";i:46;s:10:\"04-02-2026\";i:54;s:10:\"04-03-2026\";i:36;s:10:\"04-04-2026\";i:36;s:10:\"04-05-2026\";i:43;s:10:\"04-06-2026\";i:47;s:10:\"04-07-2026\";i:83;s:10:\"04-08-2026\";i:54;s:10:\"04-09-2026\";i:36;s:10:\"04-10-2026\";i:42;s:10:\"04-11-2026\";i:48;s:10:\"04-12-2026\";i:36;s:10:\"04-13-2026\";i:36;s:10:\"04-14-2026\";i:36;s:10:\"04-15-2026\";i:54;s:10:\"04-16-2026\";i:36;s:10:\"04-17-2026\";i:40;s:10:\"04-18-2026\";i:50;s:10:\"04-19-2026\";i:36;s:10:\"04-20-2026\";i:36;s:10:\"04-21-2026\";i:36;s:10:\"04-22-2026\";i:38;s:10:\"04-23-2026\";i:45;s:10:\"04-24-2026\";i:43;s:10:\"04-25-2026\";i:36;s:10:\"04-26-2026\";i:36;s:10:\"04-27-2026\";i:36;s:10:\"04-28-2026\";i:54;s:10:\"04-29-2026\";i:2;}"],"houzez_recently_viewed":["2026-04-29 02:15:54"],"fave_property_images":["21956","21957","21960","21955","21950","21962","21961","21951","21952","21954","21949","21958","21964","21965","21963","21959"],"_thumbnail_id":["21956"],"fave_agents":["150"],"_elementor_page_assets":["a:0:{}"]},"_links":{"self":[{"href":"https:\/\/www.tunidotenerife.com\/ro\/wp-json\/wp\/v2\/properties\/21984","targetHints":{"allow":["GET"]}}],"collection":[{"href":"https:\/\/www.tunidotenerife.com\/ro\/wp-json\/wp\/v2\/properties"}],"about":[{"href":"https:\/\/www.tunidotenerife.com\/ro\/wp-json\/wp\/v2\/types\/property"}],"author":[{"embeddable":true,"href":"https:\/\/www.tunidotenerife.com\/ro\/wp-json\/wp\/v2\/users\/2"}],"version-history":[{"count":0,"href":"https:\/\/www.tunidotenerife.com\/ro\/wp-json\/wp\/v2\/properties\/21984\/revisions"}],"wp:featuredmedia":[{"embeddable":true,"href":"https:\/\/www.tunidotenerife.com\/ro\/wp-json\/wp\/v2\/media\/21956"}],"wp:attachment":[{"href":"https:\/\/www.tunidotenerife.com\/ro\/wp-json\/wp\/v2\/media?parent=21984"}],"wp:term":[{"taxonomy":"property_type","embeddable":true,"href":"https:\/\/www.tunidotenerife.com\/ro\/wp-json\/wp\/v2\/property_type?post=21984"},{"taxonomy":"property_status","embeddable":true,"href":"https:\/\/www.tunidotenerife.com\/ro\/wp-json\/wp\/v2\/property_status?post=21984"},{"taxonomy":"property_feature","embeddable":true,"href":"https:\/\/www.tunidotenerife.com\/ro\/wp-json\/wp\/v2\/property_feature?post=21984"},{"taxonomy":"property_label","embeddable":true,"href":"https:\/\/www.tunidotenerife.com\/ro\/wp-json\/wp\/v2\/property_label?post=21984"},{"taxonomy":"property_city","embeddable":true,"href":"https:\/\/www.tunidotenerife.com\/ro\/wp-json\/wp\/v2\/property_city?post=21984"}],"curies":[{"name":"wp","href":"https:\/\/api.w.org\/{rel}","templated":true}]}}