{"id":21920,"date":"2024-04-18T15:17:18","date_gmt":"2024-04-18T14:17:18","guid":{"rendered":"https:\/\/www.tunidotenerife.com\/p\/villa-en-tenerife-en-alquiler-898\/"},"modified":"2025-07-29T13:44:40","modified_gmt":"2025-07-29T12:44:40","slug":"villa-en-tenerife-en-alquiler-898","status":"publish","type":"property","link":"https:\/\/www.tunidotenerife.com\/ro\/p\/villa-en-tenerife-en-alquiler-898\/","title":{"rendered":"Vil\u0103 de \u00eenchiriat \u00een Tenerife Sud, Costa Adeje"},"content":{"rendered":"<p>Situat\u0103 \u00een prestigiosul Madro\u00f1al de Fa\u00f1abe, \u00een Costa Adeje, se afl\u0103 aceast\u0103 vil\u0103 uimitoare cu trei dormitoare \u0219i piscin\u0103 privat\u0103. Amplasarea sa excep\u021bional\u0103 v\u0103 permite s\u0103 ajunge\u021bi la plaj\u0103 \u00een doar 5 minute cu ma\u0219ina \u0219i \u00een 2 minute la centrul comercial Gran Sur, clubul de tenis, Aqua Spa, restaurante \u0219i o varietate de alte facilit\u0103\u021bi.<\/p>\n<p>La intrarea \u00een vil\u0103, ve\u021bi g\u0103si un living spa\u021bios \u0219i luminos la parter. Adiacent acesteia se afl\u0103 o buc\u0103t\u0103rie independent\u0103, complet echipat\u0103 cu electrocasnice \u0219i cu tot ce ave\u021bi nevoie pentru confortul dumneavoastr\u0103. La acela\u0219i nivel, ve\u021bi g\u0103si, de asemenea, o baie cu du\u0219 \u0219i un dormitor dublu, oferind un spa\u021biu practic \u0219i confortabil.<\/p>\n<p>La etaj, la primul etaj, exist\u0103 dou\u0103 dormitoare duble suplimentare \u0219i o alt\u0103 baie cu du\u0219, oferind un spa\u021biu amplu pentru cazare.<\/p>\n<p>Exteriorul vilei este la fel de impresionant. Cu o zon\u0103 de living \u00een aer liber, o zon\u0103 de luat masa acoperit\u0103, o piscin\u0103 privat\u0103 \u00eenc\u0103lzit\u0103, \u00eenconjurat\u0103 de \u0219ezlonguri \u0219i o parcare, acest spa\u021biu exterior este perfect pentru a v\u0103 bucura de clima \u00eensorit\u0103 din Tenerife. De la vil\u0103, v\u0103 pute\u021bi bucura de vederi panoramice ale oceanului \u0219i mun\u021bilor, oferind un fundal uimitor pentru zilele de relaxare.<\/p>\n<p>De asemenea, vila este dotat\u0103 cu TV, WI-FI \u0219i aer condi\u021bionat, asigur\u00e2ndu-v\u0103 confortul pe tot parcursul \u0219ederii.<\/p>\n<p>Aceast\u0103 proprietate din Tenerife ar putea fi urm\u0103toarea dvs. escapad\u0103 de \u00eenchiriat. Nu ezita\u021bi s\u0103 ne contacta\u021bi ast\u0103zi pentru mai multe informa\u021bii.<\/p>\n<p>&nbsp;<\/p>\n<p><em><strong>Datele de mai sus sunt doar orientative \u0219i pot face obiectul unor erori sau omisiuni involuntare.<\/strong><\/em><\/p>","protected":false},"excerpt":{"rendered":"<p>Ubicada en el prestigioso Madro\u00f1al de Fa\u00f1abe, en Costa Adeje, se encuentra esta impresionante villa de tres dormitorios con piscina privada. Su excepcional ubicaci\u00f3n permite llegar en tan solo 5 minutos en coche a la playa y en 2 minutos al centro comercial Gran Sur, Tennis Club, Aqua Spa, restaurantes y una variedad de otras [&hellip;]<\/p>\n","protected":false},"author":4,"featured_media":23772,"parent":0,"menu_order":0,"template":"","property_type":[45],"property_status":[23],"property_feature":[17,19,176,174,31,26,173,42,171,170],"property_label":[],"property_city":[62],"class_list":["post-21920","property","type-property","status-publish","has-post-thumbnail","hentry","property_type-villa","property_status-alquiler-vacacional","property_feature-aire-acondicionado","property_feature-barbacoa","property_feature-cerca-de-centros-comerciales","property_feature-cocina-amueblada","property_feature-ducha-exterior","property_feature-lavadora","property_feature-piscina-climatizada","property_feature-piscina-privada","property_feature-vistas-a-la-montana","property_feature-vistas-al-oceano","property_city-el-madronal-de-fanabe"],"property_meta":{"rank_math_internal_links_processed":["1"],"fave_show_price_placeholder":["1"],"fave_property_price_placeholder":["Precio a Consultar"],"fave_property_size":["180"],"fave_property_size_prefix":["m\u00b2"],"fave_property_land_postfix":["m\u00b2"],"fave_property_bedrooms":["3"],"fave_property_bathrooms":["2"],"fave_property_id":["898"],"fave_property_zip":["38660"],"additional_features":["a:5:{i:0;a:2:{s:29:\"fave_additional_feature_title\";s:23:\"Juego de cama y vajilla\";s:29:\"fave_additional_feature_value\";s:0:\"\";}i:1;a:2:{s:29:\"fave_additional_feature_title\";s:7:\"Terraza\";s:29:\"fave_additional_feature_value\";s:0:\"\";}i:2;a:2:{s:29:\"fave_additional_feature_title\";s:10:\"Microondas\";s:29:\"fave_additional_feature_value\";s:0:\"\";}i:3;a:2:{s:29:\"fave_additional_feature_title\";s:5:\"Horno\";s:29:\"fave_additional_feature_value\";s:0:\"\";}i:4;a:2:{s:29:\"fave_additional_feature_title\";s:25:\"Cerca del parque acuatico\";s:29:\"fave_additional_feature_value\";s:0:\"\";}}"],"fave_additional_features_enable":["enable"],"fave_featured":["0"],"houzez_featured_listing_date":[""],"fave_loggedintoview":["0"],"fave_mortgage_cal":["0"],"fave_payment_status":["not_paid"],"fave_agent_display_option":["agent_info"],"fave_property_map_address":["Calle Atenas, 15, Costa Adeje, Espa\u00f1a"],"fave_property_address":["Calle Atenas, 15, Costa Adeje, Espa\u00f1a"],"houzez_geolocation_lat":["28.0905382"],"houzez_geolocation_long":["-16.7260093"],"fave_property_location":["28.0905382,-16.7260093"],"fave_property_map":["1"],"fave_property_map_street_view":[null],"houzez_total_property_views":["24130"],"houzez_views_by_date":["a:61:{s:10:\"02-28-2026\";i:36;s:10:\"03-01-2026\";i:38;s:10:\"03-02-2026\";i:35;s:10:\"03-03-2026\";i:48;s:10:\"03-04-2026\";i:39;s:10:\"03-05-2026\";i:36;s:10:\"03-06-2026\";i:42;s:10:\"03-07-2026\";i:48;s:10:\"03-08-2026\";i:36;s:10:\"03-09-2026\";i:37;s:10:\"03-10-2026\";i:48;s:10:\"03-11-2026\";i:37;s:10:\"03-12-2026\";i:42;s:10:\"03-13-2026\";i:38;s:10:\"03-14-2026\";i:36;s:10:\"03-15-2026\";i:36;s:10:\"03-16-2026\";i:36;s:10:\"03-17-2026\";i:42;s:10:\"03-18-2026\";i:48;s:10:\"03-19-2026\";i:37;s:10:\"03-20-2026\";i:36;s:10:\"03-21-2026\";i:38;s:10:\"03-22-2026\";i:50;s:10:\"03-23-2026\";i:38;s:10:\"03-24-2026\";i:36;s:10:\"03-25-2026\";i:36;s:10:\"03-26-2026\";i:55;s:10:\"03-27-2026\";i:37;s:10:\"03-28-2026\";i:38;s:10:\"03-29-2026\";i:53;s:10:\"03-30-2026\";i:36;s:10:\"03-31-2026\";i:36;s:10:\"04-01-2026\";i:42;s:10:\"04-02-2026\";i:37;s:10:\"04-03-2026\";i:36;s:10:\"04-04-2026\";i:37;s:10:\"04-05-2026\";i:36;s:10:\"04-06-2026\";i:36;s:10:\"04-07-2026\";i:36;s:10:\"04-08-2026\";i:39;s:10:\"04-09-2026\";i:36;s:10:\"04-10-2026\";i:38;s:10:\"04-11-2026\";i:36;s:10:\"04-12-2026\";i:48;s:10:\"04-13-2026\";i:43;s:10:\"04-14-2026\";i:36;s:10:\"04-15-2026\";i:54;s:10:\"04-16-2026\";i:36;s:10:\"04-17-2026\";i:37;s:10:\"04-18-2026\";i:37;s:10:\"04-19-2026\";i:43;s:10:\"04-20-2026\";i:46;s:10:\"04-21-2026\";i:39;s:10:\"04-22-2026\";i:36;s:10:\"04-23-2026\";i:36;s:10:\"04-24-2026\";i:38;s:10:\"04-25-2026\";i:50;s:10:\"04-26-2026\";i:39;s:10:\"04-27-2026\";i:36;s:10:\"04-28-2026\";i:38;s:10:\"04-29-2026\";i:14;}"],"houzez_recently_viewed":["2026-04-29 06:04:35"],"_edit_last":["1"],"_edit_lock":["1753792923:1"],"rank_math_seo_score":["9"],"fave_single_top_area":["global"],"fave_single_content_area":["global"],"fave_booking_shortcode":["[wpsbc id=\"8\" title=\"no\" legend=\"yes\" legend_position=\"top\" dropdown=\"yes\" start=\"1\" display=\"6\" language=\"auto\" month=\"0\" year=\"0\" jump=\"yes\" history=\"1\" tooltip=\"3\" weeknumbers=\"no\" highlighttoday=\"yes\"]"],"rank_math_primary_property_type":["0"],"rank_math_primary_property_status":["0"],"rank_math_primary_property_feature":["0"],"rank_math_primary_property_label":["0"],"rank_math_primary_property_city":["0"],"houzez_manual_expire":["0"],"_houzez_expiration_date_status":["saved"],"_pys_head_footer":["a:7:{s:14:\"disable_global\";b:0;s:8:\"head_any\";s:0:\"\";s:12:\"head_desktop\";s:0:\"\";s:11:\"head_mobile\";s:0:\"\";s:10:\"footer_any\";s:0:\"\";s:14:\"footer_desktop\";s:0:\"\";s:13:\"footer_mobile\";s:0:\"\";}"],"fave_property_land":[""],"fave_property_garage":[""],"fave_property_garage_size":[""],"fave_property_year":[""],"fave_property_price":[""],"fave_property_price_prefix":[""],"fave_property_price_postfix":[""],"fave_property_sec_price":[""],"floor_plans":[""],"fave_multi_units":[""],"fave_virtual_tour":[""],"fave_video_url":[""],"fave_property_images":["23772","23773","23774","23775","23771","23776","23777","23778","23779","23792","23797","23798","23799","23800","27663","27665","27666","27668","27667","27664","27646","27647","27648","27649","27650","27651","27652","27654","27655","27656","27657","27658","27659","27660","27653","27661","23804","27662"],"_thumbnail_id":["23772"],"fave_private_note":[""],"fave_agents":["156"],"_elementor_page_assets":["a:0:{}"]},"_links":{"self":[{"href":"https:\/\/www.tunidotenerife.com\/ro\/wp-json\/wp\/v2\/properties\/21920","targetHints":{"allow":["GET"]}}],"collection":[{"href":"https:\/\/www.tunidotenerife.com\/ro\/wp-json\/wp\/v2\/properties"}],"about":[{"href":"https:\/\/www.tunidotenerife.com\/ro\/wp-json\/wp\/v2\/types\/property"}],"author":[{"embeddable":true,"href":"https:\/\/www.tunidotenerife.com\/ro\/wp-json\/wp\/v2\/users\/4"}],"version-history":[{"count":0,"href":"https:\/\/www.tunidotenerife.com\/ro\/wp-json\/wp\/v2\/properties\/21920\/revisions"}],"wp:featuredmedia":[{"embeddable":true,"href":"https:\/\/www.tunidotenerife.com\/ro\/wp-json\/wp\/v2\/media\/23772"}],"wp:attachment":[{"href":"https:\/\/www.tunidotenerife.com\/ro\/wp-json\/wp\/v2\/media?parent=21920"}],"wp:term":[{"taxonomy":"property_type","embeddable":true,"href":"https:\/\/www.tunidotenerife.com\/ro\/wp-json\/wp\/v2\/property_type?post=21920"},{"taxonomy":"property_status","embeddable":true,"href":"https:\/\/www.tunidotenerife.com\/ro\/wp-json\/wp\/v2\/property_status?post=21920"},{"taxonomy":"property_feature","embeddable":true,"href":"https:\/\/www.tunidotenerife.com\/ro\/wp-json\/wp\/v2\/property_feature?post=21920"},{"taxonomy":"property_label","embeddable":true,"href":"https:\/\/www.tunidotenerife.com\/ro\/wp-json\/wp\/v2\/property_label?post=21920"},{"taxonomy":"property_city","embeddable":true,"href":"https:\/\/www.tunidotenerife.com\/ro\/wp-json\/wp\/v2\/property_city?post=21920"}],"curies":[{"name":"wp","href":"https:\/\/api.w.org\/{rel}","templated":true}]}}