{"id":21292,"date":"2024-04-15T15:21:23","date_gmt":"2024-04-15T14:21:23","guid":{"rendered":"https:\/\/www.tunidotenerife.com\/p\/apartamento-en-venta-en-palm-mar\/"},"modified":"2025-11-14T11:58:06","modified_gmt":"2025-11-14T11:58:06","slug":"apartamento-venta-palm-mar-tenerife-2231","status":"houzez_sold","type":"property","link":"https:\/\/www.tunidotenerife.com\/ro\/p\/apartamento-venta-palm-mar-tenerife-2231\/","title":{"rendered":"Apartament de v\u00e2nzare \u00een Palm Mar, Tenerife South"},"content":{"rendered":"<p>V\u0103 prezent\u0103m o oportunitate unic\u0103 de a achizi\u021biona un apartament elegant \u0219i contemporan \u00een Palm Mar, situat \u00een distinsul complex reziden\u021bial Las Olas. Acest apartament de la parter se distinge prin multiplele sale terase \u00eensorite, un col\u021b perfect pentru a v\u0103 relaxa sub soarele cald al insulei.<\/p>\n<p>Terasa din spate, o oaz\u0103 privat\u0103, este \u00eempodobit\u0103 cu palmieri \u0219i zone de relaxare \u0219i are un pat balinezesc. Dormitoarele au acces direct la acest spa\u021biu, f\u0103c\u00e2ndu-l o extensie a zonei de dormit.<\/p>\n<p>Apartamentul Palm Mar cuprinde un dormitor principal luminos, cu o baie privat\u0103 care include un du\u0219 de dimensiuni generoase. Exist\u0103, de asemenea, un al doilea dormitor \u0219i o baie suplimentar\u0103, care este \u00eemp\u0103r\u021bit\u0103 cu camera de zi.<\/p>\n<p>Buc\u0103t\u0103ria, cu un design modern, se remarc\u0103 prin spa\u021biile ample de depozitare \u0219i prin integrarea sa cu livingul, care permite fluxul de lumin\u0103 natural\u0103 \u00een tot spa\u021biul. Din camera de zi exist\u0103 acces la terasa din fa\u021b\u0103, de unde v\u0103 pute\u021bi bucura de vedere la piscina \u0219i gr\u0103dinile comune.<\/p>\n<p>De\u0219i proprietatea se vinde nemobilat\u0103, aceasta include un loc de parcare \u0219i o camer\u0103 de depozitare. Complexul Las Olas ofer\u0103 o frumoas\u0103 piscin\u0103 mare, \u00eenconjurat\u0103 de zone verzi, care v\u0103 invit\u0103 s\u0103 v\u0103 relaxa\u021bi \u0219i s\u0103 v\u0103 bucura\u021bi de aer liber.<\/p>\n<p>Situat \u00een satul lini\u0219tit \u0219i bine \u00eengrijit Palm Mar, acest apartament se afl\u0103 la mic\u0103 distan\u021b\u0103 de o frumoas\u0103 promenad\u0103, precum \u0219i de o varietate de restaurante, baruri, supermarketuri, farmacii \u0219i s\u0103li de sport.<\/p>\n<p>Dac\u0103 acest apartament Palm Mar v-a atras aten\u021bia, nu ezita\u021bi s\u0103 ne contacta\u021bi pentru mai multe informa\u021bii. Vom fi bucuro\u0219i s\u0103 v\u0103 ajut\u0103m s\u0103 v\u0103 g\u0103si\u021bi o cas\u0103 nou\u0103.<\/p>","protected":false},"excerpt":{"rendered":"<p>Te presentamos una oportunidad \u00fanica de adquirir un elegante y contempor\u00e1neo apartamento en Palm Mar, situado en el distinguido complejo residencial de Las Olas. Este apartamento en planta baja se distingue por sus m\u00faltiples terrazas ba\u00f1adas por el sol, un rinc\u00f3n perfecto para relajarte bajo el c\u00e1lido sol insular. La terraza trasera, un oasis particular, [&hellip;]<\/p>\n","protected":false},"author":2,"featured_media":21281,"parent":0,"menu_order":0,"template":"","property_type":[49],"property_status":[40],"property_feature":[178,174,169,173,172,171,170],"property_label":[],"property_city":[74],"class_list":["post-21292","property","type-property","status-houzez_sold","has-post-thumbnail","hentry","property_type-apartamento","property_status-vendido","property_feature-aparcamiento-privado-cerrado","property_feature-cocina-amueblada","property_feature-nueva-construccion","property_feature-piscina-climatizada","property_feature-piscina-comunitaria","property_feature-vistas-a-la-montana","property_feature-vistas-al-oceano","property_city-palm-mar"],"property_meta":{"rank_math_internal_links_processed":["1"],"fave_property_price":["465000"],"fave_show_price_placeholder":["0"],"fave_property_size":["75"],"fave_property_size_prefix":["m\u00b2"],"fave_property_land":["83"],"fave_property_land_postfix":["m\u00b2"],"fave_property_bedrooms":["2"],"fave_property_bathrooms":["2"],"fave_property_id":["2231"],"_thumbnail_id":["21281"],"fave_property_zip":["38632"],"fave_additional_features_enable":["enable"],"fave_featured":["0"],"houzez_featured_listing_date":[""],"fave_loggedintoview":["0"],"fave_mortgage_cal":["0"],"fave_payment_status":["not_paid"],"fave_agent_display_option":["agent_info"],"fave_property_map_address":["Palm-Mar, Espa\u00f1a"],"fave_property_address":["Palm-Mar, Espa\u00f1a"],"houzez_geolocation_lat":["28.0230723"],"houzez_geolocation_long":["-16.6984026"],"fave_property_location":["28.0230723,-16.6984026,14"],"fave_property_map":["1"],"fave_property_map_street_view":["hide"],"houzez_total_property_views":["23756"],"houzez_views_by_date":["a:61:{s:10:\"03-03-2026\";i:35;s:10:\"03-04-2026\";i:48;s:10:\"03-05-2026\";i:46;s:10:\"03-06-2026\";i:38;s:10:\"03-07-2026\";i:36;s:10:\"03-08-2026\";i:36;s:10:\"03-09-2026\";i:36;s:10:\"03-10-2026\";i:54;s:10:\"03-11-2026\";i:69;s:10:\"03-12-2026\";i:54;s:10:\"03-13-2026\";i:36;s:10:\"03-14-2026\";i:36;s:10:\"03-15-2026\";i:44;s:10:\"03-16-2026\";i:46;s:10:\"03-17-2026\";i:36;s:10:\"03-18-2026\";i:39;s:10:\"03-19-2026\";i:71;s:10:\"03-20-2026\";i:60;s:10:\"03-21-2026\";i:40;s:10:\"03-22-2026\";i:36;s:10:\"03-23-2026\";i:40;s:10:\"03-24-2026\";i:29;s:10:\"03-25-2026\";i:32;s:10:\"03-26-2026\";i:51;s:10:\"03-27-2026\";i:36;s:10:\"03-28-2026\";i:60;s:10:\"03-29-2026\";i:36;s:10:\"03-30-2026\";i:36;s:10:\"03-31-2026\";i:36;s:10:\"04-01-2026\";i:46;s:10:\"04-02-2026\";i:54;s:10:\"04-03-2026\";i:36;s:10:\"04-04-2026\";i:36;s:10:\"04-05-2026\";i:44;s:10:\"04-06-2026\";i:46;s:10:\"04-07-2026\";i:103;s:10:\"04-08-2026\";i:47;s:10:\"04-09-2026\";i:36;s:10:\"04-10-2026\";i:52;s:10:\"04-11-2026\";i:42;s:10:\"04-12-2026\";i:36;s:10:\"04-13-2026\";i:36;s:10:\"04-14-2026\";i:36;s:10:\"04-15-2026\";i:54;s:10:\"04-16-2026\";i:36;s:10:\"04-17-2026\";i:40;s:10:\"04-18-2026\";i:50;s:10:\"04-19-2026\";i:36;s:10:\"04-20-2026\";i:36;s:10:\"04-21-2026\";i:36;s:10:\"04-22-2026\";i:40;s:10:\"04-23-2026\";i:44;s:10:\"04-24-2026\";i:42;s:10:\"04-25-2026\";i:36;s:10:\"04-26-2026\";i:36;s:10:\"04-27-2026\";i:36;s:10:\"04-28-2026\";i:56;s:10:\"04-29-2026\";i:42;s:10:\"04-30-2026\";i:52;s:10:\"05-01-2026\";i:36;s:10:\"05-02-2026\";i:18;}"],"houzez_recently_viewed":["2026-05-02 08:28:25"],"_edit_lock":["1713230704:1"],"rank_math_seo_score":["6"],"_edit_last":["1"],"fave_property_images":["21281","21267","21268","21269","21270","21271","21273","21274","21275","21277","21278","21279","21280","21283","21285","21290","21266","21282","21291"],"fave_agents":["150"],"fave_single_top_area":["global"],"fave_single_content_area":["global"],"rank_math_primary_property_type":["0"],"rank_math_primary_property_status":["0"],"rank_math_primary_property_feature":["0"],"rank_math_primary_property_label":["0"],"rank_math_primary_property_city":["0"],"houzez_manual_expire":["0"],"_houzez_expiration_date_status":["saved"],"_elementor_page_assets":["a:0:{}"]},"_links":{"self":[{"href":"https:\/\/www.tunidotenerife.com\/ro\/wp-json\/wp\/v2\/properties\/21292","targetHints":{"allow":["GET"]}}],"collection":[{"href":"https:\/\/www.tunidotenerife.com\/ro\/wp-json\/wp\/v2\/properties"}],"about":[{"href":"https:\/\/www.tunidotenerife.com\/ro\/wp-json\/wp\/v2\/types\/property"}],"author":[{"embeddable":true,"href":"https:\/\/www.tunidotenerife.com\/ro\/wp-json\/wp\/v2\/users\/2"}],"version-history":[{"count":0,"href":"https:\/\/www.tunidotenerife.com\/ro\/wp-json\/wp\/v2\/properties\/21292\/revisions"}],"wp:featuredmedia":[{"embeddable":true,"href":"https:\/\/www.tunidotenerife.com\/ro\/wp-json\/wp\/v2\/media\/21281"}],"wp:attachment":[{"href":"https:\/\/www.tunidotenerife.com\/ro\/wp-json\/wp\/v2\/media?parent=21292"}],"wp:term":[{"taxonomy":"property_type","embeddable":true,"href":"https:\/\/www.tunidotenerife.com\/ro\/wp-json\/wp\/v2\/property_type?post=21292"},{"taxonomy":"property_status","embeddable":true,"href":"https:\/\/www.tunidotenerife.com\/ro\/wp-json\/wp\/v2\/property_status?post=21292"},{"taxonomy":"property_feature","embeddable":true,"href":"https:\/\/www.tunidotenerife.com\/ro\/wp-json\/wp\/v2\/property_feature?post=21292"},{"taxonomy":"property_label","embeddable":true,"href":"https:\/\/www.tunidotenerife.com\/ro\/wp-json\/wp\/v2\/property_label?post=21292"},{"taxonomy":"property_city","embeddable":true,"href":"https:\/\/www.tunidotenerife.com\/ro\/wp-json\/wp\/v2\/property_city?post=21292"}],"curies":[{"name":"wp","href":"https:\/\/api.w.org\/{rel}","templated":true}]}}