{"id":21229,"date":"2024-04-15T14:47:08","date_gmt":"2024-04-15T13:47:08","guid":{"rendered":"https:\/\/www.tunidotenerife.com\/p\/apartamentos-en-venta-en-palm-mar\/"},"modified":"2026-03-02T14:52:06","modified_gmt":"2026-03-02T14:52:06","slug":"apartamentos-venta-palmmar-tenerife-2230","status":"publish","type":"property","link":"https:\/\/www.tunidotenerife.com\/ro\/p\/apartamentos-venta-palmmar-tenerife-2230\/","title":{"rendered":"Apartamente de v\u00e2nzare \u00een Palm Mar, Tenerife South"},"content":{"rendered":"<p>Avem pl\u0103cerea de a v\u0103 prezenta un nou proiect exclusivist de v\u00e2nzare, situat \u00een Palm Mar, una dintre cele mai privilegiate zone din sudul insulei. Palm Mar, cunoscut\u0103 pentru lini\u0219tea sa reziden\u021bial\u0103, se afl\u0103 la doar 7 minute de mers cu ma\u0219ina de plaja vibrant\u0103 Las Am\u00e9ricas \u0219i la mai pu\u021bin de un kilometru de prestigioasele terenuri de golf. \u00cen plus, Palm Mar se m\u00e2ndre\u0219te cu propria linie de coast\u0103, \u00eempodobit\u0103 cu o promenad\u0103 fermec\u0103toare, unde v\u0103 pute\u021bi bucura de cele mai impresionante apusuri de soare de la barurile de pe plaj\u0103 sau de la chillout-ul Bahia Beach.<\/p>\n<p>Acest proiect inovator, a c\u0103rui finalizare este programat\u0103 p\u00e2n\u0103 la sf\u00e2r\u0219itul anului 2025, este format din mai multe blocuri de apartamente \u00een Palm Mar, amplasate \u00eentr-un mediu cu una dintre cele mai mari piscine din zon\u0103, gr\u0103dini frumoase \u0219i zone de relaxare. Loca\u021bia sa este imbatabil\u0103, la mai pu\u021bin de 1 km de plaj\u0103.<\/p>\n<p>Fiecare bloc din acest proiect ofer\u0103 o varietate de tipologii de apartamente, toate cu o amenajare unic\u0103, dar care p\u0103streaz\u0103 un standard de calitate \u0219i confort. Apartamentele dispun de 2 dormitoare mari, dulapuri montate, o buc\u0103t\u0103rie open space integrat\u0103 \u00een living \u0219i terase spa\u021bioase cu vedere la gr\u0103din\u0103 sau la piscin\u0103. Designul este inovator \u0219i modern, cu spa\u021bii luminoase \u0219i \u00eensorite. \u00cen plus, fiecare apartament include un loc de parcare subteran\u0103 \u0219i o camer\u0103 de depozitare.<\/p>\n<p>Apartamentele au o suprafa\u021b\u0103 interioar\u0103 cuprins\u0103 \u00eentre 91m2 \u0219i 99m2 \u0219i terase de 20m2, 48m2, 64m2, iar unele penthouse-uri au chiar \u0219i o teras\u0103 de 127m2. Pre\u021burile \u00eencep de la 333.800\u20ac.<\/p>\n<p>Nu rata\u021bi aceast\u0103 oportunitate \u0219i contacta\u021bi-ne c\u00e2t mai cur\u00e2nd posibil pentru a v\u0103 achizi\u021biona apartamentul \u00een acest col\u021b minunat numit Palm Mar, sub soarele cald al Canarelor.<\/p>","protected":false},"excerpt":{"rendered":"<p>Nos complace presentarles un exclusivo proyecto de nueva construcci\u00f3n en venta, ubicado en Palm Mar, una de las zonas m\u00e1s privilegiadas del sur de la isla. Palm Mar, conocido por su tranquilidad residencial, se encuentra a tan solo 7 minutos en coche de la vibrante Playa de Las Am\u00e9ricas y a menos de un kil\u00f3metro [&hellip;]<\/p>\n","protected":false},"author":2,"featured_media":21234,"parent":0,"menu_order":0,"template":"","property_type":[49],"property_status":[24],"property_feature":[17,178,169,173,172,171,170],"property_label":[],"property_city":[74],"class_list":["post-21229","property","type-property","status-publish","has-post-thumbnail","hentry","property_type-apartamento","property_status-venta","property_feature-aire-acondicionado","property_feature-aparcamiento-privado-cerrado","property_feature-nueva-construccion","property_feature-piscina-climatizada","property_feature-piscina-comunitaria","property_feature-vistas-a-la-montana","property_feature-vistas-al-oceano","property_city-palm-mar"],"property_meta":{"rank_math_internal_links_processed":["1"],"fave_property_price":["399000"],"fave_show_price_placeholder":["0"],"fave_property_price_prefix":["Desde"],"fave_property_size":["99"],"fave_property_size_prefix":["m\u00b2"],"fave_property_land_postfix":["m\u00b2"],"fave_property_bedrooms":["1,2"],"fave_property_bathrooms":["2"],"fave_property_id":["2230"],"fave_video_url":["https:\/\/youtu.be\/M5HBCuqL07s"],"fave_property_zip":["38632"],"fave_additional_features_enable":["enable"],"fave_featured":["0"],"houzez_featured_listing_date":[""],"fave_loggedintoview":["0"],"fave_mortgage_cal":["0"],"fave_payment_status":["not_paid"],"fave_agent_display_option":["agent_info"],"fave_property_map_address":["Palm-Mar, Espa\u00f1a"],"fave_property_address":["Palm-Mar, Espa\u00f1a"],"houzez_geolocation_lat":["28.0230723"],"houzez_geolocation_long":["-16.6984026"],"fave_property_location":["28.0230723,-16.6984026"],"fave_property_map":["1"],"fave_property_map_street_view":[null],"houzez_total_property_views":["23721"],"houzez_views_by_date":["a:61:{s:10:\"03-03-2026\";i:38;s:10:\"03-04-2026\";i:67;s:10:\"03-05-2026\";i:42;s:10:\"03-06-2026\";i:36;s:10:\"03-07-2026\";i:36;s:10:\"03-08-2026\";i:36;s:10:\"03-09-2026\";i:36;s:10:\"03-10-2026\";i:54;s:10:\"03-11-2026\";i:74;s:10:\"03-12-2026\";i:58;s:10:\"03-13-2026\";i:36;s:10:\"03-14-2026\";i:36;s:10:\"03-15-2026\";i:46;s:10:\"03-16-2026\";i:42;s:10:\"03-17-2026\";i:38;s:10:\"03-18-2026\";i:38;s:10:\"03-19-2026\";i:68;s:10:\"03-20-2026\";i:56;s:10:\"03-21-2026\";i:42;s:10:\"03-22-2026\";i:36;s:10:\"03-23-2026\";i:40;s:10:\"03-24-2026\";i:29;s:10:\"03-25-2026\";i:34;s:10:\"03-26-2026\";i:49;s:10:\"03-27-2026\";i:36;s:10:\"03-28-2026\";i:60;s:10:\"03-29-2026\";i:36;s:10:\"03-30-2026\";i:36;s:10:\"03-31-2026\";i:36;s:10:\"04-01-2026\";i:41;s:10:\"04-02-2026\";i:55;s:10:\"04-03-2026\";i:36;s:10:\"04-04-2026\";i:36;s:10:\"04-05-2026\";i:48;s:10:\"04-06-2026\";i:40;s:10:\"04-07-2026\";i:122;s:10:\"04-08-2026\";i:52;s:10:\"04-09-2026\";i:36;s:10:\"04-10-2026\";i:48;s:10:\"04-11-2026\";i:44;s:10:\"04-12-2026\";i:36;s:10:\"04-13-2026\";i:36;s:10:\"04-14-2026\";i:38;s:10:\"04-15-2026\";i:55;s:10:\"04-16-2026\";i:36;s:10:\"04-17-2026\";i:44;s:10:\"04-18-2026\";i:44;s:10:\"04-19-2026\";i:38;s:10:\"04-20-2026\";i:36;s:10:\"04-21-2026\";i:36;s:10:\"04-22-2026\";i:40;s:10:\"04-23-2026\";i:46;s:10:\"04-24-2026\";i:40;s:10:\"04-25-2026\";i:36;s:10:\"04-26-2026\";i:36;s:10:\"04-27-2026\";i:36;s:10:\"04-28-2026\";i:56;s:10:\"04-29-2026\";i:46;s:10:\"04-30-2026\";i:48;s:10:\"05-01-2026\";i:36;s:10:\"05-02-2026\";i:18;}"],"houzez_recently_viewed":["2026-05-02 08:30:01"],"fave_video_image":["21234"],"_edit_lock":["1713230768:1"],"rank_math_seo_score":["6"],"_edit_last":["1"],"fave_single_top_area":["global"],"fave_single_content_area":["global"],"rank_math_primary_property_type":["0"],"rank_math_primary_property_status":["0"],"rank_math_primary_property_feature":["0"],"rank_math_primary_property_label":["0"],"rank_math_primary_property_city":["0"],"houzez_manual_expire":["0"],"_houzez_expiration_date_status":["saved"],"fave_property_price_postfix":[""],"fave_property_price_placeholder":[""],"fave_property_sec_price":[""],"fave_property_land":[""],"fave_property_garage":[""],"fave_property_garage_size":[""],"fave_virtual_tour":[""],"fave_property_year":[""],"additional_features":[""],"floor_plans":[""],"fave_multi_units":[""],"fave_private_note":[""],"fave_property_images":["21234","21230","21231","21232","21233","21235","21236","21237","21238","21239","21240","21241","21242","21243","21244","21245","21246","21247","21248","21249","21250","21251","21252","21253"],"_thumbnail_id":["21234"],"fave_agents":["150"],"_elementor_page_assets":["a:0:{}"]},"_links":{"self":[{"href":"https:\/\/www.tunidotenerife.com\/ro\/wp-json\/wp\/v2\/properties\/21229","targetHints":{"allow":["GET"]}}],"collection":[{"href":"https:\/\/www.tunidotenerife.com\/ro\/wp-json\/wp\/v2\/properties"}],"about":[{"href":"https:\/\/www.tunidotenerife.com\/ro\/wp-json\/wp\/v2\/types\/property"}],"author":[{"embeddable":true,"href":"https:\/\/www.tunidotenerife.com\/ro\/wp-json\/wp\/v2\/users\/2"}],"version-history":[{"count":1,"href":"https:\/\/www.tunidotenerife.com\/ro\/wp-json\/wp\/v2\/properties\/21229\/revisions"}],"predecessor-version":[{"id":29237,"href":"https:\/\/www.tunidotenerife.com\/ro\/wp-json\/wp\/v2\/properties\/21229\/revisions\/29237"}],"wp:featuredmedia":[{"embeddable":true,"href":"https:\/\/www.tunidotenerife.com\/ro\/wp-json\/wp\/v2\/media\/21234"}],"wp:attachment":[{"href":"https:\/\/www.tunidotenerife.com\/ro\/wp-json\/wp\/v2\/media?parent=21229"}],"wp:term":[{"taxonomy":"property_type","embeddable":true,"href":"https:\/\/www.tunidotenerife.com\/ro\/wp-json\/wp\/v2\/property_type?post=21229"},{"taxonomy":"property_status","embeddable":true,"href":"https:\/\/www.tunidotenerife.com\/ro\/wp-json\/wp\/v2\/property_status?post=21229"},{"taxonomy":"property_feature","embeddable":true,"href":"https:\/\/www.tunidotenerife.com\/ro\/wp-json\/wp\/v2\/property_feature?post=21229"},{"taxonomy":"property_label","embeddable":true,"href":"https:\/\/www.tunidotenerife.com\/ro\/wp-json\/wp\/v2\/property_label?post=21229"},{"taxonomy":"property_city","embeddable":true,"href":"https:\/\/www.tunidotenerife.com\/ro\/wp-json\/wp\/v2\/property_city?post=21229"}],"curies":[{"name":"wp","href":"https:\/\/api.w.org\/{rel}","templated":true}]}}