{"id":28138,"date":"2025-10-24T10:59:26","date_gmt":"2025-10-24T09:59:26","guid":{"rendered":"https:\/\/www.tunidotenerife.com\/p\/casa-en-venta-en-santiago-del-teide-el-retamar\/"},"modified":"2026-02-06T12:32:48","modified_gmt":"2026-02-06T12:32:48","slug":"casa-en-venta-en-santiago-del-teide-el-retamar","status":"publish","type":"property","link":"https:\/\/www.tunidotenerife.com\/pl\/p\/casa-en-venta-en-santiago-del-teide-el-retamar\/","title":{"rendered":"Dom na sprzeda\u017c w Santiago del Teide, El Retamar"},"content":{"rendered":"<p>Po\u0142o\u017cona w spokojnej miejscowo\u015bci Retamar jest ta urocza kamienica, kt\u00f3ra oferuje powierzchni\u0119 mieszkaln\u0105 oko\u0142o 180 m2. Nieruchomo\u015b\u0107 wyr\u00f3\u017cnia si\u0119 praktycznym i funkcjonalnym projektem, kt\u00f3ry gwarantuje atmosfer\u0119 komfortu i spokoju.<\/p>\n<p>Dom posiada zamkni\u0119ty gara\u017c, wyposa\u017cony w automatyczn\u0105 bram\u0119, co bardzo u\u0142atwia parkowanie samochodu. Ta zintegrowana z domem przestrze\u0144 zapewnia dodatkow\u0105 wygod\u0119, umo\u017cliwiaj\u0105c bezpo\u015bredni dost\u0119p do domu z samochodu.<\/p>\n<p>Wn\u0119trze domu sk\u0142ada si\u0119 z trzech przestronnych sypialni, z kt\u00f3rych ka\u017cda ma wystarczaj\u0105co du\u017co miejsca, aby stworzy\u0107 przytuln\u0105 i spersonalizowan\u0105 atmosfer\u0119. Du\u017ca \u0142azienka oferuje wygodn\u0105 i funkcjonaln\u0105 przestrze\u0144.<\/p>\n<p>Kuchnia, niezale\u017cna od reszty pomieszcze\u0144, jest wyposa\u017cona we wszystko, co niezb\u0119dne do zaspokojenia kulinarnych potrzeb codziennego \u017cycia. Znajduj\u0105cy si\u0119 obok salon z jadalni\u0105 to ciep\u0142a i przytulna przestrze\u0144, idealna na chwile relaksu lub rodzinne spotkania.<\/p>\n<p>Nieruchomo\u015b\u0107 posiada schody prowadz\u0105ce na taras na dachu, gdzie znajduje si\u0119 dedykowana pralnia. Ta dodatkowa przestrze\u0144 zapewnia idealne miejsce do wykonywania prac domowych, dzi\u0119ki czemu reszta domu jest wolna od ba\u0142aganu.<\/p>\n<p>Ponadto nieruchomo\u015b\u0107 jest sprzedawana w pe\u0142ni umeblowana, co jest istotn\u0105 zalet\u0105 dla os\u00f3b poszukuj\u0105cych nieruchomo\u015bci gotowej do zamieszkania.<\/p>\n<p>Wreszcie, nieruchomo\u015b\u0107 oferuje mo\u017cliwo\u015b\u0107 wybudowania dodatkowego pi\u0119tra, co stanowi wyj\u0105tkow\u0105 okazj\u0119 dla tych, kt\u00f3rzy chc\u0105 powi\u0119kszy\u0107 przestrze\u0144 lub dostosowa\u0107 j\u0105 do swoich konkretnych potrzeb.<\/p>\n<p>Podsumowuj\u0105c, ta kamienica w Retamar jest doskona\u0142ym wyborem dla os\u00f3b poszukuj\u0105cych wygodnego i funkcjonalnego domu w spokojnym i relaksuj\u0105cym otoczeniu.<\/p>","protected":false},"excerpt":{"rendered":"<p>Ubicada en el apacible pueblo de Retamar, se encuentra esta encantadora casa de pueblo, que ofrece una superficie aproximada de 180m2. Esta propiedad se distingue por su dise\u00f1o pr\u00e1ctico y funcional, que garantiza un ambiente de comodidad y tranquilidad. La vivienda cuenta con un garaje cerrado, equipado con una puerta autom\u00e1tica, lo que facilita enormemente [&hellip;]<\/p>\n","protected":false},"author":5,"featured_media":28127,"parent":0,"menu_order":0,"template":"","property_type":[45],"property_status":[24],"property_feature":[178,174,26,171,170],"property_label":[109,180],"property_city":[203],"class_list":["post-28138","property","type-property","status-publish","has-post-thumbnail","hentry","property_type-villa","property_status-venta","property_feature-aparcamiento-privado-cerrado","property_feature-cocina-amueblada","property_feature-lavadora","property_feature-vistas-a-la-montana","property_feature-vistas-al-oceano","property_label-exclusivo","property_label-oferta","property_city-chio"],"property_meta":{"rank_math_internal_links_processed":["1"],"fave_property_bathrooms":["1"],"fave_property_bedrooms":["3"],"fave_property_size":["180"],"fave_property_size_prefix":["m\u00b2"],"fave_property_land":[""],"fave_property_land_postfix":["m\u00b2"],"fave_property_garage":["1"],"fave_property_garage_size":[""],"fave_property_year":[""],"fave_property_price":["260000"],"fave_property_price_placeholder":[""],"fave_property_price_prefix":[""],"fave_property_price_postfix":[""],"fave_property_sec_price":[""],"fave_show_price_placeholder":["0"],"additional_features":["a:1:{i:0;a:2:{s:29:\"fave_additional_feature_title\";s:0:\"\";s:29:\"fave_additional_feature_value\";s:0:\"\";}}"],"fave_additional_features_enable":["enable"],"floor_plans":[""],"fave_multi_units":[""],"fave_featured":["0"],"houzez_featured_listing_date":[""],"fave_virtual_tour":[""],"fave_loggedintoview":["0"],"fave_video_url":[""],"fave_property_zip":["38690"],"fave_property_map_address":["Calle los \u00c1ngeles, El Retamar, Santiago del Teide, Santa Cruz de Tenerife, Canarias, 38690, Espa\u00f1a"],"fave_property_address":["Calle los \u00c1ngeles, El Retamar, Santiago del Teide, Santa Cruz de Tenerife, Canarias, 38690, Espa\u00f1a"],"houzez_geolocation_lat":["28.2812944"],"houzez_geolocation_long":["-16.8142844"],"fave_property_location":["28.2812944,-16.8142844"],"fave_property_map":["1"],"fave_property_map_street_view":[null],"fave_property_id":["2360"],"fave_private_note":[""],"fave_property_disclaimer":[""],"fave_payment_status":["not_paid"],"fave_agent_display_option":["agent_info"],"fave_mortgage_cal":["0"],"houzez_total_property_views":["7512"],"houzez_views_by_date":["a:61:{s:10:\"02-27-2026\";i:36;s:10:\"02-28-2026\";i:36;s:10:\"03-01-2026\";i:36;s:10:\"03-02-2026\";i:34;s:10:\"03-03-2026\";i:49;s:10:\"03-04-2026\";i:38;s:10:\"03-05-2026\";i:36;s:10:\"03-06-2026\";i:42;s:10:\"03-07-2026\";i:48;s:10:\"03-08-2026\";i:36;s:10:\"03-09-2026\";i:36;s:10:\"03-10-2026\";i:42;s:10:\"03-11-2026\";i:36;s:10:\"03-12-2026\";i:38;s:10:\"03-13-2026\";i:36;s:10:\"03-14-2026\";i:36;s:10:\"03-15-2026\";i:36;s:10:\"03-16-2026\";i:36;s:10:\"03-17-2026\";i:36;s:10:\"03-18-2026\";i:54;s:10:\"03-19-2026\";i:40;s:10:\"03-20-2026\";i:36;s:10:\"03-21-2026\";i:36;s:10:\"03-22-2026\";i:47;s:10:\"03-23-2026\";i:43;s:10:\"03-24-2026\";i:36;s:10:\"03-25-2026\";i:36;s:10:\"03-26-2026\";i:54;s:10:\"03-27-2026\";i:36;s:10:\"03-28-2026\";i:37;s:10:\"03-29-2026\";i:54;s:10:\"03-30-2026\";i:36;s:10:\"03-31-2026\";i:36;s:10:\"04-01-2026\";i:38;s:10:\"04-02-2026\";i:36;s:10:\"04-03-2026\";i:36;s:10:\"04-04-2026\";i:36;s:10:\"04-05-2026\";i:36;s:10:\"04-06-2026\";i:36;s:10:\"04-07-2026\";i:38;s:10:\"04-08-2026\";i:36;s:10:\"04-09-2026\";i:36;s:10:\"04-10-2026\";i:37;s:10:\"04-11-2026\";i:36;s:10:\"04-12-2026\";i:47;s:10:\"04-13-2026\";i:42;s:10:\"04-14-2026\";i:36;s:10:\"04-15-2026\";i:54;s:10:\"04-16-2026\";i:36;s:10:\"04-17-2026\";i:36;s:10:\"04-18-2026\";i:38;s:10:\"04-19-2026\";i:40;s:10:\"04-20-2026\";i:48;s:10:\"04-21-2026\";i:38;s:10:\"04-22-2026\";i:36;s:10:\"04-23-2026\";i:38;s:10:\"04-24-2026\";i:38;s:10:\"04-25-2026\";i:51;s:10:\"04-26-2026\";i:38;s:10:\"04-27-2026\";i:37;s:10:\"04-28-2026\";i:27;}"],"houzez_recently_viewed":["2026-04-28 15:50:37"],"fave_property_images":["28127","28134","28128","28130","28131","28132","28133","28136","28137","28126"],"_thumbnail_id":["28127"],"fave_agents":["23720"],"_elementor_page_assets":["a:0:{}"]},"_links":{"self":[{"href":"https:\/\/www.tunidotenerife.com\/pl\/wp-json\/wp\/v2\/properties\/28138","targetHints":{"allow":["GET"]}}],"collection":[{"href":"https:\/\/www.tunidotenerife.com\/pl\/wp-json\/wp\/v2\/properties"}],"about":[{"href":"https:\/\/www.tunidotenerife.com\/pl\/wp-json\/wp\/v2\/types\/property"}],"author":[{"embeddable":true,"href":"https:\/\/www.tunidotenerife.com\/pl\/wp-json\/wp\/v2\/users\/5"}],"version-history":[{"count":1,"href":"https:\/\/www.tunidotenerife.com\/pl\/wp-json\/wp\/v2\/properties\/28138\/revisions"}],"predecessor-version":[{"id":28976,"href":"https:\/\/www.tunidotenerife.com\/pl\/wp-json\/wp\/v2\/properties\/28138\/revisions\/28976"}],"wp:featuredmedia":[{"embeddable":true,"href":"https:\/\/www.tunidotenerife.com\/pl\/wp-json\/wp\/v2\/media\/28127"}],"wp:attachment":[{"href":"https:\/\/www.tunidotenerife.com\/pl\/wp-json\/wp\/v2\/media?parent=28138"}],"wp:term":[{"taxonomy":"property_type","embeddable":true,"href":"https:\/\/www.tunidotenerife.com\/pl\/wp-json\/wp\/v2\/property_type?post=28138"},{"taxonomy":"property_status","embeddable":true,"href":"https:\/\/www.tunidotenerife.com\/pl\/wp-json\/wp\/v2\/property_status?post=28138"},{"taxonomy":"property_feature","embeddable":true,"href":"https:\/\/www.tunidotenerife.com\/pl\/wp-json\/wp\/v2\/property_feature?post=28138"},{"taxonomy":"property_label","embeddable":true,"href":"https:\/\/www.tunidotenerife.com\/pl\/wp-json\/wp\/v2\/property_label?post=28138"},{"taxonomy":"property_city","embeddable":true,"href":"https:\/\/www.tunidotenerife.com\/pl\/wp-json\/wp\/v2\/property_city?post=28138"}],"curies":[{"name":"wp","href":"https:\/\/api.w.org\/{rel}","templated":true}]}}