{"id":27645,"date":"2025-07-25T13:46:13","date_gmt":"2025-07-25T12:46:13","guid":{"rendered":"https:\/\/www.tunidotenerife.com\/p\/villa-en-venta-en-tenerife-sur-playa-fanabe\/"},"modified":"2025-08-05T15:03:48","modified_gmt":"2025-08-05T14:03:48","slug":"villa-en-venta-en-tenerife-sur-playa-fanabe","status":"publish","type":"property","link":"https:\/\/www.tunidotenerife.com\/pl\/p\/villa-en-venta-en-tenerife-sur-playa-fanabe\/","title":{"rendered":"Willa na sprzeda\u017c na Teneryfie Po\u0142udniowej, Playa Fa\u00f1abe"},"content":{"rendered":"<p>Prezentujemy na sprzeda\u017c ekskluzywn\u0105 will\u0119 o nowoczesnym designie, po\u0142o\u017con\u0105 na pierwszej linii presti\u017cowej pla\u017cy Fa\u00f1ab\u00e9, w s\u0142ynnym kompleksie Lagos de Fa\u00f1ab\u00e9. Ta wyj\u0105tkowa nieruchomo\u015b\u0107 przesz\u0142a ca\u0142kowit\u0105 renowacj\u0119, przy u\u017cyciu wysokiej jako\u015bci materia\u0142\u00f3w i najnowszych technologii, pod drobiazgow\u0105 prac\u0105 renomowanych projektant\u00f3w i architekt\u00f3w. Rezultatem jest luksusowa willa o wsp\u00f3\u0142czesnym stylu, kt\u00f3ra wyr\u00f3\u017cnia j\u0105 jako najbardziej wyrafinowan\u0105 w kompleksie.<\/p>\n<p>Willa jest rozmieszczona na dw\u00f3ch pi\u0119trach. Na parterze znajduje si\u0119 przestronny salon urz\u0105dzony z wyj\u0105tkowym smakiem, kt\u00f3ry ma du\u017ce okna, kt\u00f3re zalewaj\u0105 przestrze\u0144 naturalnym \u015bwiat\u0142em i oferuj\u0105 bezpo\u015bredni dost\u0119p do przestronnego tarasu. St\u0105d mo\u017cna cieszy\u0107 si\u0119 bezpo\u015brednim dost\u0119pem do pla\u017cy i pi\u0119knymi panoramicznymi widokami na ocean.<\/p>\n<p>Na tym samym pi\u0119trze znajduje si\u0119 niezale\u017cna i w pe\u0142ni wyposa\u017cona kuchnia z licznymi oknami z widokiem na basen. W kuchni znajduje si\u0119 zintegrowana piwniczka na wino, piekarnik, zmywarka i lod\u00f3wka, a tak\u017ce ca\u0142y niezb\u0119dny sprz\u0119t do gotowania. Na parterze znajduje si\u0119 elegancka sypialnia z wbudowan\u0105 szaf\u0105 i nowoczesnymi meblami oraz atrakcyjna \u0142azienka z prysznicem.<\/p>\n<p>Jasne schody o awangardowym designie prowadz\u0105 na pierwsze pi\u0119tro, gdzie znajduj\u0105 si\u0119 dwie sypialnie. Du\u017ca sypialnia g\u0142\u00f3wna ma du\u017ce okna si\u0119gaj\u0105ce od pod\u0142ogi do sufitu, du\u017c\u0105 wbudowan\u0105 szaf\u0119 i \u0142azienk\u0119 z du\u017cym prysznicem i designerskimi meblami. Z tej sypialni jest dost\u0119p do prywatnego tarasu, idealnego do podziwiania zachodu s\u0142o\u0144ca i zapieraj\u0105cych dech w piersiach widok\u00f3w na ocean. Druga sypialnia, r\u00f3wnie\u017c bardzo przestronna i jasna, ma wbudowan\u0105 szaf\u0119, du\u017ce okna od pod\u0142ogi do sufitu i dost\u0119p do ogromnego tarasu z widokiem na basen. Ta sypialnia ma w\u0142asn\u0105 \u0142azienk\u0119, umeblowan\u0105 i wyposa\u017con\u0105 w prysznic oraz zintegrowan\u0105 pralk\u0119.<\/p>\n<p>Dom jest w pe\u0142ni wyposa\u017cony w centraln\u0105 klimatyzacj\u0119, kt\u00f3ra gwarantuje maksymalny komfort o ka\u017cdej porze roku. Istnieje r\u00f3wnie\u017c mo\u017cliwo\u015b\u0107 wynaj\u0119cia miejsca parkingowego za dodatkow\u0105 op\u0142at\u0105.<\/p>\n<p>Nieruchomo\u015b\u0107 ma dwa wej\u015bcia, jedno od wewn\u0105trz kompleksu, gdzie znajduje si\u0119 basen, przez du\u017cy dziedziniec, a drugie bezpo\u015brednio z promenady.<\/p>","protected":false},"excerpt":{"rendered":"<p>Presentamos en venta una exclusiva villa de dise\u00f1o moderno, ubicada en primera l\u00ednea de la prestigiosa playa Fa\u00f1ab\u00e9, dentro del afamado complejo Lagos de Fa\u00f1ab\u00e9. Esta singular propiedad ha sido objeto de una completa renovaci\u00f3n, en la que se han empleado materiales de alta calidad y \u00faltima tecnolog\u00eda, bajo el meticuloso trabajo de reconocidos dise\u00f1adores [&hellip;]<\/p>\n","protected":false},"author":5,"featured_media":27610,"parent":0,"menu_order":0,"template":"","property_type":[45],"property_status":[24],"property_feature":[17,176,177,174,173,172,170],"property_label":[179],"property_city":[63],"class_list":["post-27645","property","type-property","status-publish","has-post-thumbnail","hentry","property_type-villa","property_status-venta","property_feature-aire-acondicionado","property_feature-cerca-de-centros-comerciales","property_feature-cerca-de-la-playa","property_feature-cocina-amueblada","property_feature-piscina-climatizada","property_feature-piscina-comunitaria","property_feature-vistas-al-oceano","property_label-luxury","property_city-playa-fanabe"],"property_meta":{"rank_math_internal_links_processed":["1"],"fave_property_bathrooms":["2"],"fave_property_bedrooms":["3"],"fave_property_size":["190"],"fave_property_size_prefix":["m\u00b2"],"fave_property_land":["120"],"fave_property_land_postfix":["m\u00b2"],"fave_property_garage":[""],"fave_property_garage_size":[""],"fave_property_year":[""],"fave_property_price":["1400000"],"fave_property_price_placeholder":[""],"fave_property_price_prefix":[""],"fave_property_price_postfix":[""],"fave_property_sec_price":[""],"fave_show_price_placeholder":["0"],"additional_features":["a:1:{i:0;a:2:{s:29:\"fave_additional_feature_title\";s:0:\"\";s:29:\"fave_additional_feature_value\";s:0:\"\";}}"],"fave_additional_features_enable":["enable"],"floor_plans":[""],"fave_multi_units":[""],"fave_featured":["0"],"houzez_featured_listing_date":[""],"fave_virtual_tour":[""],"fave_loggedintoview":["0"],"fave_video_url":[""],"fave_property_zip":["38679"],"fave_property_map_address":["Lagos de Fa\u00f1abe, Paseo Mar\u00edtimo, Playas del Duque, Costa Adeje, Miraverde, Adeje, Santa Cruz de Tenerife, Canarias, 38679, Espa\u00f1a"],"fave_property_address":["Lagos de Fa\u00f1abe, Paseo Mar\u00edtimo, Playas del Duque, Costa Adeje, Miraverde, Adeje, Santa Cruz de Tenerife, Canarias, 38679, Espa\u00f1a"],"houzez_geolocation_lat":["28.08670942209734"],"houzez_geolocation_long":["-16.73668413331523"],"fave_property_location":["28.08670942209734,-16.73668413331523"],"fave_property_map":["1"],"fave_property_map_street_view":[null],"fave_property_id":["2348"],"fave_private_note":[""],"fave_property_disclaimer":[""],"fave_payment_status":["not_paid"],"fave_agent_display_option":["agent_info"],"fave_mortgage_cal":["0"],"houzez_total_property_views":["11371"],"houzez_views_by_date":["a:61:{s:10:\"02-27-2026\";i:36;s:10:\"02-28-2026\";i:36;s:10:\"03-01-2026\";i:36;s:10:\"03-02-2026\";i:34;s:10:\"03-03-2026\";i:52;s:10:\"03-04-2026\";i:38;s:10:\"03-05-2026\";i:37;s:10:\"03-06-2026\";i:41;s:10:\"03-07-2026\";i:48;s:10:\"03-08-2026\";i:36;s:10:\"03-09-2026\";i:36;s:10:\"03-10-2026\";i:42;s:10:\"03-11-2026\";i:38;s:10:\"03-12-2026\";i:44;s:10:\"03-13-2026\";i:36;s:10:\"03-14-2026\";i:36;s:10:\"03-15-2026\";i:36;s:10:\"03-16-2026\";i:36;s:10:\"03-17-2026\";i:42;s:10:\"03-18-2026\";i:48;s:10:\"03-19-2026\";i:37;s:10:\"03-20-2026\";i:37;s:10:\"03-21-2026\";i:38;s:10:\"03-22-2026\";i:49;s:10:\"03-23-2026\";i:38;s:10:\"03-24-2026\";i:36;s:10:\"03-25-2026\";i:36;s:10:\"03-26-2026\";i:54;s:10:\"03-27-2026\";i:36;s:10:\"03-28-2026\";i:36;s:10:\"03-29-2026\";i:54;s:10:\"03-30-2026\";i:36;s:10:\"03-31-2026\";i:36;s:10:\"04-01-2026\";i:38;s:10:\"04-02-2026\";i:37;s:10:\"04-03-2026\";i:36;s:10:\"04-04-2026\";i:36;s:10:\"04-05-2026\";i:36;s:10:\"04-06-2026\";i:36;s:10:\"04-07-2026\";i:37;s:10:\"04-08-2026\";i:36;s:10:\"04-09-2026\";i:36;s:10:\"04-10-2026\";i:36;s:10:\"04-11-2026\";i:37;s:10:\"04-12-2026\";i:47;s:10:\"04-13-2026\";i:42;s:10:\"04-14-2026\";i:38;s:10:\"04-15-2026\";i:54;s:10:\"04-16-2026\";i:36;s:10:\"04-17-2026\";i:36;s:10:\"04-18-2026\";i:38;s:10:\"04-19-2026\";i:43;s:10:\"04-20-2026\";i:45;s:10:\"04-21-2026\";i:36;s:10:\"04-22-2026\";i:36;s:10:\"04-23-2026\";i:36;s:10:\"04-24-2026\";i:39;s:10:\"04-25-2026\";i:51;s:10:\"04-26-2026\";i:36;s:10:\"04-27-2026\";i:36;s:10:\"04-28-2026\";i:37;}"],"houzez_recently_viewed":["2026-04-28 17:59:25"],"fave_property_images":["27619","27620","27610","27613","27614","27611","27612","27615","27616","27617","27618","27621","27622","27623","27624","27625","27626","27627","27628","27629","27630","27631","27632","27633","27634","27635","27636","27637","27638","27639","27640","27641","27642","27643","27644"],"_thumbnail_id":["27610"],"fave_agents":["23720"],"_elementor_page_assets":["a:0:{}"]},"_links":{"self":[{"href":"https:\/\/www.tunidotenerife.com\/pl\/wp-json\/wp\/v2\/properties\/27645","targetHints":{"allow":["GET"]}}],"collection":[{"href":"https:\/\/www.tunidotenerife.com\/pl\/wp-json\/wp\/v2\/properties"}],"about":[{"href":"https:\/\/www.tunidotenerife.com\/pl\/wp-json\/wp\/v2\/types\/property"}],"author":[{"embeddable":true,"href":"https:\/\/www.tunidotenerife.com\/pl\/wp-json\/wp\/v2\/users\/5"}],"version-history":[{"count":0,"href":"https:\/\/www.tunidotenerife.com\/pl\/wp-json\/wp\/v2\/properties\/27645\/revisions"}],"wp:featuredmedia":[{"embeddable":true,"href":"https:\/\/www.tunidotenerife.com\/pl\/wp-json\/wp\/v2\/media\/27610"}],"wp:attachment":[{"href":"https:\/\/www.tunidotenerife.com\/pl\/wp-json\/wp\/v2\/media?parent=27645"}],"wp:term":[{"taxonomy":"property_type","embeddable":true,"href":"https:\/\/www.tunidotenerife.com\/pl\/wp-json\/wp\/v2\/property_type?post=27645"},{"taxonomy":"property_status","embeddable":true,"href":"https:\/\/www.tunidotenerife.com\/pl\/wp-json\/wp\/v2\/property_status?post=27645"},{"taxonomy":"property_feature","embeddable":true,"href":"https:\/\/www.tunidotenerife.com\/pl\/wp-json\/wp\/v2\/property_feature?post=27645"},{"taxonomy":"property_label","embeddable":true,"href":"https:\/\/www.tunidotenerife.com\/pl\/wp-json\/wp\/v2\/property_label?post=27645"},{"taxonomy":"property_city","embeddable":true,"href":"https:\/\/www.tunidotenerife.com\/pl\/wp-json\/wp\/v2\/property_city?post=27645"}],"curies":[{"name":"wp","href":"https:\/\/api.w.org\/{rel}","templated":true}]}}