{"id":25732,"date":"2025-01-22T12:57:42","date_gmt":"2025-01-22T12:57:42","guid":{"rendered":"https:\/\/www.tunidotenerife.com\/p\/villa-en-venta-en-tenerife-sur-palm-mar\/"},"modified":"2025-01-23T12:23:24","modified_gmt":"2025-01-23T12:23:24","slug":"villa-en-venta-en-tenerife-sur-palm-mar","status":"publish","type":"property","link":"https:\/\/www.tunidotenerife.com\/pl\/p\/villa-en-venta-en-tenerife-sur-palm-mar\/","title":{"rendered":"Willa na sprzeda\u017c na Teneryfie Po\u0142udniowej, Palm Mar"},"content":{"rendered":"<p>Po\u0142o\u017cona w presti\u017cowej okolicy Palm Mar, wspania\u0142a willa stoi majestatycznie na dzia\u0142ce o powierzchni 550 metr\u00f3w kwadratowych. Ta willa w Palm Mar wyr\u00f3\u017cnia si\u0119 wsp\u00f3\u0142czesnym projektem architektonicznym i wyrafinowan\u0105 elegancj\u0105.<\/p>\n<p>Nieruchomo\u015b\u0107 sk\u0142ada si\u0119 z czterech przestronnych sypialni, idealnych do odpoczynku i spokoju. Posiada r\u00f3wnie\u017c trzy kompletne \u0142azienki, zaprojektowane w nowoczesnym i funkcjonalnym stylu oraz dodatkow\u0105 toalet\u0119 dla go\u015bci.<\/p>\n<p>Klejnotem w koronie tej willi w Palm Mar jest przestronny salon, kt\u00f3ry integruje kuchni\u0119 na otwartym planie, zapewniaj\u0105c otwart\u0105 i jasn\u0105 przestrze\u0144. To \u015brodowisko jest idealne, aby cieszy\u0107 si\u0119 chwilami relaksu lub organizowa\u0107 spotkania z rodzin\u0105 i przyjaci\u00f3\u0142mi.<\/p>\n<p>Dla Twojej wygody w willi znajduje si\u0119 r\u00f3wnie\u017c pralnia, dwie garderoby i ma\u0142y schowek. Ka\u017cda z tych przestrzeni zosta\u0142a zaprojektowana z my\u015bl\u0105 o funkcjonalno\u015bci i optymalizacji przestrzeni.<\/p>\n<p>Je\u015bli chodzi o tereny zewn\u0119trzne, ta willa w Palm Mar oferuje dwa tarasy na pi\u0119trze, z kt\u00f3rych mo\u017cna podziwia\u0107 zapieraj\u0105ce dech w piersiach panoramiczne widoki. Na parterze znajduje si\u0119 przytulna weranda, na kt\u00f3rej mo\u017cna cieszy\u0107 si\u0119 ciep\u0142ym klimatem okolicy.<\/p>\n<p>Ponadto nieruchomo\u015b\u0107 posiada prywatny basen, niezb\u0119dny element na letnie dni. Aby uzupe\u0142ni\u0107 udogodnienia, willa posiada zamkni\u0119ty prywatny parking, kt\u00f3ry zapewnia dodatkowe bezpiecze\u0144stwo i komfort.<\/p>\n<p>Ta willa w Palm Mar zosta\u0142a zbudowana z wysokiej jako\u015bci wyko\u0144cze\u0144, co gwarantuje jej trwa\u0142o\u015b\u0107 i odporno\u015b\u0107. Bez w\u0105tpienia jest to wyj\u0105tkowa nieruchomo\u015b\u0107, kt\u00f3ra \u0142\u0105czy w sobie luksus, komfort i styl w jednym miejscu.<\/p>","protected":false},"excerpt":{"rendered":"<p>Ubicada en la prestigiosa zona de Palm Mar, se encuentra una magn\u00edfica villa que se erige majestuosamente sobre una parcela de 550 metros cuadrados. Esta villa en Palm Mar se distingue por su dise\u00f1o arquitect\u00f3nico contempor\u00e1neo y su sofisticada elegancia. La vivienda se compone de cuatro dormitorios espaciosos, ideales para el descanso y la tranquilidad. [&hellip;]<\/p>\n","protected":false},"author":5,"featured_media":25724,"parent":0,"menu_order":0,"template":"","property_type":[45],"property_status":[24],"property_feature":[17,178,19,177,174,31,169,173,42,171,170],"property_label":[109,179],"property_city":[74],"class_list":["post-25732","property","type-property","status-publish","has-post-thumbnail","hentry","property_type-villa","property_status-venta","property_feature-aire-acondicionado","property_feature-aparcamiento-privado-cerrado","property_feature-barbacoa","property_feature-cerca-de-la-playa","property_feature-cocina-amueblada","property_feature-ducha-exterior","property_feature-nueva-construccion","property_feature-piscina-climatizada","property_feature-piscina-privada","property_feature-vistas-a-la-montana","property_feature-vistas-al-oceano","property_label-exclusivo","property_label-luxury","property_city-palm-mar"],"property_meta":{"rank_math_internal_links_processed":["1"],"fave_property_price":["1750000"],"fave_property_price_postfix":[""],"fave_show_price_placeholder":["0"],"fave_property_price_placeholder":[""],"fave_property_price_prefix":[""],"fave_property_sec_price":[""],"fave_property_size":["220"],"fave_property_size_prefix":["m\u00b2"],"fave_property_land":["550"],"fave_property_land_postfix":["m\u00b2"],"fave_property_bedrooms":["4"],"fave_property_bathrooms":["4"],"fave_property_garage":["1"],"fave_property_garage_size":[""],"fave_virtual_tour":[""],"fave_property_year":["2025"],"fave_property_id":["2310"],"fave_video_url":[""],"fave_property_zip":["38632"],"additional_features":["a:1:{i:0;a:2:{s:29:\"fave_additional_feature_title\";s:0:\"\";s:29:\"fave_additional_feature_value\";s:0:\"\";}}"],"fave_additional_features_enable":["enable"],"floor_plans":[""],"fave_multi_units":[""],"fave_featured":["0"],"houzez_featured_listing_date":[""],"fave_loggedintoview":["0"],"fave_mortgage_cal":["0"],"fave_private_note":[""],"fave_property_disclaimer":[""],"fave_payment_status":["not_paid"],"fave_agent_display_option":["agent_info"],"fave_property_map_address":["La Arenita, Avenida El Palm-Mar, Palm-Mar, Palm-Mar, Arona, Arona, Santa Cruz de Tenerife, Canarias, 38632, Espa\u00f1a"],"fave_property_address":["La Arenita, Avenida El Palm-Mar, Palm-Mar, Palm-Mar, Arona, Arona, Santa Cruz de Tenerife, Canarias, 38632, Espa\u00f1a"],"houzez_geolocation_lat":["28.0237457"],"houzez_geolocation_long":["-16.6988121"],"fave_property_location":["28.0237457,-16.6988121"],"fave_property_map":["1"],"fave_property_map_street_view":[""],"houzez_total_property_views":["19535"],"houzez_views_by_date":["a:61:{s:10:\"02-27-2026\";i:36;s:10:\"02-28-2026\";i:36;s:10:\"03-01-2026\";i:36;s:10:\"03-02-2026\";i:38;s:10:\"03-03-2026\";i:45;s:10:\"03-04-2026\";i:37;s:10:\"03-05-2026\";i:52;s:10:\"03-06-2026\";i:38;s:10:\"03-07-2026\";i:36;s:10:\"03-08-2026\";i:36;s:10:\"03-09-2026\";i:36;s:10:\"03-10-2026\";i:54;s:10:\"03-11-2026\";i:55;s:10:\"03-12-2026\";i:54;s:10:\"03-13-2026\";i:36;s:10:\"03-14-2026\";i:36;s:10:\"03-15-2026\";i:36;s:10:\"03-16-2026\";i:42;s:10:\"03-17-2026\";i:46;s:10:\"03-18-2026\";i:38;s:10:\"03-19-2026\";i:46;s:10:\"03-20-2026\";i:36;s:10:\"03-21-2026\";i:52;s:10:\"03-22-2026\";i:38;s:10:\"03-23-2026\";i:36;s:10:\"03-24-2026\";i:36;s:10:\"03-25-2026\";i:36;s:10:\"03-26-2026\";i:54;s:10:\"03-27-2026\";i:36;s:10:\"03-28-2026\";i:54;s:10:\"03-29-2026\";i:36;s:10:\"03-30-2026\";i:36;s:10:\"03-31-2026\";i:36;s:10:\"04-01-2026\";i:40;s:10:\"04-02-2026\";i:54;s:10:\"04-03-2026\";i:36;s:10:\"04-04-2026\";i:36;s:10:\"04-05-2026\";i:36;s:10:\"04-06-2026\";i:42;s:10:\"04-07-2026\";i:40;s:10:\"04-08-2026\";i:54;s:10:\"04-09-2026\";i:36;s:10:\"04-10-2026\";i:36;s:10:\"04-11-2026\";i:46;s:10:\"04-12-2026\";i:44;s:10:\"04-13-2026\";i:36;s:10:\"04-14-2026\";i:36;s:10:\"04-15-2026\";i:54;s:10:\"04-16-2026\";i:36;s:10:\"04-17-2026\";i:36;s:10:\"04-18-2026\";i:48;s:10:\"04-19-2026\";i:42;s:10:\"04-20-2026\";i:36;s:10:\"04-21-2026\";i:36;s:10:\"04-22-2026\";i:36;s:10:\"04-23-2026\";i:36;s:10:\"04-24-2026\";i:52;s:10:\"04-25-2026\";i:38;s:10:\"04-26-2026\";i:36;s:10:\"04-27-2026\";i:36;s:10:\"04-28-2026\";i:52;}"],"houzez_recently_viewed":["2026-04-28 16:27:58"],"fave_property_images":["25724","25722","25721","25725","25730","25731","25726","25727","25728","25723","25729","25858","25859","25860","25861"],"_thumbnail_id":["25724"],"fave_agents":["23720"],"_elementor_page_assets":["a:0:{}"]},"_links":{"self":[{"href":"https:\/\/www.tunidotenerife.com\/pl\/wp-json\/wp\/v2\/properties\/25732","targetHints":{"allow":["GET"]}}],"collection":[{"href":"https:\/\/www.tunidotenerife.com\/pl\/wp-json\/wp\/v2\/properties"}],"about":[{"href":"https:\/\/www.tunidotenerife.com\/pl\/wp-json\/wp\/v2\/types\/property"}],"author":[{"embeddable":true,"href":"https:\/\/www.tunidotenerife.com\/pl\/wp-json\/wp\/v2\/users\/5"}],"version-history":[{"count":0,"href":"https:\/\/www.tunidotenerife.com\/pl\/wp-json\/wp\/v2\/properties\/25732\/revisions"}],"wp:featuredmedia":[{"embeddable":true,"href":"https:\/\/www.tunidotenerife.com\/pl\/wp-json\/wp\/v2\/media\/25724"}],"wp:attachment":[{"href":"https:\/\/www.tunidotenerife.com\/pl\/wp-json\/wp\/v2\/media?parent=25732"}],"wp:term":[{"taxonomy":"property_type","embeddable":true,"href":"https:\/\/www.tunidotenerife.com\/pl\/wp-json\/wp\/v2\/property_type?post=25732"},{"taxonomy":"property_status","embeddable":true,"href":"https:\/\/www.tunidotenerife.com\/pl\/wp-json\/wp\/v2\/property_status?post=25732"},{"taxonomy":"property_feature","embeddable":true,"href":"https:\/\/www.tunidotenerife.com\/pl\/wp-json\/wp\/v2\/property_feature?post=25732"},{"taxonomy":"property_label","embeddable":true,"href":"https:\/\/www.tunidotenerife.com\/pl\/wp-json\/wp\/v2\/property_label?post=25732"},{"taxonomy":"property_city","embeddable":true,"href":"https:\/\/www.tunidotenerife.com\/pl\/wp-json\/wp\/v2\/property_city?post=25732"}],"curies":[{"name":"wp","href":"https:\/\/api.w.org\/{rel}","templated":true}]}}