{"id":25648,"date":"2025-01-15T16:08:14","date_gmt":"2025-01-15T16:08:14","guid":{"rendered":"https:\/\/www.tunidotenerife.com\/p\/finca-en-venta-en-el-pozo-guia-de-isora\/"},"modified":"2025-02-26T14:29:23","modified_gmt":"2025-02-26T14:29:23","slug":"finca-en-venta-en-el-pozo-guia-de-isora","status":"publish","type":"property","link":"https:\/\/www.tunidotenerife.com\/pl\/p\/finca-en-venta-en-el-pozo-guia-de-isora\/","title":{"rendered":"Finca na sprzeda\u017c w El Pozo, Gu\u00eda de Isora"},"content":{"rendered":"<p>Po\u0142o\u017cona w urokliwej gminie Gu\u00eda de Isora, a konkretnie w malowniczej okolicy El Pozo, znajduje si\u0119 wyj\u0105tkowa finca. Ta wspania\u0142a dzia\u0142ka rolna o powierzchni oko\u0142o 13 000 metr\u00f3w kwadratowych ma prostok\u0105tny kszta\u0142t i \u0142agodne nachylenie, co czyni j\u0105 idealn\u0105 do wykorzystania w rolnictwie. Jego \u017cyzna gleba jest idealna do uprawy r\u00f3\u017cnych ro\u015blin, od winoro\u015bli po pomidory, a tak\u017ce tradycyjne ziemniaki.<\/p>\n<p>Finca w El Pozo, opr\u00f3cz atrakcji rolniczych, mie\u015bci przytulny dom o powierzchni 160 m2. Dom ten sk\u0142ada si\u0119 z dw\u00f3ch przestronnych sypialni i \u0142azienki, co czyni go idealnym domem. Jednak to, co naprawd\u0119 wyr\u00f3\u017cnia t\u0119 nieruchomo\u015b\u0107, to jej lokalizacja: po\u0142o\u017cona w pi\u0119knym wiejskim, wzniesionym i otwartym otoczeniu, zapewnia zapieraj\u0105ce dech w piersiach panoramiczne widoki na wybrze\u017ce i morze.<\/p>\n<p>Ale ta finca w El Pozo oferuje znacznie wi\u0119cej ni\u017c tylko dom i grunty rolne. Posiada zbiornik na wod\u0119 o pojemno\u015bci 182 m3 i widoki na ocean, a tak\u017ce panel s\u0142oneczny i dwa generatory o mocy 380 W i 220 W (Diesel). Wszystko to sprawia, \u017ce ta finca jest ukrytym klejnotem czekaj\u0105cym na odkrycie.<\/p>\n<p>Ponadto koszt IBI wynosi tylko 108 euro rocznie, co jeszcze bardziej zwi\u0119ksza warto\u015b\u0107 tej i tak ju\u017c atrakcyjnej opcji.<\/p>\n<p>Zapraszamy do odkrycia tej finki w El Pozo, miejsca, w kt\u00f3rym mo\u017cna budowa\u0107 wspomnienia, cieszy\u0107 si\u0119 spokojem i \u017cy\u0107 \u017cyciem, o jakim zawsze marzy\u0142e\u015b. To nie tylko nieruchomo\u015b\u0107, to styl \u017cycia. Nie przegap tej wyj\u0105tkowej okazji.<\/p>","protected":false},"excerpt":{"rendered":"<p>Ubicada en el encantador Municipio de Gu\u00eda de Isora, concretamente en la pintoresca zona de El Pozo, se encuentra una finca \u00fanica en su especie. Esta espl\u00e9ndida parcela agr\u00edcola, de aproximadamente 13.000 metros cuadrados, presume de una forma rectangular y un suave desnivel, caracter\u00edsticas que la hacen ideal para la explotaci\u00f3n agr\u00edcola. Su suelo f\u00e9rtil [&hellip;]<\/p>\n","protected":false},"author":5,"featured_media":25660,"parent":0,"menu_order":0,"template":"","property_type":[121],"property_status":[24],"property_feature":[171,170],"property_label":[109],"property_city":[93],"class_list":["post-25648","property","type-property","status-publish","has-post-thumbnail","hentry","property_type-finca","property_status-venta","property_feature-vistas-a-la-montana","property_feature-vistas-al-oceano","property_label-exclusivo","property_city-guia-de-isora"],"property_meta":{"rank_math_internal_links_processed":["1"],"fave_property_price":["510000"],"fave_property_price_postfix":[""],"fave_show_price_placeholder":["0"],"fave_property_price_placeholder":[""],"fave_property_price_prefix":[""],"fave_property_sec_price":[""],"fave_property_size":["160"],"fave_property_size_prefix":["m\u00b2"],"fave_property_land":["13000"],"fave_property_land_postfix":["m\u00b2"],"fave_property_bedrooms":["2"],"fave_property_bathrooms":["1"],"fave_property_garage":[""],"fave_property_garage_size":[""],"fave_virtual_tour":[""],"fave_property_year":[""],"fave_property_id":["2309"],"fave_video_url":[""],"fave_property_zip":["38688"],"additional_features":["a:1:{i:0;a:2:{s:29:\"fave_additional_feature_title\";s:0:\"\";s:29:\"fave_additional_feature_value\";s:0:\"\";}}"],"fave_additional_features_enable":["enable"],"floor_plans":[""],"fave_multi_units":[""],"fave_featured":["0"],"houzez_featured_listing_date":[""],"fave_loggedintoview":["0"],"fave_mortgage_cal":["0"],"fave_private_note":[""],"fave_property_disclaimer":[""],"fave_payment_status":["not_paid"],"fave_agent_display_option":["agent_info"],"fave_property_map_address":["El Pozo, Gu\u00eda de Isora, Santa Cruz de Tenerife, Canarias, 38688, Espa\u00f1a"],"fave_property_address":["El Pozo, Gu\u00eda de Isora, Santa Cruz de Tenerife, Canarias, 38688, Espa\u00f1a"],"houzez_geolocation_lat":["28.1986387"],"houzez_geolocation_long":["-16.7670221"],"fave_property_location":["28.1986387,-16.7670221"],"fave_property_map":["1"],"fave_property_map_street_view":[""],"houzez_total_property_views":["20593"],"houzez_views_by_date":["a:61:{s:10:\"02-27-2026\";i:36;s:10:\"02-28-2026\";i:36;s:10:\"03-01-2026\";i:36;s:10:\"03-02-2026\";i:40;s:10:\"03-03-2026\";i:45;s:10:\"03-04-2026\";i:36;s:10:\"03-05-2026\";i:52;s:10:\"03-06-2026\";i:38;s:10:\"03-07-2026\";i:36;s:10:\"03-08-2026\";i:36;s:10:\"03-09-2026\";i:36;s:10:\"03-10-2026\";i:54;s:10:\"03-11-2026\";i:54;s:10:\"03-12-2026\";i:54;s:10:\"03-13-2026\";i:36;s:10:\"03-14-2026\";i:36;s:10:\"03-15-2026\";i:36;s:10:\"03-16-2026\";i:42;s:10:\"03-17-2026\";i:48;s:10:\"03-18-2026\";i:36;s:10:\"03-19-2026\";i:51;s:10:\"03-20-2026\";i:36;s:10:\"03-21-2026\";i:52;s:10:\"03-22-2026\";i:38;s:10:\"03-23-2026\";i:36;s:10:\"03-24-2026\";i:36;s:10:\"03-25-2026\";i:36;s:10:\"03-26-2026\";i:54;s:10:\"03-27-2026\";i:36;s:10:\"03-28-2026\";i:54;s:10:\"03-29-2026\";i:36;s:10:\"03-30-2026\";i:36;s:10:\"03-31-2026\";i:36;s:10:\"04-01-2026\";i:39;s:10:\"04-02-2026\";i:54;s:10:\"04-03-2026\";i:36;s:10:\"04-04-2026\";i:36;s:10:\"04-05-2026\";i:36;s:10:\"04-06-2026\";i:42;s:10:\"04-07-2026\";i:38;s:10:\"04-08-2026\";i:54;s:10:\"04-09-2026\";i:36;s:10:\"04-10-2026\";i:37;s:10:\"04-11-2026\";i:46;s:10:\"04-12-2026\";i:43;s:10:\"04-13-2026\";i:36;s:10:\"04-14-2026\";i:36;s:10:\"04-15-2026\";i:54;s:10:\"04-16-2026\";i:36;s:10:\"04-17-2026\";i:36;s:10:\"04-18-2026\";i:48;s:10:\"04-19-2026\";i:42;s:10:\"04-20-2026\";i:36;s:10:\"04-21-2026\";i:36;s:10:\"04-22-2026\";i:36;s:10:\"04-23-2026\";i:36;s:10:\"04-24-2026\";i:52;s:10:\"04-25-2026\";i:38;s:10:\"04-26-2026\";i:36;s:10:\"04-27-2026\";i:36;s:10:\"04-28-2026\";i:52;}"],"houzez_recently_viewed":["2026-04-28 16:25:59"],"fave_property_images":["25660","25661","25656","25657","25658","25659","25662","25664","25665","25666","25667","25663"],"_thumbnail_id":["25660"],"fave_agents":["23720"],"_elementor_page_assets":["a:0:{}"]},"_links":{"self":[{"href":"https:\/\/www.tunidotenerife.com\/pl\/wp-json\/wp\/v2\/properties\/25648","targetHints":{"allow":["GET"]}}],"collection":[{"href":"https:\/\/www.tunidotenerife.com\/pl\/wp-json\/wp\/v2\/properties"}],"about":[{"href":"https:\/\/www.tunidotenerife.com\/pl\/wp-json\/wp\/v2\/types\/property"}],"author":[{"embeddable":true,"href":"https:\/\/www.tunidotenerife.com\/pl\/wp-json\/wp\/v2\/users\/5"}],"version-history":[{"count":0,"href":"https:\/\/www.tunidotenerife.com\/pl\/wp-json\/wp\/v2\/properties\/25648\/revisions"}],"wp:featuredmedia":[{"embeddable":true,"href":"https:\/\/www.tunidotenerife.com\/pl\/wp-json\/wp\/v2\/media\/25660"}],"wp:attachment":[{"href":"https:\/\/www.tunidotenerife.com\/pl\/wp-json\/wp\/v2\/media?parent=25648"}],"wp:term":[{"taxonomy":"property_type","embeddable":true,"href":"https:\/\/www.tunidotenerife.com\/pl\/wp-json\/wp\/v2\/property_type?post=25648"},{"taxonomy":"property_status","embeddable":true,"href":"https:\/\/www.tunidotenerife.com\/pl\/wp-json\/wp\/v2\/property_status?post=25648"},{"taxonomy":"property_feature","embeddable":true,"href":"https:\/\/www.tunidotenerife.com\/pl\/wp-json\/wp\/v2\/property_feature?post=25648"},{"taxonomy":"property_label","embeddable":true,"href":"https:\/\/www.tunidotenerife.com\/pl\/wp-json\/wp\/v2\/property_label?post=25648"},{"taxonomy":"property_city","embeddable":true,"href":"https:\/\/www.tunidotenerife.com\/pl\/wp-json\/wp\/v2\/property_city?post=25648"}],"curies":[{"name":"wp","href":"https:\/\/api.w.org\/{rel}","templated":true}]}}