{"id":24229,"date":"2024-05-23T15:21:21","date_gmt":"2024-05-23T14:21:21","guid":{"rendered":"https:\/\/www.tunidotenerife.com\/p\/villa-en-venta-en-tenerife-sur-roque-del-conde\/"},"modified":"2025-08-13T13:39:59","modified_gmt":"2025-08-13T12:39:59","slug":"villa-en-venta-en-tenerife-sur-roque-del-conde","status":"houzez_sold","type":"property","link":"https:\/\/www.tunidotenerife.com\/pl\/p\/villa-en-venta-en-tenerife-sur-roque-del-conde\/","title":{"rendered":"Willa na sprzeda\u017c na Teneryfie Po\u0142udniowej, Roque del Conde"},"content":{"rendered":"<p>Po\u0142o\u017cona w wynios\u0142ych szczytach Roque del Conde jest majestatyczna willa, Villa Roque del Conde, wzniesiona w 2005 roku. Ta wspania\u0142a nieruchomo\u015b\u0107 znajduje si\u0119 na dzia\u0142ce o powierzchni 755 m2, o powierzchni zabudowy 1070 m2, rozmieszczonej na czterech poziomach.<br \/>\nWilla Roque del Conde ma cztery przestronne pokoje, z kt\u00f3rych trzy s\u0105 u\u017cywane jako sypialnie, a pozosta\u0142e jako biuro. Posiada r\u00f3wnie\u017c cztery \u0142azienki i toalet\u0119, kt\u00f3re s\u0105 rozmieszczone w nast\u0119puj\u0105cy spos\u00f3b:<br \/>\nNa parterze znajduje si\u0119 przytulny salon, sypialnia, jadalnia, w pe\u0142ni wyposa\u017cona kuchnia, gabinet i dwie \u0142azienki. Na pi\u0119trze znajduj\u0105 si\u0119 dwie dodatkowe sypialnie, dwie \u0142azienki, taras i drugi salon. Piwnica -1 jest przeznaczona na gara\u017c, pomieszczenie gospodarcze, dodatkow\u0105 jadalni\u0119\/kuchni\u0119, grill, piwniczk\u0119 na wino i toalet\u0119. Wreszcie piwnica -2 mie\u015bci magazyn i toalet\u0119.<br \/>\nNa zewn\u0105trz Villa Roque del Conde to prawdziwy raj, otoczony r\u00f3\u017cnymi ogrodami z panoramicznym widokiem na ocean, wybrze\u017ce, s\u0105siedni\u0105 wysp\u0119 La Gomera i g\u00f3ry.<br \/>\nJe\u015bli chodzi o materia\u0142y u\u017cyte do jego budowy, wybrano marmur, parkiet, ceramik\u0119, podw\u00f3jne szyby i kamie\u0144 kanaryjski, dodaj\u0105c odrobin\u0119 elegancji i wyrafinowania.<\/p>\n<p>Willa Roque del Conde jest sprzedawana w pe\u0142ni umeblowana, jak pokazano na zdj\u0119ciach. Jest to wyj\u0105tkowa okazja do nabycia luksusowej nieruchomo\u015bci w uprzywilejowanej lokalizacji.<\/p>","protected":false},"excerpt":{"rendered":"<p>Ubicada en las elevadas cumbres de Roque del Conde, se encuentra una majestuosa villa, Villa Roque del Conde, erigida en el a\u00f1o 2005. Esta magn\u00edfica propiedad se asienta sobre una parcela de 755m2, con una superficie construida de 1070m2, distribuida en cuatro niveles. La Villa Roque del Conde cuenta con cuatro espaciosas habitaciones, tres de [&hellip;]<\/p>\n","protected":false},"author":5,"featured_media":24210,"parent":0,"menu_order":0,"template":"","property_type":[45],"property_status":[40],"property_feature":[17,178,19,174,31,26,42,171,170],"property_label":[109,180],"property_city":[59],"class_list":["post-24229","property","type-property","status-houzez_sold","has-post-thumbnail","hentry","property_type-villa","property_status-vendido","property_feature-aire-acondicionado","property_feature-aparcamiento-privado-cerrado","property_feature-barbacoa","property_feature-cocina-amueblada","property_feature-ducha-exterior","property_feature-lavadora","property_feature-piscina-privada","property_feature-vistas-a-la-montana","property_feature-vistas-al-oceano","property_label-exclusivo","property_label-oferta","property_city-roque-del-conde"],"property_meta":{"rank_math_internal_links_processed":["1"],"fave_property_price":["1595000"],"fave_property_price_postfix":[""],"fave_show_price_placeholder":["0"],"fave_property_price_placeholder":[""],"fave_property_price_prefix":[""],"fave_property_sec_price":[""],"fave_property_size":["1170"],"fave_property_size_prefix":["m\u00b2"],"fave_property_land":["755"],"fave_property_land_postfix":["m\u00b2"],"fave_property_bedrooms":["4"],"fave_property_bathrooms":["5"],"fave_property_garage":["3"],"fave_property_garage_size":[""],"fave_virtual_tour":[""],"fave_property_year":["2005"],"fave_property_id":["2181"],"fave_video_url":[""],"fave_property_images":["24210","24206","24207","24211","24183","24225","24195","24179","24192","24200","24194","24199","24205","24221","24222","24186","24187","24189","24182","24214","24223"],"_thumbnail_id":["24210"],"fave_property_zip":["38660"],"additional_features":["a:1:{i:0;a:2:{s:29:\"fave_additional_feature_title\";s:0:\"\";s:29:\"fave_additional_feature_value\";s:0:\"\";}}"],"fave_additional_features_enable":["enable"],"floor_plans":[""],"fave_multi_units":[""],"fave_featured":["0"],"houzez_featured_listing_date":[""],"fave_loggedintoview":["0"],"fave_mortgage_cal":["0"],"fave_private_note":[""],"fave_property_disclaimer":[""],"fave_payment_status":["not_paid"],"fave_agents":["23720"],"fave_agent_display_option":["agent_info"],"fave_property_map_address":["Roque del Conde, Espa\u00f1a"],"fave_property_address":["Roque del Conde, Espa\u00f1a"],"houzez_geolocation_lat":["28.104167"],"houzez_geolocation_long":["-16.698611"],"fave_property_location":["28.104167,-16.698611"],"fave_property_map":["1"],"fave_property_map_street_view":["hide"],"houzez_total_property_views":["22873"],"houzez_views_by_date":["a:61:{s:10:\"02-28-2026\";i:36;s:10:\"03-01-2026\";i:36;s:10:\"03-02-2026\";i:43;s:10:\"03-03-2026\";i:38;s:10:\"03-04-2026\";i:40;s:10:\"03-05-2026\";i:50;s:10:\"03-06-2026\";i:38;s:10:\"03-07-2026\";i:36;s:10:\"03-08-2026\";i:36;s:10:\"03-09-2026\";i:36;s:10:\"03-10-2026\";i:54;s:10:\"03-11-2026\";i:62;s:10:\"03-12-2026\";i:54;s:10:\"03-13-2026\";i:36;s:10:\"03-14-2026\";i:36;s:10:\"03-15-2026\";i:36;s:10:\"03-16-2026\";i:54;s:10:\"03-17-2026\";i:36;s:10:\"03-18-2026\";i:36;s:10:\"03-19-2026\";i:65;s:10:\"03-20-2026\";i:52;s:10:\"03-21-2026\";i:40;s:10:\"03-22-2026\";i:36;s:10:\"03-23-2026\";i:38;s:10:\"03-24-2026\";i:33;s:10:\"03-25-2026\";i:36;s:10:\"03-26-2026\";i:54;s:10:\"03-27-2026\";i:36;s:10:\"03-28-2026\";i:56;s:10:\"03-29-2026\";i:36;s:10:\"03-30-2026\";i:36;s:10:\"03-31-2026\";i:36;s:10:\"04-01-2026\";i:42;s:10:\"04-02-2026\";i:54;s:10:\"04-03-2026\";i:37;s:10:\"04-04-2026\";i:36;s:10:\"04-05-2026\";i:40;s:10:\"04-06-2026\";i:44;s:10:\"04-07-2026\";i:70;s:10:\"04-08-2026\";i:51;s:10:\"04-09-2026\";i:35;s:10:\"04-10-2026\";i:46;s:10:\"04-11-2026\";i:44;s:10:\"04-12-2026\";i:36;s:10:\"04-13-2026\";i:36;s:10:\"04-14-2026\";i:36;s:10:\"04-15-2026\";i:54;s:10:\"04-16-2026\";i:36;s:10:\"04-17-2026\";i:38;s:10:\"04-18-2026\";i:52;s:10:\"04-19-2026\";i:36;s:10:\"04-20-2026\";i:36;s:10:\"04-21-2026\";i:36;s:10:\"04-22-2026\";i:38;s:10:\"04-23-2026\";i:44;s:10:\"04-24-2026\";i:44;s:10:\"04-25-2026\";i:36;s:10:\"04-26-2026\";i:36;s:10:\"04-27-2026\";i:36;s:10:\"04-28-2026\";i:54;s:10:\"04-29-2026\";i:39;}"],"houzez_recently_viewed":["2026-04-30 00:11:42"],"_elementor_page_assets":["a:0:{}"]},"_links":{"self":[{"href":"https:\/\/www.tunidotenerife.com\/pl\/wp-json\/wp\/v2\/properties\/24229","targetHints":{"allow":["GET"]}}],"collection":[{"href":"https:\/\/www.tunidotenerife.com\/pl\/wp-json\/wp\/v2\/properties"}],"about":[{"href":"https:\/\/www.tunidotenerife.com\/pl\/wp-json\/wp\/v2\/types\/property"}],"author":[{"embeddable":true,"href":"https:\/\/www.tunidotenerife.com\/pl\/wp-json\/wp\/v2\/users\/5"}],"version-history":[{"count":0,"href":"https:\/\/www.tunidotenerife.com\/pl\/wp-json\/wp\/v2\/properties\/24229\/revisions"}],"wp:featuredmedia":[{"embeddable":true,"href":"https:\/\/www.tunidotenerife.com\/pl\/wp-json\/wp\/v2\/media\/24210"}],"wp:attachment":[{"href":"https:\/\/www.tunidotenerife.com\/pl\/wp-json\/wp\/v2\/media?parent=24229"}],"wp:term":[{"taxonomy":"property_type","embeddable":true,"href":"https:\/\/www.tunidotenerife.com\/pl\/wp-json\/wp\/v2\/property_type?post=24229"},{"taxonomy":"property_status","embeddable":true,"href":"https:\/\/www.tunidotenerife.com\/pl\/wp-json\/wp\/v2\/property_status?post=24229"},{"taxonomy":"property_feature","embeddable":true,"href":"https:\/\/www.tunidotenerife.com\/pl\/wp-json\/wp\/v2\/property_feature?post=24229"},{"taxonomy":"property_label","embeddable":true,"href":"https:\/\/www.tunidotenerife.com\/pl\/wp-json\/wp\/v2\/property_label?post=24229"},{"taxonomy":"property_city","embeddable":true,"href":"https:\/\/www.tunidotenerife.com\/pl\/wp-json\/wp\/v2\/property_city?post=24229"}],"curies":[{"name":"wp","href":"https:\/\/api.w.org\/{rel}","templated":true}]}}