{"id":24128,"date":"2024-05-22T14:46:47","date_gmt":"2024-05-22T13:46:47","guid":{"rendered":"https:\/\/www.tunidotenerife.com\/p\/duplex-en-venta-en-tenerife-sur-madronal-de-fanabe\/"},"modified":"2024-05-23T11:49:44","modified_gmt":"2024-05-23T10:49:44","slug":"duplex-en-venta-en-tenerife-sur-madronal-de-fanabe","status":"publish","type":"property","link":"https:\/\/www.tunidotenerife.com\/pl\/p\/duplex-en-venta-en-tenerife-sur-madronal-de-fanabe\/","title":{"rendered":"Duplex na sprzeda\u017c na Teneryfie Po\u0142udniowej, Madro\u00f1al de Fa\u00f1abe"},"content":{"rendered":"<p>Ten uroczy dwupoziomowy apartament znajduje si\u0119 w dzielnicy mieszkalnej Mirador del Roque w Madro\u00f1al de Fa\u00f1abe. Nieruchomo\u015b\u0107 znajduje si\u0119 w cichej dzielnicy mieszkalnej, kt\u00f3ra jest obecnie najmodniejsza na po\u0142udniu wyspy, gwarantuj\u0105c \u017cycie w luksusie i komforcie.<\/p>\n<p>Na pierwszym pi\u0119trze znajduje si\u0119 przestronny taras z bezpo\u015brednim dost\u0119pem do du\u017cej sypialni wyposa\u017conej w szafy i \u0142azienk\u0119. Ponadto na tym poziomie znajduje si\u0119 kolejna pojedyncza sypialnia i dodatkowa \u0142azienka. Pierwsze pi\u0119tro jest dost\u0119pne zar\u00f3wno schodami wewn\u0119trznymi, jak i zewn\u0119trznymi, co zapewnia du\u017c\u0105 elastyczno\u015b\u0107.<\/p>\n<p>Na pierwszym pi\u0119trze znajduje si\u0119 przestronny salon z nowoczesn\u0105 kuchni\u0105 i jadalni\u0105. Przestrze\u0144 t\u0119 uzupe\u0142niaj\u0105 dwie dodatkowe sypialnie i \u0142azienka. Per\u0142\u0105 w koronie tego pi\u0119tra jest przestronny i s\u0142oneczny tylny taras, idealny do podziwiania widok\u00f3w i ciep\u0142ego klimatu wyspy.<\/p>\n<p>Ten dwupoziomowy apartament jest sprzedawany tak, jak pokazano na zdj\u0119ciach, wraz z podziemnym miejscem parkingowym. Jego lokalizacja jest idealna, zaledwie kilka metr\u00f3w od szko\u0142y Costa Adeje, parku, supermarketu i r\u00f3\u017cnych modnych kawiarni, dzi\u0119ki czemu wszystkie udogodnienia s\u0105 w zasi\u0119gu r\u0119ki.<\/p>\n<p>Kr\u00f3tko m\u00f3wi\u0105c, ten dwupoziomowy apartament w El Madro\u00f1al de Fa\u00f1abe to bezkonkurencyjna okazja dla os\u00f3b poszukuj\u0105cych luksusowej nieruchomo\u015bci w cichej i modnej dzielnicy mieszkalnej na po\u0142udniu wyspy.<\/p>","protected":false},"excerpt":{"rendered":"<p>Ubicado en el residencial Mirador del Roque, en el Madro\u00f1al de Fa\u00f1abe, se encuentra este encantador d\u00faplex. La propiedad se sit\u00faa en una zona residencial tranquila, que actualmente es la m\u00e1s de moda en el sur de la isla, lo que garantiza una vida de lujo y comodidad. La primera planta del d\u00faplex ofrece una [&hellip;]<\/p>\n","protected":false},"author":2,"featured_media":24121,"parent":0,"menu_order":0,"template":"","property_type":[163],"property_status":[24],"property_feature":[174,171],"property_label":[109],"property_city":[62],"class_list":["post-24128","property","type-property","status-publish","has-post-thumbnail","hentry","property_type-duplex","property_status-venta","property_feature-cocina-amueblada","property_feature-vistas-a-la-montana","property_label-exclusivo","property_city-el-madronal-de-fanabe"],"property_meta":{"rank_math_internal_links_processed":["1"],"fave_property_price":["559000"],"fave_property_price_postfix":[""],"fave_show_price_placeholder":["0"],"fave_property_price_placeholder":[""],"fave_property_price_prefix":[""],"fave_property_sec_price":[""],"fave_property_size":[""],"fave_property_size_prefix":["m\u00b2"],"fave_property_land":[""],"fave_property_land_postfix":["m\u00b2"],"fave_property_bedrooms":["4"],"fave_property_bathrooms":["3"],"fave_property_garage":["1"],"fave_property_garage_size":[""],"fave_virtual_tour":[""],"fave_property_year":[""],"fave_property_id":["2262"],"fave_video_url":[""],"fave_property_zip":["38679"],"additional_features":["a:1:{i:0;a:2:{s:29:\"fave_additional_feature_title\";s:0:\"\";s:29:\"fave_additional_feature_value\";s:0:\"\";}}"],"fave_additional_features_enable":["enable"],"floor_plans":[""],"fave_multi_units":[""],"fave_featured":["0"],"houzez_featured_listing_date":[""],"fave_loggedintoview":["0"],"fave_mortgage_cal":["0"],"fave_private_note":[""],"fave_property_disclaimer":[""],"fave_payment_status":["not_paid"],"fave_agent_display_option":["agent_info"],"fave_property_map_address":["Calle el Card\u00f3n, Costa Adeje, Espa\u00f1a"],"fave_property_address":["Calle el Card\u00f3n, Costa Adeje, Espa\u00f1a"],"houzez_geolocation_lat":["28.095311260746396"],"houzez_geolocation_long":["-16.721823093640136"],"fave_property_location":["28.095311260746396,-16.721823093640136"],"fave_property_map":["1"],"fave_property_map_street_view":["hide"],"houzez_total_property_views":["23163"],"houzez_views_by_date":["a:61:{s:10:\"03-01-2026\";i:42;s:10:\"03-02-2026\";i:37;s:10:\"03-03-2026\";i:34;s:10:\"03-04-2026\";i:47;s:10:\"03-05-2026\";i:47;s:10:\"03-06-2026\";i:38;s:10:\"03-07-2026\";i:36;s:10:\"03-08-2026\";i:36;s:10:\"03-09-2026\";i:36;s:10:\"03-10-2026\";i:55;s:10:\"03-11-2026\";i:73;s:10:\"03-12-2026\";i:55;s:10:\"03-13-2026\";i:36;s:10:\"03-14-2026\";i:36;s:10:\"03-15-2026\";i:40;s:10:\"03-16-2026\";i:50;s:10:\"03-17-2026\";i:36;s:10:\"03-18-2026\";i:36;s:10:\"03-19-2026\";i:68;s:10:\"03-20-2026\";i:50;s:10:\"03-21-2026\";i:46;s:10:\"03-22-2026\";i:36;s:10:\"03-23-2026\";i:40;s:10:\"03-24-2026\";i:30;s:10:\"03-25-2026\";i:40;s:10:\"03-26-2026\";i:50;s:10:\"03-27-2026\";i:36;s:10:\"03-28-2026\";i:58;s:10:\"03-29-2026\";i:36;s:10:\"03-30-2026\";i:36;s:10:\"03-31-2026\";i:37;s:10:\"04-01-2026\";i:44;s:10:\"04-02-2026\";i:54;s:10:\"04-03-2026\";i:36;s:10:\"04-04-2026\";i:36;s:10:\"04-05-2026\";i:42;s:10:\"04-06-2026\";i:46;s:10:\"04-07-2026\";i:96;s:10:\"04-08-2026\";i:52;s:10:\"04-09-2026\";i:36;s:10:\"04-10-2026\";i:46;s:10:\"04-11-2026\";i:46;s:10:\"04-12-2026\";i:36;s:10:\"04-13-2026\";i:36;s:10:\"04-14-2026\";i:36;s:10:\"04-15-2026\";i:54;s:10:\"04-16-2026\";i:36;s:10:\"04-17-2026\";i:40;s:10:\"04-18-2026\";i:50;s:10:\"04-19-2026\";i:36;s:10:\"04-20-2026\";i:36;s:10:\"04-21-2026\";i:36;s:10:\"04-22-2026\";i:40;s:10:\"04-23-2026\";i:43;s:10:\"04-24-2026\";i:43;s:10:\"04-25-2026\";i:36;s:10:\"04-26-2026\";i:36;s:10:\"04-27-2026\";i:36;s:10:\"04-28-2026\";i:54;s:10:\"04-29-2026\";i:44;s:10:\"04-30-2026\";i:30;}"],"houzez_recently_viewed":["2026-04-30 12:14:28"],"fave_property_images":["24121","24110","24111","24112","24113","24114","24115","24116","24117","24118","24119","24120","24122","24124","24125","24126","24123","24107","24108","24109"],"_thumbnail_id":["24121"],"fave_agents":["150"],"_elementor_page_assets":["a:0:{}"]},"_links":{"self":[{"href":"https:\/\/www.tunidotenerife.com\/pl\/wp-json\/wp\/v2\/properties\/24128","targetHints":{"allow":["GET"]}}],"collection":[{"href":"https:\/\/www.tunidotenerife.com\/pl\/wp-json\/wp\/v2\/properties"}],"about":[{"href":"https:\/\/www.tunidotenerife.com\/pl\/wp-json\/wp\/v2\/types\/property"}],"author":[{"embeddable":true,"href":"https:\/\/www.tunidotenerife.com\/pl\/wp-json\/wp\/v2\/users\/2"}],"version-history":[{"count":0,"href":"https:\/\/www.tunidotenerife.com\/pl\/wp-json\/wp\/v2\/properties\/24128\/revisions"}],"wp:featuredmedia":[{"embeddable":true,"href":"https:\/\/www.tunidotenerife.com\/pl\/wp-json\/wp\/v2\/media\/24121"}],"wp:attachment":[{"href":"https:\/\/www.tunidotenerife.com\/pl\/wp-json\/wp\/v2\/media?parent=24128"}],"wp:term":[{"taxonomy":"property_type","embeddable":true,"href":"https:\/\/www.tunidotenerife.com\/pl\/wp-json\/wp\/v2\/property_type?post=24128"},{"taxonomy":"property_status","embeddable":true,"href":"https:\/\/www.tunidotenerife.com\/pl\/wp-json\/wp\/v2\/property_status?post=24128"},{"taxonomy":"property_feature","embeddable":true,"href":"https:\/\/www.tunidotenerife.com\/pl\/wp-json\/wp\/v2\/property_feature?post=24128"},{"taxonomy":"property_label","embeddable":true,"href":"https:\/\/www.tunidotenerife.com\/pl\/wp-json\/wp\/v2\/property_label?post=24128"},{"taxonomy":"property_city","embeddable":true,"href":"https:\/\/www.tunidotenerife.com\/pl\/wp-json\/wp\/v2\/property_city?post=24128"}],"curies":[{"name":"wp","href":"https:\/\/api.w.org\/{rel}","templated":true}]}}