{"id":22799,"date":"2024-04-25T16:49:23","date_gmt":"2024-04-25T15:49:23","guid":{"rendered":"https:\/\/www.tunidotenerife.com\/p\/villa-en-venta-en-tenerife-sur-golf-de-adeje\/"},"modified":"2024-04-26T14:33:23","modified_gmt":"2024-04-26T13:33:23","slug":"villa-en-venta-en-tenerife-sur-golf-de-adeje","status":"publish","type":"property","link":"https:\/\/www.tunidotenerife.com\/pl\/p\/villa-en-venta-en-tenerife-sur-golf-de-adeje\/","title":{"rendered":"Willa na sprzeda\u017c na Teneryfie Po\u0142udniowej, Golf de Adeje"},"content":{"rendered":"<p>Przedstawiamy Pa\u0144stwu imponuj\u0105cy i wyrafinowany dom wolnostoj\u0105cy, kt\u00f3ry wyr\u00f3\u017cnia si\u0119 wyj\u0105tkowo\u015bci\u0105 i elegancj\u0105. Ta nieruchomo\u015b\u0107 o czterech kondygnacjach i powierzchni 554 m\u00b2, z czego 500 m\u00b2 to powierzchnia u\u017cytkowa, jest prezentowana w bezkonkurencyjnym stanie, z projektem, kt\u00f3ry oddaje ho\u0142d rzymskiej estetyce zar\u00f3wno w elewacji, jak i we wn\u0119trzach, z detalami na \u015bcianach i sufitach.<\/p>\n<p>Salon, przestrze\u0144 o du\u017cej jasno\u015bci dzi\u0119ki majestatycznemu oknu, kt\u00f3re rozci\u0105ga si\u0119 z boku na bok, zapewnia panoramiczne widoki na zewn\u0105trz i wpuszcza naturalne \u015bwiat\u0142o, wtapiaj\u0105c si\u0119 w bia\u0142e odcienie, tworz\u0105c atmosfer\u0119 przestronno\u015bci i spokoju.<\/p>\n<p>Kuchnia w kszta\u0142cie litery L harmonijnie integruje si\u0119 z jadalni\u0105, tworz\u0105c otwart\u0105 i funkcjonaln\u0105 przestrze\u0144. Posiada r\u00f3wnie\u017c boczne drzwi, kt\u00f3re zapewniaj\u0105 bezpo\u015bredni dost\u0119p do ogrodu, u\u0142atwiaj\u0105c przej\u015bcie mi\u0119dzy przestrzeni\u0105 wewn\u0119trzn\u0105 i zewn\u0119trzn\u0105 domu.<\/p>\n<p>Nieruchomo\u015b\u0107 ma sze\u015b\u0107 przestronnych i jasnych sypialni, wszystkie z wbudowanymi szafami i siedem \u0142azienek rozmieszczonych w ca\u0142ej nieruchomo\u015bci, ka\u017cda z w\u0142asn\u0105 osobowo\u015bci\u0105 i stylem.<\/p>\n<p>W\u015br\u00f3d luksusowych udogodnie\u0144 oferowanych przez ten dom wyr\u00f3\u017cniamy sal\u0119 kinow\u0105, aby cieszy\u0107 si\u0119 najlepszymi filmami w domu, saun\u0119 fi\u0144sk\u0105 i tureck\u0105, aby si\u0119 zrelaksowa\u0107, wind\u0119 u\u0142atwiaj\u0105c\u0105 poruszanie si\u0119 mi\u0119dzy pi\u0119trami, si\u0142owni\u0119, aby utrzyma\u0107 form\u0119, podgrzewany basen, aby cieszy\u0107 si\u0119 przez ca\u0142y rok, oraz ogr\u00f3d, aby cieszy\u0107 si\u0119 na \u015bwie\u017cym powietrzu. Ponadto dom posiada system alarmowy i kamery bezpiecze\u0144stwa, klimatyzacj\u0119, pralni\u0119 i gara\u017c na dwa samochody.<\/p>\n<p>Nale\u017cy zauwa\u017cy\u0107, \u017ce dom jest przystosowany dla os\u00f3b o ograniczonej sprawno\u015bci ruchowej, co czyni go przestrzeni\u0105 integracyjn\u0105 i dost\u0119pn\u0105.<\/p>\n<p>Po\u0142o\u017cony w pobli\u017cu La Caleta, w Adeje, ten dom znajduje si\u0119 w cichej dzielnicy mieszkalnej, w otoczeniu p\u00f3l golfowych i ze spektakularnymi widokami na morze.<\/p>\n<p>Dzia\u0142ka o powierzchni 860 m\u00b2.<\/p>\n<p>Aby uzyska\u0107 wi\u0119cej informacji, prosimy skontaktowa\u0107 si\u0119 z nami.<\/p>","protected":false},"excerpt":{"rendered":"<p>Presentamos una impresionante y sofisticada casa independiente que destaca por su singularidad y elegancia. Esta propiedad, de cuatro plantas y 554 m\u00b2 construidos, de los cuales 500 m\u00b2 son \u00fatiles, se presenta en un estado inmejorable, con un dise\u00f1o que rinde homenaje a la est\u00e9tica romana en su fachada y en sus interiores, con detalles [&hellip;]<\/p>\n","protected":false},"author":2,"featured_media":22781,"parent":0,"menu_order":0,"template":"","property_type":[45],"property_status":[24],"property_feature":[17,178,19,174,25,26,173,42,35,21,171,170],"property_label":[179],"property_city":[58],"class_list":["post-22799","property","type-property","status-publish","has-post-thumbnail","hentry","property_type-villa","property_status-venta","property_feature-aire-acondicionado","property_feature-aparcamiento-privado-cerrado","property_feature-barbacoa","property_feature-cocina-amueblada","property_feature-gimnasio","property_feature-lavadora","property_feature-piscina-climatizada","property_feature-piscina-privada","property_feature-sauna","property_feature-secadora","property_feature-vistas-a-la-montana","property_feature-vistas-al-oceano","property_label-luxury","property_city-adeje"],"property_meta":{"rank_math_internal_links_processed":["1"],"fave_property_price":["4500000"],"fave_show_price_placeholder":["0"],"fave_property_size":["500"],"fave_property_size_prefix":["m\u00b2"],"fave_property_land":["860"],"fave_property_land_postfix":["m\u00b2"],"fave_property_bedrooms":["6"],"fave_property_bathrooms":["7"],"fave_property_garage":["2"],"fave_property_year":["2012"],"fave_property_id":["2188"],"_thumbnail_id":["22781"],"fave_additional_features_enable":["enable"],"fave_featured":["0"],"houzez_featured_listing_date":[""],"fave_loggedintoview":["0"],"fave_mortgage_cal":["0"],"fave_payment_status":["not_paid"],"fave_agent_display_option":["agent_info"],"houzez_geolocation_lat":["28.110061598038595"],"houzez_geolocation_long":["-16.75004310012207"],"fave_property_location":["28.110061598039,-16.750043100122,14"],"fave_property_map":["1"],"fave_property_map_street_view":["hide"],"houzez_total_property_views":["23090"],"houzez_views_by_date":["a:61:{s:10:\"02-27-2026\";i:36;s:10:\"02-28-2026\";i:36;s:10:\"03-01-2026\";i:42;s:10:\"03-02-2026\";i:46;s:10:\"03-03-2026\";i:36;s:10:\"03-04-2026\";i:39;s:10:\"03-05-2026\";i:50;s:10:\"03-06-2026\";i:38;s:10:\"03-07-2026\";i:36;s:10:\"03-08-2026\";i:36;s:10:\"03-09-2026\";i:36;s:10:\"03-10-2026\";i:54;s:10:\"03-11-2026\";i:60;s:10:\"03-12-2026\";i:54;s:10:\"03-13-2026\";i:36;s:10:\"03-14-2026\";i:36;s:10:\"03-15-2026\";i:38;s:10:\"03-16-2026\";i:52;s:10:\"03-17-2026\";i:36;s:10:\"03-18-2026\";i:36;s:10:\"03-19-2026\";i:68;s:10:\"03-20-2026\";i:48;s:10:\"03-21-2026\";i:42;s:10:\"03-22-2026\";i:36;s:10:\"03-23-2026\";i:38;s:10:\"03-24-2026\";i:36;s:10:\"03-25-2026\";i:36;s:10:\"03-26-2026\";i:54;s:10:\"03-27-2026\";i:36;s:10:\"03-28-2026\";i:55;s:10:\"03-29-2026\";i:36;s:10:\"03-30-2026\";i:36;s:10:\"03-31-2026\";i:36;s:10:\"04-01-2026\";i:38;s:10:\"04-02-2026\";i:54;s:10:\"04-03-2026\";i:37;s:10:\"04-04-2026\";i:36;s:10:\"04-05-2026\";i:40;s:10:\"04-06-2026\";i:50;s:10:\"04-07-2026\";i:70;s:10:\"04-08-2026\";i:54;s:10:\"04-09-2026\";i:36;s:10:\"04-10-2026\";i:42;s:10:\"04-11-2026\";i:48;s:10:\"04-12-2026\";i:36;s:10:\"04-13-2026\";i:36;s:10:\"04-14-2026\";i:36;s:10:\"04-15-2026\";i:54;s:10:\"04-16-2026\";i:36;s:10:\"04-17-2026\";i:36;s:10:\"04-18-2026\";i:54;s:10:\"04-19-2026\";i:36;s:10:\"04-20-2026\";i:36;s:10:\"04-21-2026\";i:36;s:10:\"04-22-2026\";i:36;s:10:\"04-23-2026\";i:46;s:10:\"04-24-2026\";i:44;s:10:\"04-25-2026\";i:36;s:10:\"04-26-2026\";i:36;s:10:\"04-27-2026\";i:36;s:10:\"04-28-2026\";i:54;}"],"houzez_recently_viewed":["2026-04-28 16:11:47"],"_edit_lock":["1714138278:1"],"rank_math_seo_score":["6"],"_edit_last":["1"],"fave_property_images":["22781","22780","22779","22774","22775","22776","22777","22778","22782","22783","22784","22785","22786","22787","22788","22789","22790","22791","22792","22793","22794","22795","22796","22797","22798"],"fave_agents":["150"],"fave_single_top_area":["global"],"fave_single_content_area":["global"],"rank_math_primary_property_type":["0"],"rank_math_primary_property_status":["0"],"rank_math_primary_property_feature":["0"],"rank_math_primary_property_label":["179"],"rank_math_primary_property_city":["0"],"houzez_manual_expire":["0"],"_houzez_expiration_date_status":["saved"],"_elementor_page_assets":["a:0:{}"]},"_links":{"self":[{"href":"https:\/\/www.tunidotenerife.com\/pl\/wp-json\/wp\/v2\/properties\/22799","targetHints":{"allow":["GET"]}}],"collection":[{"href":"https:\/\/www.tunidotenerife.com\/pl\/wp-json\/wp\/v2\/properties"}],"about":[{"href":"https:\/\/www.tunidotenerife.com\/pl\/wp-json\/wp\/v2\/types\/property"}],"author":[{"embeddable":true,"href":"https:\/\/www.tunidotenerife.com\/pl\/wp-json\/wp\/v2\/users\/2"}],"version-history":[{"count":0,"href":"https:\/\/www.tunidotenerife.com\/pl\/wp-json\/wp\/v2\/properties\/22799\/revisions"}],"wp:featuredmedia":[{"embeddable":true,"href":"https:\/\/www.tunidotenerife.com\/pl\/wp-json\/wp\/v2\/media\/22781"}],"wp:attachment":[{"href":"https:\/\/www.tunidotenerife.com\/pl\/wp-json\/wp\/v2\/media?parent=22799"}],"wp:term":[{"taxonomy":"property_type","embeddable":true,"href":"https:\/\/www.tunidotenerife.com\/pl\/wp-json\/wp\/v2\/property_type?post=22799"},{"taxonomy":"property_status","embeddable":true,"href":"https:\/\/www.tunidotenerife.com\/pl\/wp-json\/wp\/v2\/property_status?post=22799"},{"taxonomy":"property_feature","embeddable":true,"href":"https:\/\/www.tunidotenerife.com\/pl\/wp-json\/wp\/v2\/property_feature?post=22799"},{"taxonomy":"property_label","embeddable":true,"href":"https:\/\/www.tunidotenerife.com\/pl\/wp-json\/wp\/v2\/property_label?post=22799"},{"taxonomy":"property_city","embeddable":true,"href":"https:\/\/www.tunidotenerife.com\/pl\/wp-json\/wp\/v2\/property_city?post=22799"}],"curies":[{"name":"wp","href":"https:\/\/api.w.org\/{rel}","templated":true}]}}