{"id":28138,"date":"2025-10-24T10:59:26","date_gmt":"2025-10-24T09:59:26","guid":{"rendered":"https:\/\/www.tunidotenerife.com\/p\/casa-en-venta-en-santiago-del-teide-el-retamar\/"},"modified":"2026-02-06T12:32:48","modified_gmt":"2026-02-06T12:32:48","slug":"casa-en-venta-en-santiago-del-teide-el-retamar","status":"publish","type":"property","link":"https:\/\/www.tunidotenerife.com\/fr\/p\/casa-en-venta-en-santiago-del-teide-el-retamar\/","title":{"rendered":"Maison \u00e0 vendre \u00e0 Santiago del Teide, El Retamar"},"content":{"rendered":"<p>Situ\u00e9e dans le paisible village de Retamar, cette charmante maison de ville offre une surface habitable d'environ 180 m2. Cette propri\u00e9t\u00e9 se distingue par sa conception pratique et fonctionnelle, qui garantit une atmosph\u00e8re de confort et de tranquillit\u00e9.<\/p>\n<p>La maison dispose d'un garage ferm\u00e9, \u00e9quip\u00e9 d'une porte automatique, qui permet de garer tr\u00e8s facilement un v\u00e9hicule. Cet espace int\u00e9gr\u00e9 \u00e0 la maison offre une commodit\u00e9 suppl\u00e9mentaire, en permettant un acc\u00e8s direct \u00e0 la maison depuis la voiture.<\/p>\n<p>L'int\u00e9rieur de la maison se compose de trois chambres spacieuses, toutes dot\u00e9es de suffisamment d'espace pour cr\u00e9er une atmosph\u00e8re agr\u00e9able et personnalis\u00e9e. La salle de bains aux dimensions g\u00e9n\u00e9reuses offre un espace confortable et fonctionnel.<\/p>\n<p>La cuisine, ind\u00e9pendante du reste des pi\u00e8ces, est \u00e9quip\u00e9e de tout le n\u00e9cessaire pour satisfaire les besoins culinaires de la vie quotidienne. A c\u00f4t\u00e9, le salon-salle \u00e0 manger est un espace chaleureux et accueillant, id\u00e9al pour profiter des moments de d\u00e9tente ou des r\u00e9unions de famille.<\/p>\n<p>La propri\u00e9t\u00e9 dispose d'un escalier menant \u00e0 la terrasse du toit, o\u00f9 se trouve une buanderie d\u00e9di\u00e9e. Cet espace suppl\u00e9mentaire est l'endroit id\u00e9al pour effectuer les t\u00e2ches m\u00e9nag\u00e8res, tout en pr\u00e9servant le reste de la maison de l'encombrement.<\/p>\n<p>En outre, la propri\u00e9t\u00e9 est vendue enti\u00e8rement meubl\u00e9e, ce qui constitue un avantage significatif pour ceux qui recherchent une propri\u00e9t\u00e9 pr\u00eate \u00e0 emm\u00e9nager.<\/p>\n<p>Enfin, la propri\u00e9t\u00e9 offre la possibilit\u00e9 de construire un \u00e9tage suppl\u00e9mentaire, ce qui constitue une opportunit\u00e9 unique pour ceux qui souhaitent agrandir l'espace ou l'adapter \u00e0 leurs besoins sp\u00e9cifiques.<\/p>\n<p>En r\u00e9sum\u00e9, cette maison de ville \u00e0 Retamar est un excellent choix pour ceux qui recherchent une maison confortable et fonctionnelle dans un environnement calme et d\u00e9tendu.<\/p>","protected":false},"excerpt":{"rendered":"<p>Ubicada en el apacible pueblo de Retamar, se encuentra esta encantadora casa de pueblo, que ofrece una superficie aproximada de 180m2. Esta propiedad se distingue por su dise\u00f1o pr\u00e1ctico y funcional, que garantiza un ambiente de comodidad y tranquilidad. La vivienda cuenta con un garaje cerrado, equipado con una puerta autom\u00e1tica, lo que facilita enormemente [&hellip;]<\/p>\n","protected":false},"author":5,"featured_media":28127,"parent":0,"menu_order":0,"template":"","property_type":[45],"property_status":[24],"property_feature":[178,174,26,171,170],"property_label":[109,180],"property_city":[203],"class_list":["post-28138","property","type-property","status-publish","has-post-thumbnail","hentry","property_type-villa","property_status-venta","property_feature-aparcamiento-privado-cerrado","property_feature-cocina-amueblada","property_feature-lavadora","property_feature-vistas-a-la-montana","property_feature-vistas-al-oceano","property_label-exclusivo","property_label-oferta","property_city-chio"],"property_meta":{"rank_math_internal_links_processed":["1"],"fave_property_bathrooms":["1"],"fave_property_bedrooms":["3"],"fave_property_size":["180"],"fave_property_size_prefix":["m\u00b2"],"fave_property_land":[""],"fave_property_land_postfix":["m\u00b2"],"fave_property_garage":["1"],"fave_property_garage_size":[""],"fave_property_year":[""],"fave_property_price":["260000"],"fave_property_price_placeholder":[""],"fave_property_price_prefix":[""],"fave_property_price_postfix":[""],"fave_property_sec_price":[""],"fave_show_price_placeholder":["0"],"additional_features":["a:1:{i:0;a:2:{s:29:\"fave_additional_feature_title\";s:0:\"\";s:29:\"fave_additional_feature_value\";s:0:\"\";}}"],"fave_additional_features_enable":["enable"],"floor_plans":[""],"fave_multi_units":[""],"fave_featured":["0"],"houzez_featured_listing_date":[""],"fave_virtual_tour":[""],"fave_loggedintoview":["0"],"fave_video_url":[""],"fave_property_zip":["38690"],"fave_property_map_address":["Calle los \u00c1ngeles, El Retamar, Santiago del Teide, Santa Cruz de Tenerife, Canarias, 38690, Espa\u00f1a"],"fave_property_address":["Calle los \u00c1ngeles, El Retamar, Santiago del Teide, Santa Cruz de Tenerife, Canarias, 38690, Espa\u00f1a"],"houzez_geolocation_lat":["28.2812944"],"houzez_geolocation_long":["-16.8142844"],"fave_property_location":["28.2812944,-16.8142844"],"fave_property_map":["1"],"fave_property_map_street_view":[null],"fave_property_id":["2360"],"fave_private_note":[""],"fave_property_disclaimer":[""],"fave_payment_status":["not_paid"],"fave_agent_display_option":["agent_info"],"fave_mortgage_cal":["0"],"houzez_total_property_views":["7512"],"houzez_views_by_date":["a:61:{s:10:\"02-27-2026\";i:36;s:10:\"02-28-2026\";i:36;s:10:\"03-01-2026\";i:36;s:10:\"03-02-2026\";i:34;s:10:\"03-03-2026\";i:49;s:10:\"03-04-2026\";i:38;s:10:\"03-05-2026\";i:36;s:10:\"03-06-2026\";i:42;s:10:\"03-07-2026\";i:48;s:10:\"03-08-2026\";i:36;s:10:\"03-09-2026\";i:36;s:10:\"03-10-2026\";i:42;s:10:\"03-11-2026\";i:36;s:10:\"03-12-2026\";i:38;s:10:\"03-13-2026\";i:36;s:10:\"03-14-2026\";i:36;s:10:\"03-15-2026\";i:36;s:10:\"03-16-2026\";i:36;s:10:\"03-17-2026\";i:36;s:10:\"03-18-2026\";i:54;s:10:\"03-19-2026\";i:40;s:10:\"03-20-2026\";i:36;s:10:\"03-21-2026\";i:36;s:10:\"03-22-2026\";i:47;s:10:\"03-23-2026\";i:43;s:10:\"03-24-2026\";i:36;s:10:\"03-25-2026\";i:36;s:10:\"03-26-2026\";i:54;s:10:\"03-27-2026\";i:36;s:10:\"03-28-2026\";i:37;s:10:\"03-29-2026\";i:54;s:10:\"03-30-2026\";i:36;s:10:\"03-31-2026\";i:36;s:10:\"04-01-2026\";i:38;s:10:\"04-02-2026\";i:36;s:10:\"04-03-2026\";i:36;s:10:\"04-04-2026\";i:36;s:10:\"04-05-2026\";i:36;s:10:\"04-06-2026\";i:36;s:10:\"04-07-2026\";i:38;s:10:\"04-08-2026\";i:36;s:10:\"04-09-2026\";i:36;s:10:\"04-10-2026\";i:37;s:10:\"04-11-2026\";i:36;s:10:\"04-12-2026\";i:47;s:10:\"04-13-2026\";i:42;s:10:\"04-14-2026\";i:36;s:10:\"04-15-2026\";i:54;s:10:\"04-16-2026\";i:36;s:10:\"04-17-2026\";i:36;s:10:\"04-18-2026\";i:38;s:10:\"04-19-2026\";i:40;s:10:\"04-20-2026\";i:48;s:10:\"04-21-2026\";i:38;s:10:\"04-22-2026\";i:36;s:10:\"04-23-2026\";i:38;s:10:\"04-24-2026\";i:38;s:10:\"04-25-2026\";i:51;s:10:\"04-26-2026\";i:38;s:10:\"04-27-2026\";i:37;s:10:\"04-28-2026\";i:27;}"],"houzez_recently_viewed":["2026-04-28 15:50:37"],"fave_property_images":["28127","28134","28128","28130","28131","28132","28133","28136","28137","28126"],"_thumbnail_id":["28127"],"fave_agents":["23720"],"_elementor_page_assets":["a:0:{}"]},"_links":{"self":[{"href":"https:\/\/www.tunidotenerife.com\/fr\/wp-json\/wp\/v2\/properties\/28138","targetHints":{"allow":["GET"]}}],"collection":[{"href":"https:\/\/www.tunidotenerife.com\/fr\/wp-json\/wp\/v2\/properties"}],"about":[{"href":"https:\/\/www.tunidotenerife.com\/fr\/wp-json\/wp\/v2\/types\/property"}],"author":[{"embeddable":true,"href":"https:\/\/www.tunidotenerife.com\/fr\/wp-json\/wp\/v2\/users\/5"}],"version-history":[{"count":1,"href":"https:\/\/www.tunidotenerife.com\/fr\/wp-json\/wp\/v2\/properties\/28138\/revisions"}],"predecessor-version":[{"id":28976,"href":"https:\/\/www.tunidotenerife.com\/fr\/wp-json\/wp\/v2\/properties\/28138\/revisions\/28976"}],"wp:featuredmedia":[{"embeddable":true,"href":"https:\/\/www.tunidotenerife.com\/fr\/wp-json\/wp\/v2\/media\/28127"}],"wp:attachment":[{"href":"https:\/\/www.tunidotenerife.com\/fr\/wp-json\/wp\/v2\/media?parent=28138"}],"wp:term":[{"taxonomy":"property_type","embeddable":true,"href":"https:\/\/www.tunidotenerife.com\/fr\/wp-json\/wp\/v2\/property_type?post=28138"},{"taxonomy":"property_status","embeddable":true,"href":"https:\/\/www.tunidotenerife.com\/fr\/wp-json\/wp\/v2\/property_status?post=28138"},{"taxonomy":"property_feature","embeddable":true,"href":"https:\/\/www.tunidotenerife.com\/fr\/wp-json\/wp\/v2\/property_feature?post=28138"},{"taxonomy":"property_label","embeddable":true,"href":"https:\/\/www.tunidotenerife.com\/fr\/wp-json\/wp\/v2\/property_label?post=28138"},{"taxonomy":"property_city","embeddable":true,"href":"https:\/\/www.tunidotenerife.com\/fr\/wp-json\/wp\/v2\/property_city?post=28138"}],"curies":[{"name":"wp","href":"https:\/\/api.w.org\/{rel}","templated":true}]}}