{"id":27958,"date":"2025-09-15T14:29:49","date_gmt":"2025-09-15T13:29:49","guid":{"rendered":"https:\/\/www.tunidotenerife.com\/en\/p\/apartamneto-en-las-americas-2-dormitorios\/"},"modified":"2025-09-17T12:01:38","modified_gmt":"2025-09-17T11:01:38","slug":"apartamento-alquiler-2-habitaciones-playa-de-las-vistas","status":"publish","type":"property","link":"https:\/\/www.tunidotenerife.com\/fr\/p\/apartamento-alquiler-2-habitaciones-playa-de-las-vistas\/","title":{"rendered":"2 Chambres Appartement \u00e0 Louer \u00e0 Playa de las Vistas"},"content":{"rendered":"<p>Situ\u00e9 dans le complexe r\u00e9sidentiel Compostela Beach, au c\u0153ur du Golden Mile, cet appartement spacieux est un v\u00e9ritable havre de confort. Pouvant accueillir 4 personnes, ce logement offre toutes les facilit\u00e9s pour garantir un s\u00e9jour parfait et sans souci.<\/p>\n<p>L'appartement comprend deux chambres douillettes, chacune avec deux lits simples, id\u00e9ales pour se d\u00e9tendre apr\u00e8s une longue journ\u00e9e de visites. De plus, le salon dispose d'un canap\u00e9 pour assurer le confort de tous les h\u00f4tes.<\/p>\n<p>La cuisine de style am\u00e9ricain est enti\u00e8rement \u00e9quip\u00e9e de tout ce dont vous avez besoin pour satisfaire vos besoins culinaires. En outre, la salle de bains, qui dispose d'une douche pratique et d'un lave-linge, ajoute une fonctionnalit\u00e9 suppl\u00e9mentaire \u00e0 l'appartement.<\/p>\n<p>Le joyau de cet appartement est sans aucun doute son impressionnante terrasse de 12 m2, d'o\u00f9 vous pouvez profiter d'une vue spectaculaire sur la plage. Cet espace en plein air est l'endroit id\u00e9al pour prendre un petit d\u00e9jeuner ou un d\u00eener agr\u00e9able sous les \u00e9toiles.<\/p>\n<p>Le complexe r\u00e9sidentiel Compostela Beach, quant \u00e0 lui, offre un large \u00e9ventail d'installations, dont plusieurs piscines, des jardins, des espaces pour les enfants et une vari\u00e9t\u00e9 d'\u00e9tablissements de restauration et de loisirs. Le tout dans un cadre imbattable, \u00e0 proximit\u00e9 de tout et sans avoir besoin d'utiliser la voiture.<\/p>\n<p>\u00c0 quelques pas de l'appartement, vous trouverez un arr\u00eat de bus et une station de taxis, des magasins, un centre commercial, des supermarch\u00e9s et un h\u00f4pital, tout ce dont vous avez besoin pour assurer un s\u00e9jour confortable et pratique.<\/p>\n<p>Pour votre divertissement et votre confort, l'appartement dispose \u00e9galement d'une connexion Wifi. En r\u00e9sum\u00e9, cet appartement est le choix id\u00e9al pour ceux qui souhaitent profiter de tout le confort dans un environnement privil\u00e9gi\u00e9.<\/p>","protected":false},"excerpt":{"rendered":"<p>Situado en el complejo residencial Compostela Beach, en el coraz\u00f3n de la Milla de Oro, se encuentra este espacioso apartamento, un aut\u00e9ntico refugio de comodidad. Con capacidad para alojar a 4 personas, este alojamiento ofrece todas las facilidades para garantizar una estancia perfecta y sin preocupaciones. El apartamento presenta dos acogedores dormitorios, cada uno con [&hellip;]<\/p>\n","protected":false},"author":4,"featured_media":27959,"parent":0,"menu_order":0,"template":"","property_type":[49],"property_status":[23],"property_feature":[176,177,174,26,173,172,170],"property_label":[],"property_city":[69],"class_list":["post-27958","property","type-property","status-publish","has-post-thumbnail","hentry","property_type-apartamento","property_status-alquiler-vacacional","property_feature-cerca-de-centros-comerciales","property_feature-cerca-de-la-playa","property_feature-cocina-amueblada","property_feature-lavadora","property_feature-piscina-climatizada","property_feature-piscina-comunitaria","property_feature-vistas-al-oceano","property_city-los-cristianos"],"property_meta":{"rank_math_internal_links_processed":["1"],"fave_property_bathrooms":["1"],"fave_property_bedrooms":["2"],"fave_property_size_prefix":["m\u00b2"],"fave_property_land_postfix":["m\u00b2"],"fave_show_price_placeholder":["1"],"fave_additional_features_enable":["enable"],"fave_featured":["0"],"houzez_featured_listing_date":[""],"fave_loggedintoview":["0"],"_thumbnail_id":["27959"],"houzez_geolocation_lat":["28.053802768217"],"houzez_geolocation_long":["-16.727092266083"],"fave_property_location":["28.053802768217,-16.727092266083,17"],"fave_property_map":["1"],"fave_property_map_street_view":["hide"],"fave_property_id":["744"],"fave_payment_status":["not_paid"],"fave_agent_display_option":["agent_info"],"fave_mortgage_cal":["0"],"houzez_total_property_views":["9808"],"houzez_views_by_date":["a:61:{s:10:\"03-02-2026\";i:36;s:10:\"03-03-2026\";i:48;s:10:\"03-04-2026\";i:39;s:10:\"03-05-2026\";i:37;s:10:\"03-06-2026\";i:42;s:10:\"03-07-2026\";i:49;s:10:\"03-08-2026\";i:36;s:10:\"03-09-2026\";i:36;s:10:\"03-10-2026\";i:42;s:10:\"03-11-2026\";i:38;s:10:\"03-12-2026\";i:36;s:10:\"03-13-2026\";i:37;s:10:\"03-14-2026\";i:36;s:10:\"03-15-2026\";i:36;s:10:\"03-16-2026\";i:36;s:10:\"03-17-2026\";i:38;s:10:\"03-18-2026\";i:58;s:10:\"03-19-2026\";i:38;s:10:\"03-20-2026\";i:36;s:10:\"03-21-2026\";i:37;s:10:\"03-22-2026\";i:44;s:10:\"03-23-2026\";i:46;s:10:\"03-24-2026\";i:36;s:10:\"03-25-2026\";i:39;s:10:\"03-26-2026\";i:54;s:10:\"03-27-2026\";i:37;s:10:\"03-28-2026\";i:38;s:10:\"03-29-2026\";i:52;s:10:\"03-30-2026\";i:36;s:10:\"03-31-2026\";i:39;s:10:\"04-01-2026\";i:41;s:10:\"04-02-2026\";i:37;s:10:\"04-03-2026\";i:36;s:10:\"04-04-2026\";i:36;s:10:\"04-05-2026\";i:36;s:10:\"04-06-2026\";i:38;s:10:\"04-07-2026\";i:39;s:10:\"04-08-2026\";i:44;s:10:\"04-09-2026\";i:36;s:10:\"04-10-2026\";i:36;s:10:\"04-11-2026\";i:36;s:10:\"04-12-2026\";i:48;s:10:\"04-13-2026\";i:42;s:10:\"04-14-2026\";i:36;s:10:\"04-15-2026\";i:61;s:10:\"04-16-2026\";i:36;s:10:\"04-17-2026\";i:37;s:10:\"04-18-2026\";i:40;s:10:\"04-19-2026\";i:41;s:10:\"04-20-2026\";i:46;s:10:\"04-21-2026\";i:37;s:10:\"04-22-2026\";i:42;s:10:\"04-23-2026\";i:38;s:10:\"04-24-2026\";i:39;s:10:\"04-25-2026\";i:47;s:10:\"04-26-2026\";i:40;s:10:\"04-27-2026\";i:41;s:10:\"04-28-2026\";i:38;s:10:\"04-29-2026\";i:39;s:10:\"04-30-2026\";i:44;s:10:\"05-01-2026\";i:30;}"],"houzez_recently_viewed":["2026-05-01 12:29:42"],"_edit_lock":["1758106783:1"],"rank_math_seo_score":["7"],"_edit_last":["1"],"fave_single_top_area":["global"],"fave_single_content_area":["global"],"_pys_head_footer":["a:7:{s:14:\"disable_global\";b:0;s:8:\"head_any\";s:0:\"\";s:12:\"head_desktop\";s:0:\"\";s:11:\"head_mobile\";s:0:\"\";s:10:\"footer_any\";s:0:\"\";s:14:\"footer_desktop\";s:0:\"\";s:13:\"footer_mobile\";s:0:\"\";}"],"rank_math_primary_property_type":["0"],"rank_math_primary_property_status":["0"],"rank_math_primary_property_feature":["0"],"rank_math_primary_property_label":["0"],"rank_math_primary_property_city":["69"],"houzez_manual_expire":["0"],"_houzez_expiration_date_status":["saved"],"rank_math_title":["Apartamento en Alquiler de 2 Hab. en Playa de las Vistas"],"fave_property_map_address":["Playa Las Vistas, Paseo las Vistas, Playa de las Am\u00e9ricas, Los Cristianos, Arona, Santa Cruz de Tenerife, Canarias, 38650, Espa\u00f1a"],"fave_property_address":["Playa de las Vistas"],"fave_booking_shortcode":["[wpsbc id=\"28\" title=\"no\" legend=\"yes\" legend_position=\"top\" dropdown=\"yes\" start=\"1\" display=\"6\" language=\"auto\" month=\"0\" year=\"0\" jump=\"yes\" history=\"1\" tooltip=\"3\" weeknumbers=\"no\" highlighttoday=\"yes\"]"],"fave_property_price_placeholder":["Precio a Consultar"],"rank_math_description":["Apartamento en alquiler de 2 habitaciones en Playa de las Vistas, Tenerife. Confort, ubicaci\u00f3n c\u00e9ntrica y acceso cercano a la playa."],"fave_property_images":["27959","27942","27905","27943","27910","27952","27939","27940","27908","27932","27954","27955","27936","27956","27937","27953","27946","27945","27947"],"fave_agents":["156"],"_elementor_page_assets":["a:0:{}"]},"_links":{"self":[{"href":"https:\/\/www.tunidotenerife.com\/fr\/wp-json\/wp\/v2\/properties\/27958","targetHints":{"allow":["GET"]}}],"collection":[{"href":"https:\/\/www.tunidotenerife.com\/fr\/wp-json\/wp\/v2\/properties"}],"about":[{"href":"https:\/\/www.tunidotenerife.com\/fr\/wp-json\/wp\/v2\/types\/property"}],"author":[{"embeddable":true,"href":"https:\/\/www.tunidotenerife.com\/fr\/wp-json\/wp\/v2\/users\/4"}],"version-history":[{"count":0,"href":"https:\/\/www.tunidotenerife.com\/fr\/wp-json\/wp\/v2\/properties\/27958\/revisions"}],"wp:featuredmedia":[{"embeddable":true,"href":"https:\/\/www.tunidotenerife.com\/fr\/wp-json\/wp\/v2\/media\/27959"}],"wp:attachment":[{"href":"https:\/\/www.tunidotenerife.com\/fr\/wp-json\/wp\/v2\/media?parent=27958"}],"wp:term":[{"taxonomy":"property_type","embeddable":true,"href":"https:\/\/www.tunidotenerife.com\/fr\/wp-json\/wp\/v2\/property_type?post=27958"},{"taxonomy":"property_status","embeddable":true,"href":"https:\/\/www.tunidotenerife.com\/fr\/wp-json\/wp\/v2\/property_status?post=27958"},{"taxonomy":"property_feature","embeddable":true,"href":"https:\/\/www.tunidotenerife.com\/fr\/wp-json\/wp\/v2\/property_feature?post=27958"},{"taxonomy":"property_label","embeddable":true,"href":"https:\/\/www.tunidotenerife.com\/fr\/wp-json\/wp\/v2\/property_label?post=27958"},{"taxonomy":"property_city","embeddable":true,"href":"https:\/\/www.tunidotenerife.com\/fr\/wp-json\/wp\/v2\/property_city?post=27958"}],"curies":[{"name":"wp","href":"https:\/\/api.w.org\/{rel}","templated":true}]}}