{"id":27645,"date":"2025-07-25T13:46:13","date_gmt":"2025-07-25T12:46:13","guid":{"rendered":"https:\/\/www.tunidotenerife.com\/p\/villa-en-venta-en-tenerife-sur-playa-fanabe\/"},"modified":"2025-08-05T15:03:48","modified_gmt":"2025-08-05T14:03:48","slug":"villa-en-venta-en-tenerife-sur-playa-fanabe","status":"publish","type":"property","link":"https:\/\/www.tunidotenerife.com\/fr\/p\/villa-en-venta-en-tenerife-sur-playa-fanabe\/","title":{"rendered":"Villa \u00e0 vendre \u00e0 Tenerife South, Playa Fa\u00f1abe"},"content":{"rendered":"<p>Nous pr\u00e9sentons \u00e0 la vente une villa exclusive au design moderne, situ\u00e9e en premi\u00e8re ligne de la prestigieuse plage de Fa\u00f1ab\u00e9, au sein du c\u00e9l\u00e8bre complexe Lagos de Fa\u00f1ab\u00e9. Cette propri\u00e9t\u00e9 unique a fait l'objet d'une r\u00e9novation compl\u00e8te, en utilisant des mat\u00e9riaux de haute qualit\u00e9 et les derni\u00e8res technologies, sous le travail m\u00e9ticuleux de designers et d'architectes renomm\u00e9s. Le r\u00e9sultat est une villa de luxe au style contemporain, qui la distingue comme la plus sophistiqu\u00e9e du complexe.<\/p>\n<p>La villa est r\u00e9partie sur deux \u00e9tages. Au rez-de-chauss\u00e9e, on trouve un salon spacieux d\u00e9cor\u00e9 avec un go\u00fbt exquis, dot\u00e9 de grandes fen\u00eatres qui inondent l'espace de lumi\u00e8re naturelle et offrent un acc\u00e8s direct \u00e0 une terrasse spacieuse. De l\u00e0, vous pouvez profiter d'un acc\u00e8s direct \u00e0 la plage et de magnifiques vues panoramiques sur l'oc\u00e9an.<\/p>\n<p>Au m\u00eame \u00e9tage, on trouve une cuisine ind\u00e9pendante et enti\u00e8rement \u00e9quip\u00e9e, avec de nombreuses fen\u00eatres donnant sur la piscine. La cuisine dispose d'une cave \u00e0 vin int\u00e9gr\u00e9e, d'un four, d'un lave-vaisselle et d'un r\u00e9frig\u00e9rateur, ainsi que de tout le mat\u00e9riel n\u00e9cessaire pour cuisiner. Au rez-de-chauss\u00e9e, on trouve une \u00e9l\u00e9gante chambre \u00e0 coucher avec armoire encastr\u00e9e et mobilier moderne, ainsi qu'une jolie salle de bains avec douche.<\/p>\n<p>Un escalier lumineux au design avant-gardiste m\u00e8ne au premier \u00e9tage, o\u00f9 se trouvent deux chambres. La chambre principale, aux dimensions g\u00e9n\u00e9reuses, est dot\u00e9e de grandes fen\u00eatres allant du sol au plafond, d'une grande armoire encastr\u00e9e et d'une salle de bains attenante avec une grande douche et des meubles design. De cette chambre, on acc\u00e8de \u00e0 une terrasse priv\u00e9e, id\u00e9ale pour profiter du coucher de soleil et de la vue imprenable sur l'oc\u00e9an. La deuxi\u00e8me chambre, \u00e9galement tr\u00e8s spacieuse et lumineuse, dispose d'une armoire encastr\u00e9e, de grandes fen\u00eatres allant du sol au plafond et d'un acc\u00e8s \u00e0 une immense terrasse surplombant la piscine. Cette chambre dispose de sa propre salle de bains privative, meubl\u00e9e et \u00e9quip\u00e9e d'une douche et d'un lave-linge int\u00e9gr\u00e9.<\/p>\n<p>La maison est enti\u00e8rement \u00e9quip\u00e9e d'une climatisation centralis\u00e9e pour garantir un confort maximal en toute saison. Il est \u00e9galement possible de louer une place de parking moyennant des frais.<\/p>\n<p>La propri\u00e9t\u00e9 a deux entr\u00e9es, l'une \u00e0 l'int\u00e9rieur du complexe, o\u00f9 se trouve la piscine, \u00e0 travers une grande cour, et l'autre directement depuis la promenade.<\/p>","protected":false},"excerpt":{"rendered":"<p>Presentamos en venta una exclusiva villa de dise\u00f1o moderno, ubicada en primera l\u00ednea de la prestigiosa playa Fa\u00f1ab\u00e9, dentro del afamado complejo Lagos de Fa\u00f1ab\u00e9. Esta singular propiedad ha sido objeto de una completa renovaci\u00f3n, en la que se han empleado materiales de alta calidad y \u00faltima tecnolog\u00eda, bajo el meticuloso trabajo de reconocidos dise\u00f1adores [&hellip;]<\/p>\n","protected":false},"author":5,"featured_media":27610,"parent":0,"menu_order":0,"template":"","property_type":[45],"property_status":[24],"property_feature":[17,176,177,174,173,172,170],"property_label":[179],"property_city":[63],"class_list":["post-27645","property","type-property","status-publish","has-post-thumbnail","hentry","property_type-villa","property_status-venta","property_feature-aire-acondicionado","property_feature-cerca-de-centros-comerciales","property_feature-cerca-de-la-playa","property_feature-cocina-amueblada","property_feature-piscina-climatizada","property_feature-piscina-comunitaria","property_feature-vistas-al-oceano","property_label-luxury","property_city-playa-fanabe"],"property_meta":{"rank_math_internal_links_processed":["1"],"fave_property_bathrooms":["2"],"fave_property_bedrooms":["3"],"fave_property_size":["190"],"fave_property_size_prefix":["m\u00b2"],"fave_property_land":["120"],"fave_property_land_postfix":["m\u00b2"],"fave_property_garage":[""],"fave_property_garage_size":[""],"fave_property_year":[""],"fave_property_price":["1400000"],"fave_property_price_placeholder":[""],"fave_property_price_prefix":[""],"fave_property_price_postfix":[""],"fave_property_sec_price":[""],"fave_show_price_placeholder":["0"],"additional_features":["a:1:{i:0;a:2:{s:29:\"fave_additional_feature_title\";s:0:\"\";s:29:\"fave_additional_feature_value\";s:0:\"\";}}"],"fave_additional_features_enable":["enable"],"floor_plans":[""],"fave_multi_units":[""],"fave_featured":["0"],"houzez_featured_listing_date":[""],"fave_virtual_tour":[""],"fave_loggedintoview":["0"],"fave_video_url":[""],"fave_property_zip":["38679"],"fave_property_map_address":["Lagos de Fa\u00f1abe, Paseo Mar\u00edtimo, Playas del Duque, Costa Adeje, Miraverde, Adeje, Santa Cruz de Tenerife, Canarias, 38679, Espa\u00f1a"],"fave_property_address":["Lagos de Fa\u00f1abe, Paseo Mar\u00edtimo, Playas del Duque, Costa Adeje, Miraverde, Adeje, Santa Cruz de Tenerife, Canarias, 38679, Espa\u00f1a"],"houzez_geolocation_lat":["28.08670942209734"],"houzez_geolocation_long":["-16.73668413331523"],"fave_property_location":["28.08670942209734,-16.73668413331523"],"fave_property_map":["1"],"fave_property_map_street_view":[null],"fave_property_id":["2348"],"fave_private_note":[""],"fave_property_disclaimer":[""],"fave_payment_status":["not_paid"],"fave_agent_display_option":["agent_info"],"fave_mortgage_cal":["0"],"houzez_total_property_views":["11371"],"houzez_views_by_date":["a:61:{s:10:\"02-27-2026\";i:36;s:10:\"02-28-2026\";i:36;s:10:\"03-01-2026\";i:36;s:10:\"03-02-2026\";i:34;s:10:\"03-03-2026\";i:52;s:10:\"03-04-2026\";i:38;s:10:\"03-05-2026\";i:37;s:10:\"03-06-2026\";i:41;s:10:\"03-07-2026\";i:48;s:10:\"03-08-2026\";i:36;s:10:\"03-09-2026\";i:36;s:10:\"03-10-2026\";i:42;s:10:\"03-11-2026\";i:38;s:10:\"03-12-2026\";i:44;s:10:\"03-13-2026\";i:36;s:10:\"03-14-2026\";i:36;s:10:\"03-15-2026\";i:36;s:10:\"03-16-2026\";i:36;s:10:\"03-17-2026\";i:42;s:10:\"03-18-2026\";i:48;s:10:\"03-19-2026\";i:37;s:10:\"03-20-2026\";i:37;s:10:\"03-21-2026\";i:38;s:10:\"03-22-2026\";i:49;s:10:\"03-23-2026\";i:38;s:10:\"03-24-2026\";i:36;s:10:\"03-25-2026\";i:36;s:10:\"03-26-2026\";i:54;s:10:\"03-27-2026\";i:36;s:10:\"03-28-2026\";i:36;s:10:\"03-29-2026\";i:54;s:10:\"03-30-2026\";i:36;s:10:\"03-31-2026\";i:36;s:10:\"04-01-2026\";i:38;s:10:\"04-02-2026\";i:37;s:10:\"04-03-2026\";i:36;s:10:\"04-04-2026\";i:36;s:10:\"04-05-2026\";i:36;s:10:\"04-06-2026\";i:36;s:10:\"04-07-2026\";i:37;s:10:\"04-08-2026\";i:36;s:10:\"04-09-2026\";i:36;s:10:\"04-10-2026\";i:36;s:10:\"04-11-2026\";i:37;s:10:\"04-12-2026\";i:47;s:10:\"04-13-2026\";i:42;s:10:\"04-14-2026\";i:38;s:10:\"04-15-2026\";i:54;s:10:\"04-16-2026\";i:36;s:10:\"04-17-2026\";i:36;s:10:\"04-18-2026\";i:38;s:10:\"04-19-2026\";i:43;s:10:\"04-20-2026\";i:45;s:10:\"04-21-2026\";i:36;s:10:\"04-22-2026\";i:36;s:10:\"04-23-2026\";i:36;s:10:\"04-24-2026\";i:39;s:10:\"04-25-2026\";i:51;s:10:\"04-26-2026\";i:36;s:10:\"04-27-2026\";i:36;s:10:\"04-28-2026\";i:37;}"],"houzez_recently_viewed":["2026-04-28 17:59:25"],"fave_property_images":["27619","27620","27610","27613","27614","27611","27612","27615","27616","27617","27618","27621","27622","27623","27624","27625","27626","27627","27628","27629","27630","27631","27632","27633","27634","27635","27636","27637","27638","27639","27640","27641","27642","27643","27644"],"_thumbnail_id":["27610"],"fave_agents":["23720"],"_elementor_page_assets":["a:0:{}"]},"_links":{"self":[{"href":"https:\/\/www.tunidotenerife.com\/fr\/wp-json\/wp\/v2\/properties\/27645","targetHints":{"allow":["GET"]}}],"collection":[{"href":"https:\/\/www.tunidotenerife.com\/fr\/wp-json\/wp\/v2\/properties"}],"about":[{"href":"https:\/\/www.tunidotenerife.com\/fr\/wp-json\/wp\/v2\/types\/property"}],"author":[{"embeddable":true,"href":"https:\/\/www.tunidotenerife.com\/fr\/wp-json\/wp\/v2\/users\/5"}],"version-history":[{"count":0,"href":"https:\/\/www.tunidotenerife.com\/fr\/wp-json\/wp\/v2\/properties\/27645\/revisions"}],"wp:featuredmedia":[{"embeddable":true,"href":"https:\/\/www.tunidotenerife.com\/fr\/wp-json\/wp\/v2\/media\/27610"}],"wp:attachment":[{"href":"https:\/\/www.tunidotenerife.com\/fr\/wp-json\/wp\/v2\/media?parent=27645"}],"wp:term":[{"taxonomy":"property_type","embeddable":true,"href":"https:\/\/www.tunidotenerife.com\/fr\/wp-json\/wp\/v2\/property_type?post=27645"},{"taxonomy":"property_status","embeddable":true,"href":"https:\/\/www.tunidotenerife.com\/fr\/wp-json\/wp\/v2\/property_status?post=27645"},{"taxonomy":"property_feature","embeddable":true,"href":"https:\/\/www.tunidotenerife.com\/fr\/wp-json\/wp\/v2\/property_feature?post=27645"},{"taxonomy":"property_label","embeddable":true,"href":"https:\/\/www.tunidotenerife.com\/fr\/wp-json\/wp\/v2\/property_label?post=27645"},{"taxonomy":"property_city","embeddable":true,"href":"https:\/\/www.tunidotenerife.com\/fr\/wp-json\/wp\/v2\/property_city?post=27645"}],"curies":[{"name":"wp","href":"https:\/\/api.w.org\/{rel}","templated":true}]}}