{"id":26943,"date":"2025-06-03T11:43:13","date_gmt":"2025-06-03T10:43:13","guid":{"rendered":"https:\/\/www.tunidotenerife.com\/p\/adosado-en-venta-en-madronal-de-fanabe-tenerife-sur\/"},"modified":"2026-01-26T13:50:44","modified_gmt":"2026-01-26T13:50:44","slug":"adosado-en-venta-en-madronal-de-fanabe-tenerife-sur","status":"houzez_sold","type":"property","link":"https:\/\/www.tunidotenerife.com\/fr\/p\/adosado-en-venta-en-madronal-de-fanabe-tenerife-sur\/","title":{"rendered":"Maison de ville \u00e0 vendre \u00e0 Madro\u00f1al de Fa\u00f1abe, Tenerife Sur"},"content":{"rendered":"<p>Une magnifique maison de ville d'angle \u00e0 vendre, qui se distingue par son espace, sa luminosit\u00e9 et son confort. Cette propri\u00e9t\u00e9, d'une surface construite de 366 m\u00b2, est une v\u00e9ritable oasis de confort et de tranquillit\u00e9.<\/p>\n<p>La propri\u00e9t\u00e9 est enrichie de 190 m\u00b2 de terrasses, r\u00e9parties entre une grande terrasse sup\u00e9rieure avec gazon artificiel, id\u00e9ale pour profiter d'agr\u00e9ables moments en plein air, et une charmante terrasse inf\u00e9rieure avec jardin \u00e0 l'entr\u00e9e de la propri\u00e9t\u00e9. Cet espace est parfait pour les barbecues, les activit\u00e9s de plein air ou tout simplement pour se d\u00e9tendre dans un environnement calme et priv\u00e9.<\/p>\n<p>Le sous-sol, d'une superficie de 106 m\u00b2, abrite un grand garage pouvant accueillir trois v\u00e9hicules. Il dispose \u00e9galement d'une chambre suppl\u00e9mentaire avec une salle de bain compl\u00e8te et un couloir avec une armoire encastr\u00e9e, ce qui ajoute une fonctionnalit\u00e9 et un confort suppl\u00e9mentaires \u00e0 la propri\u00e9t\u00e9.<\/p>\n<p>Le rez-de-chauss\u00e9e, d'une superficie de 119 m\u00b2, se compose d'un \u00e9l\u00e9gant hall d'entr\u00e9e qui m\u00e8ne \u00e0 un spacieux salon-salle \u00e0 manger. Cet espace, baign\u00e9 de lumi\u00e8re naturelle, est parfait pour les loisirs en famille. La cuisine moderne est \u00e9quip\u00e9e d'appareils \u00e9lectrom\u00e9nagers haut de gamme. Cet \u00e9tage est compl\u00e9t\u00e9 par une salle de bains et un acc\u00e8s \u00e0 la grande terrasse avec gazon artificiel.<\/p>\n<p>\u00c0 l'\u00e9tage sup\u00e9rieur, qui mesure 87 m\u00b2, se trouvent quatre chambres spacieuses et lumineuses. Elles sont toutes dot\u00e9es de grandes fen\u00eatres qui laissent entrer la lumi\u00e8re naturelle tout au long de la journ\u00e9e. Elles sont compl\u00e9t\u00e9es par deux salles de bains compl\u00e8tes, assurant le confort de tous les membres de la famille.<\/p>\n<p>L'imp\u00f4t foncier (IBI) s'\u00e9l\u00e8ve \u00e0 834 euros par an.<\/p>\n<p>En r\u00e9sum\u00e9, cette propri\u00e9t\u00e9 est un choix id\u00e9al pour ceux qui appr\u00e9cient le plein air et qui recherchent une maison confortable, spacieuse et lumineuse.<\/p>","protected":false},"excerpt":{"rendered":"<p>Se pone a la venta un magn\u00edfico adosado de esquina, que destaca por su amplitud, luminosidad y confortabilidad. Este inmueble, con una superficie construida de 366 m\u00b2, se presenta como un aut\u00e9ntico oasis de comodidad y tranquilidad. La propiedad se enriquece con 190 m\u00b2 de terrazas, que se dividen entre una gran terraza superior con [&hellip;]<\/p>\n","protected":false},"author":5,"featured_media":26887,"parent":0,"menu_order":0,"template":"","property_type":[119],"property_status":[40],"property_feature":[17,178,19,176,174,26,172,171,170],"property_label":[],"property_city":[62],"class_list":["post-26943","property","type-property","status-houzez_sold","has-post-thumbnail","hentry","property_type-adosado","property_status-vendido","property_feature-aire-acondicionado","property_feature-aparcamiento-privado-cerrado","property_feature-barbacoa","property_feature-cerca-de-centros-comerciales","property_feature-cocina-amueblada","property_feature-lavadora","property_feature-piscina-comunitaria","property_feature-vistas-a-la-montana","property_feature-vistas-al-oceano","property_city-el-madronal-de-fanabe"],"property_meta":{"rank_math_internal_links_processed":["1"],"fave_property_price":["680000"],"fave_show_price_placeholder":["0"],"fave_property_size":["366"],"fave_property_size_prefix":["m\u00b2"],"fave_property_land_postfix":["m\u00b2"],"fave_property_bedrooms":["5"],"fave_property_bathrooms":["4"],"fave_property_garage":["2"],"fave_property_id":["2342"],"fave_property_zip":["38679"],"fave_additional_features_enable":["enable"],"fave_featured":["0"],"houzez_featured_listing_date":[""],"fave_loggedintoview":["0"],"fave_mortgage_cal":["0"],"fave_payment_status":["not_paid"],"fave_agent_display_option":["agent_info"],"fave_property_map_address":["Calle Beirut, Playa de Fa\u00f1ab\u00e9, Costa Adeje, Miraverde, Adeje, Santa Cruz de Tenerife, Canarias, 38679, Espa\u00f1a"],"fave_property_address":["Calle Beirut, Playa de Fa\u00f1ab\u00e9, Costa Adeje, Miraverde, Adeje, Santa Cruz de Tenerife, Canarias, 38679, Espa\u00f1a"],"houzez_geolocation_lat":["28.0923466"],"houzez_geolocation_long":["-16.7283326"],"fave_property_location":["28.0923466,-16.7283326,0"],"fave_property_map":["1"],"fave_property_map_street_view":["hide"],"houzez_total_property_views":["13500"],"houzez_views_by_date":["a:61:{s:10:\"02-27-2026\";i:36;s:10:\"02-28-2026\";i:36;s:10:\"03-01-2026\";i:37;s:10:\"03-02-2026\";i:43;s:10:\"03-03-2026\";i:42;s:10:\"03-04-2026\";i:40;s:10:\"03-05-2026\";i:38;s:10:\"03-06-2026\";i:50;s:10:\"03-07-2026\";i:38;s:10:\"03-08-2026\";i:36;s:10:\"03-09-2026\";i:36;s:10:\"03-10-2026\";i:54;s:10:\"03-11-2026\";i:54;s:10:\"03-12-2026\";i:54;s:10:\"03-13-2026\";i:37;s:10:\"03-14-2026\";i:36;s:10:\"03-15-2026\";i:36;s:10:\"03-16-2026\";i:42;s:10:\"03-17-2026\";i:46;s:10:\"03-18-2026\";i:38;s:10:\"03-19-2026\";i:36;s:10:\"03-20-2026\";i:37;s:10:\"03-21-2026\";i:41;s:10:\"03-22-2026\";i:48;s:10:\"03-23-2026\";i:36;s:10:\"03-24-2026\";i:36;s:10:\"03-25-2026\";i:36;s:10:\"03-26-2026\";i:54;s:10:\"03-27-2026\";i:36;s:10:\"03-28-2026\";i:54;s:10:\"03-29-2026\";i:36;s:10:\"03-30-2026\";i:36;s:10:\"03-31-2026\";i:36;s:10:\"04-01-2026\";i:38;s:10:\"04-02-2026\";i:54;s:10:\"04-03-2026\";i:36;s:10:\"04-04-2026\";i:36;s:10:\"04-05-2026\";i:36;s:10:\"04-06-2026\";i:44;s:10:\"04-07-2026\";i:28;s:10:\"04-08-2026\";i:50;s:10:\"04-09-2026\";i:36;s:10:\"04-10-2026\";i:37;s:10:\"04-11-2026\";i:45;s:10:\"04-12-2026\";i:44;s:10:\"04-13-2026\";i:36;s:10:\"04-14-2026\";i:36;s:10:\"04-15-2026\";i:54;s:10:\"04-16-2026\";i:36;s:10:\"04-17-2026\";i:36;s:10:\"04-18-2026\";i:38;s:10:\"04-19-2026\";i:52;s:10:\"04-20-2026\";i:36;s:10:\"04-21-2026\";i:36;s:10:\"04-22-2026\";i:36;s:10:\"04-23-2026\";i:36;s:10:\"04-24-2026\";i:44;s:10:\"04-25-2026\";i:46;s:10:\"04-26-2026\";i:36;s:10:\"04-27-2026\";i:36;s:10:\"04-28-2026\";i:24;}"],"houzez_recently_viewed":["2026-04-28 15:14:32"],"_thumbnail_id":["26887"],"_edit_lock":["1769435149:1"],"rank_math_seo_score":["6"],"_edit_last":["1"],"fave_single_top_area":["global"],"fave_single_content_area":["global"],"_pys_head_footer":["a:7:{s:14:\"disable_global\";b:0;s:8:\"head_any\";s:0:\"\";s:12:\"head_desktop\";s:0:\"\";s:11:\"head_mobile\";s:0:\"\";s:10:\"footer_any\";s:0:\"\";s:14:\"footer_desktop\";s:0:\"\";s:13:\"footer_mobile\";s:0:\"\";}"],"houzez_manual_expire":["0"],"_houzez_expiration_date_status":["saved"],"rank_math_primary_property_label":["180"],"fave_property_images":["26887","26873","26877","26878","26879","26880","26881","26882","26883","26884","26885","26886","26888","26872","26889","26890","26892","26894","26895","26896","26897","26898","26899","26900","26901","26902","26903","26904","26905","26908","26910","26911","26912","26913","26914","26915","26916","26917","26918","26919","26920","26921","26922","26923","26925","26926","26927","26928","26929","26931","26933","26934","26935","26936","26937","26938","26939","26940","26941","26876"],"fave_agents":["23720"],"_elementor_page_assets":["a:0:{}"]},"_links":{"self":[{"href":"https:\/\/www.tunidotenerife.com\/fr\/wp-json\/wp\/v2\/properties\/26943","targetHints":{"allow":["GET"]}}],"collection":[{"href":"https:\/\/www.tunidotenerife.com\/fr\/wp-json\/wp\/v2\/properties"}],"about":[{"href":"https:\/\/www.tunidotenerife.com\/fr\/wp-json\/wp\/v2\/types\/property"}],"author":[{"embeddable":true,"href":"https:\/\/www.tunidotenerife.com\/fr\/wp-json\/wp\/v2\/users\/5"}],"version-history":[{"count":0,"href":"https:\/\/www.tunidotenerife.com\/fr\/wp-json\/wp\/v2\/properties\/26943\/revisions"}],"wp:featuredmedia":[{"embeddable":true,"href":"https:\/\/www.tunidotenerife.com\/fr\/wp-json\/wp\/v2\/media\/26887"}],"wp:attachment":[{"href":"https:\/\/www.tunidotenerife.com\/fr\/wp-json\/wp\/v2\/media?parent=26943"}],"wp:term":[{"taxonomy":"property_type","embeddable":true,"href":"https:\/\/www.tunidotenerife.com\/fr\/wp-json\/wp\/v2\/property_type?post=26943"},{"taxonomy":"property_status","embeddable":true,"href":"https:\/\/www.tunidotenerife.com\/fr\/wp-json\/wp\/v2\/property_status?post=26943"},{"taxonomy":"property_feature","embeddable":true,"href":"https:\/\/www.tunidotenerife.com\/fr\/wp-json\/wp\/v2\/property_feature?post=26943"},{"taxonomy":"property_label","embeddable":true,"href":"https:\/\/www.tunidotenerife.com\/fr\/wp-json\/wp\/v2\/property_label?post=26943"},{"taxonomy":"property_city","embeddable":true,"href":"https:\/\/www.tunidotenerife.com\/fr\/wp-json\/wp\/v2\/property_city?post=26943"}],"curies":[{"name":"wp","href":"https:\/\/api.w.org\/{rel}","templated":true}]}}