{"id":24812,"date":"2024-07-25T16:44:56","date_gmt":"2024-07-25T15:44:56","guid":{"rendered":"https:\/\/www.tunidotenerife.com\/p\/atico-en-venta-en-tenerife-puerto-santiago\/"},"modified":"2024-07-25T16:44:56","modified_gmt":"2024-07-25T15:44:56","slug":"atico-en-venta-en-tenerife-puerto-santiago","status":"publish","type":"property","link":"https:\/\/www.tunidotenerife.com\/fr\/p\/atico-en-venta-en-tenerife-puerto-santiago\/","title":{"rendered":"Penthouse \u00e0 vendre \u00e0 Tenerife, Puerto Santiago"},"content":{"rendered":"<p>Nous avons le plaisir de vous pr\u00e9senter une opportunit\u00e9 d'investissement unique : une propri\u00e9t\u00e9 exclusive de deux appartements \u00e0 Balc\u00f3n de Los Gigantes, situ\u00e9e \u00e0 quelques m\u00e8tres de la mer et offrant des vues spectaculaires sur l'oc\u00e9an et les falaises, qui vous raviront. Son emplacement strat\u00e9gique et imbattable la place \u00e0 quelques minutes du port de Los Gigantes et \u00e0 quelques pas de Puerto Santiago.<\/p>\n<p>Cette propri\u00e9t\u00e9, un penthouse de luxe, abrite deux appartements r\u00e9cemment r\u00e9nov\u00e9s. Le premier dispose de deux chambres et de deux salles de bains, d'une cuisine am\u00e9ricaine qui s'ouvre sur le salon et d'un balcon qui entoure l'appartement, d'o\u00f9 vous pourrez admirer la vue sur les falaises.<\/p>\n<p>Le second appartement, un studio design, dispose d'un coin cuisine, d'un coin lit et d'une salle de bains, le tout agenc\u00e9 de mani\u00e8re ouverte et confortable. Cet appartement a un acc\u00e8s direct \u00e0 une grande terrasse ensoleill\u00e9e, avec un coin repas ext\u00e9rieur couvert par un auvent, d'o\u00f9 l'on jouit d'une vue panoramique sur l'oc\u00e9an et o\u00f9 l'on peut profiter des meilleurs couchers de soleil.<\/p>\n<p>La propri\u00e9t\u00e9 est situ\u00e9e dans un complexe avec piscine priv\u00e9e et espaces communs. Les deux appartements sont meubl\u00e9s et r\u00e9nov\u00e9s, pr\u00eats \u00e0 \u00eatre emm\u00e9nag\u00e9s. En outre, ils sont vendus avec deux places de parking incluses, ce qui les rend id\u00e9aux pour une famille qui a besoin d'un revenu suppl\u00e9mentaire en louant la deuxi\u00e8me propri\u00e9t\u00e9.<\/p>\n<p>En r\u00e9sum\u00e9, il s'agit d'un investissement imbattable, combinant un emplacement strat\u00e9gique avec des vues spectaculaires et un design int\u00e9rieur de la plus haute qualit\u00e9 avec la possibilit\u00e9 de rentabilit\u00e9. Ne manquez pas l'occasion d'acqu\u00e9rir cette propri\u00e9t\u00e9 unique \u00e0 Balc\u00f3n de Los Gigantes.<\/p>","protected":false},"excerpt":{"rendered":"<p>Nos complace presentarles una oportunidad \u00fanica de inversi\u00f3n: una propiedad exclusiva con dos apartamentos en Balc\u00f3n de Los Gigantes, situada a escasos metros del mar y con unas vistas espectaculares al oc\u00e9ano y a los acantilados, que te encantar\u00e1n. Su ubicaci\u00f3n estrat\u00e9gica e inmejorable la sit\u00faa a pocos minutos del puerto de Los Gigantes y [&hellip;]<\/p>\n","protected":false},"author":2,"featured_media":24794,"parent":0,"menu_order":0,"template":"","property_type":[117],"property_status":[24],"property_feature":[177,174,172,171,170],"property_label":[109,180],"property_city":[],"class_list":["post-24812","property","type-property","status-publish","has-post-thumbnail","hentry","property_type-atico","property_status-venta","property_feature-cerca-de-la-playa","property_feature-cocina-amueblada","property_feature-piscina-comunitaria","property_feature-vistas-a-la-montana","property_feature-vistas-al-oceano","property_label-exclusivo","property_label-oferta"],"property_meta":{"rank_math_internal_links_processed":["1"],"fave_property_price":["525000"],"fave_property_price_postfix":[""],"fave_show_price_placeholder":["0"],"fave_property_price_placeholder":[""],"fave_property_price_prefix":[""],"fave_property_sec_price":[""],"fave_property_size":["100"],"fave_property_size_prefix":["m\u00b2"],"fave_property_land":["170"],"fave_property_land_postfix":["m\u00b2"],"fave_property_bedrooms":["3"],"fave_property_bathrooms":["3"],"fave_property_garage":["2"],"fave_property_garage_size":[""],"fave_virtual_tour":[""],"fave_property_year":[""],"fave_property_id":["2287"],"fave_video_url":[""],"fave_property_images":["24794","24783","24806","24808","24809","24804","24801","24782","24803","24800","24810","24811","24788","24798","24789","24792","24793","24796","24785","24795","24791","24786","24787","24790","24797"],"_thumbnail_id":["24794"],"fave_property_zip":[""],"additional_features":["a:1:{i:0;a:2:{s:29:\"fave_additional_feature_title\";s:0:\"\";s:29:\"fave_additional_feature_value\";s:0:\"\";}}"],"fave_additional_features_enable":["enable"],"floor_plans":[""],"fave_multi_units":[""],"fave_featured":["0"],"houzez_featured_listing_date":[""],"fave_loggedintoview":["0"],"fave_mortgage_cal":["0"],"fave_private_note":[""],"fave_property_disclaimer":[""],"fave_payment_status":["not_paid"],"fave_agents":["150"],"fave_agent_display_option":["agent_info"],"fave_property_map_address":[""],"fave_property_address":[""],"houzez_geolocation_lat":["28.23974969279707"],"houzez_geolocation_long":["-16.8426877042673"],"fave_property_location":["28.23974969279707,-16.8426877042673"],"fave_property_map":["1"],"fave_property_map_street_view":[""],"houzez_total_property_views":["22192"],"houzez_views_by_date":["a:61:{s:10:\"02-27-2026\";i:36;s:10:\"02-28-2026\";i:36;s:10:\"03-01-2026\";i:40;s:10:\"03-02-2026\";i:44;s:10:\"03-03-2026\";i:40;s:10:\"03-04-2026\";i:40;s:10:\"03-05-2026\";i:50;s:10:\"03-06-2026\";i:36;s:10:\"03-07-2026\";i:36;s:10:\"03-08-2026\";i:36;s:10:\"03-09-2026\";i:36;s:10:\"03-10-2026\";i:54;s:10:\"03-11-2026\";i:64;s:10:\"03-12-2026\";i:54;s:10:\"03-13-2026\";i:36;s:10:\"03-14-2026\";i:36;s:10:\"03-15-2026\";i:38;s:10:\"03-16-2026\";i:50;s:10:\"03-17-2026\";i:38;s:10:\"03-18-2026\";i:36;s:10:\"03-19-2026\";i:66;s:10:\"03-20-2026\";i:52;s:10:\"03-21-2026\";i:42;s:10:\"03-22-2026\";i:36;s:10:\"03-23-2026\";i:36;s:10:\"03-24-2026\";i:36;s:10:\"03-25-2026\";i:38;s:10:\"03-26-2026\";i:52;s:10:\"03-27-2026\";i:36;s:10:\"03-28-2026\";i:56;s:10:\"03-29-2026\";i:36;s:10:\"03-30-2026\";i:36;s:10:\"03-31-2026\";i:36;s:10:\"04-01-2026\";i:40;s:10:\"04-02-2026\";i:54;s:10:\"04-03-2026\";i:36;s:10:\"04-04-2026\";i:36;s:10:\"04-05-2026\";i:40;s:10:\"04-06-2026\";i:46;s:10:\"04-07-2026\";i:72;s:10:\"04-08-2026\";i:54;s:10:\"04-09-2026\";i:36;s:10:\"04-10-2026\";i:46;s:10:\"04-11-2026\";i:44;s:10:\"04-12-2026\";i:36;s:10:\"04-13-2026\";i:36;s:10:\"04-14-2026\";i:36;s:10:\"04-15-2026\";i:54;s:10:\"04-16-2026\";i:36;s:10:\"04-17-2026\";i:38;s:10:\"04-18-2026\";i:50;s:10:\"04-19-2026\";i:38;s:10:\"04-20-2026\";i:36;s:10:\"04-21-2026\";i:36;s:10:\"04-22-2026\";i:36;s:10:\"04-23-2026\";i:44;s:10:\"04-24-2026\";i:46;s:10:\"04-25-2026\";i:36;s:10:\"04-26-2026\";i:36;s:10:\"04-27-2026\";i:36;s:10:\"04-28-2026\";i:18;}"],"houzez_recently_viewed":["2026-04-28 03:20:51"],"_elementor_page_assets":["a:0:{}"]},"_links":{"self":[{"href":"https:\/\/www.tunidotenerife.com\/fr\/wp-json\/wp\/v2\/properties\/24812","targetHints":{"allow":["GET"]}}],"collection":[{"href":"https:\/\/www.tunidotenerife.com\/fr\/wp-json\/wp\/v2\/properties"}],"about":[{"href":"https:\/\/www.tunidotenerife.com\/fr\/wp-json\/wp\/v2\/types\/property"}],"author":[{"embeddable":true,"href":"https:\/\/www.tunidotenerife.com\/fr\/wp-json\/wp\/v2\/users\/2"}],"version-history":[{"count":0,"href":"https:\/\/www.tunidotenerife.com\/fr\/wp-json\/wp\/v2\/properties\/24812\/revisions"}],"wp:featuredmedia":[{"embeddable":true,"href":"https:\/\/www.tunidotenerife.com\/fr\/wp-json\/wp\/v2\/media\/24794"}],"wp:attachment":[{"href":"https:\/\/www.tunidotenerife.com\/fr\/wp-json\/wp\/v2\/media?parent=24812"}],"wp:term":[{"taxonomy":"property_type","embeddable":true,"href":"https:\/\/www.tunidotenerife.com\/fr\/wp-json\/wp\/v2\/property_type?post=24812"},{"taxonomy":"property_status","embeddable":true,"href":"https:\/\/www.tunidotenerife.com\/fr\/wp-json\/wp\/v2\/property_status?post=24812"},{"taxonomy":"property_feature","embeddable":true,"href":"https:\/\/www.tunidotenerife.com\/fr\/wp-json\/wp\/v2\/property_feature?post=24812"},{"taxonomy":"property_label","embeddable":true,"href":"https:\/\/www.tunidotenerife.com\/fr\/wp-json\/wp\/v2\/property_label?post=24812"},{"taxonomy":"property_city","embeddable":true,"href":"https:\/\/www.tunidotenerife.com\/fr\/wp-json\/wp\/v2\/property_city?post=24812"}],"curies":[{"name":"wp","href":"https:\/\/api.w.org\/{rel}","templated":true}]}}