{"id":24323,"date":"2024-06-24T15:32:03","date_gmt":"2024-06-24T14:32:03","guid":{"rendered":"https:\/\/www.tunidotenerife.com\/p\/villa-en-venta-en-tenerife-sur-el-pozo-guia-de-isora\/"},"modified":"2025-06-11T15:31:26","modified_gmt":"2025-06-11T14:31:26","slug":"villa-en-venta-en-tenerife-sur-el-pozo-guia-de-isora","status":"publish","type":"property","link":"https:\/\/www.tunidotenerife.com\/fr\/p\/villa-en-venta-en-tenerife-sur-el-pozo-guia-de-isora\/","title":{"rendered":"Villa \u00e0 vendre \u00e0 Tenerife Sud, El Pozo, Gu\u00eda de Isora"},"content":{"rendered":"<p>Situ\u00e9 dans la municipalit\u00e9 ensoleill\u00e9e de Gu\u00eda de Isora, \u00e0 El Pozo, se trouve le projet innovant Ocean Blue Villas. Ce projet moderne et r\u00e9cent propose quatre villas ind\u00e9pendantes, chacune avec sa propre piscine priv\u00e9e, dans un emplacement privil\u00e9gi\u00e9 qui permet de rejoindre les principaux points d'int\u00e9r\u00eat de la r\u00e9gion.<\/p>\n<p>Les Ocean Blue Villas sont r\u00e9parties en trois luxueuses villas de trois chambres et une villa exclusive de cinq chambres, toutes con\u00e7ues dans un style architectural contemporain et dot\u00e9es d'\u00e9quipements haut de gamme, offrant un standard exceptionnel dans le sud de T\u00e9n\u00e9riffe.<\/p>\n<p>Les trois villas de trois chambres \u00e0 coucher sont r\u00e9parties sur un seul \u00e9tage, avec une surface construite comprise entre 134,76 et 161m\u00b2. Chacune dispose de trois chambres \u00e0 coucher, de deux salles de bains, d'un WC pour les invit\u00e9s, d'une piscine priv\u00e9e, d'une terrasse ensoleill\u00e9e, d'un jardin et d'une place de parking pour deux v\u00e9hicules. Ils disposent \u00e9galement de l'air conditionn\u00e9, d'une cuisine enti\u00e8rement \u00e9quip\u00e9e et de placards.<\/p>\n<p>D'autre part, la villa exclusive de cinq chambres est r\u00e9partie sur deux \u00e9tages. Au premier \u00e9tage, vous trouverez trois chambres \u00e0 coucher, deux salles de bains et des toilettes pour les invit\u00e9s, tandis qu'\u00e0 l'\u00e9tage sup\u00e9rieur, vous trouverez deux chambres \u00e0 coucher et deux salles de bains suppl\u00e9mentaires. Comme les villas de trois chambres, cette villa dispose d'une piscine priv\u00e9e, d'une terrasse-solarium, d'un jardin, d'un parking pour deux v\u00e9hicules, de l'air conditionn\u00e9, d'une cuisine enti\u00e8rement \u00e9quip\u00e9e et de placards.<\/p>\n<p>Le point fort de ces villas est la vue imprenable sur l'oc\u00e9an et l'\u00eele de La Gomera, que l'on peut appr\u00e9cier depuis le salon, la chambre \u00e0 coucher et chaque coin de la terrasse et de la piscine.<\/p>\n<p>Chaque villa se trouve sur des parcelles allant de 452,20 \u00e0 542,37 m\u00b2, offrant un espace priv\u00e9 et luxueux dont vous pourrez profiter pleinement.<\/p>\n<p>Ne manquez pas l'opportunit\u00e9 d'acqu\u00e9rir une propri\u00e9t\u00e9 unique dans cet endroit calme, surplombant l'oc\u00e9an et dans une zone ensoleill\u00e9e tout au long de l'ann\u00e9e. Ocean Blue Villas est un projet de construction moderne qui red\u00e9finit l'exp\u00e9rience de la vie de luxe \u00e0 T\u00e9n\u00e9rife.<\/p>","protected":false},"excerpt":{"rendered":"<p>Ubicado en el soleado municipio de Gu\u00eda de Isora, en El Pozo, se encuentra el innovador proyecto Ocean Blue Villas. Este moderno proyecto de nueva construcci\u00f3n, ofrece cuatro villas independientes, cada una con su propia piscina privada y en una ubicaci\u00f3n privilegiada que conecta con los principales puntos de inter\u00e9s de la zona. Las Ocean [&hellip;]<\/p>\n","protected":false},"author":2,"featured_media":24334,"parent":0,"menu_order":0,"template":"","property_type":[45],"property_status":[24],"property_feature":[17,178,174,169,42,171,170],"property_label":[179],"property_city":[93],"class_list":["post-24323","property","type-property","status-publish","has-post-thumbnail","hentry","property_type-villa","property_status-venta","property_feature-aire-acondicionado","property_feature-aparcamiento-privado-cerrado","property_feature-cocina-amueblada","property_feature-nueva-construccion","property_feature-piscina-privada","property_feature-vistas-a-la-montana","property_feature-vistas-al-oceano","property_label-luxury","property_city-guia-de-isora"],"property_meta":{"rank_math_internal_links_processed":["1"],"fave_show_price_placeholder":["1"],"fave_property_size":["134"],"fave_property_size_prefix":["m\u00b2"],"fave_property_land":["452"],"fave_property_land_postfix":["m\u00b2"],"fave_property_bedrooms":["3"],"fave_property_bathrooms":["2"],"fave_property_garage":["2"],"fave_property_year":["2025"],"fave_property_id":["2264"],"fave_additional_features_enable":["enable"],"fave_featured":["0"],"houzez_featured_listing_date":[""],"fave_loggedintoview":["0"],"fave_mortgage_cal":["0"],"fave_payment_status":["not_paid"],"fave_agent_display_option":["agent_info"],"houzez_geolocation_lat":["28.200673958042"],"houzez_geolocation_long":["-16.765194951221"],"fave_property_location":["28.200673958042,-16.765194951221,0"],"fave_property_map":["1"],"fave_property_map_street_view":["hide"],"houzez_total_property_views":["22325"],"houzez_views_by_date":["a:61:{s:10:\"02-27-2026\";i:36;s:10:\"02-28-2026\";i:36;s:10:\"03-01-2026\";i:38;s:10:\"03-02-2026\";i:45;s:10:\"03-03-2026\";i:37;s:10:\"03-04-2026\";i:40;s:10:\"03-05-2026\";i:48;s:10:\"03-06-2026\";i:38;s:10:\"03-07-2026\";i:36;s:10:\"03-08-2026\";i:36;s:10:\"03-09-2026\";i:36;s:10:\"03-10-2026\";i:54;s:10:\"03-11-2026\";i:64;s:10:\"03-12-2026\";i:54;s:10:\"03-13-2026\";i:36;s:10:\"03-14-2026\";i:36;s:10:\"03-15-2026\";i:36;s:10:\"03-16-2026\";i:52;s:10:\"03-17-2026\";i:38;s:10:\"03-18-2026\";i:36;s:10:\"03-19-2026\";i:68;s:10:\"03-20-2026\";i:50;s:10:\"03-21-2026\";i:42;s:10:\"03-22-2026\";i:36;s:10:\"03-23-2026\";i:38;s:10:\"03-24-2026\";i:33;s:10:\"03-25-2026\";i:36;s:10:\"03-26-2026\";i:54;s:10:\"03-27-2026\";i:36;s:10:\"03-28-2026\";i:56;s:10:\"03-29-2026\";i:36;s:10:\"03-30-2026\";i:35;s:10:\"03-31-2026\";i:36;s:10:\"04-01-2026\";i:38;s:10:\"04-02-2026\";i:54;s:10:\"04-03-2026\";i:36;s:10:\"04-04-2026\";i:36;s:10:\"04-05-2026\";i:38;s:10:\"04-06-2026\";i:48;s:10:\"04-07-2026\";i:73;s:10:\"04-08-2026\";i:53;s:10:\"04-09-2026\";i:36;s:10:\"04-10-2026\";i:46;s:10:\"04-11-2026\";i:44;s:10:\"04-12-2026\";i:36;s:10:\"04-13-2026\";i:36;s:10:\"04-14-2026\";i:35;s:10:\"04-15-2026\";i:54;s:10:\"04-16-2026\";i:36;s:10:\"04-17-2026\";i:38;s:10:\"04-18-2026\";i:50;s:10:\"04-19-2026\";i:38;s:10:\"04-20-2026\";i:36;s:10:\"04-21-2026\";i:36;s:10:\"04-22-2026\";i:38;s:10:\"04-23-2026\";i:47;s:10:\"04-24-2026\";i:39;s:10:\"04-25-2026\";i:38;s:10:\"04-26-2026\";i:36;s:10:\"04-27-2026\";i:36;s:10:\"04-28-2026\";i:52;}"],"houzez_recently_viewed":["2026-04-28 16:11:22"],"_thumbnail_id":["24334"],"_edit_lock":["1749652152:1"],"rank_math_seo_score":["6"],"_edit_last":["1"],"fave_single_top_area":["global"],"fave_single_content_area":["global"],"_pys_head_footer":["a:7:{s:14:\"disable_global\";b:0;s:8:\"head_any\";s:0:\"\";s:12:\"head_desktop\";s:0:\"\";s:11:\"head_mobile\";s:0:\"\";s:10:\"footer_any\";s:0:\"\";s:14:\"footer_desktop\";s:0:\"\";s:13:\"footer_mobile\";s:0:\"\";}"],"rank_math_primary_property_type":["0"],"rank_math_primary_property_status":["0"],"rank_math_primary_property_feature":["0"],"rank_math_primary_property_label":["0"],"rank_math_primary_property_city":["0"],"houzez_manual_expire":["0"],"_houzez_expiration_date_status":["saved"],"fave_property_price_placeholder":["Precio a Consultar"],"fave_property_images":["24324","24325","24326","24334","24333","24335","24338","24327","24328","24329","24330","24331","24332","24336","24337"],"fave_agents":["150"],"_elementor_page_assets":["a:0:{}"]},"_links":{"self":[{"href":"https:\/\/www.tunidotenerife.com\/fr\/wp-json\/wp\/v2\/properties\/24323","targetHints":{"allow":["GET"]}}],"collection":[{"href":"https:\/\/www.tunidotenerife.com\/fr\/wp-json\/wp\/v2\/properties"}],"about":[{"href":"https:\/\/www.tunidotenerife.com\/fr\/wp-json\/wp\/v2\/types\/property"}],"author":[{"embeddable":true,"href":"https:\/\/www.tunidotenerife.com\/fr\/wp-json\/wp\/v2\/users\/2"}],"version-history":[{"count":0,"href":"https:\/\/www.tunidotenerife.com\/fr\/wp-json\/wp\/v2\/properties\/24323\/revisions"}],"wp:featuredmedia":[{"embeddable":true,"href":"https:\/\/www.tunidotenerife.com\/fr\/wp-json\/wp\/v2\/media\/24334"}],"wp:attachment":[{"href":"https:\/\/www.tunidotenerife.com\/fr\/wp-json\/wp\/v2\/media?parent=24323"}],"wp:term":[{"taxonomy":"property_type","embeddable":true,"href":"https:\/\/www.tunidotenerife.com\/fr\/wp-json\/wp\/v2\/property_type?post=24323"},{"taxonomy":"property_status","embeddable":true,"href":"https:\/\/www.tunidotenerife.com\/fr\/wp-json\/wp\/v2\/property_status?post=24323"},{"taxonomy":"property_feature","embeddable":true,"href":"https:\/\/www.tunidotenerife.com\/fr\/wp-json\/wp\/v2\/property_feature?post=24323"},{"taxonomy":"property_label","embeddable":true,"href":"https:\/\/www.tunidotenerife.com\/fr\/wp-json\/wp\/v2\/property_label?post=24323"},{"taxonomy":"property_city","embeddable":true,"href":"https:\/\/www.tunidotenerife.com\/fr\/wp-json\/wp\/v2\/property_city?post=24323"}],"curies":[{"name":"wp","href":"https:\/\/api.w.org\/{rel}","templated":true}]}}