{"id":23660,"date":"2024-05-13T12:13:05","date_gmt":"2024-05-13T11:13:05","guid":{"rendered":"https:\/\/www.tunidotenerife.com\/p\/finca-en-venta-en-tenerife-la-escalona\/"},"modified":"2024-05-13T12:13:05","modified_gmt":"2024-05-13T11:13:05","slug":"finca-en-venta-en-tenerife-la-escalona","status":"publish","type":"property","link":"https:\/\/www.tunidotenerife.com\/fr\/p\/finca-en-venta-en-tenerife-la-escalona\/","title":{"rendered":"Finca \u00e0 vendre \u00e0 Tenerife, La Escalona"},"content":{"rendered":"<p>Situ\u00e9e dans le quartier pittoresque de La Escalona, \u00e0 3 km de la charmante commune de Vilaflor, se trouve une finca \u00e0 vendre, v\u00e9ritable paradis \u00e0 mille m\u00e8tres au-dessus du niveau de la mer. Cette propri\u00e9t\u00e9 se trouve exactement sur la Carretera Gral. TF-51, Paraje el Barbecho, \u00e0 la Escalona, Vilaflor.<\/p>\n<p>Cette propri\u00e9t\u00e9 \u00e0 vendre couvre une superficie totale de 5.092,68 m2, dont 300 m2 correspondent \u00e0 une construction actuelle consid\u00e9r\u00e9e comme \u00c9tablissement Rural selon le nouveau plan g\u00e9n\u00e9ral. En outre, elle dispose d'environ 750 m2 en bordure de route, consid\u00e9r\u00e9s comme urbains, et le reste du terrain est \u00e0 usage agricole rustique. Il convient de noter que l'ensemble de la propri\u00e9t\u00e9 d\u00e9crite a fait l'objet d'un acte public devant notaire.<\/p>\n<p>La zone construite comprend un salon-salle \u00e0 manger et une cuisine industrielle enti\u00e8rement \u00e9quip\u00e9e avec barbecue, chauffage, espace TV et salles de bains s\u00e9par\u00e9es pour les femmes et les hommes. En outre, il y a deux chambres \u00e0 coucher avec toilettes. Le domaine offre diverses zones de loisirs avec des barbecues et des terrasses ext\u00e9rieures, ainsi qu'une grande \u00e9tendue d'espaces paysagers avec diff\u00e9rentes esp\u00e8ces indig\u00e8nes des Canaries.<\/p>\n<p>R\u00e9cemment, des am\u00e9liorations ont \u00e9t\u00e9 apport\u00e9es aux installations pour accueillir 18 personnes et toutes sortes d'\u00e9v\u00e9nements sont organis\u00e9s sur le domaine. Outre les b\u00e2timents de loisirs, le domaine dispose d'une vaste \u00e9tendue de terres agricoles d'environ 4 000 m2, \u00e9quip\u00e9e d'un syst\u00e8me d'irrigation au goutte-\u00e0-goutte qui s'\u00e9tend \u00e0 l'ensemble de la propri\u00e9t\u00e9.<\/p>\n<p>Cette finca \u00e0 vendre est un v\u00e9ritable verger, avec une exposition riche et vari\u00e9e d'arbres fruitiers comprenant des oranges, des citrons, des nectarines, des olives, des p\u00eaches, des prunes de grandes vari\u00e9t\u00e9s, des n\u00e8fles, des avocats, des fraises, des kakis, des poires, des pommes, des past\u00e8ques, des melons, des kiwis, et bien plus encore. Ces fruits sont traditionnellement utilis\u00e9s pour produire d'excellentes liqueurs. En outre, plusieurs vari\u00e9t\u00e9s de l\u00e9gumes et de l\u00e9gumineuses sont cultiv\u00e9es.<\/p>\n<p>Le domaine dispose \u00e9galement d'une grande superficie consacr\u00e9e \u00e0 la culture de la vigne, produisant environ 2000 litres de vin rouge et 500 litres de vin blanc par an. L'ensemble du processus de vinification est r\u00e9alis\u00e9 de mani\u00e8re artisanale et \u00e9cologique dans les installations du domaine, qui comprennent un pressoir et une cave \u00e0 vin.<\/p>\n<p>En bref, cette finca \u00e0 vendre est un joyau cach\u00e9 au c\u0153ur de Vilaflor, un endroit o\u00f9 la beaut\u00e9 naturelle et la tradition s'unissent pour offrir une exp\u00e9rience unique.<\/p>","protected":false},"excerpt":{"rendered":"<p>Ubicada en el pintoresco Barrio de la Escalona, a escasos 3 km del encantador municipio de Vilaflor, se encuentra una finca en venta, un verdadero para\u00edso a mil metros sobre el nivel del mar. Esta propiedad se halla exactamente en la Carretera Gral. TF-51, Paraje el Barbecho, en la Escalona, Vilaflor. Esta finca en venta [&hellip;]<\/p>\n","protected":false},"author":5,"featured_media":23657,"parent":0,"menu_order":0,"template":"","property_type":[121],"property_status":[24],"property_feature":[178,19,174,42,171,170],"property_label":[109,180],"property_city":[80],"class_list":["post-23660","property","type-property","status-publish","has-post-thumbnail","hentry","property_type-finca","property_status-venta","property_feature-aparcamiento-privado-cerrado","property_feature-barbacoa","property_feature-cocina-amueblada","property_feature-piscina-privada","property_feature-vistas-a-la-montana","property_feature-vistas-al-oceano","property_label-exclusivo","property_label-oferta","property_city-arona"],"property_meta":{"rank_math_internal_links_processed":["1"],"fave_property_price":["1190000"],"fave_property_price_postfix":[""],"fave_show_price_placeholder":["0"],"fave_property_price_placeholder":[""],"fave_property_price_prefix":[""],"fave_property_sec_price":[""],"fave_property_size":["750"],"fave_property_size_prefix":["m\u00b2"],"fave_property_land":["5092"],"fave_property_land_postfix":["m\u00b2"],"fave_property_bedrooms":["2"],"fave_property_bathrooms":["2"],"fave_property_garage":["1"],"fave_property_garage_size":[""],"fave_virtual_tour":[""],"fave_property_year":[""],"fave_property_id":["2222"],"fave_video_url":[""],"fave_property_images":["23657","23652","23651","23646","23658","23650","23649","23656","23653","23654","23655","23647","23648","23659"],"_thumbnail_id":["23657"],"fave_property_zip":["38614"],"additional_features":["a:1:{i:0;a:2:{s:29:\"fave_additional_feature_title\";s:0:\"\";s:29:\"fave_additional_feature_value\";s:0:\"\";}}"],"fave_additional_features_enable":["enable"],"floor_plans":[""],"fave_multi_units":[""],"fave_featured":["0"],"houzez_featured_listing_date":[""],"fave_loggedintoview":["0"],"fave_mortgage_cal":["0"],"fave_private_note":[""],"fave_property_disclaimer":[""],"fave_payment_status":["not_paid"],"fave_agents":["150"],"fave_agent_display_option":["agent_info"],"fave_property_map_address":["La Escalona, Espa\u00f1a"],"fave_property_address":["La Escalona, Espa\u00f1a"],"houzez_geolocation_lat":["28.1187235"],"houzez_geolocation_long":["-16.665275"],"fave_property_location":["28.1187235,-16.665275"],"fave_property_map":["1"],"fave_property_map_street_view":["hide"],"houzez_total_property_views":["23469"],"houzez_views_by_date":["a:61:{s:10:\"03-02-2026\";i:43;s:10:\"03-03-2026\";i:35;s:10:\"03-04-2026\";i:47;s:10:\"03-05-2026\";i:46;s:10:\"03-06-2026\";i:38;s:10:\"03-07-2026\";i:36;s:10:\"03-08-2026\";i:36;s:10:\"03-09-2026\";i:36;s:10:\"03-10-2026\";i:54;s:10:\"03-11-2026\";i:68;s:10:\"03-12-2026\";i:54;s:10:\"03-13-2026\";i:36;s:10:\"03-14-2026\";i:36;s:10:\"03-15-2026\";i:40;s:10:\"03-16-2026\";i:48;s:10:\"03-17-2026\";i:38;s:10:\"03-18-2026\";i:36;s:10:\"03-19-2026\";i:70;s:10:\"03-20-2026\";i:56;s:10:\"03-21-2026\";i:42;s:10:\"03-22-2026\";i:36;s:10:\"03-23-2026\";i:41;s:10:\"03-24-2026\";i:35;s:10:\"03-25-2026\";i:36;s:10:\"03-26-2026\";i:54;s:10:\"03-27-2026\";i:36;s:10:\"03-28-2026\";i:60;s:10:\"03-29-2026\";i:36;s:10:\"03-30-2026\";i:36;s:10:\"03-31-2026\";i:36;s:10:\"04-01-2026\";i:40;s:10:\"04-02-2026\";i:54;s:10:\"04-03-2026\";i:35;s:10:\"04-04-2026\";i:36;s:10:\"04-05-2026\";i:42;s:10:\"04-06-2026\";i:48;s:10:\"04-07-2026\";i:92;s:10:\"04-08-2026\";i:49;s:10:\"04-09-2026\";i:36;s:10:\"04-10-2026\";i:48;s:10:\"04-11-2026\";i:44;s:10:\"04-12-2026\";i:36;s:10:\"04-13-2026\";i:36;s:10:\"04-14-2026\";i:35;s:10:\"04-15-2026\";i:54;s:10:\"04-16-2026\";i:36;s:10:\"04-17-2026\";i:40;s:10:\"04-18-2026\";i:50;s:10:\"04-19-2026\";i:36;s:10:\"04-20-2026\";i:36;s:10:\"04-21-2026\";i:36;s:10:\"04-22-2026\";i:38;s:10:\"04-23-2026\";i:44;s:10:\"04-24-2026\";i:44;s:10:\"04-25-2026\";i:36;s:10:\"04-26-2026\";i:36;s:10:\"04-27-2026\";i:36;s:10:\"04-28-2026\";i:52;s:10:\"04-29-2026\";i:40;s:10:\"04-30-2026\";i:51;s:10:\"05-01-2026\";i:34;}"],"houzez_recently_viewed":["2026-05-01 21:15:16"],"_elementor_page_assets":["a:0:{}"]},"_links":{"self":[{"href":"https:\/\/www.tunidotenerife.com\/fr\/wp-json\/wp\/v2\/properties\/23660","targetHints":{"allow":["GET"]}}],"collection":[{"href":"https:\/\/www.tunidotenerife.com\/fr\/wp-json\/wp\/v2\/properties"}],"about":[{"href":"https:\/\/www.tunidotenerife.com\/fr\/wp-json\/wp\/v2\/types\/property"}],"author":[{"embeddable":true,"href":"https:\/\/www.tunidotenerife.com\/fr\/wp-json\/wp\/v2\/users\/5"}],"version-history":[{"count":0,"href":"https:\/\/www.tunidotenerife.com\/fr\/wp-json\/wp\/v2\/properties\/23660\/revisions"}],"wp:featuredmedia":[{"embeddable":true,"href":"https:\/\/www.tunidotenerife.com\/fr\/wp-json\/wp\/v2\/media\/23657"}],"wp:attachment":[{"href":"https:\/\/www.tunidotenerife.com\/fr\/wp-json\/wp\/v2\/media?parent=23660"}],"wp:term":[{"taxonomy":"property_type","embeddable":true,"href":"https:\/\/www.tunidotenerife.com\/fr\/wp-json\/wp\/v2\/property_type?post=23660"},{"taxonomy":"property_status","embeddable":true,"href":"https:\/\/www.tunidotenerife.com\/fr\/wp-json\/wp\/v2\/property_status?post=23660"},{"taxonomy":"property_feature","embeddable":true,"href":"https:\/\/www.tunidotenerife.com\/fr\/wp-json\/wp\/v2\/property_feature?post=23660"},{"taxonomy":"property_label","embeddable":true,"href":"https:\/\/www.tunidotenerife.com\/fr\/wp-json\/wp\/v2\/property_label?post=23660"},{"taxonomy":"property_city","embeddable":true,"href":"https:\/\/www.tunidotenerife.com\/fr\/wp-json\/wp\/v2\/property_city?post=23660"}],"curies":[{"name":"wp","href":"https:\/\/api.w.org\/{rel}","templated":true}]}}