{"id":22098,"date":"2024-04-18T16:27:15","date_gmt":"2024-04-18T15:27:15","guid":{"rendered":"https:\/\/www.tunidotenerife.com\/p\/villa-con-piscina-privada-en-tenerife-en-alquiler-1044\/"},"modified":"2024-05-16T11:32:08","modified_gmt":"2024-05-16T10:32:08","slug":"villa-con-piscina-privada-en-tenerife-en-alquiler-1044","status":"publish","type":"property","link":"https:\/\/www.tunidotenerife.com\/fr\/p\/villa-con-piscina-privada-en-tenerife-en-alquiler-1044\/","title":{"rendered":"Villa avec piscine priv\u00e9e \u00e0 louer \u00e0 Costa Adeje, Tenerife South"},"content":{"rendered":"<p>Bienvenue dans votre nouvelle maison au paradis ! Cette charmante villa \u00e0 louer dans la vibrante Costa Adeje, Tenerife South, est le choix parfait pour ceux qui recherchent le confort d'une maison avec les avantages de vivre dans l'une des zones les plus d\u00e9sirables de Tenerife.<\/p>\n<p>La propri\u00e9t\u00e9 dispose de trois chambres spacieuses, id\u00e9ales pour une famille ou pour ceux qui aiment disposer d'un espace suppl\u00e9mentaire pour les loisirs ou le travail. Les deux salles de bains sont con\u00e7ues avec une touche moderne et fonctionnelle, assurant votre confort \u00e0 tout moment.<\/p>\n<p>L'un des joyaux de cette villa est sans aucun doute sa piscine priv\u00e9e. Imaginez-vous en train de vous rafra\u00eechir dans l'intimit\u00e9 de votre maison, ou de prendre un bain de soleil sur la terrasse, tout en profitant de la tranquillit\u00e9 qu'offre cette propri\u00e9t\u00e9.<\/p>\n<p>Avec 125 m\u00b2 de surface habitable, cette maison offre suffisamment d'espace pour vivre confortablement sans compromettre l'espace. Le terrain sur lequel la villa est situ\u00e9e est vaste, ce qui vous permet de profiter de l'ext\u00e9rieur sans quitter la maison.<\/p>\n<p>Situ\u00e9e \u00e0 Costa Adeje, l'une des zones les plus attrayantes de Tenerife Sud, cette villa vous offre la possibilit\u00e9 de vivre dans un environnement calme et s\u00e9curis\u00e9, tout en \u00e9tant proche de toutes les commodit\u00e9s et attractions que cette zone a \u00e0 offrir.<\/p>\n<p>En r\u00e9sum\u00e9, si vous recherchez une maison spacieuse et confortable dans un emplacement imbattable, cette villa de location de vacances \u00e0 Costa Adeje, Tenerife South, est le choix id\u00e9al pour vous. Ne manquez pas cette opportunit\u00e9 !<\/p>\n<p>&nbsp;<\/p>\n<p><em><strong>Le contenu fourni est susceptible d'\u00eatre modifi\u00e9 sans pr\u00e9avis.<\/strong><\/em><\/p>","protected":false},"excerpt":{"rendered":"<p>\u00a1Bienvenidos a su nuevo hogar en el para\u00edso! Esta encantadora villa en alquiler en la vibrante Costa Adeje, Tenerife Sur, es la elecci\u00f3n perfecta para aquellos que buscan la comodidad de una casa con las ventajas de vivir en una de las zonas m\u00e1s deseadas de Tenerife. La propiedad cuenta con tres amplias habitaciones, ideal [&hellip;]<\/p>\n","protected":false},"author":4,"featured_media":23807,"parent":0,"menu_order":0,"template":"","property_type":[45],"property_status":[23],"property_feature":[17,19,176,174,26,173,42,171,170],"property_label":[],"property_city":[62],"class_list":["post-22098","property","type-property","status-publish","has-post-thumbnail","hentry","property_type-villa","property_status-alquiler-vacacional","property_feature-aire-acondicionado","property_feature-barbacoa","property_feature-cerca-de-centros-comerciales","property_feature-cocina-amueblada","property_feature-lavadora","property_feature-piscina-climatizada","property_feature-piscina-privada","property_feature-vistas-a-la-montana","property_feature-vistas-al-oceano","property_city-el-madronal-de-fanabe"],"property_meta":{"rank_math_internal_links_processed":["1"],"fave_show_price_placeholder":["1"],"fave_property_price_placeholder":["Precio a Consultar"],"fave_property_size":["125"],"fave_property_size_prefix":["m\u00b2"],"fave_property_land_postfix":["m\u00b2"],"fave_property_bedrooms":["3"],"fave_property_bathrooms":["2"],"fave_property_id":["1044"],"fave_property_zip":["38660"],"additional_features":["a:8:{i:0;a:2:{s:29:\"fave_additional_feature_title\";s:23:\"Juego de cama y vajilla\";s:29:\"fave_additional_feature_value\";s:0:\"\";}i:1;a:2:{s:29:\"fave_additional_feature_title\";s:10:\"Lavaplatos\";s:29:\"fave_additional_feature_value\";s:0:\"\";}i:2;a:2:{s:29:\"fave_additional_feature_title\";s:5:\"Wi-Fi\";s:29:\"fave_additional_feature_value\";s:0:\"\";}i:3;a:2:{s:29:\"fave_additional_feature_title\";s:10:\"Microondas\";s:29:\"fave_additional_feature_value\";s:0:\"\";}i:4;a:2:{s:29:\"fave_additional_feature_title\";s:11:\"BBQ \/ Grill\";s:29:\"fave_additional_feature_value\";s:0:\"\";}i:5;a:2:{s:29:\"fave_additional_feature_title\";s:7:\"Terraza\";s:29:\"fave_additional_feature_value\";s:0:\"\";}i:6;a:2:{s:29:\"fave_additional_feature_title\";s:2:\"TV\";s:29:\"fave_additional_feature_value\";s:0:\"\";}i:7;a:2:{s:29:\"fave_additional_feature_title\";s:26:\"Entrada para minusv\u00e1lidos\";s:29:\"fave_additional_feature_value\";s:0:\"\";}}"],"fave_additional_features_enable":["enable"],"fave_featured":["0"],"houzez_featured_listing_date":[""],"fave_loggedintoview":["0"],"fave_mortgage_cal":["0"],"fave_payment_status":["not_paid"],"fave_agent_display_option":["agent_info"],"fave_property_map_address":["Calle Atenas, 5, Costa Adeje, Espa\u00f1a"],"fave_property_address":["Calle Atenas, 5, Costa Adeje, Espa\u00f1a"],"houzez_geolocation_lat":["28.0901211"],"houzez_geolocation_long":["-16.7268617"],"fave_property_location":["28.0901211,-16.7268617"],"fave_property_map":["1"],"fave_property_map_street_view":["hide"],"houzez_total_property_views":["23809"],"houzez_views_by_date":["a:61:{s:10:\"02-26-2026\";i:54;s:10:\"02-27-2026\";i:36;s:10:\"02-28-2026\";i:37;s:10:\"03-01-2026\";i:40;s:10:\"03-02-2026\";i:46;s:10:\"03-03-2026\";i:39;s:10:\"03-04-2026\";i:41;s:10:\"03-05-2026\";i:50;s:10:\"03-06-2026\";i:45;s:10:\"03-07-2026\";i:36;s:10:\"03-08-2026\";i:36;s:10:\"03-09-2026\";i:38;s:10:\"03-10-2026\";i:56;s:10:\"03-11-2026\";i:63;s:10:\"03-12-2026\";i:54;s:10:\"03-13-2026\";i:37;s:10:\"03-14-2026\";i:36;s:10:\"03-15-2026\";i:40;s:10:\"03-16-2026\";i:51;s:10:\"03-17-2026\";i:36;s:10:\"03-18-2026\";i:36;s:10:\"03-19-2026\";i:67;s:10:\"03-20-2026\";i:47;s:10:\"03-21-2026\";i:47;s:10:\"03-22-2026\";i:36;s:10:\"03-23-2026\";i:38;s:10:\"03-24-2026\";i:36;s:10:\"03-25-2026\";i:41;s:10:\"03-26-2026\";i:53;s:10:\"03-27-2026\";i:37;s:10:\"03-28-2026\";i:56;s:10:\"03-29-2026\";i:36;s:10:\"03-30-2026\";i:36;s:10:\"03-31-2026\";i:36;s:10:\"04-01-2026\";i:41;s:10:\"04-02-2026\";i:55;s:10:\"04-03-2026\";i:36;s:10:\"04-04-2026\";i:36;s:10:\"04-05-2026\";i:41;s:10:\"04-06-2026\";i:47;s:10:\"04-07-2026\";i:69;s:10:\"04-08-2026\";i:54;s:10:\"04-09-2026\";i:38;s:10:\"04-10-2026\";i:46;s:10:\"04-11-2026\";i:50;s:10:\"04-12-2026\";i:36;s:10:\"04-13-2026\";i:36;s:10:\"04-14-2026\";i:38;s:10:\"04-15-2026\";i:53;s:10:\"04-16-2026\";i:36;s:10:\"04-17-2026\";i:40;s:10:\"04-18-2026\";i:52;s:10:\"04-19-2026\";i:36;s:10:\"04-20-2026\";i:36;s:10:\"04-21-2026\";i:44;s:10:\"04-22-2026\";i:40;s:10:\"04-23-2026\";i:38;s:10:\"04-24-2026\";i:51;s:10:\"04-25-2026\";i:36;s:10:\"04-26-2026\";i:41;s:10:\"04-27-2026\";i:31;}"],"houzez_recently_viewed":["2026-04-27 17:48:42"],"_edit_last":["1"],"_edit_lock":["1733911074:1"],"rank_math_seo_score":["6"],"fave_single_top_area":["global"],"fave_single_content_area":["global"],"fave_booking_shortcode":["[wpsbc id=\"14\" title=\"no\" legend=\"yes\" legend_position=\"top\" dropdown=\"yes\" start=\"1\" display=\"6\" language=\"auto\" month=\"0\" year=\"0\" jump=\"yes\" history=\"1\" tooltip=\"3\" weeknumbers=\"no\" highlighttoday=\"yes\"]"],"rank_math_primary_property_type":["0"],"rank_math_primary_property_status":["0"],"rank_math_primary_property_feature":["0"],"rank_math_primary_property_label":["0"],"rank_math_primary_property_city":["0"],"houzez_manual_expire":["0"],"_houzez_expiration_date_status":["saved"],"fave_property_price":[""],"fave_property_price_postfix":[""],"fave_property_price_prefix":[""],"fave_property_sec_price":[""],"fave_property_land":[""],"fave_property_garage":[""],"fave_property_garage_size":[""],"fave_virtual_tour":[""],"fave_property_year":[""],"fave_video_url":[""],"fave_property_images":["23807","23808","23809","23810","23811","23841","23840","23832","23813","23814","23815","23816","23817","23818","23812","23819","23820","23821","23822","23823","23824","23825","23826","23827","23828","23829","23830","23831","23833","23834","23835","23836","23837","23838","23839"],"_thumbnail_id":["23807"],"floor_plans":[""],"fave_multi_units":[""],"fave_private_note":[""],"fave_agents":["156"],"_elementor_page_assets":["a:0:{}"]},"_links":{"self":[{"href":"https:\/\/www.tunidotenerife.com\/fr\/wp-json\/wp\/v2\/properties\/22098","targetHints":{"allow":["GET"]}}],"collection":[{"href":"https:\/\/www.tunidotenerife.com\/fr\/wp-json\/wp\/v2\/properties"}],"about":[{"href":"https:\/\/www.tunidotenerife.com\/fr\/wp-json\/wp\/v2\/types\/property"}],"author":[{"embeddable":true,"href":"https:\/\/www.tunidotenerife.com\/fr\/wp-json\/wp\/v2\/users\/4"}],"version-history":[{"count":0,"href":"https:\/\/www.tunidotenerife.com\/fr\/wp-json\/wp\/v2\/properties\/22098\/revisions"}],"wp:featuredmedia":[{"embeddable":true,"href":"https:\/\/www.tunidotenerife.com\/fr\/wp-json\/wp\/v2\/media\/23807"}],"wp:attachment":[{"href":"https:\/\/www.tunidotenerife.com\/fr\/wp-json\/wp\/v2\/media?parent=22098"}],"wp:term":[{"taxonomy":"property_type","embeddable":true,"href":"https:\/\/www.tunidotenerife.com\/fr\/wp-json\/wp\/v2\/property_type?post=22098"},{"taxonomy":"property_status","embeddable":true,"href":"https:\/\/www.tunidotenerife.com\/fr\/wp-json\/wp\/v2\/property_status?post=22098"},{"taxonomy":"property_feature","embeddable":true,"href":"https:\/\/www.tunidotenerife.com\/fr\/wp-json\/wp\/v2\/property_feature?post=22098"},{"taxonomy":"property_label","embeddable":true,"href":"https:\/\/www.tunidotenerife.com\/fr\/wp-json\/wp\/v2\/property_label?post=22098"},{"taxonomy":"property_city","embeddable":true,"href":"https:\/\/www.tunidotenerife.com\/fr\/wp-json\/wp\/v2\/property_city?post=22098"}],"curies":[{"name":"wp","href":"https:\/\/api.w.org\/{rel}","templated":true}]}}