{"id":22007,"date":"2024-04-18T16:05:42","date_gmt":"2024-04-18T15:05:42","guid":{"rendered":"https:\/\/www.tunidotenerife.com\/p\/moderna-casa-adosada-de-4-dormitorios-en-costa-adeje-en-alquiler-2045\/"},"modified":"2025-06-17T12:22:30","modified_gmt":"2025-06-17T11:22:30","slug":"moderna-casa-adosada-de-4-dormitorios-en-costa-adeje-en-alquiler-2045","status":"publish","type":"property","link":"https:\/\/www.tunidotenerife.com\/fr\/p\/moderna-casa-adosada-de-4-dormitorios-en-costa-adeje-en-alquiler-2045\/","title":{"rendered":"Maison de ville moderne de 4 chambres \u00e0 louer \u00e0 Costa Adeje, Tenerife South"},"content":{"rendered":"<p>Nous vous pr\u00e9sentons un duplex situ\u00e9 dans la prestigieuse Madro\u00f1al de Fa\u00f1abe en Costa Adeje, disponible \u00e0 la location.<\/p>\n<p>Ce nouvel appartement en duplex se distingue par son design contemporain et confortable. Il est situ\u00e9 dans un complexe r\u00e9sidentiel qui offre deux piscines, une pour les adultes et une pour les enfants, garantissant un divertissement pour toute la famille.<\/p>\n<p>Ce duplex est r\u00e9parti sur trois niveaux. Au sous-sol, vous trouverez un grand garage pouvant accueillir deux voitures et un appartement priv\u00e9 d'une chambre avec cuisine et salle de bains, id\u00e9al pour les invit\u00e9s ou le personnel de service.<\/p>\n<p>Le premier \u00e9tage abrite une grande cuisine ind\u00e9pendante, \u00e9quip\u00e9e de tous les appareils n\u00e9cessaires, y compris un lave-vaisselle. Sur ce m\u00eame niveau, vous trouverez des toilettes pour les invit\u00e9s et un grand salon-salle \u00e0 manger avec acc\u00e8s \u00e0 une terrasse spacieuse. Cette terrasse, \u00e9quip\u00e9e d'une grande salle \u00e0 manger ext\u00e9rieure et d'un barbecue, offre des vues sur la mer, ce qui en fait l'endroit id\u00e9al pour profiter des repas en plein air. De plus, \u00e0 ce niveau, vous trouverez une chambre \u00e0 coucher avec salle de bain attenante.<\/p>\n<p>\u00c0 l'\u00e9tage sup\u00e9rieur, le duplex offre deux chambres suppl\u00e9mentaires, toutes deux avec terrasse, et deux salles de bains.<\/p>\n<p>Tous les espaces du duplex sont \u00e9quip\u00e9s du WiFi et de la climatisation, ce qui vous assure un environnement confortable \u00e0 tout moment.<\/p>\n<p>Le duplex est situ\u00e9 dans un quartier calme, \u00e0 seulement 2 minutes \u00e0 pied du centre commercial X-Sur, o\u00f9 vous trouverez divers magasins, restaurants et le supermarch\u00e9 Mercadona. De plus, la plage la plus proche n'est qu'\u00e0 5 minutes en voiture, ce qui fait de cette villa l'endroit id\u00e9al pour profiter de la vie sur la c\u00f4te.<\/p>\n<p>&nbsp;<\/p>\n<p><em><strong>Le contenu fourni est susceptible d'\u00eatre modifi\u00e9 sans pr\u00e9avis.<\/strong><\/em><\/p>","protected":false},"excerpt":{"rendered":"<p>Presentamos un d\u00faplex ubicado en el prestigioso Madro\u00f1al de Fa\u00f1abe en Costa Adeje, disponible para alquiler. Este d\u00faplex de nueva construcci\u00f3n destaca por su dise\u00f1o contempor\u00e1neo y confortable. Se encuentra en un complejo residencial que ofrece dos piscinas, una para adultos y otra para ni\u00f1os, garantizando as\u00ed el entretenimiento para toda la familia. Este d\u00faplex [&hellip;]<\/p>\n","protected":false},"author":4,"featured_media":22701,"parent":0,"menu_order":0,"template":"","property_type":[163],"property_status":[23],"property_feature":[17,178,19,176,174,175,26,169,172,171,170],"property_label":[],"property_city":[62],"class_list":["post-22007","property","type-property","status-publish","has-post-thumbnail","hentry","property_type-duplex","property_status-alquiler-vacacional","property_feature-aire-acondicionado","property_feature-aparcamiento-privado-cerrado","property_feature-barbacoa","property_feature-cerca-de-centros-comerciales","property_feature-cocina-amueblada","property_feature-jacuzzi","property_feature-lavadora","property_feature-nueva-construccion","property_feature-piscina-comunitaria","property_feature-vistas-a-la-montana","property_feature-vistas-al-oceano","property_city-el-madronal-de-fanabe"],"property_meta":{"rank_math_internal_links_processed":["1"],"fave_show_price_placeholder":["1"],"fave_property_price_placeholder":["Precio a Consultar"],"fave_property_size_prefix":["m\u00b2"],"fave_property_land_postfix":["m\u00b2"],"fave_property_bedrooms":["4"],"fave_property_bathrooms":["4"],"fave_property_id":["2045"],"fave_property_zip":["38660"],"additional_features":["a:13:{i:0;a:2:{s:29:\"fave_additional_feature_title\";s:18:\"Nueva construccion\";s:29:\"fave_additional_feature_value\";s:0:\"\";}i:1;a:2:{s:29:\"fave_additional_feature_title\";s:19:\"Vista a la monta\u00f1a\";s:29:\"fave_additional_feature_value\";s:0:\"\";}i:2;a:2:{s:29:\"fave_additional_feature_title\";s:23:\"Juego de cama y vajilla\";s:29:\"fave_additional_feature_value\";s:0:\"\";}i:3;a:2:{s:29:\"fave_additional_feature_title\";s:10:\"Lavaplatos\";s:29:\"fave_additional_feature_value\";s:0:\"\";}i:4;a:2:{s:29:\"fave_additional_feature_title\";s:13:\"Video portero\";s:29:\"fave_additional_feature_value\";s:0:\"\";}i:5;a:2:{s:29:\"fave_additional_feature_title\";s:5:\"Wi-Fi\";s:29:\"fave_additional_feature_value\";s:0:\"\";}i:6;a:2:{s:29:\"fave_additional_feature_title\";s:18:\"Aire acondicionado\";s:29:\"fave_additional_feature_value\";s:0:\"\";}i:7;a:2:{s:29:\"fave_additional_feature_title\";s:10:\"Microondas\";s:29:\"fave_additional_feature_value\";s:0:\"\";}i:8;a:2:{s:29:\"fave_additional_feature_title\";s:11:\"BBQ \/ Grill\";s:29:\"fave_additional_feature_value\";s:0:\"\";}i:9;a:2:{s:29:\"fave_additional_feature_title\";s:7:\"Terraza\";s:29:\"fave_additional_feature_value\";s:0:\"\";}i:10;a:2:{s:29:\"fave_additional_feature_title\";s:25:\"Cerca del parque acuatico\";s:29:\"fave_additional_feature_value\";s:0:\"\";}i:11;a:2:{s:29:\"fave_additional_feature_title\";s:11:\"Iluminacion\";s:29:\"fave_additional_feature_value\";s:0:\"\";}i:12;a:2:{s:29:\"fave_additional_feature_title\";s:9:\"El jardin\";s:29:\"fave_additional_feature_value\";s:0:\"\";}}"],"fave_additional_features_enable":["enable"],"fave_featured":["0"],"houzez_featured_listing_date":[""],"fave_loggedintoview":["0"],"fave_mortgage_cal":["0"],"fave_payment_status":["not_paid"],"fave_agent_display_option":["agent_info"],"fave_property_map_address":["Calle Lisboa, 31, Costa Adeje, Espa\u00f1a"],"fave_property_address":["Calle Lisboa, 31, Costa Adeje, Espa\u00f1a"],"houzez_geolocation_lat":["28.0905017"],"houzez_geolocation_long":["-16.7239016"],"fave_property_location":["28.0905017,-16.7239016"],"fave_property_map":["1"],"fave_property_map_street_view":[null],"houzez_total_property_views":["23861"],"houzez_views_by_date":["a:61:{s:10:\"02-28-2026\";i:38;s:10:\"03-01-2026\";i:41;s:10:\"03-02-2026\";i:43;s:10:\"03-03-2026\";i:36;s:10:\"03-04-2026\";i:37;s:10:\"03-05-2026\";i:52;s:10:\"03-06-2026\";i:38;s:10:\"03-07-2026\";i:36;s:10:\"03-08-2026\";i:37;s:10:\"03-09-2026\";i:39;s:10:\"03-10-2026\";i:56;s:10:\"03-11-2026\";i:60;s:10:\"03-12-2026\";i:54;s:10:\"03-13-2026\";i:36;s:10:\"03-14-2026\";i:36;s:10:\"03-15-2026\";i:36;s:10:\"03-16-2026\";i:54;s:10:\"03-17-2026\";i:37;s:10:\"03-18-2026\";i:37;s:10:\"03-19-2026\";i:66;s:10:\"03-20-2026\";i:46;s:10:\"03-21-2026\";i:44;s:10:\"03-22-2026\";i:36;s:10:\"03-23-2026\";i:37;s:10:\"03-24-2026\";i:36;s:10:\"03-25-2026\";i:36;s:10:\"03-26-2026\";i:54;s:10:\"03-27-2026\";i:37;s:10:\"03-28-2026\";i:55;s:10:\"03-29-2026\";i:36;s:10:\"03-30-2026\";i:36;s:10:\"03-31-2026\";i:35;s:10:\"04-01-2026\";i:40;s:10:\"04-02-2026\";i:54;s:10:\"04-03-2026\";i:36;s:10:\"04-04-2026\";i:36;s:10:\"04-05-2026\";i:37;s:10:\"04-06-2026\";i:51;s:10:\"04-07-2026\";i:60;s:10:\"04-08-2026\";i:54;s:10:\"04-09-2026\";i:36;s:10:\"04-10-2026\";i:45;s:10:\"04-11-2026\";i:47;s:10:\"04-12-2026\";i:36;s:10:\"04-13-2026\";i:36;s:10:\"04-14-2026\";i:36;s:10:\"04-15-2026\";i:55;s:10:\"04-16-2026\";i:36;s:10:\"04-17-2026\";i:36;s:10:\"04-18-2026\";i:52;s:10:\"04-19-2026\";i:38;s:10:\"04-20-2026\";i:37;s:10:\"04-21-2026\";i:39;s:10:\"04-22-2026\";i:36;s:10:\"04-23-2026\";i:46;s:10:\"04-24-2026\";i:44;s:10:\"04-25-2026\";i:36;s:10:\"04-26-2026\";i:36;s:10:\"04-27-2026\";i:39;s:10:\"04-28-2026\";i:53;s:10:\"04-29-2026\";i:18;}"],"houzez_recently_viewed":["2026-04-29 04:19:53"],"_edit_last":["1"],"_edit_lock":["1733911082:1"],"rank_math_seo_score":["7"],"fave_single_top_area":["global"],"fave_single_content_area":["global"],"fave_booking_shortcode":["[wpsbc id=\"12\" title=\"no\" legend=\"yes\" legend_position=\"top\" dropdown=\"yes\" start=\"1\" display=\"6\" language=\"auto\" month=\"0\" year=\"0\" jump=\"yes\" history=\"1\" tooltip=\"3\" weeknumbers=\"no\" highlighttoday=\"yes\"]"],"rank_math_primary_property_type":["0"],"rank_math_primary_property_status":["0"],"rank_math_primary_property_feature":["0"],"rank_math_primary_property_label":["0"],"rank_math_primary_property_city":["0"],"houzez_manual_expire":["0"],"_houzez_expiration_date_status":["saved"],"fave_property_size":[""],"fave_property_land":[""],"fave_property_garage":[""],"fave_property_garage_size":[""],"fave_property_year":[""],"fave_property_price":[""],"fave_property_price_prefix":[""],"fave_property_price_postfix":[""],"fave_property_sec_price":[""],"floor_plans":[""],"fave_multi_units":[""],"fave_virtual_tour":[""],"fave_video_url":[""],"fave_property_images":["22701","22700","22681","22680","22687","22689","22688","22702","22698","22699","22683","22684","22685","22686","22690","22691","22692","22693","22682","22694","22695","22696","22697","22703","22704","22705","27095","27096","27093","27094"],"_thumbnail_id":["22701"],"fave_private_note":[""],"fave_agents":["156"],"_elementor_page_assets":["a:0:{}"]},"_links":{"self":[{"href":"https:\/\/www.tunidotenerife.com\/fr\/wp-json\/wp\/v2\/properties\/22007","targetHints":{"allow":["GET"]}}],"collection":[{"href":"https:\/\/www.tunidotenerife.com\/fr\/wp-json\/wp\/v2\/properties"}],"about":[{"href":"https:\/\/www.tunidotenerife.com\/fr\/wp-json\/wp\/v2\/types\/property"}],"author":[{"embeddable":true,"href":"https:\/\/www.tunidotenerife.com\/fr\/wp-json\/wp\/v2\/users\/4"}],"version-history":[{"count":0,"href":"https:\/\/www.tunidotenerife.com\/fr\/wp-json\/wp\/v2\/properties\/22007\/revisions"}],"wp:featuredmedia":[{"embeddable":true,"href":"https:\/\/www.tunidotenerife.com\/fr\/wp-json\/wp\/v2\/media\/22701"}],"wp:attachment":[{"href":"https:\/\/www.tunidotenerife.com\/fr\/wp-json\/wp\/v2\/media?parent=22007"}],"wp:term":[{"taxonomy":"property_type","embeddable":true,"href":"https:\/\/www.tunidotenerife.com\/fr\/wp-json\/wp\/v2\/property_type?post=22007"},{"taxonomy":"property_status","embeddable":true,"href":"https:\/\/www.tunidotenerife.com\/fr\/wp-json\/wp\/v2\/property_status?post=22007"},{"taxonomy":"property_feature","embeddable":true,"href":"https:\/\/www.tunidotenerife.com\/fr\/wp-json\/wp\/v2\/property_feature?post=22007"},{"taxonomy":"property_label","embeddable":true,"href":"https:\/\/www.tunidotenerife.com\/fr\/wp-json\/wp\/v2\/property_label?post=22007"},{"taxonomy":"property_city","embeddable":true,"href":"https:\/\/www.tunidotenerife.com\/fr\/wp-json\/wp\/v2\/property_city?post=22007"}],"curies":[{"name":"wp","href":"https:\/\/api.w.org\/{rel}","templated":true}]}}